{"id":71123,"date":"2025-03-03T16:39:03","date_gmt":"2025-03-03T15:39:03","guid":{"rendered":"https:\/\/essmann.com\/kunden\/"},"modified":"2026-04-13T10:50:33","modified_gmt":"2026-04-13T08:50:33","slug":"customers","status":"publish","type":"page","link":"https:\/\/essmann.com\/en\/customers\/","title":{"rendered":"ESSMANN references"},"content":{"rendered":"\n<div class=\"wp-block-columns is-layout-flex wp-container-core-columns-is-layout-9d6595d7 wp-block-columns-is-layout-flex\">\n<div class=\"wp-block-column is-layout-flow wp-block-column-is-layout-flow\" style=\"flex-basis:100%\"><div class=\"gb-container gb-container-f72eaa43\"><div class=\"gb-inside-container\">\n\n<p class=\"gb-headline gb-headline-4d384b06 gb-headline-text\">OUR CUSTOMERS<\/p>\n\n\n\n<div class=\"gb-headline gb-headline-571c7292\"><span class=\"gb-icon\"><svg xmlns=\"http:\/\/www.w3.org\/2000\/svg\" viewbox=\"0 0 36.7 3\"><path d=\"M0 0h36.7v3H0z\"><\/path><\/svg><\/span><\/div>\n\n\n\n<p class=\"has-text-align-center\">Here you will find a selection of customers who have been relying on scales and services, <br\/>and yard management solutions from the <strong>ESSMANN Group<\/strong> for many years.<\/p>\n\n\n\n<div style=\"height:17px\" aria-hidden=\"true\" class=\"wp-block-spacer\"><\/div>\n\n\n<!-- ProvenExpert Bewertungssiegel -->\n<div id=\"pewl\"><\/div>\n<script type=\"text\/javascript\" src=\"https:\/\/www.provenexpert.com\/widget\/landing_he-waegetechnik-horst-essmann-gmbh.js?feedback=1&#038;avatar=1&#038;competence=1&#038;style=white\"><\/script>\n<link rel=\"stylesheet\" type=\"text\/css\" href=\"https:\/\/www.provenexpert.com\/css\/widget_landing.css\" media=\"screen,print\">\n<!-- ProvenExpert Bewertungssiegel Ende -->\n\n\t\n\t\t<div id=\"gs_logo_area_53\" data-sort=\"name\" data-shortcode-id=\"53\" class=\"gs_logo_area gs_logo_area_53 grid1 gs-logo--img-efect_grayscale gs-logo--img-hover-efect_none\" data-options='{\"logo_per_page\":\"6\"}' style=\"opacity: 0; visibility: hidden;\">\n\t\t\t<div class=\"gs_logo_area--inner\">\n\n\t\t\t\t<!-- Category Filters - New (Global) -->\n\t\t\t\t\t\n\t\t\t\t\n<div class=\"gs_logo_container gs_logo_container_grid gs_logo_fix_height_and_center \" style=\"justify-content:center\">\n\n\t\n\t\t\n\t\t\t\n\t\t\t<div class=\"gs_logo_single--wrapper \">\n\t\t\t\t<div class=\"gs_logo_single\">\n\t\t\t\t\t\n\t\t\t\t\t<!-- Logo Image -->\n\t\t\t\t\t<a href=\"https:\/\/www.dillinger.de\/\" target=\"_blank\" rel=\"noopener\"><img loading=\"lazy\" decoding=\"async\" width=\"300\" height=\"300\" src=\"https:\/\/essmann.com\/wp-content\/uploads\/2025\/02\/logo_dillinger_huette.png\" class=\"gs_logo--tooltip tt-placement-top tt-bgcolor-one-%23ff5f6d tt-bgcolor-two-%23ffc371 tt-textcolor-%23fff gs-logo--img wp-post-image\" alt=\"AG der Dillinger H\u00fcttenwerke\" title=\"AG der Dillinger H\u00fcttenwerke\" srcset=\"https:\/\/essmann.com\/wp-content\/uploads\/2025\/02\/logo_dillinger_huette.png 300w, https:\/\/essmann.com\/wp-content\/uploads\/2025\/02\/logo_dillinger_huette-150x150.png 150w\" sizes=\"auto, (max-width: 300px) 100vw, 300px\" \/> <\/a>\n\t\t\t\t\t<!-- Logo Title -->\n\t\t\t\t\t\n\t\t\t\t\t<!-- Logo Category -->\n\t\t\t\t\t\n\t\t\t\t\t<!-- Logo Details -->\n\t\t\t\t\t\n\n\n\t\t\t\t<\/div>\n\t\t\t<\/div>\n\n\t\t\n\t\t\t\n\t\t\t<div class=\"gs_logo_single--wrapper \">\n\t\t\t\t<div class=\"gs_logo_single\">\n\t\t\t\t\t\n\t\t\t\t\t<!-- Logo Image -->\n\t\t\t\t\t<a href=\"https:\/\/de.airliquide.com\/\" target=\"_blank\" rel=\"noopener\"><img loading=\"lazy\" decoding=\"async\" width=\"300\" height=\"300\" src=\"https:\/\/essmann.com\/wp-content\/uploads\/2025\/03\/referenz_air_liquide_logo.png\" class=\"gs_logo--tooltip tt-placement-top tt-bgcolor-one-%23ff5f6d tt-bgcolor-two-%23ffc371 tt-textcolor-%23fff gs-logo--img wp-post-image\" alt=\"Blau und rot, Logo Air Liquide\" title=\"Air Liquide Deutschland GmbH\" srcset=\"https:\/\/essmann.com\/wp-content\/uploads\/2025\/03\/referenz_air_liquide_logo.png 300w, https:\/\/essmann.com\/wp-content\/uploads\/2025\/03\/referenz_air_liquide_logo-150x150.png 150w\" sizes=\"auto, (max-width: 300px) 100vw, 300px\" \/> <\/a>\n\t\t\t\t\t<!-- Logo Title -->\n\t\t\t\t\t\n\t\t\t\t\t<!-- Logo Category -->\n\t\t\t\t\t\n\t\t\t\t\t<!-- Logo Details -->\n\t\t\t\t\t\n\n\n\t\t\t\t<\/div>\n\t\t\t<\/div>\n\n\t\t\n\t\t\t\n\t\t\t<div class=\"gs_logo_single--wrapper \">\n\t\t\t\t<div class=\"gs_logo_single\">\n\t\t\t\t\t\n\t\t\t\t\t<!-- Logo Image -->\n\t\t\t\t\t<a href=\"https:\/\/www.airbus.com\" target=\"_blank\" rel=\"noopener\"><img loading=\"lazy\" decoding=\"async\" width=\"300\" height=\"300\" src=\"https:\/\/essmann.com\/wp-content\/uploads\/2025\/03\/referenz_airbus_logo.png\" class=\"gs_logo--tooltip tt-placement-top tt-bgcolor-one-%23ff5f6d tt-bgcolor-two-%23ffc371 tt-textcolor-%23fff gs-logo--img wp-post-image\" alt=\"Dunkelblaues Airbus-Logo\" title=\"Airbus Deutschland GmbH\" srcset=\"https:\/\/essmann.com\/wp-content\/uploads\/2025\/03\/referenz_airbus_logo.png 300w, https:\/\/essmann.com\/wp-content\/uploads\/2025\/03\/referenz_airbus_logo-150x150.png 150w\" sizes=\"auto, (max-width: 300px) 100vw, 300px\" \/> <\/a>\n\t\t\t\t\t<!-- Logo Title -->\n\t\t\t\t\t\n\t\t\t\t\t<!-- Logo Category -->\n\t\t\t\t\t\n\t\t\t\t\t<!-- Logo Details -->\n\t\t\t\t\t\n\n\n\t\t\t\t<\/div>\n\t\t\t<\/div>\n\n\t\t\n\t\t\t\n\t\t\t<div class=\"gs_logo_single--wrapper \">\n\t\t\t\t<div class=\"gs_logo_single\">\n\t\t\t\t\t\n\t\t\t\t\t<!-- Logo Image -->\n\t\t\t\t\t<a href=\"https:\/\/www.akzonobel.com\" target=\"_blank\" rel=\"noopener\"><img loading=\"lazy\" decoding=\"async\" width=\"300\" height=\"300\" src=\"https:\/\/essmann.com\/wp-content\/uploads\/2025\/07\/akzonobel.png\" class=\"gs_logo--tooltip tt-placement-top tt-bgcolor-one-%23ff5f6d tt-bgcolor-two-%23ffc371 tt-textcolor-%23fff gs-logo--img wp-post-image\" alt=\"Logo von AkzoNobel in Blau\" title=\"Akzo Nobel GmbH\" srcset=\"https:\/\/essmann.com\/wp-content\/uploads\/2025\/07\/akzonobel.png 300w, https:\/\/essmann.com\/wp-content\/uploads\/2025\/07\/akzonobel-150x150.png 150w\" sizes=\"auto, (max-width: 300px) 100vw, 300px\" \/> <\/a>\n\t\t\t\t\t<!-- Logo Title -->\n\t\t\t\t\t\n\t\t\t\t\t<!-- Logo Category -->\n\t\t\t\t\t\n\t\t\t\t\t<!-- Logo Details -->\n\t\t\t\t\t\n\n\n\t\t\t\t<\/div>\n\t\t\t<\/div>\n\n\t\t\n\t\t\t\n\t\t\t<div class=\"gs_logo_single--wrapper \">\n\t\t\t\t<div class=\"gs_logo_single\">\n\t\t\t\t\t\n\t\t\t\t\t<!-- Logo Image -->\n\t\t\t\t\t<a href=\"https:\/\/corporate.arcelormittal.com\/\" target=\"_blank\" rel=\"noopener\"><img loading=\"lazy\" decoding=\"async\" width=\"300\" height=\"300\" src=\"https:\/\/essmann.com\/wp-content\/uploads\/2020\/08\/referenz_arcelor_logo.png\" class=\"gs_logo--tooltip tt-placement-top tt-bgcolor-one-%23ff5f6d tt-bgcolor-two-%23ffc371 tt-textcolor-%23fff gs-logo--img wp-post-image\" alt=\"Orange-logo einer stilisierten Eisenbahn\" title=\"ArcelorMittal Germany Holding GmbH\" srcset=\"https:\/\/essmann.com\/wp-content\/uploads\/2020\/08\/referenz_arcelor_logo.png 300w, https:\/\/essmann.com\/wp-content\/uploads\/2020\/08\/referenz_arcelor_logo-150x150.png 150w\" sizes=\"auto, (max-width: 300px) 100vw, 300px\" \/> <\/a>\n\t\t\t\t\t<!-- Logo Title -->\n\t\t\t\t\t\n\t\t\t\t\t<!-- Logo Category -->\n\t\t\t\t\t\n\t\t\t\t\t<!-- Logo Details -->\n\t\t\t\t\t\n\n\n\t\t\t\t<\/div>\n\t\t\t<\/div>\n\n\t\t\n\t\t\t\n\t\t\t<div class=\"gs_logo_single--wrapper \">\n\t\t\t\t<div class=\"gs_logo_single\">\n\t\t\t\t\t\n\t\t\t\t\t<!-- Logo Image -->\n\t\t\t\t\t<a href=\"https:\/\/augusternst.de\/\" target=\"_blank\" rel=\"noopener\"><img loading=\"lazy\" decoding=\"async\" width=\"300\" height=\"300\" src=\"https:\/\/essmann.com\/wp-content\/uploads\/2025\/02\/referenz_august_ernst_logo.png\" class=\"gs_logo--tooltip tt-placement-top tt-bgcolor-one-%23ff5f6d tt-bgcolor-two-%23ffc371 tt-textcolor-%23fff gs-logo--img wp-post-image\" alt=\"Logo August Ernst seit 1871\" title=\"August Ernst GmbH &#038; Co KG\" srcset=\"https:\/\/essmann.com\/wp-content\/uploads\/2025\/02\/referenz_august_ernst_logo.png 300w, https:\/\/essmann.com\/wp-content\/uploads\/2025\/02\/referenz_august_ernst_logo-150x150.png 150w\" sizes=\"auto, (max-width: 300px) 100vw, 300px\" \/> <\/a>\n\t\t\t\t\t<!-- Logo Title -->\n\t\t\t\t\t\n\t\t\t\t\t<!-- Logo Category -->\n\t\t\t\t\t\n\t\t\t\t\t<!-- Logo Details -->\n\t\t\t\t\t\n\n\n\t\t\t\t<\/div>\n\t\t\t<\/div>\n\n\t\t\n\t\t\t\n\t\t\t<div class=\"gs_logo_single--wrapper \">\n\t\t\t\t<div class=\"gs_logo_single\">\n\t\t\t\t\t\n\t\t\t\t\t<!-- Logo Image -->\n\t\t\t\t\t<a href=\"https:\/\/aviretta.com\" target=\"_blank\" rel=\"noopener\"><img loading=\"lazy\" decoding=\"async\" width=\"300\" height=\"300\" src=\"https:\/\/essmann.com\/wp-content\/uploads\/2025\/03\/referenz_aviretta_logo.png\" class=\"gs_logo--tooltip tt-placement-top tt-bgcolor-one-%23ff5f6d tt-bgcolor-two-%23ffc371 tt-textcolor-%23fff gs-logo--img wp-post-image\" alt=\"Logo von Aviretta in Blaut\u00f6nen\" title=\"Aviretta GmbH\" srcset=\"https:\/\/essmann.com\/wp-content\/uploads\/2025\/03\/referenz_aviretta_logo.png 300w, https:\/\/essmann.com\/wp-content\/uploads\/2025\/03\/referenz_aviretta_logo-150x150.png 150w\" sizes=\"auto, (max-width: 300px) 100vw, 300px\" \/> <\/a>\n\t\t\t\t\t<!-- Logo Title -->\n\t\t\t\t\t\n\t\t\t\t\t<!-- Logo Category -->\n\t\t\t\t\t\n\t\t\t\t\t<!-- Logo Details -->\n\t\t\t\t\t\n\n\n\t\t\t\t<\/div>\n\t\t\t<\/div>\n\n\t\t\n\t\t\t\n\t\t\t<div class=\"gs_logo_single--wrapper \">\n\t\t\t\t<div class=\"gs_logo_single\">\n\t\t\t\t\t\n\t\t\t\t\t<!-- Logo Image -->\n\t\t\t\t\t<a href=\"https:\/\/www.basf.com\" target=\"_blank\" rel=\"noopener\"><img loading=\"lazy\" decoding=\"async\" width=\"300\" height=\"300\" src=\"https:\/\/essmann.com\/wp-content\/uploads\/2025\/03\/referenz_basf_logo.png\" class=\"gs_logo--tooltip tt-placement-top tt-bgcolor-one-%23ff5f6d tt-bgcolor-two-%23ffc371 tt-textcolor-%23fff gs-logo--img wp-post-image\" alt=\"BASF SE Logo\" title=\"BASF SE\" srcset=\"https:\/\/essmann.com\/wp-content\/uploads\/2025\/03\/referenz_basf_logo.png 300w, https:\/\/essmann.com\/wp-content\/uploads\/2025\/03\/referenz_basf_logo-150x150.png 150w\" sizes=\"auto, (max-width: 300px) 100vw, 300px\" \/> <\/a>\n\t\t\t\t\t<!-- Logo Title -->\n\t\t\t\t\t\n\t\t\t\t\t<!-- Logo Category -->\n\t\t\t\t\t\n\t\t\t\t\t<!-- Logo Details -->\n\t\t\t\t\t\n\n\n\t\t\t\t<\/div>\n\t\t\t<\/div>\n\n\t\t\n\t\t\t\n\t\t\t<div class=\"gs_logo_single--wrapper \">\n\t\t\t\t<div class=\"gs_logo_single\">\n\t\t\t\t\t\n\t\t\t\t\t<!-- Logo Image -->\n\t\t\t\t\t<a href=\"https:\/\/www.benteler.com\" target=\"_blank\" rel=\"noopener\"><img loading=\"lazy\" decoding=\"async\" width=\"300\" height=\"300\" src=\"https:\/\/essmann.com\/wp-content\/uploads\/2025\/07\/benteler.png\" class=\"gs_logo--tooltip tt-placement-top tt-bgcolor-one-%23ff5f6d tt-bgcolor-two-%23ffc371 tt-textcolor-%23fff gs-logo--img wp-post-image\" alt=\"Logo von Benteler mit Slogan &#039;makes it happen&#039;\" title=\"BENTELER International Aktiengesellschaft\" srcset=\"https:\/\/essmann.com\/wp-content\/uploads\/2025\/07\/benteler.png 300w, https:\/\/essmann.com\/wp-content\/uploads\/2025\/07\/benteler-150x150.png 150w\" sizes=\"auto, (max-width: 300px) 100vw, 300px\" \/> <\/a>\n\t\t\t\t\t<!-- Logo Title -->\n\t\t\t\t\t\n\t\t\t\t\t<!-- Logo Category -->\n\t\t\t\t\t\n\t\t\t\t\t<!-- Logo Details -->\n\t\t\t\t\t\n\n\n\t\t\t\t<\/div>\n\t\t\t<\/div>\n\n\t\t\n\t\t\t\n\t\t\t<div class=\"gs_logo_single--wrapper \">\n\t\t\t\t<div class=\"gs_logo_single\">\n\t\t\t\t\t\n\t\t\t\t\t<!-- Logo Image -->\n\t\t\t\t\t<a href=\"https:\/\/bestsort-hamburg.de\" target=\"_blank\" rel=\"noopener\"><img loading=\"lazy\" decoding=\"async\" width=\"300\" height=\"300\" src=\"https:\/\/essmann.com\/wp-content\/uploads\/2025\/03\/referenz_bestsort_logo.png\" class=\"gs_logo--tooltip tt-placement-top tt-bgcolor-one-%23ff5f6d tt-bgcolor-two-%23ffc371 tt-textcolor-%23fff gs-logo--img wp-post-image\" alt=\"Abstraktes Design in Gr\u00fcn und Orange\" title=\"Bestsort Hamburg GmbH &#038; Co. KG\" srcset=\"https:\/\/essmann.com\/wp-content\/uploads\/2025\/03\/referenz_bestsort_logo.png 300w, https:\/\/essmann.com\/wp-content\/uploads\/2025\/03\/referenz_bestsort_logo-150x150.png 150w\" sizes=\"auto, (max-width: 300px) 100vw, 300px\" \/> <\/a>\n\t\t\t\t\t<!-- Logo Title -->\n\t\t\t\t\t\n\t\t\t\t\t<!-- Logo Category -->\n\t\t\t\t\t\n\t\t\t\t\t<!-- Logo Details -->\n\t\t\t\t\t\n\n\n\t\t\t\t<\/div>\n\t\t\t<\/div>\n\n\t\t\n\t\t\t\n\t\t\t<div class=\"gs_logo_single--wrapper \">\n\t\t\t\t<div class=\"gs_logo_single\">\n\t\t\t\t\t\n\t\t\t\t\t<!-- Logo Image -->\n\t\t\t\t\t<a href=\"https:\/\/biogeen.de\/\" target=\"_blank\" rel=\"noopener\"><img loading=\"lazy\" decoding=\"async\" width=\"300\" height=\"300\" src=\"https:\/\/essmann.com\/wp-content\/uploads\/2025\/02\/referenz_biogeen_energy_logo.png\" class=\"gs_logo--tooltip tt-placement-top tt-bgcolor-one-%23ff5f6d tt-bgcolor-two-%23ffc371 tt-textcolor-%23fff gs-logo--img wp-post-image\" alt=\"BioGreen-Logo mit Slogan &#039;Generating Energy&#039;\" title=\"biogeen GmbH\" srcset=\"https:\/\/essmann.com\/wp-content\/uploads\/2025\/02\/referenz_biogeen_energy_logo.png 300w, https:\/\/essmann.com\/wp-content\/uploads\/2025\/02\/referenz_biogeen_energy_logo-150x150.png 150w\" sizes=\"auto, (max-width: 300px) 100vw, 300px\" \/> <\/a>\n\t\t\t\t\t<!-- Logo Title -->\n\t\t\t\t\t\n\t\t\t\t\t<!-- Logo Category -->\n\t\t\t\t\t\n\t\t\t\t\t<!-- Logo Details -->\n\t\t\t\t\t\n\n\n\t\t\t\t<\/div>\n\t\t\t<\/div>\n\n\t\t\n\t\t\t\n\t\t\t<div class=\"gs_logo_single--wrapper \">\n\t\t\t\t<div class=\"gs_logo_single\">\n\t\t\t\t\t\n\t\t\t\t\t<!-- Logo Image -->\n\t\t\t\t\t<a href=\"https:\/\/www.bmw.de\" target=\"_blank\" rel=\"noopener\"><img loading=\"lazy\" decoding=\"async\" width=\"300\" height=\"300\" src=\"https:\/\/essmann.com\/wp-content\/uploads\/2025\/02\/referenz_bmw_logo-1.png\" class=\"gs_logo--tooltip tt-placement-top tt-bgcolor-one-%23ff5f6d tt-bgcolor-two-%23ffc371 tt-textcolor-%23fff gs-logo--img wp-post-image\" alt=\"Blau-wei\u00dfes Logo mit Kreisform\" title=\"BMW AG\" srcset=\"https:\/\/essmann.com\/wp-content\/uploads\/2025\/02\/referenz_bmw_logo-1.png 300w, https:\/\/essmann.com\/wp-content\/uploads\/2025\/02\/referenz_bmw_logo-1-150x150.png 150w\" sizes=\"auto, (max-width: 300px) 100vw, 300px\" \/> <\/a>\n\t\t\t\t\t<!-- Logo Title -->\n\t\t\t\t\t\n\t\t\t\t\t<!-- Logo Category -->\n\t\t\t\t\t\n\t\t\t\t\t<!-- Logo Details -->\n\t\t\t\t\t\n\n\n\t\t\t\t<\/div>\n\t\t\t<\/div>\n\n\t\t\n\t\t\t\n\t\t\t<div class=\"gs_logo_single--wrapper \">\n\t\t\t\t<div class=\"gs_logo_single\">\n\t\t\t\t\t\n\t\t\t\t\t<!-- Logo Image -->\n\t\t\t\t\t<a href=\"https:\/\/www.brenntag.com\/de-de\/\" target=\"_blank\" rel=\"noopener\"><img loading=\"lazy\" decoding=\"async\" width=\"300\" height=\"300\" src=\"https:\/\/essmann.com\/wp-content\/uploads\/2025\/03\/referenz_brenntag_logo.png\" class=\"gs_logo--tooltip tt-placement-top tt-bgcolor-one-%23ff5f6d tt-bgcolor-two-%23ffc371 tt-textcolor-%23fff gs-logo--img wp-post-image\" alt=\"Brenntag-Logo mit dickem blauem B am Anfang\" title=\"Brenntag GmbH\" srcset=\"https:\/\/essmann.com\/wp-content\/uploads\/2025\/03\/referenz_brenntag_logo.png 300w, https:\/\/essmann.com\/wp-content\/uploads\/2025\/03\/referenz_brenntag_logo-150x150.png 150w\" sizes=\"auto, (max-width: 300px) 100vw, 300px\" \/> <\/a>\n\t\t\t\t\t<!-- Logo Title -->\n\t\t\t\t\t\n\t\t\t\t\t<!-- Logo Category -->\n\t\t\t\t\t\n\t\t\t\t\t<!-- Logo Details -->\n\t\t\t\t\t\n\n\n\t\t\t\t<\/div>\n\t\t\t<\/div>\n\n\t\t\n\t\t\t\n\t\t\t<div class=\"gs_logo_single--wrapper \">\n\t\t\t\t<div class=\"gs_logo_single\">\n\t\t\t\t\t\n\t\t\t\t\t<!-- Logo Image -->\n\t\t\t\t\t<a href=\"https:\/\/www.bs-energy.de\/\" target=\"_blank\" rel=\"noopener\"><img loading=\"lazy\" decoding=\"async\" width=\"300\" height=\"300\" src=\"https:\/\/essmann.com\/wp-content\/uploads\/2020\/08\/referenz_bsenergy_logo.png\" class=\"gs_logo--tooltip tt-placement-top tt-bgcolor-one-%23ff5f6d tt-bgcolor-two-%23ffc371 tt-textcolor-%23fff gs-logo--img wp-post-image\" alt=\"Blau-rotes abstraktes Firmenlogo\" title=\"BS|ENERGY, Braunschweiger Versorgungs-AG &#038; Co. KG\" srcset=\"https:\/\/essmann.com\/wp-content\/uploads\/2020\/08\/referenz_bsenergy_logo.png 300w, https:\/\/essmann.com\/wp-content\/uploads\/2020\/08\/referenz_bsenergy_logo-150x150.png 150w\" sizes=\"auto, (max-width: 300px) 100vw, 300px\" \/> <\/a>\n\t\t\t\t\t<!-- Logo Title -->\n\t\t\t\t\t\n\t\t\t\t\t<!-- Logo Category -->\n\t\t\t\t\t\n\t\t\t\t\t<!-- Logo Details -->\n\t\t\t\t\t\n\n\n\t\t\t\t<\/div>\n\t\t\t<\/div>\n\n\t\t\n\t\t\t\n\t\t\t<div class=\"gs_logo_single--wrapper \">\n\t\t\t\t<div class=\"gs_logo_single\">\n\t\t\t\t\t\n\t\t\t\t\t<!-- Logo Image -->\n\t\t\t\t\t<a href=\"https:\/\/www.bundesdruckerei.de\" target=\"_blank\" rel=\"noopener\"><img loading=\"lazy\" decoding=\"async\" width=\"300\" height=\"300\" src=\"https:\/\/essmann.com\/wp-content\/uploads\/2025\/03\/referenz_bundesdruckerei_logo.png\" class=\"gs_logo--tooltip tt-placement-top tt-bgcolor-one-%23ff5f6d tt-bgcolor-two-%23ffc371 tt-textcolor-%23fff gs-logo--img wp-post-image\" alt=\"Bundesdruckerei-Logo in Rot, Gelb, Schwarz\" title=\"Bundesdruckerei Gruppe GmbH\" srcset=\"https:\/\/essmann.com\/wp-content\/uploads\/2025\/03\/referenz_bundesdruckerei_logo.png 300w, https:\/\/essmann.com\/wp-content\/uploads\/2025\/03\/referenz_bundesdruckerei_logo-150x150.png 150w\" sizes=\"auto, (max-width: 300px) 100vw, 300px\" \/> <\/a>\n\t\t\t\t\t<!-- Logo Title -->\n\t\t\t\t\t\n\t\t\t\t\t<!-- Logo Category -->\n\t\t\t\t\t\n\t\t\t\t\t<!-- Logo Details -->\n\t\t\t\t\t\n\n\n\t\t\t\t<\/div>\n\t\t\t<\/div>\n\n\t\t\n\t\t\t\n\t\t\t<div class=\"gs_logo_single--wrapper \">\n\t\t\t\t<div class=\"gs_logo_single\">\n\t\t\t\t\t\n\t\t\t\t\t<!-- Logo Image -->\n\t\t\t\t\t<a href=\"https:\/\/www.kuehne.de\" target=\"_blank\" rel=\"noopener\"><img loading=\"lazy\" decoding=\"async\" width=\"300\" height=\"300\" src=\"https:\/\/essmann.com\/wp-content\/uploads\/2025\/03\/referenz_kuehne_logo.png\" class=\"gs_logo--tooltip tt-placement-top tt-bgcolor-one-%23ff5f6d tt-bgcolor-two-%23ffc371 tt-textcolor-%23fff gs-logo--img wp-post-image\" alt=\"Logo von K\u00fchne mit gr\u00fcnem Hintergrund\" title=\"Carl K\u00fchne KG (GmbH &#038; Co.)\" srcset=\"https:\/\/essmann.com\/wp-content\/uploads\/2025\/03\/referenz_kuehne_logo.png 300w, https:\/\/essmann.com\/wp-content\/uploads\/2025\/03\/referenz_kuehne_logo-150x150.png 150w\" sizes=\"auto, (max-width: 300px) 100vw, 300px\" \/> <\/a>\n\t\t\t\t\t<!-- Logo Title -->\n\t\t\t\t\t\n\t\t\t\t\t<!-- Logo Category -->\n\t\t\t\t\t\n\t\t\t\t\t<!-- Logo Details -->\n\t\t\t\t\t\n\n\n\t\t\t\t<\/div>\n\t\t\t<\/div>\n\n\t\t\n\t\t\t\n\t\t\t<div class=\"gs_logo_single--wrapper \">\n\t\t\t\t<div class=\"gs_logo_single\">\n\t\t\t\t\t\n\t\t\t\t\t<!-- Logo Image -->\n\t\t\t\t\t<a href=\"https:\/\/www.carlsbergdeutschland.de\/\" target=\"_blank\" rel=\"noopener\"><img loading=\"lazy\" decoding=\"async\" width=\"300\" height=\"300\" src=\"https:\/\/essmann.com\/wp-content\/uploads\/2025\/03\/referenz_carlsberg_logo.png\" class=\"gs_logo--tooltip tt-placement-top tt-bgcolor-one-%23ff5f6d tt-bgcolor-two-%23ffc371 tt-textcolor-%23fff gs-logo--img wp-post-image\" alt=\"Gr\u00fcnes Carlsberg-Logo\" title=\"Carlsberg Deutschland GmbH\" srcset=\"https:\/\/essmann.com\/wp-content\/uploads\/2025\/03\/referenz_carlsberg_logo.png 300w, https:\/\/essmann.com\/wp-content\/uploads\/2025\/03\/referenz_carlsberg_logo-150x150.png 150w\" sizes=\"auto, (max-width: 300px) 100vw, 300px\" \/> <\/a>\n\t\t\t\t\t<!-- Logo Title -->\n\t\t\t\t\t\n\t\t\t\t\t<!-- Logo Category -->\n\t\t\t\t\t\n\t\t\t\t\t<!-- Logo Details -->\n\t\t\t\t\t\n\n\n\t\t\t\t<\/div>\n\t\t\t<\/div>\n\n\t\t\n\t\t\t\n\t\t\t<div class=\"gs_logo_single--wrapper \">\n\t\t\t\t<div class=\"gs_logo_single\">\n\t\t\t\t\t\n\t\t\t\t\t<!-- Logo Image -->\n\t\t\t\t\t<a href=\"https:\/\/www.cronimet.de\" target=\"_blank\" rel=\"noopener\"><img loading=\"lazy\" decoding=\"async\" width=\"300\" height=\"300\" src=\"https:\/\/essmann.com\/wp-content\/uploads\/2025\/02\/logo_cronimet.png\" class=\"gs_logo--tooltip tt-placement-top tt-bgcolor-one-%23ff5f6d tt-bgcolor-two-%23ffc371 tt-textcolor-%23fff gs-logo--img wp-post-image\" alt=\"CRONIMET Holding GmbH\" title=\"CRONIMET Holding GmbH\" srcset=\"https:\/\/essmann.com\/wp-content\/uploads\/2025\/02\/logo_cronimet.png 300w, https:\/\/essmann.com\/wp-content\/uploads\/2025\/02\/logo_cronimet-150x150.png 150w\" sizes=\"auto, (max-width: 300px) 100vw, 300px\" \/> <\/a>\n\t\t\t\t\t<!-- Logo Title -->\n\t\t\t\t\t\n\t\t\t\t\t<!-- Logo Category -->\n\t\t\t\t\t\n\t\t\t\t\t<!-- Logo Details -->\n\t\t\t\t\t\n\n\n\t\t\t\t<\/div>\n\t\t\t<\/div>\n\n\t\t\n\t\t\t\n\t\t\t<div class=\"gs_logo_single--wrapper \">\n\t\t\t\t<div class=\"gs_logo_single\">\n\t\t\t\t\t\n\t\t\t\t\t<!-- Logo Image -->\n\t\t\t\t\t<a href=\"https:\/\/www.bahn.de\" target=\"_blank\" rel=\"noopener\"><img loading=\"lazy\" decoding=\"async\" width=\"300\" height=\"300\" src=\"https:\/\/essmann.com\/wp-content\/uploads\/2025\/03\/referenz_db_logo.png\" class=\"gs_logo--tooltip tt-placement-top tt-bgcolor-one-%23ff5f6d tt-bgcolor-two-%23ffc371 tt-textcolor-%23fff gs-logo--img wp-post-image\" alt=\"Logo der Deutschen Bahn\" title=\"DB Fernverkehr AG\" srcset=\"https:\/\/essmann.com\/wp-content\/uploads\/2025\/03\/referenz_db_logo.png 300w, https:\/\/essmann.com\/wp-content\/uploads\/2025\/03\/referenz_db_logo-150x150.png 150w\" sizes=\"auto, (max-width: 300px) 100vw, 300px\" \/> <\/a>\n\t\t\t\t\t<!-- Logo Title -->\n\t\t\t\t\t\n\t\t\t\t\t<!-- Logo Category -->\n\t\t\t\t\t\n\t\t\t\t\t<!-- Logo Details -->\n\t\t\t\t\t\n\n\n\t\t\t\t<\/div>\n\t\t\t<\/div>\n\n\t\t\n\t\t\t\n\t\t\t<div class=\"gs_logo_single--wrapper \">\n\t\t\t\t<div class=\"gs_logo_single\">\n\t\t\t\t\t\n\t\t\t\t\t<!-- Logo Image -->\n\t\t\t\t\t<a href=\"https:\/\/www.bundesbank.de\" target=\"_blank\" rel=\"noopener\"><img loading=\"lazy\" decoding=\"async\" width=\"300\" height=\"300\" src=\"https:\/\/essmann.com\/wp-content\/uploads\/2025\/03\/referenz_deutschebundesbank_logo.png\" class=\"gs_logo--tooltip tt-placement-top tt-bgcolor-one-%23ff5f6d tt-bgcolor-two-%23ffc371 tt-textcolor-%23fff gs-logo--img wp-post-image\" alt=\"Logo Deutsche Bundesbank mit stilisierter EU-Flagge\" title=\"Deutsche Bundesbank\" srcset=\"https:\/\/essmann.com\/wp-content\/uploads\/2025\/03\/referenz_deutschebundesbank_logo.png 300w, https:\/\/essmann.com\/wp-content\/uploads\/2025\/03\/referenz_deutschebundesbank_logo-150x150.png 150w\" sizes=\"auto, (max-width: 300px) 100vw, 300px\" \/> <\/a>\n\t\t\t\t\t<!-- Logo Title -->\n\t\t\t\t\t\n\t\t\t\t\t<!-- Logo Category -->\n\t\t\t\t\t\n\t\t\t\t\t<!-- Logo Details -->\n\t\t\t\t\t\n\n\n\t\t\t\t<\/div>\n\t\t\t<\/div>\n\n\t\t\n\t\t\t\n\t\t\t<div class=\"gs_logo_single--wrapper \">\n\t\t\t\t<div class=\"gs_logo_single\">\n\t\t\t\t\t\n\t\t\t\t\t<!-- Logo Image -->\n\t\t\t\t\t<a href=\"https:\/\/www.stadtreiniger.de\" target=\"_blank\" rel=\"noopener\"><img loading=\"lazy\" decoding=\"async\" width=\"300\" height=\"300\" src=\"https:\/\/essmann.com\/wp-content\/uploads\/2025\/03\/referenz_stadtreiniger_logo.png\" class=\"gs_logo--tooltip tt-placement-top tt-bgcolor-one-%23ff5f6d tt-bgcolor-two-%23ffc371 tt-textcolor-%23fff gs-logo--img wp-post-image\" alt=\"Oranges Stadtreiniger-Logo mit Kleeblatt\" title=\"Die Stadtreiniger Kassel\" srcset=\"https:\/\/essmann.com\/wp-content\/uploads\/2025\/03\/referenz_stadtreiniger_logo.png 300w, https:\/\/essmann.com\/wp-content\/uploads\/2025\/03\/referenz_stadtreiniger_logo-150x150.png 150w\" sizes=\"auto, (max-width: 300px) 100vw, 300px\" \/> <\/a>\n\t\t\t\t\t<!-- Logo Title -->\n\t\t\t\t\t\n\t\t\t\t\t<!-- Logo Category -->\n\t\t\t\t\t\n\t\t\t\t\t<!-- Logo Details -->\n\t\t\t\t\t\n\n\n\t\t\t\t<\/div>\n\t\t\t<\/div>\n\n\t\t\n\t\t\t\n\t\t\t<div class=\"gs_logo_single--wrapper \">\n\t\t\t\t<div class=\"gs_logo_single\">\n\t\t\t\t\t\n\t\t\t\t\t<!-- Logo Image -->\n\t\t\t\t\t<a href=\"https:\/\/www.dkms.de\" target=\"_blank\" rel=\"noopener\"><img loading=\"lazy\" decoding=\"async\" width=\"300\" height=\"300\" src=\"https:\/\/essmann.com\/wp-content\/uploads\/2025\/03\/referenz_dkms_logo.png\" class=\"gs_logo--tooltip tt-placement-top tt-bgcolor-one-%23ff5f6d tt-bgcolor-two-%23ffc371 tt-textcolor-%23fff gs-logo--img wp-post-image\" alt=\"Rotes Logo von DKMS\" title=\"DKMS Group gGmbH\" srcset=\"https:\/\/essmann.com\/wp-content\/uploads\/2025\/03\/referenz_dkms_logo.png 300w, https:\/\/essmann.com\/wp-content\/uploads\/2025\/03\/referenz_dkms_logo-150x150.png 150w\" sizes=\"auto, (max-width: 300px) 100vw, 300px\" \/> <\/a>\n\t\t\t\t\t<!-- Logo Title -->\n\t\t\t\t\t\n\t\t\t\t\t<!-- Logo Category -->\n\t\t\t\t\t\n\t\t\t\t\t<!-- Logo Details -->\n\t\t\t\t\t\n\n\n\t\t\t\t<\/div>\n\t\t\t<\/div>\n\n\t\t\n\t\t\t\n\t\t\t<div class=\"gs_logo_single--wrapper \">\n\t\t\t\t<div class=\"gs_logo_single\">\n\t\t\t\t\t\n\t\t\t\t\t<!-- Logo Image -->\n\t\t\t\t\t<a href=\"https:\/\/de.dow.com\" target=\"_blank\" rel=\"noopener\"><img loading=\"lazy\" decoding=\"async\" width=\"300\" height=\"300\" src=\"https:\/\/essmann.com\/wp-content\/uploads\/2025\/03\/referenz_dow_logo.png\" class=\"gs_logo--tooltip tt-placement-top tt-bgcolor-one-%23ff5f6d tt-bgcolor-two-%23ffc371 tt-textcolor-%23fff gs-logo--img wp-post-image\" alt=\"Dow Logo auf rotem Hintergrund\" title=\"Dow Deutschland Anlagengesellschaft mbH\" srcset=\"https:\/\/essmann.com\/wp-content\/uploads\/2025\/03\/referenz_dow_logo.png 300w, https:\/\/essmann.com\/wp-content\/uploads\/2025\/03\/referenz_dow_logo-150x150.png 150w\" sizes=\"auto, (max-width: 300px) 100vw, 300px\" \/> <\/a>\n\t\t\t\t\t<!-- Logo Title -->\n\t\t\t\t\t\n\t\t\t\t\t<!-- Logo Category -->\n\t\t\t\t\t\n\t\t\t\t\t<!-- Logo Details -->\n\t\t\t\t\t\n\n\n\t\t\t\t<\/div>\n\t\t\t<\/div>\n\n\t\t\n\t\t\t\n\t\t\t<div class=\"gs_logo_single--wrapper \">\n\t\t\t\t<div class=\"gs_logo_single\">\n\t\t\t\t\t\n\t\t\t\t\t<!-- Logo Image -->\n\t\t\t\t\t<a href=\"https:\/\/www.eon.de\" target=\"_blank\" rel=\"noopener\"><img loading=\"lazy\" decoding=\"async\" width=\"300\" height=\"300\" src=\"https:\/\/essmann.com\/wp-content\/uploads\/2025\/03\/referenz_eon_logo.png\" class=\"gs_logo--tooltip tt-placement-top tt-bgcolor-one-%23ff5f6d tt-bgcolor-two-%23ffc371 tt-textcolor-%23fff gs-logo--img wp-post-image\" alt=\"Rotes Coca-Cola Logo auf wei\u00dfem Hintergrund\" title=\"E.ON Energie Deutschland GmbH\" srcset=\"https:\/\/essmann.com\/wp-content\/uploads\/2025\/03\/referenz_eon_logo.png 300w, https:\/\/essmann.com\/wp-content\/uploads\/2025\/03\/referenz_eon_logo-150x150.png 150w\" sizes=\"auto, (max-width: 300px) 100vw, 300px\" \/> <\/a>\n\t\t\t\t\t<!-- Logo Title -->\n\t\t\t\t\t\n\t\t\t\t\t<!-- Logo Category -->\n\t\t\t\t\t\n\t\t\t\t\t<!-- Logo Details -->\n\t\t\t\t\t\n\n\n\t\t\t\t<\/div>\n\t\t\t<\/div>\n\n\t\t\n\t\t\t\n\t\t\t<div class=\"gs_logo_single--wrapper \">\n\t\t\t\t<div class=\"gs_logo_single\">\n\t\t\t\t\t\n\t\t\t\t\t<!-- Logo Image -->\n\t\t\t\t\t<a href=\"https:\/\/www.zueblin.de\" target=\"_blank\" rel=\"noopener\"><img loading=\"lazy\" decoding=\"async\" width=\"300\" height=\"300\" src=\"https:\/\/essmann.com\/wp-content\/uploads\/2025\/03\/referenz_zueblin_logo.png\" class=\"gs_logo--tooltip tt-placement-top tt-bgcolor-one-%23ff5f6d tt-bgcolor-two-%23ffc371 tt-textcolor-%23fff gs-logo--img wp-post-image\" alt=\"Logo von Z\u00fcblin in Rot und Schwarz\" title=\"Ed. Z\u00fcblin AG\" srcset=\"https:\/\/essmann.com\/wp-content\/uploads\/2025\/03\/referenz_zueblin_logo.png 300w, https:\/\/essmann.com\/wp-content\/uploads\/2025\/03\/referenz_zueblin_logo-150x150.png 150w\" sizes=\"auto, (max-width: 300px) 100vw, 300px\" \/> <\/a>\n\t\t\t\t\t<!-- Logo Title -->\n\t\t\t\t\t\n\t\t\t\t\t<!-- Logo Category -->\n\t\t\t\t\t\n\t\t\t\t\t<!-- Logo Details -->\n\t\t\t\t\t\n\n\n\t\t\t\t<\/div>\n\t\t\t<\/div>\n\n\t\t\n\t\t\t\n\t\t\t<div class=\"gs_logo_single--wrapper \">\n\t\t\t\t<div class=\"gs_logo_single\">\n\t\t\t\t\t\n\t\t\t\t\t<!-- Logo Image -->\n\t\t\t\t\t<a href=\"https:\/\/www.edding.com\" target=\"_blank\" rel=\"noopener\"><img loading=\"lazy\" decoding=\"async\" width=\"300\" height=\"300\" src=\"https:\/\/essmann.com\/wp-content\/uploads\/2025\/03\/referenz_edding_logo.png\" class=\"gs_logo--tooltip tt-placement-top tt-bgcolor-one-%23ff5f6d tt-bgcolor-two-%23ffc371 tt-textcolor-%23fff gs-logo--img wp-post-image\" alt=\"Logo von edding mit rotem Hintergrund\" title=\"edding International GmbH\" srcset=\"https:\/\/essmann.com\/wp-content\/uploads\/2025\/03\/referenz_edding_logo.png 300w, https:\/\/essmann.com\/wp-content\/uploads\/2025\/03\/referenz_edding_logo-150x150.png 150w\" sizes=\"auto, (max-width: 300px) 100vw, 300px\" \/> <\/a>\n\t\t\t\t\t<!-- Logo Title -->\n\t\t\t\t\t\n\t\t\t\t\t<!-- Logo Category -->\n\t\t\t\t\t\n\t\t\t\t\t<!-- Logo Details -->\n\t\t\t\t\t\n\n\n\t\t\t\t<\/div>\n\t\t\t<\/div>\n\n\t\t\n\t\t\t\n\t\t\t<div class=\"gs_logo_single--wrapper \">\n\t\t\t\t<div class=\"gs_logo_single\">\n\t\t\t\t\t\n\t\t\t\t\t<!-- Logo Image -->\n\t\t\t\t\t<a href=\"https:\/\/www.enercon.de\" target=\"_blank\" rel=\"noopener\"><img loading=\"lazy\" decoding=\"async\" width=\"300\" height=\"300\" src=\"https:\/\/essmann.com\/wp-content\/uploads\/2025\/03\/referenz_enercon_logo.png\" class=\"gs_logo--tooltip tt-placement-top tt-bgcolor-one-%23ff5f6d tt-bgcolor-two-%23ffc371 tt-textcolor-%23fff gs-logo--img wp-post-image\" alt=\"Logo von ENERCON, Energie f\u00fcr die Welt\" title=\"ENERCON Global GmbH\" srcset=\"https:\/\/essmann.com\/wp-content\/uploads\/2025\/03\/referenz_enercon_logo.png 300w, https:\/\/essmann.com\/wp-content\/uploads\/2025\/03\/referenz_enercon_logo-150x150.png 150w\" sizes=\"auto, (max-width: 300px) 100vw, 300px\" \/> <\/a>\n\t\t\t\t\t<!-- Logo Title -->\n\t\t\t\t\t\n\t\t\t\t\t<!-- Logo Category -->\n\t\t\t\t\t\n\t\t\t\t\t<!-- Logo Details -->\n\t\t\t\t\t\n\n\n\t\t\t\t<\/div>\n\t\t\t<\/div>\n\n\t\t\n\t\t\t\n\t\t\t<div class=\"gs_logo_single--wrapper \">\n\t\t\t\t<div class=\"gs_logo_single\">\n\t\t\t\t\t\n\t\t\t\t\t<!-- Logo Image -->\n\t\t\t\t\t<a href=\"https:\/\/www.envitec-biogas.de\" target=\"_blank\" rel=\"noopener\"><img loading=\"lazy\" decoding=\"async\" width=\"300\" height=\"300\" src=\"https:\/\/essmann.com\/wp-content\/uploads\/2025\/03\/referenz_envitec_logo.png\" class=\"gs_logo--tooltip tt-placement-top tt-bgcolor-one-%23ff5f6d tt-bgcolor-two-%23ffc371 tt-textcolor-%23fff gs-logo--img wp-post-image\" alt=\"Gr\u00fcnes Symbol mit Baum, H\u00fcgel und Wolke\" title=\"EnviTec Biogas AG\" srcset=\"https:\/\/essmann.com\/wp-content\/uploads\/2025\/03\/referenz_envitec_logo.png 300w, https:\/\/essmann.com\/wp-content\/uploads\/2025\/03\/referenz_envitec_logo-150x150.png 150w\" sizes=\"auto, (max-width: 300px) 100vw, 300px\" \/> <\/a>\n\t\t\t\t\t<!-- Logo Title -->\n\t\t\t\t\t\n\t\t\t\t\t<!-- Logo Category -->\n\t\t\t\t\t\n\t\t\t\t\t<!-- Logo Details -->\n\t\t\t\t\t\n\n\n\t\t\t\t<\/div>\n\t\t\t<\/div>\n\n\t\t\n\t\t\t\n\t\t\t<div class=\"gs_logo_single--wrapper \">\n\t\t\t\t<div class=\"gs_logo_single\">\n\t\t\t\t\t\n\t\t\t\t\t<!-- Logo Image -->\n\t\t\t\t\t<a href=\"https:\/\/euroports.de\" target=\"_blank\" rel=\"noopener\"><img loading=\"lazy\" decoding=\"async\" width=\"300\" height=\"300\" src=\"https:\/\/essmann.com\/wp-content\/uploads\/2025\/03\/referenz_euroports_logo.png\" class=\"gs_logo--tooltip tt-placement-top tt-bgcolor-one-%23ff5f6d tt-bgcolor-two-%23ffc371 tt-textcolor-%23fff gs-logo--img wp-post-image\" alt=\"Blaues Logo mit abstraktem Design\" title=\"Euroports Germany GmbH &#038; Co. KG\" srcset=\"https:\/\/essmann.com\/wp-content\/uploads\/2025\/03\/referenz_euroports_logo.png 300w, https:\/\/essmann.com\/wp-content\/uploads\/2025\/03\/referenz_euroports_logo-150x150.png 150w\" sizes=\"auto, (max-width: 300px) 100vw, 300px\" \/> <\/a>\n\t\t\t\t\t<!-- Logo Title -->\n\t\t\t\t\t\n\t\t\t\t\t<!-- Logo Category -->\n\t\t\t\t\t\n\t\t\t\t\t<!-- Logo Details -->\n\t\t\t\t\t\n\n\n\t\t\t\t<\/div>\n\t\t\t<\/div>\n\n\t\t\n\t\t\t\n\t\t\t<div class=\"gs_logo_single--wrapper \">\n\t\t\t\t<div class=\"gs_logo_single\">\n\t\t\t\t\t\n\t\t\t\t\t<!-- Logo Image -->\n\t\t\t\t\t<a href=\"https:\/\/www.evonik.com\" target=\"_blank\" rel=\"noopener\"><img loading=\"lazy\" decoding=\"async\" width=\"300\" height=\"300\" src=\"https:\/\/essmann.com\/wp-content\/uploads\/2025\/02\/logo_evonik.png\" class=\"gs_logo--tooltip tt-placement-top tt-bgcolor-one-%23ff5f6d tt-bgcolor-two-%23ffc371 tt-textcolor-%23fff gs-logo--img wp-post-image\" alt=\"Evonik Industries AG\" title=\"Evonik Industries AG\" srcset=\"https:\/\/essmann.com\/wp-content\/uploads\/2025\/02\/logo_evonik.png 300w, https:\/\/essmann.com\/wp-content\/uploads\/2025\/02\/logo_evonik-150x150.png 150w\" sizes=\"auto, (max-width: 300px) 100vw, 300px\" \/> <\/a>\n\t\t\t\t\t<!-- Logo Title -->\n\t\t\t\t\t\n\t\t\t\t\t<!-- Logo Category -->\n\t\t\t\t\t\n\t\t\t\t\t<!-- Logo Details -->\n\t\t\t\t\t\n\n\n\t\t\t\t<\/div>\n\t\t\t<\/div>\n\n\t\t\n\t\t\t\n\t\t\t<div class=\"gs_logo_single--wrapper \">\n\t\t\t\t<div class=\"gs_logo_single\">\n\t\t\t\t\t\n\t\t\t\t\t<!-- Logo Image -->\n\t\t\t\t\t<a href=\"https:\/\/www.evos.eu\" target=\"_blank\" rel=\"noopener\"><img loading=\"lazy\" decoding=\"async\" width=\"300\" height=\"300\" src=\"https:\/\/essmann.com\/wp-content\/uploads\/2025\/02\/logo_evos.png\" class=\"gs_logo--tooltip tt-placement-top tt-bgcolor-one-%23ff5f6d tt-bgcolor-two-%23ffc371 tt-textcolor-%23fff gs-logo--img wp-post-image\" alt=\"Evos group\" title=\"Evos Group\" srcset=\"https:\/\/essmann.com\/wp-content\/uploads\/2025\/02\/logo_evos.png 300w, https:\/\/essmann.com\/wp-content\/uploads\/2025\/02\/logo_evos-150x150.png 150w\" sizes=\"auto, (max-width: 300px) 100vw, 300px\" \/> <\/a>\n\t\t\t\t\t<!-- Logo Title -->\n\t\t\t\t\t\n\t\t\t\t\t<!-- Logo Category -->\n\t\t\t\t\t\n\t\t\t\t\t<!-- Logo Details -->\n\t\t\t\t\t\n\n\n\t\t\t\t<\/div>\n\t\t\t<\/div>\n\n\t\t\n\t\t\t\n\t\t\t<div class=\"gs_logo_single--wrapper \">\n\t\t\t\t<div class=\"gs_logo_single\">\n\t\t\t\t\t\n\t\t\t\t\t<!-- Logo Image -->\n\t\t\t\t\t<a href=\"https:\/\/fischboeck.de\/\" target=\"_blank\" rel=\"noopener\"><img loading=\"lazy\" decoding=\"async\" width=\"300\" height=\"300\" src=\"https:\/\/essmann.com\/wp-content\/uploads\/2025\/03\/referenz_forellenzucht_logo.png\" class=\"gs_logo--tooltip tt-placement-top tt-bgcolor-one-%23ff5f6d tt-bgcolor-two-%23ffc371 tt-textcolor-%23fff gs-logo--img wp-post-image\" alt=\"Blau-graues Logo Forellenzucht\" title=\"Forellenzucht am Kocherursprung KG\" srcset=\"https:\/\/essmann.com\/wp-content\/uploads\/2025\/03\/referenz_forellenzucht_logo.png 300w, https:\/\/essmann.com\/wp-content\/uploads\/2025\/03\/referenz_forellenzucht_logo-150x150.png 150w\" sizes=\"auto, (max-width: 300px) 100vw, 300px\" \/> <\/a>\n\t\t\t\t\t<!-- Logo Title -->\n\t\t\t\t\t\n\t\t\t\t\t<!-- Logo Category -->\n\t\t\t\t\t\n\t\t\t\t\t<!-- Logo Details -->\n\t\t\t\t\t\n\n\n\t\t\t\t<\/div>\n\t\t\t<\/div>\n\n\t\t\n\t\t\t\n\t\t\t<div class=\"gs_logo_single--wrapper \">\n\t\t\t\t<div class=\"gs_logo_single\">\n\t\t\t\t\t\n\t\t\t\t\t<!-- Logo Image -->\n\t\t\t\t\t<a href=\"https:\/\/www.fraunhofer.de\/\" target=\"_blank\" rel=\"noopener\"><img loading=\"lazy\" decoding=\"async\" width=\"300\" height=\"300\" src=\"https:\/\/essmann.com\/wp-content\/uploads\/2025\/03\/referenz_fraunhofer_logo.png\" class=\"gs_logo--tooltip tt-placement-top tt-bgcolor-one-%23ff5f6d tt-bgcolor-two-%23ffc371 tt-textcolor-%23fff gs-logo--img wp-post-image\" alt=\"Firmenlogo mit gr\u00fcnen Streifen und schwarzen Elementen\" title=\"Fraunhofer-Gesellschaft zur F\u00f6rderung der angewandten Forschung e.V.\" srcset=\"https:\/\/essmann.com\/wp-content\/uploads\/2025\/03\/referenz_fraunhofer_logo.png 300w, https:\/\/essmann.com\/wp-content\/uploads\/2025\/03\/referenz_fraunhofer_logo-150x150.png 150w\" sizes=\"auto, (max-width: 300px) 100vw, 300px\" \/> <\/a>\n\t\t\t\t\t<!-- Logo Title -->\n\t\t\t\t\t\n\t\t\t\t\t<!-- Logo Category -->\n\t\t\t\t\t\n\t\t\t\t\t<!-- Logo Details -->\n\t\t\t\t\t\n\n\n\t\t\t\t<\/div>\n\t\t\t<\/div>\n\n\t\t\n\t\t\t\n\t\t\t<div class=\"gs_logo_single--wrapper \">\n\t\t\t\t<div class=\"gs_logo_single\">\n\t\t\t\t\t\n\t\t\t\t\t<!-- Logo Image -->\n\t\t\t\t\t<a href=\"https:\/\/www.fli.d\" target=\"_blank\" rel=\"noopener\"><img loading=\"lazy\" decoding=\"async\" width=\"300\" height=\"300\" src=\"https:\/\/essmann.com\/wp-content\/uploads\/2025\/03\/referenz_friedrich_loeffler_logo.png\" class=\"gs_logo--tooltip tt-placement-top tt-bgcolor-one-%23ff5f6d tt-bgcolor-two-%23ffc371 tt-textcolor-%23fff gs-logo--img wp-post-image\" alt=\"Blaue Buchstaben FLI auf wei\u00dfem Hintergrund\" title=\"Friedrich-Loeffler-Institut, Bundesforschungsinstitut f\u00fcr Tiergesundheit\" srcset=\"https:\/\/essmann.com\/wp-content\/uploads\/2025\/03\/referenz_friedrich_loeffler_logo.png 300w, https:\/\/essmann.com\/wp-content\/uploads\/2025\/03\/referenz_friedrich_loeffler_logo-150x150.png 150w\" sizes=\"auto, (max-width: 300px) 100vw, 300px\" \/> <\/a>\n\t\t\t\t\t<!-- Logo Title -->\n\t\t\t\t\t\n\t\t\t\t\t<!-- Logo Category -->\n\t\t\t\t\t\n\t\t\t\t\t<!-- Logo Details -->\n\t\t\t\t\t\n\n\n\t\t\t\t<\/div>\n\t\t\t<\/div>\n\n\t\t\n\t\t\t\n\t\t\t<div class=\"gs_logo_single--wrapper \">\n\t\t\t\t<div class=\"gs_logo_single\">\n\t\t\t\t\t\n\t\t\t\t\t<!-- Logo Image -->\n\t\t\t\t\t<a href=\"https:\/\/www.gmh-gruppe.de\/\" target=\"_blank\" rel=\"noopener\"><img loading=\"lazy\" decoding=\"async\" width=\"300\" height=\"300\" src=\"https:\/\/essmann.com\/wp-content\/uploads\/2025\/02\/logo_gmh_gruppe.png\" class=\"gs_logo--tooltip tt-placement-top tt-bgcolor-one-%23ff5f6d tt-bgcolor-two-%23ffc371 tt-textcolor-%23fff gs-logo--img wp-post-image\" alt=\"Georgsmarienh\u00fctte Holding GmbH\" title=\"Georgsmarienh\u00fctte Holding GmbH\" srcset=\"https:\/\/essmann.com\/wp-content\/uploads\/2025\/02\/logo_gmh_gruppe.png 300w, https:\/\/essmann.com\/wp-content\/uploads\/2025\/02\/logo_gmh_gruppe-150x150.png 150w\" sizes=\"auto, (max-width: 300px) 100vw, 300px\" \/> <\/a>\n\t\t\t\t\t<!-- Logo Title -->\n\t\t\t\t\t\n\t\t\t\t\t<!-- Logo Category -->\n\t\t\t\t\t\n\t\t\t\t\t<!-- Logo Details -->\n\t\t\t\t\t\n\n\n\t\t\t\t<\/div>\n\t\t\t<\/div>\n\n\t\t\n\t\t\t\n\t\t\t<div class=\"gs_logo_single--wrapper \">\n\t\t\t\t<div class=\"gs_logo_single\">\n\t\t\t\t\t\n\t\t\t\t\t<!-- Logo Image -->\n\t\t\t\t\t<a href=\"https:\/\/grillo.de\" target=\"_blank\" rel=\"noopener\"><img loading=\"lazy\" decoding=\"async\" width=\"300\" height=\"300\" src=\"https:\/\/essmann.com\/wp-content\/uploads\/2025\/07\/grillo.png\" class=\"gs_logo--tooltip tt-placement-top tt-bgcolor-one-%23ff5f6d tt-bgcolor-two-%23ffc371 tt-textcolor-%23fff gs-logo--img wp-post-image\" alt=\"Logo mit dem Wort GRILLO in Wei\u00df auf Blau\" title=\"GRILLO Werke AG\" srcset=\"https:\/\/essmann.com\/wp-content\/uploads\/2025\/07\/grillo.png 300w, https:\/\/essmann.com\/wp-content\/uploads\/2025\/07\/grillo-150x150.png 150w\" sizes=\"auto, (max-width: 300px) 100vw, 300px\" \/> <\/a>\n\t\t\t\t\t<!-- Logo Title -->\n\t\t\t\t\t\n\t\t\t\t\t<!-- Logo Category -->\n\t\t\t\t\t\n\t\t\t\t\t<!-- Logo Details -->\n\t\t\t\t\t\n\n\n\t\t\t\t<\/div>\n\t\t\t<\/div>\n\n\t\t\n\t\t\t\n\t\t\t<div class=\"gs_logo_single--wrapper \">\n\t\t\t\t<div class=\"gs_logo_single\">\n\t\t\t\t\t\n\t\t\t\t\t<!-- Logo Image -->\n\t\t\t\t\t<a href=\"https:\/\/www.hamburg-port-authority.de\/\" target=\"_blank\" rel=\"noopener\"><img loading=\"lazy\" decoding=\"async\" width=\"300\" height=\"300\" src=\"https:\/\/essmann.com\/wp-content\/uploads\/2025\/03\/referenz_hpa_logo.png\" class=\"gs_logo--tooltip tt-placement-top tt-bgcolor-one-%23ff5f6d tt-bgcolor-two-%23ffc371 tt-textcolor-%23fff gs-logo--img wp-post-image\" alt=\"Blau-rotes abstraktes Design auf wei\u00dfem Hintergrund\" title=\"Hamburg Port Authority A\u00f6R\" srcset=\"https:\/\/essmann.com\/wp-content\/uploads\/2025\/03\/referenz_hpa_logo.png 300w, https:\/\/essmann.com\/wp-content\/uploads\/2025\/03\/referenz_hpa_logo-150x150.png 150w\" sizes=\"auto, (max-width: 300px) 100vw, 300px\" \/> <\/a>\n\t\t\t\t\t<!-- Logo Title -->\n\t\t\t\t\t\n\t\t\t\t\t<!-- Logo Category -->\n\t\t\t\t\t\n\t\t\t\t\t<!-- Logo Details -->\n\t\t\t\t\t\n\n\n\t\t\t\t<\/div>\n\t\t\t<\/div>\n\n\t\t\n\t\t\t\n\t\t\t<div class=\"gs_logo_single--wrapper \">\n\t\t\t\t<div class=\"gs_logo_single\">\n\t\t\t\t\t\n\t\t\t\t\t<!-- Logo Image -->\n\t\t\t\t\t<a href=\"https:\/\/www.holcim.de\" target=\"_blank\" rel=\"noopener\"><img loading=\"lazy\" decoding=\"async\" width=\"300\" height=\"300\" src=\"https:\/\/essmann.com\/wp-content\/uploads\/2025\/02\/logo_holcim.png\" class=\"gs_logo--tooltip tt-placement-top tt-bgcolor-one-%23ff5f6d tt-bgcolor-two-%23ffc371 tt-textcolor-%23fff gs-logo--img wp-post-image\" alt=\"Holcim (Deutschland) GmbH\" title=\"Holcim GmbH\" srcset=\"https:\/\/essmann.com\/wp-content\/uploads\/2025\/02\/logo_holcim.png 300w, https:\/\/essmann.com\/wp-content\/uploads\/2025\/02\/logo_holcim-150x150.png 150w\" sizes=\"auto, (max-width: 300px) 100vw, 300px\" \/> <\/a>\n\t\t\t\t\t<!-- Logo Title -->\n\t\t\t\t\t\n\t\t\t\t\t<!-- Logo Category -->\n\t\t\t\t\t\n\t\t\t\t\t<!-- Logo Details -->\n\t\t\t\t\t\n\n\n\t\t\t\t<\/div>\n\t\t\t<\/div>\n\n\t\t\n\t\t\t\n\t\t\t<div class=\"gs_logo_single--wrapper \">\n\t\t\t\t<div class=\"gs_logo_single\">\n\t\t\t\t\t\n\t\t\t\t\t<!-- Logo Image -->\n\t\t\t\t\t<a href=\"https:\/\/www.imrecycling.de\" target=\"_blank\" rel=\"noopener\"><img loading=\"lazy\" decoding=\"async\" width=\"300\" height=\"300\" src=\"https:\/\/essmann.com\/wp-content\/uploads\/2025\/02\/logo_imr.png\" class=\"gs_logo--tooltip tt-placement-top tt-bgcolor-one-%23ff5f6d tt-bgcolor-two-%23ffc371 tt-textcolor-%23fff gs-logo--img wp-post-image\" alt=\"IMR Innovative Metal Recycling GmbH\" title=\"IMR Innovative Metal Recycling GmbH\" srcset=\"https:\/\/essmann.com\/wp-content\/uploads\/2025\/02\/logo_imr.png 300w, https:\/\/essmann.com\/wp-content\/uploads\/2025\/02\/logo_imr-150x150.png 150w\" sizes=\"auto, (max-width: 300px) 100vw, 300px\" \/> <\/a>\n\t\t\t\t\t<!-- Logo Title -->\n\t\t\t\t\t\n\t\t\t\t\t<!-- Logo Category -->\n\t\t\t\t\t\n\t\t\t\t\t<!-- Logo Details -->\n\t\t\t\t\t\n\n\n\t\t\t\t<\/div>\n\t\t\t<\/div>\n\n\t\t\n\t\t\t\n\t\t\t<div class=\"gs_logo_single--wrapper \">\n\t\t\t\t<div class=\"gs_logo_single\">\n\t\t\t\t\t\n\t\t\t\t\t<!-- Logo Image -->\n\t\t\t\t\t<a href=\"https:\/\/www.infraserv.com\" target=\"_blank\" rel=\"noopener\"><img loading=\"lazy\" decoding=\"async\" width=\"300\" height=\"300\" src=\"https:\/\/essmann.com\/wp-content\/uploads\/2025\/02\/logo_infarserv.png\" class=\"gs_logo--tooltip tt-placement-top tt-bgcolor-one-%23ff5f6d tt-bgcolor-two-%23ffc371 tt-textcolor-%23fff gs-logo--img wp-post-image\" alt=\"Infraserv GmbH &amp; Co. H\u00f6chst KG\" title=\"Infraserv GmbH &#038; Co. H\u00f6chst KG\" srcset=\"https:\/\/essmann.com\/wp-content\/uploads\/2025\/02\/logo_infarserv.png 300w, https:\/\/essmann.com\/wp-content\/uploads\/2025\/02\/logo_infarserv-150x150.png 150w\" sizes=\"auto, (max-width: 300px) 100vw, 300px\" \/> <\/a>\n\t\t\t\t\t<!-- Logo Title -->\n\t\t\t\t\t\n\t\t\t\t\t<!-- Logo Category -->\n\t\t\t\t\t\n\t\t\t\t\t<!-- Logo Details -->\n\t\t\t\t\t\n\n\n\t\t\t\t<\/div>\n\t\t\t<\/div>\n\n\t\t\n\t\t\t\n\t\t\t<div class=\"gs_logo_single--wrapper \">\n\t\t\t\t<div class=\"gs_logo_single\">\n\t\t\t\t\t\n\t\t\t\t\t<!-- Logo Image -->\n\t\t\t\t\t<a href=\"https:\/\/www.jrs.de\/\" target=\"_blank\" rel=\"noopener\"><img loading=\"lazy\" decoding=\"async\" width=\"300\" height=\"300\" src=\"https:\/\/essmann.com\/wp-content\/uploads\/2025\/02\/referenz_jrs_logo.png\" class=\"gs_logo--tooltip tt-placement-top tt-bgcolor-one-%23ff5f6d tt-bgcolor-two-%23ffc371 tt-textcolor-%23fff gs-logo--img wp-post-image\" alt=\"T\u00fcrkisfarbener abstrakter Hintergrund\" title=\"J. Rettenmaier &#038; S\u00f6hne GmbH + Co KG\" srcset=\"https:\/\/essmann.com\/wp-content\/uploads\/2025\/02\/referenz_jrs_logo.png 300w, https:\/\/essmann.com\/wp-content\/uploads\/2025\/02\/referenz_jrs_logo-150x150.png 150w\" sizes=\"auto, (max-width: 300px) 100vw, 300px\" \/> <\/a>\n\t\t\t\t\t<!-- Logo Title -->\n\t\t\t\t\t\n\t\t\t\t\t<!-- Logo Category -->\n\t\t\t\t\t\n\t\t\t\t\t<!-- Logo Details -->\n\t\t\t\t\t\n\n\n\t\t\t\t<\/div>\n\t\t\t<\/div>\n\n\t\t\n\t\t\t\n\t\t\t<div class=\"gs_logo_single--wrapper \">\n\t\t\t\t<div class=\"gs_logo_single\">\n\t\t\t\t\t\n\t\t\t\t\t<!-- Logo Image -->\n\t\t\t\t\t<a href=\"https:\/\/www.deere.de\/\" target=\"_blank\" rel=\"noopener\"><img loading=\"lazy\" decoding=\"async\" width=\"300\" height=\"300\" src=\"https:\/\/essmann.com\/wp-content\/uploads\/2025\/03\/referenz_john_deree_logo.png\" class=\"gs_logo--tooltip tt-placement-top tt-bgcolor-one-%23ff5f6d tt-bgcolor-two-%23ffc371 tt-textcolor-%23fff gs-logo--img wp-post-image\" alt=\"John-Deree-Logo mit springendem Hirsch in Gr\u00fcn und Gelb\" title=\"John Deere Walldorf GmbH &#038; Co. KG\" srcset=\"https:\/\/essmann.com\/wp-content\/uploads\/2025\/03\/referenz_john_deree_logo.png 300w, https:\/\/essmann.com\/wp-content\/uploads\/2025\/03\/referenz_john_deree_logo-150x150.png 150w\" sizes=\"auto, (max-width: 300px) 100vw, 300px\" \/> <\/a>\n\t\t\t\t\t<!-- Logo Title -->\n\t\t\t\t\t\n\t\t\t\t\t<!-- Logo Category -->\n\t\t\t\t\t\n\t\t\t\t\t<!-- Logo Details -->\n\t\t\t\t\t\n\n\n\t\t\t\t<\/div>\n\t\t\t<\/div>\n\n\t\t\n\t\t\t\n\t\t\t<div class=\"gs_logo_single--wrapper \">\n\t\t\t\t<div class=\"gs_logo_single\">\n\t\t\t\t\t\n\t\t\t\t\t<!-- Logo Image -->\n\t\t\t\t\t<a href=\"https:\/\/www.kemna.de\/\" target=\"_blank\" rel=\"noopener\"><img loading=\"lazy\" decoding=\"async\" width=\"300\" height=\"300\" src=\"https:\/\/essmann.com\/wp-content\/uploads\/2025\/02\/referenz_kemna_logo.png\" class=\"gs_logo--tooltip tt-placement-top tt-bgcolor-one-%23ff5f6d tt-bgcolor-two-%23ffc371 tt-textcolor-%23fff gs-logo--img wp-post-image\" alt=\"Logo von Kemna in Rot und Wei\u00df\" title=\"KEMNA BAU Andreae GmbH &#038; Co. KG\" srcset=\"https:\/\/essmann.com\/wp-content\/uploads\/2025\/02\/referenz_kemna_logo.png 300w, https:\/\/essmann.com\/wp-content\/uploads\/2025\/02\/referenz_kemna_logo-150x150.png 150w\" sizes=\"auto, (max-width: 300px) 100vw, 300px\" \/> <\/a>\n\t\t\t\t\t<!-- Logo Title -->\n\t\t\t\t\t\n\t\t\t\t\t<!-- Logo Category -->\n\t\t\t\t\t\n\t\t\t\t\t<!-- Logo Details -->\n\t\t\t\t\t\n\n\n\t\t\t\t<\/div>\n\t\t\t<\/div>\n\n\t\t\n\t\t\t\n\t\t\t<div class=\"gs_logo_single--wrapper \">\n\t\t\t\t<div class=\"gs_logo_single\">\n\t\t\t\t\t\n\t\t\t\t\t<!-- Logo Image -->\n\t\t\t\t\t<a href=\"https:\/\/melosch.de\" target=\"_blank\" rel=\"noopener\"><img loading=\"lazy\" decoding=\"async\" width=\"300\" height=\"300\" src=\"https:\/\/essmann.com\/wp-content\/uploads\/2025\/02\/referenz_melosch_logo.png\" class=\"gs_logo--tooltip tt-placement-top tt-bgcolor-one-%23ff5f6d tt-bgcolor-two-%23ffc371 tt-textcolor-%23fff gs-logo--img wp-post-image\" alt=\"Blaues Logo mit wei\u00dfen Streifen und Mustern\" title=\"KG Ludwig Melosch Vertriebs-GmbH &#038; Co.\" srcset=\"https:\/\/essmann.com\/wp-content\/uploads\/2025\/02\/referenz_melosch_logo.png 300w, https:\/\/essmann.com\/wp-content\/uploads\/2025\/02\/referenz_melosch_logo-150x150.png 150w\" sizes=\"auto, (max-width: 300px) 100vw, 300px\" \/> <\/a>\n\t\t\t\t\t<!-- Logo Title -->\n\t\t\t\t\t\n\t\t\t\t\t<!-- Logo Category -->\n\t\t\t\t\t\n\t\t\t\t\t<!-- Logo Details -->\n\t\t\t\t\t\n\n\n\t\t\t\t<\/div>\n\t\t\t<\/div>\n\n\t\t\n\t\t\t\n\t\t\t<div class=\"gs_logo_single--wrapper \">\n\t\t\t\t<div class=\"gs_logo_single\">\n\t\t\t\t\t\n\t\t\t\t\t<!-- Logo Image -->\n\t\t\t\t\t<a href=\"https:\/\/www.kavg-ml.de\" target=\"_blank\" rel=\"noopener\"><img loading=\"lazy\" decoding=\"async\" width=\"300\" height=\"300\" src=\"https:\/\/essmann.com\/wp-content\/uploads\/2025\/03\/referenz_kavg_logo.png\" class=\"gs_logo--tooltip tt-placement-top tt-bgcolor-one-%23ff5f6d tt-bgcolor-two-%23ffc371 tt-textcolor-%23fff gs-logo--img wp-post-image\" alt=\"Logo mit gr\u00fcnem Text KAVG\" title=\"KreisAbfallVerwertungsGesellschaft mbH Minden-L\u00fcbbecke\" srcset=\"https:\/\/essmann.com\/wp-content\/uploads\/2025\/03\/referenz_kavg_logo.png 300w, https:\/\/essmann.com\/wp-content\/uploads\/2025\/03\/referenz_kavg_logo-150x150.png 150w\" sizes=\"auto, (max-width: 300px) 100vw, 300px\" \/> <\/a>\n\t\t\t\t\t<!-- Logo Title -->\n\t\t\t\t\t\n\t\t\t\t\t<!-- Logo Category -->\n\t\t\t\t\t\n\t\t\t\t\t<!-- Logo Details -->\n\t\t\t\t\t\n\n\n\t\t\t\t<\/div>\n\t\t\t<\/div>\n\n\t\t\n\t\t\t\n\t\t\t<div class=\"gs_logo_single--wrapper \">\n\t\t\t\t<div class=\"gs_logo_single\">\n\t\t\t\t\t\n\t\t\t\t\t<!-- Logo Image -->\n\t\t\t\t\t<a href=\"https:\/\/de.kuehne-nagel.com\/\" target=\"_blank\" rel=\"noopener\"><img loading=\"lazy\" decoding=\"async\" width=\"300\" height=\"300\" src=\"https:\/\/essmann.com\/wp-content\/uploads\/2025\/03\/referenz_kuehne_nagel_logo.png\" class=\"gs_logo--tooltip tt-placement-top tt-bgcolor-one-%23ff5f6d tt-bgcolor-two-%23ffc371 tt-textcolor-%23fff gs-logo--img wp-post-image\" alt=\"Besch\u00e4digtes digitales Bild mit blauen Streifen\" title=\"K\u00fchne + Nagel (AG &#038; Co.) KG\" srcset=\"https:\/\/essmann.com\/wp-content\/uploads\/2025\/03\/referenz_kuehne_nagel_logo.png 300w, https:\/\/essmann.com\/wp-content\/uploads\/2025\/03\/referenz_kuehne_nagel_logo-150x150.png 150w\" sizes=\"auto, (max-width: 300px) 100vw, 300px\" \/> <\/a>\n\t\t\t\t\t<!-- Logo Title -->\n\t\t\t\t\t\n\t\t\t\t\t<!-- Logo Category -->\n\t\t\t\t\t\n\t\t\t\t\t<!-- Logo Details -->\n\t\t\t\t\t\n\n\n\t\t\t\t<\/div>\n\t\t\t<\/div>\n\n\t\t\n\t\t\t\n\t\t\t<div class=\"gs_logo_single--wrapper \">\n\t\t\t\t<div class=\"gs_logo_single\">\n\t\t\t\t\t\n\t\t\t\t\t<!-- Logo Image -->\n\t\t\t\t\t<a href=\"https:\/\/www.leonhard-weiss.de\/\" target=\"_blank\" rel=\"noopener\"><img loading=\"lazy\" decoding=\"async\" width=\"300\" height=\"300\" src=\"https:\/\/essmann.com\/wp-content\/uploads\/2025\/03\/referenz_leonhard_weiss_logo.png\" class=\"gs_logo--tooltip tt-placement-top tt-bgcolor-one-%23ff5f6d tt-bgcolor-two-%23ffc371 tt-textcolor-%23fff gs-logo--img wp-post-image\" alt=\"Abstraktes Schwarz-Gelbes Logo von Leonhard Weiss\" title=\"LEONHARD WEISS GmbH &#038; Co. KG\" srcset=\"https:\/\/essmann.com\/wp-content\/uploads\/2025\/03\/referenz_leonhard_weiss_logo.png 300w, https:\/\/essmann.com\/wp-content\/uploads\/2025\/03\/referenz_leonhard_weiss_logo-150x150.png 150w\" sizes=\"auto, (max-width: 300px) 100vw, 300px\" \/> <\/a>\n\t\t\t\t\t<!-- Logo Title -->\n\t\t\t\t\t\n\t\t\t\t\t<!-- Logo Category -->\n\t\t\t\t\t\n\t\t\t\t\t<!-- Logo Details -->\n\t\t\t\t\t\n\n\n\t\t\t\t<\/div>\n\t\t\t<\/div>\n\n\t\t\n\t\t\t\n\t\t\t<div class=\"gs_logo_single--wrapper \">\n\t\t\t\t<div class=\"gs_logo_single\">\n\t\t\t\t\t\n\t\t\t\t\t<!-- Logo Image -->\n\t\t\t\t\t<a href=\"https:\/\/www.lufthansa-technik.com\/en\" target=\"_blank\" rel=\"noopener\"><img loading=\"lazy\" decoding=\"async\" width=\"300\" height=\"300\" src=\"https:\/\/essmann.com\/wp-content\/uploads\/2025\/03\/referenz_luftansa_logo.png\" class=\"gs_logo--tooltip tt-placement-top tt-bgcolor-one-%23ff5f6d tt-bgcolor-two-%23ffc371 tt-textcolor-%23fff gs-logo--img wp-post-image\" alt=\"Dunkelblaues Rechteck mit subtiler Struktur\" title=\"Lufthansa Technik AG\" srcset=\"https:\/\/essmann.com\/wp-content\/uploads\/2025\/03\/referenz_luftansa_logo.png 300w, https:\/\/essmann.com\/wp-content\/uploads\/2025\/03\/referenz_luftansa_logo-150x150.png 150w\" sizes=\"auto, (max-width: 300px) 100vw, 300px\" \/> <\/a>\n\t\t\t\t\t<!-- Logo Title -->\n\t\t\t\t\t\n\t\t\t\t\t<!-- Logo Category -->\n\t\t\t\t\t\n\t\t\t\t\t<!-- Logo Details -->\n\t\t\t\t\t\n\n\n\t\t\t\t<\/div>\n\t\t\t<\/div>\n\n\t\t\n\t\t\t\n\t\t\t<div class=\"gs_logo_single--wrapper \">\n\t\t\t\t<div class=\"gs_logo_single\">\n\t\t\t\t\t\n\t\t\t\t\t<!-- Logo Image -->\n\t\t\t\t\t<a href=\"https:\/\/de.mercerint.com\/\" target=\"_blank\" rel=\"noopener\"><img loading=\"lazy\" decoding=\"async\" width=\"300\" height=\"300\" src=\"https:\/\/essmann.com\/wp-content\/uploads\/2020\/08\/referenz_mercer_logo.png\" class=\"gs_logo--tooltip tt-placement-top tt-bgcolor-one-%23ff5f6d tt-bgcolor-two-%23ffc371 tt-textcolor-%23fff gs-logo--img wp-post-image\" alt=\"Logo von Mercer mit blauen Buchstaben\" title=\"Mercer Stendal GmbH\" srcset=\"https:\/\/essmann.com\/wp-content\/uploads\/2020\/08\/referenz_mercer_logo.png 300w, https:\/\/essmann.com\/wp-content\/uploads\/2020\/08\/referenz_mercer_logo-150x150.png 150w\" sizes=\"auto, (max-width: 300px) 100vw, 300px\" \/> <\/a>\n\t\t\t\t\t<!-- Logo Title -->\n\t\t\t\t\t\n\t\t\t\t\t<!-- Logo Category -->\n\t\t\t\t\t\n\t\t\t\t\t<!-- Logo Details -->\n\t\t\t\t\t\n\n\n\t\t\t\t<\/div>\n\t\t\t<\/div>\n\n\t\t\n\t\t\t\n\t\t\t<div class=\"gs_logo_single--wrapper \">\n\t\t\t\t<div class=\"gs_logo_single\">\n\t\t\t\t\t\n\t\t\t\t\t<!-- Logo Image -->\n\t\t\t\t\t<a href=\"https:\/\/www.montblanc.com\" target=\"_blank\" rel=\"noopener\"><img loading=\"lazy\" decoding=\"async\" width=\"300\" height=\"300\" src=\"https:\/\/essmann.com\/wp-content\/uploads\/2025\/03\/referenz_montblanc_logo.png\" class=\"gs_logo--tooltip tt-placement-top tt-bgcolor-one-%23ff5f6d tt-bgcolor-two-%23ffc371 tt-textcolor-%23fff gs-logo--img wp-post-image\" alt=\"Schwarzes Logo Mont Blanc\" title=\"Montblanc International GmbH\" srcset=\"https:\/\/essmann.com\/wp-content\/uploads\/2025\/03\/referenz_montblanc_logo.png 300w, https:\/\/essmann.com\/wp-content\/uploads\/2025\/03\/referenz_montblanc_logo-150x150.png 150w\" sizes=\"auto, (max-width: 300px) 100vw, 300px\" \/> <\/a>\n\t\t\t\t\t<!-- Logo Title -->\n\t\t\t\t\t\n\t\t\t\t\t<!-- Logo Category -->\n\t\t\t\t\t\n\t\t\t\t\t<!-- Logo Details -->\n\t\t\t\t\t\n\n\n\t\t\t\t<\/div>\n\t\t\t<\/div>\n\n\t\t\n\t\t\t\n\t\t\t<div class=\"gs_logo_single--wrapper \">\n\t\t\t\t<div class=\"gs_logo_single\">\n\t\t\t\t\t\n\t\t\t\t\t<!-- Logo Image -->\n\t\t\t\t\t<a href=\"https:\/\/www.mhkw-kassel.de\/\" target=\"_blank\" rel=\"noopener\"><img loading=\"lazy\" decoding=\"async\" width=\"300\" height=\"300\" src=\"https:\/\/essmann.com\/wp-content\/uploads\/2020\/08\/referenz_mhkw_kassel_logo.png\" class=\"gs_logo--tooltip tt-placement-top tt-bgcolor-one-%23ff5f6d tt-bgcolor-two-%23ffc371 tt-textcolor-%23fff gs-logo--img wp-post-image\" alt=\"Logo von M\u00fcllheizkraftwerk Kassel GmbH\" title=\"M\u00fcllheizkraftwerk Kassel GmbH\" srcset=\"https:\/\/essmann.com\/wp-content\/uploads\/2020\/08\/referenz_mhkw_kassel_logo.png 300w, https:\/\/essmann.com\/wp-content\/uploads\/2020\/08\/referenz_mhkw_kassel_logo-150x150.png 150w\" sizes=\"auto, (max-width: 300px) 100vw, 300px\" \/> <\/a>\n\t\t\t\t\t<!-- Logo Title -->\n\t\t\t\t\t\n\t\t\t\t\t<!-- Logo Category -->\n\t\t\t\t\t\n\t\t\t\t\t<!-- Logo Details -->\n\t\t\t\t\t\n\n\n\t\t\t\t<\/div>\n\t\t\t<\/div>\n\n\t\t\n\t\t\t\n\t\t\t<div class=\"gs_logo_single--wrapper \">\n\t\t\t\t<div class=\"gs_logo_single\">\n\t\t\t\t\t\n\t\t\t\t\t<!-- Logo Image -->\n\t\t\t\t\t<a href=\"https:\/\/www.nehlsen.com\/\" target=\"_blank\" rel=\"noopener\"><img loading=\"lazy\" decoding=\"async\" width=\"300\" height=\"300\" src=\"https:\/\/essmann.com\/wp-content\/uploads\/2020\/08\/referenz_nehlsen_logo.png\" class=\"gs_logo--tooltip tt-placement-top tt-bgcolor-one-%23ff5f6d tt-bgcolor-two-%23ffc371 tt-textcolor-%23fff gs-logo--img wp-post-image\" alt=\"Logo der Firma Nehlsen in Gr\u00fcn\" title=\"Nehlsen AG\" srcset=\"https:\/\/essmann.com\/wp-content\/uploads\/2020\/08\/referenz_nehlsen_logo.png 300w, https:\/\/essmann.com\/wp-content\/uploads\/2020\/08\/referenz_nehlsen_logo-150x150.png 150w\" sizes=\"auto, (max-width: 300px) 100vw, 300px\" \/> <\/a>\n\t\t\t\t\t<!-- Logo Title -->\n\t\t\t\t\t\n\t\t\t\t\t<!-- Logo Category -->\n\t\t\t\t\t\n\t\t\t\t\t<!-- Logo Details -->\n\t\t\t\t\t\n\n\n\t\t\t\t<\/div>\n\t\t\t<\/div>\n\n\t\t\n\t\t\t\n\t\t\t<div class=\"gs_logo_single--wrapper \">\n\t\t\t\t<div class=\"gs_logo_single\">\n\t\t\t\t\t\n\t\t\t\t\t<!-- Logo Image -->\n\t\t\t\t\t<a href=\"https:\/\/niag.de\" target=\"_blank\" rel=\"noopener\"><img loading=\"lazy\" decoding=\"async\" width=\"300\" height=\"300\" src=\"https:\/\/essmann.com\/wp-content\/uploads\/2025\/02\/logo_niag.png\" class=\"gs_logo--tooltip tt-placement-top tt-bgcolor-one-%23ff5f6d tt-bgcolor-two-%23ffc371 tt-textcolor-%23fff gs-logo--img wp-post-image\" alt=\"Niederrheinische Verkehrsbetriebe Aktiengesellschaft NIAG\" title=\"Niederrheinische Verkehrsbetriebe Aktiengesellschaft NIAG\" srcset=\"https:\/\/essmann.com\/wp-content\/uploads\/2025\/02\/logo_niag.png 300w, https:\/\/essmann.com\/wp-content\/uploads\/2025\/02\/logo_niag-150x150.png 150w\" sizes=\"auto, (max-width: 300px) 100vw, 300px\" \/> <\/a>\n\t\t\t\t\t<!-- Logo Title -->\n\t\t\t\t\t\n\t\t\t\t\t<!-- Logo Category -->\n\t\t\t\t\t\n\t\t\t\t\t<!-- Logo Details -->\n\t\t\t\t\t\n\n\n\t\t\t\t<\/div>\n\t\t\t<\/div>\n\n\t\t\n\t\t\t\n\t\t\t<div class=\"gs_logo_single--wrapper \">\n\t\t\t\t<div class=\"gs_logo_single\">\n\t\t\t\t\t\n\t\t\t\t\t<!-- Logo Image -->\n\t\t\t\t\t<a href=\"https:\/\/www.nports.de\" target=\"_blank\" rel=\"noopener\"><img loading=\"lazy\" decoding=\"async\" width=\"300\" height=\"300\" src=\"https:\/\/essmann.com\/wp-content\/uploads\/2025\/02\/logo_niedersachsen_ports.png\" class=\"gs_logo--tooltip tt-placement-top tt-bgcolor-one-%23ff5f6d tt-bgcolor-two-%23ffc371 tt-textcolor-%23fff gs-logo--img wp-post-image\" alt=\"Niedersachsen Ports GmbH &amp; Co. KG\" title=\"Niedersachsen Ports GmbH &#038; Co. KG\" srcset=\"https:\/\/essmann.com\/wp-content\/uploads\/2025\/02\/logo_niedersachsen_ports.png 300w, https:\/\/essmann.com\/wp-content\/uploads\/2025\/02\/logo_niedersachsen_ports-150x150.png 150w\" sizes=\"auto, (max-width: 300px) 100vw, 300px\" \/> <\/a>\n\t\t\t\t\t<!-- Logo Title -->\n\t\t\t\t\t\n\t\t\t\t\t<!-- Logo Category -->\n\t\t\t\t\t\n\t\t\t\t\t<!-- Logo Details -->\n\t\t\t\t\t\n\n\n\t\t\t\t<\/div>\n\t\t\t<\/div>\n\n\t\t\n\t\t\t\n\t\t\t<div class=\"gs_logo_single--wrapper \">\n\t\t\t\t<div class=\"gs_logo_single\">\n\t\t\t\t\t\n\t\t\t\t\t<!-- Logo Image -->\n\t\t\t\t\t<a href=\"https:\/\/www.nports.de\" target=\"_blank\" rel=\"noopener\"><img loading=\"lazy\" decoding=\"async\" width=\"300\" height=\"300\" src=\"https:\/\/essmann.com\/wp-content\/uploads\/2025\/03\/referenz_niedersachen_ports_logo.png\" class=\"gs_logo--tooltip tt-placement-top tt-bgcolor-one-%23ff5f6d tt-bgcolor-two-%23ffc371 tt-textcolor-%23fff gs-logo--img wp-post-image\" alt=\"Logo von Niedersachsen Ports\" title=\"Niedersachsen Ports GmbH &#038; Co. KG\" srcset=\"https:\/\/essmann.com\/wp-content\/uploads\/2025\/03\/referenz_niedersachen_ports_logo.png 300w, https:\/\/essmann.com\/wp-content\/uploads\/2025\/03\/referenz_niedersachen_ports_logo-150x150.png 150w\" sizes=\"auto, (max-width: 300px) 100vw, 300px\" \/> <\/a>\n\t\t\t\t\t<!-- Logo Title -->\n\t\t\t\t\t\n\t\t\t\t\t<!-- Logo Category -->\n\t\t\t\t\t\n\t\t\t\t\t<!-- Logo Details -->\n\t\t\t\t\t\n\n\n\t\t\t\t<\/div>\n\t\t\t<\/div>\n\n\t\t\n\t\t\t\n\t\t\t<div class=\"gs_logo_single--wrapper \">\n\t\t\t\t<div class=\"gs_logo_single\">\n\t\t\t\t\t\n\t\t\t\t\t<!-- Logo Image -->\n\t\t\t\t\t<a href=\"https:\/\/www.nobian.com\" target=\"_blank\" rel=\"noopener\"><img loading=\"lazy\" decoding=\"async\" width=\"300\" height=\"300\" src=\"https:\/\/essmann.com\/wp-content\/uploads\/2025\/02\/logo_nobian.png\" class=\"gs_logo--tooltip tt-placement-top tt-bgcolor-one-%23ff5f6d tt-bgcolor-two-%23ffc371 tt-textcolor-%23fff gs-logo--img wp-post-image\" alt=\"Nobian GmbH\" title=\"Nobian GmbH\" srcset=\"https:\/\/essmann.com\/wp-content\/uploads\/2025\/02\/logo_nobian.png 300w, https:\/\/essmann.com\/wp-content\/uploads\/2025\/02\/logo_nobian-150x150.png 150w\" sizes=\"auto, (max-width: 300px) 100vw, 300px\" \/> <\/a>\n\t\t\t\t\t<!-- Logo Title -->\n\t\t\t\t\t\n\t\t\t\t\t<!-- Logo Category -->\n\t\t\t\t\t\n\t\t\t\t\t<!-- Logo Details -->\n\t\t\t\t\t\n\n\n\t\t\t\t<\/div>\n\t\t\t<\/div>\n\n\t\t\n\t\t\t\n\t\t\t<div class=\"gs_logo_single--wrapper \">\n\t\t\t\t<div class=\"gs_logo_single\">\n\t\t\t\t\t\n\t\t\t\t\t<!-- Logo Image -->\n\t\t\t\t\t<a href=\"https:\/\/www.peiner-traeger.de\" target=\"_blank\" rel=\"noopener\"><img loading=\"lazy\" decoding=\"async\" width=\"300\" height=\"300\" src=\"https:\/\/essmann.com\/wp-content\/uploads\/2025\/03\/referenz_peiner_trager_logo.png\" class=\"gs_logo--tooltip tt-placement-top tt-bgcolor-one-%23ff5f6d tt-bgcolor-two-%23ffc371 tt-textcolor-%23fff gs-logo--img wp-post-image\" alt=\"Graues Logo mit orangenem Element Peiner Tr\u00e4ger GmbH\" title=\"Peiner Tr\u00e4ger GmbH\" srcset=\"https:\/\/essmann.com\/wp-content\/uploads\/2025\/03\/referenz_peiner_trager_logo.png 300w, https:\/\/essmann.com\/wp-content\/uploads\/2025\/03\/referenz_peiner_trager_logo-150x150.png 150w\" sizes=\"auto, (max-width: 300px) 100vw, 300px\" \/> <\/a>\n\t\t\t\t\t<!-- Logo Title -->\n\t\t\t\t\t\n\t\t\t\t\t<!-- Logo Category -->\n\t\t\t\t\t\n\t\t\t\t\t<!-- Logo Details -->\n\t\t\t\t\t\n\n\n\t\t\t\t<\/div>\n\t\t\t<\/div>\n\n\t\t\n\t\t\t\n\t\t\t<div class=\"gs_logo_single--wrapper \">\n\t\t\t\t<div class=\"gs_logo_single\">\n\t\t\t\t\t\n\t\t\t\t\t<!-- Logo Image -->\n\t\t\t\t\t<a href=\"https:\/\/premiumfoodgroup.de\/\" target=\"_blank\" rel=\"noopener\"><img loading=\"lazy\" decoding=\"async\" width=\"300\" height=\"300\" src=\"https:\/\/essmann.com\/wp-content\/uploads\/2025\/03\/referenz_premium_food_logo.png\" class=\"gs_logo--tooltip tt-placement-top tt-bgcolor-one-%23ff5f6d tt-bgcolor-two-%23ffc371 tt-textcolor-%23fff gs-logo--img wp-post-image\" alt=\"G\u00fcnes Premium Food Group Logo\" title=\"Premium Food Group ApS &#038; Co. KG\" srcset=\"https:\/\/essmann.com\/wp-content\/uploads\/2025\/03\/referenz_premium_food_logo.png 300w, https:\/\/essmann.com\/wp-content\/uploads\/2025\/03\/referenz_premium_food_logo-150x150.png 150w\" sizes=\"auto, (max-width: 300px) 100vw, 300px\" \/> <\/a>\n\t\t\t\t\t<!-- Logo Title -->\n\t\t\t\t\t\n\t\t\t\t\t<!-- Logo Category -->\n\t\t\t\t\t\n\t\t\t\t\t<!-- Logo Details -->\n\t\t\t\t\t\n\n\n\t\t\t\t<\/div>\n\t\t\t<\/div>\n\n\t\t\n\t\t\t\n\t\t\t<div class=\"gs_logo_single--wrapper \">\n\t\t\t\t<div class=\"gs_logo_single\">\n\t\t\t\t\t\n\t\t\t\t\t<!-- Logo Image -->\n\t\t\t\t\t<a href=\"https:\/\/www.raiffeisen.com\/\" target=\"_blank\" rel=\"noopener\"><img loading=\"lazy\" decoding=\"async\" width=\"300\" height=\"300\" src=\"https:\/\/essmann.com\/wp-content\/uploads\/2025\/02\/referenz_raiffeisen_logo.png\" class=\"gs_logo--tooltip tt-placement-top tt-bgcolor-one-%23ff5f6d tt-bgcolor-two-%23ffc371 tt-textcolor-%23fff gs-logo--img wp-post-image\" alt=\"Gr\u00fcnes Logo mit \u00fcberkreuzten H\u00e4mmern\" title=\"Raiffeisen\" srcset=\"https:\/\/essmann.com\/wp-content\/uploads\/2025\/02\/referenz_raiffeisen_logo.png 300w, https:\/\/essmann.com\/wp-content\/uploads\/2025\/02\/referenz_raiffeisen_logo-150x150.png 150w\" sizes=\"auto, (max-width: 300px) 100vw, 300px\" \/> <\/a>\n\t\t\t\t\t<!-- Logo Title -->\n\t\t\t\t\t\n\t\t\t\t\t<!-- Logo Category -->\n\t\t\t\t\t\n\t\t\t\t\t<!-- Logo Details -->\n\t\t\t\t\t\n\n\n\t\t\t\t<\/div>\n\t\t\t<\/div>\n\n\t\t\n\t\t\t\n\t\t\t<div class=\"gs_logo_single--wrapper \">\n\t\t\t\t<div class=\"gs_logo_single\">\n\t\t\t\t\t\n\t\t\t\t\t<!-- Logo Image -->\n\t\t\t\t\t<a href=\"https:\/\/www.reiter-sp.com\" target=\"_blank\" rel=\"noopener\"><img loading=\"lazy\" decoding=\"async\" width=\"300\" height=\"300\" src=\"https:\/\/essmann.com\/wp-content\/uploads\/2025\/03\/referenz_reiter_seed_logo.png\" class=\"gs_logo--tooltip tt-placement-top tt-bgcolor-one-%23ff5f6d tt-bgcolor-two-%23ffc371 tt-textcolor-%23fff gs-logo--img wp-post-image\" alt=\"Logo von Reiter Seed Processing GmbH &amp; Co. KG\" title=\"Reiter Seed Processing GmbH &#038; Co. KG\" srcset=\"https:\/\/essmann.com\/wp-content\/uploads\/2025\/03\/referenz_reiter_seed_logo.png 300w, https:\/\/essmann.com\/wp-content\/uploads\/2025\/03\/referenz_reiter_seed_logo-150x150.png 150w\" sizes=\"auto, (max-width: 300px) 100vw, 300px\" \/> <\/a>\n\t\t\t\t\t<!-- Logo Title -->\n\t\t\t\t\t\n\t\t\t\t\t<!-- Logo Category -->\n\t\t\t\t\t\n\t\t\t\t\t<!-- Logo Details -->\n\t\t\t\t\t\n\n\n\t\t\t\t<\/div>\n\t\t\t<\/div>\n\n\t\t\n\t\t\t\n\t\t\t<div class=\"gs_logo_single--wrapper \">\n\t\t\t\t<div class=\"gs_logo_single\">\n\t\t\t\t\t\n\t\t\t\t\t<!-- Logo Image -->\n\t\t\t\t\t<a href=\"https:\/\/www.rheinzink.de\/\" target=\"_blank\" rel=\"noopener\"><img loading=\"lazy\" decoding=\"async\" width=\"300\" height=\"300\" src=\"https:\/\/essmann.com\/wp-content\/uploads\/2025\/07\/rheinzink.png\" class=\"gs_logo--tooltip tt-placement-top tt-bgcolor-one-%23ff5f6d tt-bgcolor-two-%23ffc371 tt-textcolor-%23fff gs-logo--img wp-post-image\" alt=\"Logo von RHEINZINK auf dunklem Hintergrund\" title=\"RHEINZINK GmbH &#038; Co. KG\" srcset=\"https:\/\/essmann.com\/wp-content\/uploads\/2025\/07\/rheinzink.png 300w, https:\/\/essmann.com\/wp-content\/uploads\/2025\/07\/rheinzink-150x150.png 150w\" sizes=\"auto, (max-width: 300px) 100vw, 300px\" \/> <\/a>\n\t\t\t\t\t<!-- Logo Title -->\n\t\t\t\t\t\n\t\t\t\t\t<!-- Logo Category -->\n\t\t\t\t\t\n\t\t\t\t\t<!-- Logo Details -->\n\t\t\t\t\t\n\n\n\t\t\t\t<\/div>\n\t\t\t<\/div>\n\n\t\t\n\t\t\t\n\t\t\t<div class=\"gs_logo_single--wrapper \">\n\t\t\t\t<div class=\"gs_logo_single\">\n\t\t\t\t\t\n\t\t\t\t\t<!-- Logo Image -->\n\t\t\t\t\t<a href=\"https:\/\/www.rhenus.group\" target=\"_blank\" rel=\"noopener\"><img loading=\"lazy\" decoding=\"async\" width=\"300\" height=\"300\" src=\"https:\/\/essmann.com\/wp-content\/uploads\/2025\/02\/logo_rhenus.png\" class=\"gs_logo--tooltip tt-placement-top tt-bgcolor-one-%23ff5f6d tt-bgcolor-two-%23ffc371 tt-textcolor-%23fff gs-logo--img wp-post-image\" alt=\"Rhenus SE &amp; Co. KG\" title=\"Rhenus SE &#038; Co. KG\" srcset=\"https:\/\/essmann.com\/wp-content\/uploads\/2025\/02\/logo_rhenus.png 300w, https:\/\/essmann.com\/wp-content\/uploads\/2025\/02\/logo_rhenus-150x150.png 150w\" sizes=\"auto, (max-width: 300px) 100vw, 300px\" \/> <\/a>\n\t\t\t\t\t<!-- Logo Title -->\n\t\t\t\t\t\n\t\t\t\t\t<!-- Logo Category -->\n\t\t\t\t\t\n\t\t\t\t\t<!-- Logo Details -->\n\t\t\t\t\t\n\n\n\t\t\t\t<\/div>\n\t\t\t<\/div>\n\n\t\t\n\t\t\t\n\t\t\t<div class=\"gs_logo_single--wrapper \">\n\t\t\t\t<div class=\"gs_logo_single\">\n\t\t\t\t\t\n\t\t\t\t\t<!-- Logo Image -->\n\t\t\t\t\t<a href=\"https:\/\/www.steinebach-chemikalien.de\" target=\"_blank\" rel=\"noopener\"><img loading=\"lazy\" decoding=\"async\" width=\"300\" height=\"300\" src=\"https:\/\/essmann.com\/wp-content\/uploads\/2025\/03\/referenz_steinebach_logo.png\" class=\"gs_logo--tooltip tt-placement-top tt-bgcolor-one-%23ff5f6d tt-bgcolor-two-%23ffc371 tt-textcolor-%23fff gs-logo--img wp-post-image\" alt=\"Logo Steinebach Chemie mit blauem und gr\u00fcnem Designelement\" title=\"Richard Steinebach GmbH &#038; Co. KG\" srcset=\"https:\/\/essmann.com\/wp-content\/uploads\/2025\/03\/referenz_steinebach_logo.png 300w, https:\/\/essmann.com\/wp-content\/uploads\/2025\/03\/referenz_steinebach_logo-150x150.png 150w\" sizes=\"auto, (max-width: 300px) 100vw, 300px\" \/> <\/a>\n\t\t\t\t\t<!-- Logo Title -->\n\t\t\t\t\t\n\t\t\t\t\t<!-- Logo Category -->\n\t\t\t\t\t\n\t\t\t\t\t<!-- Logo Details -->\n\t\t\t\t\t\n\n\n\t\t\t\t<\/div>\n\t\t\t<\/div>\n\n\t\t\n\t\t\t\n\t\t\t<div class=\"gs_logo_single--wrapper \">\n\t\t\t\t<div class=\"gs_logo_single\">\n\t\t\t\t\t\n\t\t\t\t\t<!-- Logo Image -->\n\t\t\t\t\t<a href=\"https:\/\/www.bosch.de\" target=\"_blank\" rel=\"noopener\"><img loading=\"lazy\" decoding=\"async\" width=\"300\" height=\"300\" src=\"https:\/\/essmann.com\/wp-content\/uploads\/2025\/03\/referenz_bosch_logo.png\" class=\"gs_logo--tooltip tt-placement-top tt-bgcolor-one-%23ff5f6d tt-bgcolor-two-%23ffc371 tt-textcolor-%23fff gs-logo--img wp-post-image\" alt=\"Graues und rotes abstraktes Design\" title=\"Robert Bosch GmbH\" srcset=\"https:\/\/essmann.com\/wp-content\/uploads\/2025\/03\/referenz_bosch_logo.png 300w, https:\/\/essmann.com\/wp-content\/uploads\/2025\/03\/referenz_bosch_logo-150x150.png 150w\" sizes=\"auto, (max-width: 300px) 100vw, 300px\" \/> <\/a>\n\t\t\t\t\t<!-- Logo Title -->\n\t\t\t\t\t\n\t\t\t\t\t<!-- Logo Category -->\n\t\t\t\t\t\n\t\t\t\t\t<!-- Logo Details -->\n\t\t\t\t\t\n\n\n\t\t\t\t<\/div>\n\t\t\t<\/div>\n\n\t\t\n\t\t\t\n\t\t\t<div class=\"gs_logo_single--wrapper \">\n\t\t\t\t<div class=\"gs_logo_single\">\n\t\t\t\t\t\n\t\t\t\t\t<!-- Logo Image -->\n\t\t\t\t\t<a href=\"https:\/\/www.scholz-recycling.com\" target=\"_blank\" rel=\"noopener\"><img loading=\"lazy\" decoding=\"async\" width=\"300\" height=\"300\" src=\"https:\/\/essmann.com\/wp-content\/uploads\/2025\/02\/logo_scholz_chiho.png\" class=\"gs_logo--tooltip tt-placement-top tt-bgcolor-one-%23ff5f6d tt-bgcolor-two-%23ffc371 tt-textcolor-%23fff gs-logo--img wp-post-image\" alt=\"Scholz Recycling GmbH\" title=\"Scholz Recycling GmbH\" srcset=\"https:\/\/essmann.com\/wp-content\/uploads\/2025\/02\/logo_scholz_chiho.png 300w, https:\/\/essmann.com\/wp-content\/uploads\/2025\/02\/logo_scholz_chiho-150x150.png 150w\" sizes=\"auto, (max-width: 300px) 100vw, 300px\" \/> <\/a>\n\t\t\t\t\t<!-- Logo Title -->\n\t\t\t\t\t\n\t\t\t\t\t<!-- Logo Category -->\n\t\t\t\t\t\n\t\t\t\t\t<!-- Logo Details -->\n\t\t\t\t\t\n\n\n\t\t\t\t<\/div>\n\t\t\t<\/div>\n\n\t\t\n\t\t\t\n\t\t\t<div class=\"gs_logo_single--wrapper \">\n\t\t\t\t<div class=\"gs_logo_single\">\n\t\t\t\t\t\n\t\t\t\t\t<!-- Logo Image -->\n\t\t\t\t\t<a href=\"https:\/\/www.schoenmackers.de\/\" target=\"_blank\" rel=\"noopener\"><img loading=\"lazy\" decoding=\"async\" width=\"300\" height=\"300\" src=\"https:\/\/essmann.com\/wp-content\/uploads\/2025\/07\/schoenmackers_logo.png\" class=\"gs_logo--tooltip tt-placement-top tt-bgcolor-one-%23ff5f6d tt-bgcolor-two-%23ffc371 tt-textcolor-%23fff gs-logo--img wp-post-image\" alt=\"Logo von Sch\u00f6nmackers mit gelbem S und gr\u00fcnem Hintergrund\" title=\"Sch\u00f6nmackers Umweltdienste GmbH &#038; Co. KG\" srcset=\"https:\/\/essmann.com\/wp-content\/uploads\/2025\/07\/schoenmackers_logo.png 300w, https:\/\/essmann.com\/wp-content\/uploads\/2025\/07\/schoenmackers_logo-150x150.png 150w\" sizes=\"auto, (max-width: 300px) 100vw, 300px\" \/> <\/a>\n\t\t\t\t\t<!-- Logo Title -->\n\t\t\t\t\t\n\t\t\t\t\t<!-- Logo Category -->\n\t\t\t\t\t\n\t\t\t\t\t<!-- Logo Details -->\n\t\t\t\t\t\n\n\n\t\t\t\t<\/div>\n\t\t\t<\/div>\n\n\t\t\n\t\t\t\n\t\t\t<div class=\"gs_logo_single--wrapper \">\n\t\t\t\t<div class=\"gs_logo_single\">\n\t\t\t\t\t\n\t\t\t\t\t<!-- Logo Image -->\n\t\t\t\t\t<a href=\"https:\/\/www.seehafen-stralsund.de\" target=\"_blank\" rel=\"noopener\"><img loading=\"lazy\" decoding=\"async\" width=\"300\" height=\"300\" src=\"https:\/\/essmann.com\/wp-content\/uploads\/2025\/03\/referenz_seehafen_stralsund_logo.png\" class=\"gs_logo--tooltip tt-placement-top tt-bgcolor-one-%23ff5f6d tt-bgcolor-two-%23ffc371 tt-textcolor-%23fff gs-logo--img wp-post-image\" alt=\"Blauer Banner mit wei\u00dfem Vogel-Symbol\" title=\"Seehafen Stralsund GmbH\" srcset=\"https:\/\/essmann.com\/wp-content\/uploads\/2025\/03\/referenz_seehafen_stralsund_logo.png 300w, https:\/\/essmann.com\/wp-content\/uploads\/2025\/03\/referenz_seehafen_stralsund_logo-150x150.png 150w\" sizes=\"auto, (max-width: 300px) 100vw, 300px\" \/> <\/a>\n\t\t\t\t\t<!-- Logo Title -->\n\t\t\t\t\t\n\t\t\t\t\t<!-- Logo Category -->\n\t\t\t\t\t\n\t\t\t\t\t<!-- Logo Details -->\n\t\t\t\t\t\n\n\n\t\t\t\t<\/div>\n\t\t\t<\/div>\n\n\t\t\n\t\t\t\n\t\t\t<div class=\"gs_logo_single--wrapper \">\n\t\t\t\t<div class=\"gs_logo_single\">\n\t\t\t\t\t\n\t\t\t\t\t<!-- Logo Image -->\n\t\t\t\t\t<a href=\"https:\/\/www.hafen-wismar.de\" target=\"_blank\" rel=\"noopener\"><img loading=\"lazy\" decoding=\"async\" width=\"300\" height=\"300\" src=\"https:\/\/essmann.com\/wp-content\/uploads\/2025\/02\/logo_seehafen_wismar.png\" class=\"gs_logo--tooltip tt-placement-top tt-bgcolor-one-%23ff5f6d tt-bgcolor-two-%23ffc371 tt-textcolor-%23fff gs-logo--img wp-post-image\" alt=\"Seehafen Wismar GmbH\" title=\"Seehafen Wismar GmbH\" srcset=\"https:\/\/essmann.com\/wp-content\/uploads\/2025\/02\/logo_seehafen_wismar.png 300w, https:\/\/essmann.com\/wp-content\/uploads\/2025\/02\/logo_seehafen_wismar-150x150.png 150w\" sizes=\"auto, (max-width: 300px) 100vw, 300px\" \/> <\/a>\n\t\t\t\t\t<!-- Logo Title -->\n\t\t\t\t\t\n\t\t\t\t\t<!-- Logo Category -->\n\t\t\t\t\t\n\t\t\t\t\t<!-- Logo Details -->\n\t\t\t\t\t\n\n\n\t\t\t\t<\/div>\n\t\t\t<\/div>\n\n\t\t\n\t\t\t\n\t\t\t<div class=\"gs_logo_single--wrapper \">\n\t\t\t\t<div class=\"gs_logo_single\">\n\t\t\t\t\t\n\t\t\t\t\t<!-- Logo Image -->\n\t\t\t\t\t<a href=\"https:\/\/www.siemens.com\" target=\"_blank\" rel=\"noopener\"><img loading=\"lazy\" decoding=\"async\" width=\"300\" height=\"300\" src=\"https:\/\/essmann.com\/wp-content\/uploads\/2025\/03\/referenz_siemens_logo.png\" class=\"gs_logo--tooltip tt-placement-top tt-bgcolor-one-%23ff5f6d tt-bgcolor-two-%23ffc371 tt-textcolor-%23fff gs-logo--img wp-post-image\" alt=\"Logo der Siemens AG\" title=\"Siemens Aktiengesellschaft\" srcset=\"https:\/\/essmann.com\/wp-content\/uploads\/2025\/03\/referenz_siemens_logo.png 300w, https:\/\/essmann.com\/wp-content\/uploads\/2025\/03\/referenz_siemens_logo-150x150.png 150w\" sizes=\"auto, (max-width: 300px) 100vw, 300px\" \/> <\/a>\n\t\t\t\t\t<!-- Logo Title -->\n\t\t\t\t\t\n\t\t\t\t\t<!-- Logo Category -->\n\t\t\t\t\t\n\t\t\t\t\t<!-- Logo Details -->\n\t\t\t\t\t\n\n\n\t\t\t\t<\/div>\n\t\t\t<\/div>\n\n\t\t\n\t\t\t\n\t\t\t<div class=\"gs_logo_single--wrapper \">\n\t\t\t\t<div class=\"gs_logo_single\">\n\t\t\t\t\t\n\t\t\t\t\t<!-- Logo Image -->\n\t\t\t\t\t<a href=\"https:\/\/www.skwp.de\/\" target=\"_blank\" rel=\"noopener\"><img loading=\"lazy\" decoding=\"async\" width=\"300\" height=\"300\" src=\"https:\/\/essmann.com\/wp-content\/uploads\/2025\/02\/logo_skw.png\" class=\"gs_logo--tooltip tt-placement-top tt-bgcolor-one-%23ff5f6d tt-bgcolor-two-%23ffc371 tt-textcolor-%23fff gs-logo--img wp-post-image\" alt=\"SKW Stickstoffwerke Piesteritz GmbH\" title=\"SKW Stickstoffwerke Piesteritz GmbH\" srcset=\"https:\/\/essmann.com\/wp-content\/uploads\/2025\/02\/logo_skw.png 300w, https:\/\/essmann.com\/wp-content\/uploads\/2025\/02\/logo_skw-150x150.png 150w\" sizes=\"auto, (max-width: 300px) 100vw, 300px\" \/> <\/a>\n\t\t\t\t\t<!-- Logo Title -->\n\t\t\t\t\t\n\t\t\t\t\t<!-- Logo Category -->\n\t\t\t\t\t\n\t\t\t\t\t<!-- Logo Details -->\n\t\t\t\t\t\n\n\n\t\t\t\t<\/div>\n\t\t\t<\/div>\n\n\t\t\n\t\t\t\n\t\t\t<div class=\"gs_logo_single--wrapper \">\n\t\t\t\t<div class=\"gs_logo_single\">\n\t\t\t\t\t\n\t\t\t\t\t<!-- Logo Image -->\n\t\t\t\t\t<a href=\"https:\/\/www.tanquid.com\" target=\"_blank\" rel=\"noopener\"><img loading=\"lazy\" decoding=\"async\" width=\"300\" height=\"300\" src=\"https:\/\/essmann.com\/wp-content\/uploads\/2025\/02\/logo_tanquid.png\" class=\"gs_logo--tooltip tt-placement-top tt-bgcolor-one-%23ff5f6d tt-bgcolor-two-%23ffc371 tt-textcolor-%23fff gs-logo--img wp-post-image\" alt=\"TanQuid GmbH &amp; Co. KG\" title=\"TanQuid GmbH &#038; Co. KG\" srcset=\"https:\/\/essmann.com\/wp-content\/uploads\/2025\/02\/logo_tanquid.png 300w, https:\/\/essmann.com\/wp-content\/uploads\/2025\/02\/logo_tanquid-150x150.png 150w\" sizes=\"auto, (max-width: 300px) 100vw, 300px\" \/> <\/a>\n\t\t\t\t\t<!-- Logo Title -->\n\t\t\t\t\t\n\t\t\t\t\t<!-- Logo Category -->\n\t\t\t\t\t\n\t\t\t\t\t<!-- Logo Details -->\n\t\t\t\t\t\n\n\n\t\t\t\t<\/div>\n\t\t\t<\/div>\n\n\t\t\n\t\t\t\n\t\t\t<div class=\"gs_logo_single--wrapper \">\n\t\t\t\t<div class=\"gs_logo_single\">\n\t\t\t\t\t\n\t\t\t\t\t<!-- Logo Image -->\n\t\t\t\t\t<a href=\"https:\/\/www.teekanne.de\" target=\"_blank\" rel=\"noopener\"><img loading=\"lazy\" decoding=\"async\" width=\"300\" height=\"300\" src=\"https:\/\/essmann.com\/wp-content\/uploads\/2025\/07\/teekanne.png\" class=\"gs_logo--tooltip tt-placement-top tt-bgcolor-one-%23ff5f6d tt-bgcolor-two-%23ffc371 tt-textcolor-%23fff gs-logo--img wp-post-image\" alt=\"Logo von Teekanne mit Kanne und Jahreszahl 1882\" title=\"TEEKANNE GmbH &#038; Co. KG\" srcset=\"https:\/\/essmann.com\/wp-content\/uploads\/2025\/07\/teekanne.png 300w, https:\/\/essmann.com\/wp-content\/uploads\/2025\/07\/teekanne-150x150.png 150w\" sizes=\"auto, (max-width: 300px) 100vw, 300px\" \/> <\/a>\n\t\t\t\t\t<!-- Logo Title -->\n\t\t\t\t\t\n\t\t\t\t\t<!-- Logo Category -->\n\t\t\t\t\t\n\t\t\t\t\t<!-- Logo Details -->\n\t\t\t\t\t\n\n\n\t\t\t\t<\/div>\n\t\t\t<\/div>\n\n\t\t\n\t\t\t\n\t\t\t<div class=\"gs_logo_single--wrapper \">\n\t\t\t\t<div class=\"gs_logo_single\">\n\t\t\t\t\t\n\t\t\t\t\t<!-- Logo Image -->\n\t\t\t\t\t<a href=\"https:\/\/www.thomas-gruppe.de\" target=\"_blank\" rel=\"noopener\"><img loading=\"lazy\" decoding=\"async\" width=\"300\" height=\"300\" src=\"https:\/\/essmann.com\/wp-content\/uploads\/2020\/08\/referenz_thomas_zement_logo.png\" class=\"gs_logo--tooltip tt-placement-top tt-bgcolor-one-%23ff5f6d tt-bgcolor-two-%23ffc371 tt-textcolor-%23fff gs-logo--img wp-post-image\" alt=\"Logo von Thomas Zement mit gr\u00fcnem Symbol\" title=\"thomas beteiligungen GmbH\" srcset=\"https:\/\/essmann.com\/wp-content\/uploads\/2020\/08\/referenz_thomas_zement_logo.png 300w, https:\/\/essmann.com\/wp-content\/uploads\/2020\/08\/referenz_thomas_zement_logo-150x150.png 150w\" sizes=\"auto, (max-width: 300px) 100vw, 300px\" \/> <\/a>\n\t\t\t\t\t<!-- Logo Title -->\n\t\t\t\t\t\n\t\t\t\t\t<!-- Logo Category -->\n\t\t\t\t\t\n\t\t\t\t\t<!-- Logo Details -->\n\t\t\t\t\t\n\n\n\t\t\t\t<\/div>\n\t\t\t<\/div>\n\n\t\t\n\t\t\t\n\t\t\t<div class=\"gs_logo_single--wrapper \">\n\t\t\t\t<div class=\"gs_logo_single\">\n\t\t\t\t\t\n\t\t\t\t\t<!-- Logo Image -->\n\t\t\t\t\t<a href=\"https:\/\/hagenbeck.de\/\" target=\"_blank\" rel=\"noopener\"><img loading=\"lazy\" decoding=\"async\" width=\"300\" height=\"300\" src=\"https:\/\/essmann.com\/wp-content\/uploads\/2025\/03\/referenz_habeck_logo.png\" class=\"gs_logo--tooltip tt-placement-top tt-bgcolor-one-%23ff5f6d tt-bgcolor-two-%23ffc371 tt-textcolor-%23fff gs-logo--img wp-post-image\" alt=\"Logo Tierpark Hagenbeck mit Elefantenfamilie\" title=\"Tierpark Hagenbeck Gemeinn\u00fctzige Gesellschaft mbH\" srcset=\"https:\/\/essmann.com\/wp-content\/uploads\/2025\/03\/referenz_habeck_logo.png 300w, https:\/\/essmann.com\/wp-content\/uploads\/2025\/03\/referenz_habeck_logo-150x150.png 150w\" sizes=\"auto, (max-width: 300px) 100vw, 300px\" \/> <\/a>\n\t\t\t\t\t<!-- Logo Title -->\n\t\t\t\t\t\n\t\t\t\t\t<!-- Logo Category -->\n\t\t\t\t\t\n\t\t\t\t\t<!-- Logo Details -->\n\t\t\t\t\t\n\n\n\t\t\t\t<\/div>\n\t\t\t<\/div>\n\n\t\t\n\t\t\t\n\t\t\t<div class=\"gs_logo_single--wrapper \">\n\t\t\t\t<div class=\"gs_logo_single\">\n\t\t\t\t\t\n\t\t\t\t\t<!-- Logo Image -->\n\t\t\t\t\t<a href=\"https:\/\/www.ubs.com\" target=\"_blank\" rel=\"noopener\"><img loading=\"lazy\" decoding=\"async\" width=\"300\" height=\"300\" src=\"https:\/\/essmann.com\/wp-content\/uploads\/2025\/03\/referenz_ubs_logo.png\" class=\"gs_logo--tooltip tt-placement-top tt-bgcolor-one-%23ff5f6d tt-bgcolor-two-%23ffc371 tt-textcolor-%23fff gs-logo--img wp-post-image\" alt=\"Schwarz-rotes abstraktes Logo von UBS\" title=\"UBS Group AG\" srcset=\"https:\/\/essmann.com\/wp-content\/uploads\/2025\/03\/referenz_ubs_logo.png 300w, https:\/\/essmann.com\/wp-content\/uploads\/2025\/03\/referenz_ubs_logo-150x150.png 150w\" sizes=\"auto, (max-width: 300px) 100vw, 300px\" \/> <\/a>\n\t\t\t\t\t<!-- Logo Title -->\n\t\t\t\t\t\n\t\t\t\t\t<!-- Logo Category -->\n\t\t\t\t\t\n\t\t\t\t\t<!-- Logo Details -->\n\t\t\t\t\t\n\n\n\t\t\t\t<\/div>\n\t\t\t<\/div>\n\n\t\t\n\t\t\t\n\t\t\t<div class=\"gs_logo_single--wrapper \">\n\t\t\t\t<div class=\"gs_logo_single\">\n\t\t\t\t\t\n\t\t\t\t\t<!-- Logo Image -->\n\t\t\t\t\t<a href=\"https:\/\/www.bt-umwelt.de\/de\/\" target=\"_blank\" rel=\"noopener\"><img loading=\"lazy\" decoding=\"async\" width=\"300\" height=\"300\" src=\"https:\/\/essmann.com\/wp-content\/uploads\/2025\/03\/referenz_bt_bohn_logo.png\" class=\"gs_logo--tooltip tt-placement-top tt-bgcolor-one-%23ff5f6d tt-bgcolor-two-%23ffc371 tt-textcolor-%23fff gs-logo--img wp-post-image\" alt=\"Logo der B+T Group mit farbigen Punkten\" title=\"Umweltdienste Bohn GmbH\" srcset=\"https:\/\/essmann.com\/wp-content\/uploads\/2025\/03\/referenz_bt_bohn_logo.png 300w, https:\/\/essmann.com\/wp-content\/uploads\/2025\/03\/referenz_bt_bohn_logo-150x150.png 150w\" sizes=\"auto, (max-width: 300px) 100vw, 300px\" \/> <\/a>\n\t\t\t\t\t<!-- Logo Title -->\n\t\t\t\t\t\n\t\t\t\t\t<!-- Logo Category -->\n\t\t\t\t\t\n\t\t\t\t\t<!-- Logo Details -->\n\t\t\t\t\t\n\n\n\t\t\t\t<\/div>\n\t\t\t<\/div>\n\n\t\t\n\t\t\t\n\t\t\t<div class=\"gs_logo_single--wrapper \">\n\t\t\t\t<div class=\"gs_logo_single\">\n\t\t\t\t\t\n\t\t\t\t\t<!-- Logo Image -->\n\t\t\t\t\t<a href=\"https:\/\/www.unikai.de\" target=\"_blank\" rel=\"noopener\"><img loading=\"lazy\" decoding=\"async\" width=\"300\" height=\"300\" src=\"https:\/\/essmann.com\/wp-content\/uploads\/2020\/08\/referenz_unikai_logo.png\" class=\"gs_logo--tooltip tt-placement-top tt-bgcolor-one-%23ff5f6d tt-bgcolor-two-%23ffc371 tt-textcolor-%23fff gs-logo--img wp-post-image\" alt=\"HHLA Logo mit Unikai\" title=\"UNIKAI Lagerei- und Speditionsgesellschaft mbH\" srcset=\"https:\/\/essmann.com\/wp-content\/uploads\/2020\/08\/referenz_unikai_logo.png 300w, https:\/\/essmann.com\/wp-content\/uploads\/2020\/08\/referenz_unikai_logo-150x150.png 150w\" sizes=\"auto, (max-width: 300px) 100vw, 300px\" \/> <\/a>\n\t\t\t\t\t<!-- Logo Title -->\n\t\t\t\t\t\n\t\t\t\t\t<!-- Logo Category -->\n\t\t\t\t\t\n\t\t\t\t\t<!-- Logo Details -->\n\t\t\t\t\t\n\n\n\t\t\t\t<\/div>\n\t\t\t<\/div>\n\n\t\t\n\t\t\t\n\t\t\t<div class=\"gs_logo_single--wrapper \">\n\t\t\t\t<div class=\"gs_logo_single\">\n\t\t\t\t\t\n\t\t\t\t\t<!-- Logo Image -->\n\t\t\t\t\t<a href=\"https:\/\/www.ups.com\/de\/de\/home\" target=\"_blank\" rel=\"noopener\"><img loading=\"lazy\" decoding=\"async\" width=\"300\" height=\"300\" src=\"https:\/\/essmann.com\/wp-content\/uploads\/2025\/03\/referenz_ups_logo.png\" class=\"gs_logo--tooltip tt-placement-top tt-bgcolor-one-%23ff5f6d tt-bgcolor-two-%23ffc371 tt-textcolor-%23fff gs-logo--img wp-post-image\" alt=\"UPS Firmenlogo auf gelbem Hintergrund\" title=\"United Parcel Service of America, Inc.\" srcset=\"https:\/\/essmann.com\/wp-content\/uploads\/2025\/03\/referenz_ups_logo.png 300w, https:\/\/essmann.com\/wp-content\/uploads\/2025\/03\/referenz_ups_logo-150x150.png 150w\" sizes=\"auto, (max-width: 300px) 100vw, 300px\" \/> <\/a>\n\t\t\t\t\t<!-- Logo Title -->\n\t\t\t\t\t\n\t\t\t\t\t<!-- Logo Category -->\n\t\t\t\t\t\n\t\t\t\t\t<!-- Logo Details -->\n\t\t\t\t\t\n\n\n\t\t\t\t<\/div>\n\t\t\t<\/div>\n\n\t\t\n\t\t\t\n\t\t\t<div class=\"gs_logo_single--wrapper \">\n\t\t\t\t<div class=\"gs_logo_single\">\n\t\t\t\t\t\n\t\t\t\t\t<!-- Logo Image -->\n\t\t\t\t\t<a href=\"https:\/\/www.veolia.de\/\" target=\"_blank\" rel=\"noopener\"><img loading=\"lazy\" decoding=\"async\" width=\"300\" height=\"300\" src=\"https:\/\/essmann.com\/wp-content\/uploads\/2020\/08\/referenz_veolia_logo.png\" class=\"gs_logo--tooltip tt-placement-top tt-bgcolor-one-%23ff5f6d tt-bgcolor-two-%23ffc371 tt-textcolor-%23fff gs-logo--img wp-post-image\" alt=\"Rotes Logo mit abstraktem Muster\" title=\"Veolia Holding Deutschland GmbH\" srcset=\"https:\/\/essmann.com\/wp-content\/uploads\/2020\/08\/referenz_veolia_logo.png 300w, https:\/\/essmann.com\/wp-content\/uploads\/2020\/08\/referenz_veolia_logo-150x150.png 150w\" sizes=\"auto, (max-width: 300px) 100vw, 300px\" \/> <\/a>\n\t\t\t\t\t<!-- Logo Title -->\n\t\t\t\t\t\n\t\t\t\t\t<!-- Logo Category -->\n\t\t\t\t\t\n\t\t\t\t\t<!-- Logo Details -->\n\t\t\t\t\t\n\n\n\t\t\t\t<\/div>\n\t\t\t<\/div>\n\n\t\t\n\t\t\t\n\t\t\t<div class=\"gs_logo_single--wrapper \">\n\t\t\t\t<div class=\"gs_logo_single\">\n\t\t\t\t\t\n\t\t\t\t\t<!-- Logo Image -->\n\t\t\t\t\t<a href=\"https:\/\/www.vps-bahn.de\" target=\"_blank\" rel=\"noopener\"><img loading=\"lazy\" decoding=\"async\" width=\"300\" height=\"300\" src=\"https:\/\/essmann.com\/wp-content\/uploads\/2025\/02\/logo_vps.png\" class=\"gs_logo--tooltip tt-placement-top tt-bgcolor-one-%23ff5f6d tt-bgcolor-two-%23ffc371 tt-textcolor-%23fff gs-logo--img wp-post-image\" alt=\"VPS Logo\" title=\"Verkehrsbetriebe Peine-Salzgitter GmbH\" srcset=\"https:\/\/essmann.com\/wp-content\/uploads\/2025\/02\/logo_vps.png 300w, https:\/\/essmann.com\/wp-content\/uploads\/2025\/02\/logo_vps-150x150.png 150w\" sizes=\"auto, (max-width: 300px) 100vw, 300px\" \/> <\/a>\n\t\t\t\t\t<!-- Logo Title -->\n\t\t\t\t\t\n\t\t\t\t\t<!-- Logo Category -->\n\t\t\t\t\t\n\t\t\t\t\t<!-- Logo Details -->\n\t\t\t\t\t\n\n\n\t\t\t\t<\/div>\n\t\t\t<\/div>\n\n\t\t\n\t\t\t\n\t\t\t<div class=\"gs_logo_single--wrapper \">\n\t\t\t\t<div class=\"gs_logo_single\">\n\t\t\t\t\t\n\t\t\t\t\t<!-- Logo Image -->\n\t\t\t\t\t<a href=\"https:\/\/www.voestalpine.com\" target=\"_blank\" rel=\"noopener\"><img loading=\"lazy\" decoding=\"async\" width=\"300\" height=\"300\" src=\"https:\/\/essmann.com\/wp-content\/uploads\/2025\/02\/logo_voestalpine.png\" class=\"gs_logo--tooltip tt-placement-top tt-bgcolor-one-%23ff5f6d tt-bgcolor-two-%23ffc371 tt-textcolor-%23fff gs-logo--img wp-post-image\" alt=\"voestalpine AG\" title=\"voestalpine AG\" srcset=\"https:\/\/essmann.com\/wp-content\/uploads\/2025\/02\/logo_voestalpine.png 300w, https:\/\/essmann.com\/wp-content\/uploads\/2025\/02\/logo_voestalpine-150x150.png 150w\" sizes=\"auto, (max-width: 300px) 100vw, 300px\" \/> <\/a>\n\t\t\t\t\t<!-- Logo Title -->\n\t\t\t\t\t\n\t\t\t\t\t<!-- Logo Category -->\n\t\t\t\t\t\n\t\t\t\t\t<!-- Logo Details -->\n\t\t\t\t\t\n\n\n\t\t\t\t<\/div>\n\t\t\t<\/div>\n\n\t\t\n\t\t\t\n\t\t\t<div class=\"gs_logo_single--wrapper \">\n\t\t\t\t<div class=\"gs_logo_single\">\n\t\t\t\t\t\n\t\t\t\t\t<!-- Logo Image -->\n\t\t\t\t\t<a href=\"https:\/\/www.volkswagen.de\/de\" target=\"_blank\" rel=\"noopener\"><img loading=\"lazy\" decoding=\"async\" width=\"300\" height=\"300\" src=\"https:\/\/essmann.com\/wp-content\/uploads\/2025\/02\/referenz_vw_logo-1.png\" class=\"gs_logo--tooltip tt-placement-top tt-bgcolor-one-%23ff5f6d tt-bgcolor-two-%23ffc371 tt-textcolor-%23fff gs-logo--img wp-post-image\" alt=\"Volkswagen-Logo in Blau\" title=\"Volkswagen AG\" srcset=\"https:\/\/essmann.com\/wp-content\/uploads\/2025\/02\/referenz_vw_logo-1.png 300w, https:\/\/essmann.com\/wp-content\/uploads\/2025\/02\/referenz_vw_logo-1-150x150.png 150w\" sizes=\"auto, (max-width: 300px) 100vw, 300px\" \/> <\/a>\n\t\t\t\t\t<!-- Logo Title -->\n\t\t\t\t\t\n\t\t\t\t\t<!-- Logo Category -->\n\t\t\t\t\t\n\t\t\t\t\t<!-- Logo Details -->\n\t\t\t\t\t\n\n\n\t\t\t\t<\/div>\n\t\t\t<\/div>\n\n\t\t\n\t\t\t\n\t\t\t<div class=\"gs_logo_single--wrapper \">\n\t\t\t\t<div class=\"gs_logo_single\">\n\t\t\t\t\t\n\t\t\t\t\t<!-- Logo Image -->\n\t\t\t\t\t<a href=\"https:\/\/www.von-schaewen.de\/\" target=\"_blank\" rel=\"noopener\"><img loading=\"lazy\" decoding=\"async\" width=\"300\" height=\"300\" src=\"https:\/\/essmann.com\/wp-content\/uploads\/2025\/02\/logo_von_schaewen.png\" class=\"gs_logo--tooltip tt-placement-top tt-bgcolor-one-%23ff5f6d tt-bgcolor-two-%23ffc371 tt-textcolor-%23fff gs-logo--img wp-post-image\" alt=\"von Schaewen\" title=\"von Schaewen GmbH\" srcset=\"https:\/\/essmann.com\/wp-content\/uploads\/2025\/02\/logo_von_schaewen.png 300w, https:\/\/essmann.com\/wp-content\/uploads\/2025\/02\/logo_von_schaewen-150x150.png 150w\" sizes=\"auto, (max-width: 300px) 100vw, 300px\" \/> <\/a>\n\t\t\t\t\t<!-- Logo Title -->\n\t\t\t\t\t\n\t\t\t\t\t<!-- Logo Category -->\n\t\t\t\t\t\n\t\t\t\t\t<!-- Logo Details -->\n\t\t\t\t\t\n\n\n\t\t\t\t<\/div>\n\t\t\t<\/div>\n\n\t\t\n\t\t\t\n\t\t\t<div class=\"gs_logo_single--wrapper \">\n\t\t\t\t<div class=\"gs_logo_single\">\n\t\t\t\t\t\n\t\t\t\t\t<!-- Logo Image -->\n\t\t\t\t\t<a href=\"https:\/\/www.westlakevinnolit.com\/\" target=\"_blank\" rel=\"noopener\"><img loading=\"lazy\" decoding=\"async\" width=\"300\" height=\"300\" src=\"https:\/\/essmann.com\/wp-content\/uploads\/2025\/07\/westlake.png\" class=\"gs_logo--tooltip tt-placement-top tt-bgcolor-one-%23ff5f6d tt-bgcolor-two-%23ffc371 tt-textcolor-%23fff gs-logo--img wp-post-image\" alt=\"Auf hellblauem Hintergrund steht der Text &quot;Westlake Vinnolit&quot; in blauer Schrift. Der Anfangsbuchstabe &quot;W&quot; im Wort &quot;Westlake&quot; hat einen stilisierten dreidimensionalen Effekt.\" title=\"Westlake Vinnolit GmbH &#038; Co. KG\" srcset=\"https:\/\/essmann.com\/wp-content\/uploads\/2025\/07\/westlake.png 300w, https:\/\/essmann.com\/wp-content\/uploads\/2025\/07\/westlake-150x150.png 150w\" sizes=\"auto, (max-width: 300px) 100vw, 300px\" \/> <\/a>\n\t\t\t\t\t<!-- Logo Title -->\n\t\t\t\t\t\n\t\t\t\t\t<!-- Logo Category -->\n\t\t\t\t\t\n\t\t\t\t\t<!-- Logo Details -->\n\t\t\t\t\t\n\n\n\t\t\t\t<\/div>\n\t\t\t<\/div>\n\n\t\t\n\t\t\t\n\t\t\t<div class=\"gs_logo_single--wrapper \">\n\t\t\t\t<div class=\"gs_logo_single\">\n\t\t\t\t\t\n\t\t\t\t\t<!-- Logo Image -->\n\t\t\t\t\t<a href=\"https:\/\/www.zech-umwelt.com\" target=\"_blank\" rel=\"noopener\"><img loading=\"lazy\" decoding=\"async\" width=\"300\" height=\"300\" src=\"https:\/\/essmann.com\/wp-content\/uploads\/2020\/08\/referenz_zech_logo.png\" class=\"gs_logo--tooltip tt-placement-top tt-bgcolor-one-%23ff5f6d tt-bgcolor-two-%23ffc371 tt-textcolor-%23fff gs-logo--img wp-post-image\" alt=\"Logo mit blauem Hintergrund und Buchstaben ZECH\" title=\"Zech\" srcset=\"https:\/\/essmann.com\/wp-content\/uploads\/2020\/08\/referenz_zech_logo.png 300w, https:\/\/essmann.com\/wp-content\/uploads\/2020\/08\/referenz_zech_logo-150x150.png 150w\" sizes=\"auto, (max-width: 300px) 100vw, 300px\" \/> <\/a>\n\t\t\t\t\t<!-- Logo Title -->\n\t\t\t\t\t\n\t\t\t\t\t<!-- Logo Category -->\n\t\t\t\t\t\n\t\t\t\t\t<!-- Logo Details -->\n\t\t\t\t\t\n\n\n\t\t\t\t<\/div>\n\t\t\t<\/div>\n\n\t\t\n\t\t\t\n\t\t\t<div class=\"gs_logo_single--wrapper \">\n\t\t\t\t<div class=\"gs_logo_single\">\n\t\t\t\t\t\n\t\t\t\t\t<!-- Logo Image -->\n\t\t\t\t\t<a href=\"https:\/\/www.zas-darmstadt.de\" target=\"_blank\" rel=\"noopener\"><img loading=\"lazy\" decoding=\"async\" width=\"300\" height=\"300\" src=\"https:\/\/essmann.com\/wp-content\/uploads\/2025\/02\/referenz_mhkw_darmstadt_logo.png\" class=\"gs_logo--tooltip tt-placement-top tt-bgcolor-one-%23ff5f6d tt-bgcolor-two-%23ffc371 tt-textcolor-%23fff gs-logo--img wp-post-image\" alt=\"Graues Logo mit rotem Akzent\" title=\"Zweckverband Abfallverwertung S\u00fcdhessen \u2013 M\u00fcllheizkraftwerk Darmstadt\" srcset=\"https:\/\/essmann.com\/wp-content\/uploads\/2025\/02\/referenz_mhkw_darmstadt_logo.png 300w, https:\/\/essmann.com\/wp-content\/uploads\/2025\/02\/referenz_mhkw_darmstadt_logo-150x150.png 150w\" sizes=\"auto, (max-width: 300px) 100vw, 300px\" \/> <\/a>\n\t\t\t\t\t<!-- Logo Title -->\n\t\t\t\t\t\n\t\t\t\t\t<!-- Logo Category -->\n\t\t\t\t\t\n\t\t\t\t\t<!-- Logo Details -->\n\t\t\t\t\t\n\n\n\t\t\t\t<\/div>\n\t\t\t<\/div>\n\n\t\t\t\t\n\t\n<\/div>\n\t\t\t\t<!-- Pagination -->\n\t\t\t\t\n\t\t\t<\/div>\n\t\t<\/div>\n\t\n\t\t<style>#gs_logo_area_53:not(.verticaltickerdown):not(.verticalticker) .gs_logo_container{margin-left:-12.5px}#gs_logo_area_53:not(.verticaltickerdown):not(.verticalticker) .gs_logo_container{margin-right:-12.5px}#gs_logo_area_53:not(.verticaltickerdown):not(.verticalticker) .gs_logo_single--wrapper{padding:12.5px}#gs_logo_area_53 ul.gs-logo-filter-cats{text-align:center!important}#gs_logo_area_53 .gs_logo_single--wrapper{width:14.285714285714%}@media (max-width:1023px){#gs_logo_area_53 .gs_logo_single--wrapper{width:25%}}@media (max-width:767px){#gs_logo_area_53 .gs_logo_single--wrapper{width:33.333333333333%}}<\/style>\n\n<\/div><\/div><\/div>\n<\/div>\n\n<div style=\"height:60px\" aria-hidden=\"true\" class=\"wp-block-spacer\"><\/div>\n\n<p><\/p>\n","protected":false},"excerpt":{"rendered":"<p>OUR CUSTOMERS Here you will find a selection of customers who have been relying on scales and services, and yard management solutions from the ESSMANN Group &#8230; <\/p>\n<p class=\"read-more-container\"><a title=\"Zweckverband Abfallverwertung S\u00fcdhessen \u2013 M\u00fcllheizkraftwerk Darmstadt\" class=\"read-more button\" href=\"https:\/\/essmann.com\/en\/?gs-logo-slider=gs-logo-three#more-66051\" aria-label=\"Read more about Zweckverband Abfallverwertung S\u00fcdhessen \u2013 M\u00fcllheizkraftwerk Darmstadt\">Read more<\/a><\/p>\n","protected":false},"author":7,"featured_media":0,"parent":0,"menu_order":0,"comment_status":"open","ping_status":"closed","template":"","meta":{"_seopress_robots_primary_cat":"","_seopress_titles_title":"ESSMANN | Scales & Automation | References","_seopress_titles_desc":"Here you will find some of the customers who have been relying on ESSMANN scales, services and yard management solutions for many years.","_seopress_robots_index":"","_jet_sm_ready_style":"","_jet_sm_style":"","_jet_sm_controls_values":"","_jet_sm_fonts_collection":"","_jet_sm_fonts_links":"","footnotes":""},"class_list":["post-71123","page","type-page","status-publish","hentry","infinite-scroll-item"],"_links":{"self":[{"href":"https:\/\/essmann.com\/en\/wp-json\/wp\/v2\/pages\/71123","targetHints":{"allow":["GET"]}}],"collection":[{"href":"https:\/\/essmann.com\/en\/wp-json\/wp\/v2\/pages"}],"about":[{"href":"https:\/\/essmann.com\/en\/wp-json\/wp\/v2\/types\/page"}],"author":[{"embeddable":true,"href":"https:\/\/essmann.com\/en\/wp-json\/wp\/v2\/users\/7"}],"replies":[{"embeddable":true,"href":"https:\/\/essmann.com\/en\/wp-json\/wp\/v2\/comments?post=71123"}],"version-history":[{"count":14,"href":"https:\/\/essmann.com\/en\/wp-json\/wp\/v2\/pages\/71123\/revisions"}],"predecessor-version":[{"id":184120,"href":"https:\/\/essmann.com\/en\/wp-json\/wp\/v2\/pages\/71123\/revisions\/184120"}],"wp:attachment":[{"href":"https:\/\/essmann.com\/en\/wp-json\/wp\/v2\/media?parent=71123"}],"curies":[{"name":"wp","href":"https:\/\/api.w.org\/{rel}","templated":true}]}}