{"id":71443,"date":"2023-03-01T08:00:48","date_gmt":"2023-03-01T07:00:48","guid":{"rendered":"https:\/\/essmann.com\/home\/"},"modified":"2025-07-16T11:44:07","modified_gmt":"2025-07-16T09:44:07","slug":"home","status":"publish","type":"page","link":"https:\/\/essmann.com\/nl\/","title":{"rendered":"Home"},"content":{"rendered":"<div class=\"gb-container gb-container-ff098aba essman-start-hero\">\n<div class=\"gb-container gb-container-a7a45733\">\n<div class=\"gb-container gb-container-fc0c029b\"><div class=\"gb-inside-container\">\n\n<h1 class=\"gb-headline gb-headline-086f17e8 gb-headline-text\">Innovatieve oplossingen en professionele service voor industri\u00eble weegtechnologie<\/h1>\n\n\n\n<div class=\"gb-headline gb-headline-e788d83b\"><span class=\"gb-icon\"><svg xmlns=\"http:\/\/www.w3.org\/2000\/svg\" viewbox=\"0 0 36.7 3\"><path d=\"M0 0h36.7v3H0z\"><\/path><\/svg><\/span><\/div>\n\n\n\n<p class=\"gb-headline gb-headline-a1abef07 gb-headline-text\">ESSMANN | Waagen &amp; Automation is al sinds 1860 innovator op het gebied van industri\u00eble en commerci\u00eble weegschalen en ontwikkelt de beste oplossingen voor elke behoefte.<\/p>\n\n<\/div><\/div>\n<\/div>\n<\/div><div class=\"gb-container gb-container-a78969e8\"><div class=\"gb-inside-container\">\n<div class=\"gb-grid-wrapper gb-grid-wrapper-b1ea3c0a\">\n<div class=\"gb-grid-column gb-grid-column-e6512886\"><div class=\"gb-container gb-container-e6512886\"><div class=\"gb-inside-container\">\n\n<p class=\"gb-headline gb-headline-42c720d1 gb-headline-text\">Getuigenissen van klanten  <\/p>\n\n\n<div class=\"sv_provenexpert\">\n<a id=\"pe_rating\" title=\"Kundenbewertungen &amp; Erfahrungen zu HE W&auml;getechnik Horst E&szlig;mann GmbH. Mehr Infos anzeigen.\" target=\"_blank\" href=\"https:\/\/www.provenexpert.com\/he-waegetechnik-horst-essmann-gmbh\/\" class=\"pe_g pe_b\" rel=\"noopener noreferrer nofollow\"> <span id=\"pe_name\"> <span>HE W&auml;getechnik Horst E&szlig;mann GmbH<\/span> <\/span> <span> <span id=\"pe_stars\">\r\n\t<span class=\"sv_pe_stars\" style=\"width:70.84px;\"><img loading=\"lazy\" decoding=\"async\" width=\"15\" height=\"15\" src=\"https:\/\/essmann.com\/wp-content\/plugins\/sv-provenexpert\/lib\/modules\/widget\/lib\/frontend\/img\/star.svg\" alt=\"\" \/><img loading=\"lazy\" decoding=\"async\" width=\"15\" height=\"15\" src=\"https:\/\/essmann.com\/wp-content\/plugins\/sv-provenexpert\/lib\/modules\/widget\/lib\/frontend\/img\/star.svg\" alt=\"\" \/><img loading=\"lazy\" decoding=\"async\" width=\"15\" height=\"15\" src=\"https:\/\/essmann.com\/wp-content\/plugins\/sv-provenexpert\/lib\/modules\/widget\/lib\/frontend\/img\/star.svg\" alt=\"\" \/><img loading=\"lazy\" decoding=\"async\" width=\"15\" height=\"15\" src=\"https:\/\/essmann.com\/wp-content\/plugins\/sv-provenexpert\/lib\/modules\/widget\/lib\/frontend\/img\/star.svg\" alt=\"\" \/><img loading=\"lazy\" decoding=\"async\" width=\"15\" height=\"15\" src=\"https:\/\/essmann.com\/wp-content\/plugins\/sv-provenexpert\/lib\/modules\/widget\/lib\/frontend\/img\/star.svg\" alt=\"\" \/><\/span>\r\n\t <span class=\"pe_star_container1\"> <svg width=\"24\" height=\"24\" viewBox=\"0 0 24 24\" fill=\"none\" xmlns=\"http:\/\/www.w3.org\/2000\/svg\" aria-hidden=\"true\"> <path d=\"M14.4639 9.21094L14.5811 9.44824L14.8438 9.48438L20.4023 10.25L16.3672 14.0869L16.1719 14.2725L16.2197 14.5381L17.1973 19.9883L12.2324 17.3809L12 17.2588L11.7676 17.3809L6.80176 19.9883L7.78027 14.5381L7.82812 14.2725L7.63281 14.0869L3.59668 10.25L9.15625 9.48438L9.41895 9.44824L9.53613 9.21094L12 4.22266L14.4639 9.21094Z\" fill=\"#AB9044\" stroke=\"#AB9044\"\/> <\/svg> <\/span> <span class=\"pe_star_container2\"> <svg width=\"24\" height=\"24\" viewBox=\"0 0 24 24\" fill=\"none\" xmlns=\"http:\/\/www.w3.org\/2000\/svg\" aria-hidden=\"true\"> <path d=\"M14.4639 9.21094L14.5811 9.44824L14.8438 9.48438L20.4023 10.25L16.3672 14.0869L16.1719 14.2725L16.2197 14.5381L17.1973 19.9883L12.2324 17.3809L12 17.2588L11.7676 17.3809L6.80176 19.9883L7.78027 14.5381L7.82812 14.2725L7.63281 14.0869L3.59668 10.25L9.15625 9.48438L9.41895 9.44824L9.53613 9.21094L12 4.22266L14.4639 9.21094Z\" fill=\"#AB9044\" stroke=\"#AB9044\"\/> <\/svg> <\/span> <span class=\"pe_star_container3\"> <svg width=\"24\" height=\"24\" viewBox=\"0 0 24 24\" fill=\"none\" xmlns=\"http:\/\/www.w3.org\/2000\/svg\" aria-hidden=\"true\"> <path d=\"M14.4639 9.21094L14.5811 9.44824L14.8438 9.48438L20.4023 10.25L16.3672 14.0869L16.1719 14.2725L16.2197 14.5381L17.1973 19.9883L12.2324 17.3809L12 17.2588L11.7676 17.3809L6.80176 19.9883L7.78027 14.5381L7.82812 14.2725L7.63281 14.0869L3.59668 10.25L9.15625 9.48438L9.41895 9.44824L9.53613 9.21094L12 4.22266L14.4639 9.21094Z\" fill=\"#AB9044\" stroke=\"#AB9044\"\/> <\/svg> <\/span> <span class=\"pe_star_container4\"> <svg width=\"24\" height=\"24\" viewBox=\"0 0 24 24\" fill=\"none\" xmlns=\"http:\/\/www.w3.org\/2000\/svg\" aria-hidden=\"true\"> <path d=\"M14.4639 9.21094L14.5811 9.44824L14.8438 9.48438L20.4023 10.25L16.3672 14.0869L16.1719 14.2725L16.2197 14.5381L17.1973 19.9883L12.2324 17.3809L12 17.2588L11.7676 17.3809L6.80176 19.9883L7.78027 14.5381L7.82812 14.2725L7.63281 14.0869L3.59668 10.25L9.15625 9.48438L9.41895 9.44824L9.53613 9.21094L12 4.22266L14.4639 9.21094Z\" fill=\"#AB9044\" stroke=\"#AB9044\"\/> <\/svg> <\/span> <span class=\"pe_star_container5\"> <svg width=\"24\" height=\"24\" viewBox=\"0 0 24 24\" fill=\"none\" xmlns=\"http:\/\/www.w3.org\/2000\/svg\" aria-hidden=\"true\"> <defs> <linearGradient id=\"half-fill\" x1=\"0\" y1=\"0\" x2=\"1\" y2=\"0\"> <stop offset=\"50%\" stop-color=\"#AB9044\" \/> <stop offset=\"50%\" stop-color=\"#FFFFFF\" \/> <\/linearGradient> <\/defs> <path d=\"M14.4639 9.21094L14.5811 9.44824L14.8438 9.48438L20.4023 10.25L16.3672 14.0869L16.1719 14.2725L16.2197 14.5381L17.1973 19.9883L12.2324 17.3809L12 17.2588L11.7676 17.3809L6.80176 19.9883L7.78027 14.5381L7.82812 14.2725L7.63281 14.0869L3.59668 10.25L9.15625 9.48438L9.41895 9.44824L9.53613 9.21094L12 4.22266L14.4639 9.21094Z\" fill=\"url(#half-fill)\"\/> <path d=\"M14.4639 9.21094L14.5811 9.44824L14.8438 9.48438L20.4023 10.25L16.3672 14.0869L16.1719 14.2725L16.2197 14.5381L17.1973 19.9883L12.2324 17.3809L12 17.2588L11.7676 17.3809L6.80176 19.9883L7.78027 14.5381L7.82812 14.2725L7.63281 14.0869L3.59668 10.25L9.15625 9.48438L9.41895 9.44824L9.53613 9.21094L12 4.22266L14.4639 9.21094Z\" fill=\"none\" stroke=\"#AB9044\"\/> <\/svg> <\/span> <\/span> <span class=\"pe_u\" style=\"color:#726542 !important;\"> <span>107<\/span> Bewertungen auf ProvenExpert.com <\/span> <\/span> <\/a> <script type=\"application\/ld+json\">{ \"@context\": \"https:\/\/schema.org\/\", \"@type\": \"Product\", \"name\": \"HE W\\u00e4getechnik Horst E\\u00dfmann GmbH\", \"description\": \"Inhouse-Entwicklung und Vertrieb von Waagen, W\\u00e4gesystemen und YM-Software.\", \"image\": \"https:\/\/images.provenexpert.com\/15\/ef\/420383a80e9cee4cf23fa1cfee8c\/he-waegetechnik-horst-essmann-gmbh_full_1776846825.jpg\", \"aggregateRating\": { \"@type\": \"AggregateRating\", \"reviewCount\": 107, \"ratingValue\": 4.72, \"bestRating\": 5, \"worstRating\": 1 } }<\/script><\/div>\n<\/div><\/div><\/div>\n\n<div class=\"gb-grid-column gb-grid-column-914a15ad\"><div class=\"gb-container gb-container-914a15ad\"><div class=\"gb-inside-container\">\n\n<div class=\"gb-headline gb-headline-903c88e3\"><span class=\"gb-icon\"><svg xmlns=\"http:\/\/www.w3.org\/2000\/svg\" viewbox=\"0 0 60 42.35\"><path d=\"M47.47 15.76c-.12-1.31-.03-4.86 3.37-9.8.26-.37.21-.88-.11-1.19-1.39-1.39-2.25-2.26-2.85-2.87-.79-.81-1.15-1.18-1.68-1.66a.945.945 0 00-1.25-.01c-5.93 5.16-12.52 15.82-11.56 28.89.56 7.67 6.15 13.24 13.3 13.24 7.34 0 13.31-5.97 13.31-13.31 0-7.08-5.56-12.88-12.53-13.29zm-.78 24.72c-6.14 0-10.95-4.84-11.43-11.5-1.07-14.69 7.66-24.23 10.3-26.76.26.25.55.55.98.99.52.53 1.24 1.26 2.32 2.34-4.13 6.36-3.35 10.9-3.01 11.55.16.31.49.52.84.52 6.3 0 11.43 5.13 11.43 11.43S53 40.48 46.69 40.48zM14.17 15.76c-.12-1.3-.03-4.85 3.37-9.8.26-.37.21-.88-.11-1.19-1.38-1.38-2.24-2.26-2.84-2.87C13.8 1.09 13.43.72 12.9.24a.945.945 0 00-1.25-.01C5.73 5.39-.86 16.05.09 29.12c.56 7.67 6.16 13.24 13.31 13.24 7.34 0 13.31-5.97 13.31-13.31-.01-7.08-5.56-12.89-12.54-13.29zm-.77 24.72c-6.14 0-10.95-4.84-11.44-11.5C.89 14.28 9.63 4.74 12.26 2.22c.26.25.55.55.99 1 .52.53 1.23 1.26 2.31 2.34-4.13 6.36-3.35 10.9-3.01 11.55.16.31.5.52.84.52 6.3 0 11.43 5.13 11.43 11.43.01 6.29-5.12 11.42-11.42 11.42z\"><\/path><\/svg><\/span><\/div>\n\n\n\n<h2 class=\"gb-headline gb-headline-20797084 gb-headline-text\">Industrie is de drijvende kracht achter de beschaving. Ze gedijt als alle producenten betrouwbaar en bekwaam zijn. <\/h2>\n\n\n\n<p class=\"gb-headline gb-headline-6a413e10 gb-headline-text\">- <em>Albert E\u00dfmann, 1857-1945, oprichter<\/em><\/p>\n\n<\/div><\/div><\/div>\n<\/div>\n\n\n<div style=\"height:48px\" aria-hidden=\"true\" class=\"wp-block-spacer\"><\/div>\n\n<\/div><\/div>\n<div class=\"wp-block-columns is-layout-flex wp-container-core-columns-is-layout-9d6595d7 wp-block-columns-is-layout-flex\">\n<div class=\"wp-block-column has-medium-font-size is-layout-flow wp-block-column-is-layout-flow\"><div class=\"gb-container gb-container-d79d907a\"><div class=\"gb-inside-container\">\n<div class=\"gb-container gb-container-41154789\"><div class=\"gb-inside-container\">\n\n<figure class=\"wp-block-image size-large\"><img loading=\"lazy\" decoding=\"async\" width=\"1024\" height=\"791\" src=\"https:\/\/essmann.com\/wp-content\/uploads\/2023\/02\/Essmann_Waagen-1024x791.png\" alt=\"\" class=\"wp-image-28582\" srcset=\"https:\/\/essmann.com\/wp-content\/uploads\/2023\/02\/Essmann_Waagen-1024x791.png 1024w, https:\/\/essmann.com\/wp-content\/uploads\/2023\/02\/Essmann_Waagen-300x232.png 300w, https:\/\/essmann.com\/wp-content\/uploads\/2023\/02\/Essmann_Waagen-768x593.png 768w, https:\/\/essmann.com\/wp-content\/uploads\/2023\/02\/Essmann_Waagen-1536x1187.png 1536w, https:\/\/essmann.com\/wp-content\/uploads\/2023\/02\/Essmann_Waagen.png 1816w\" sizes=\"auto, (max-width: 1024px) 100vw, 1024px\" \/><\/figure>\n\n\n<div class=\"gb-button-wrapper gb-button-wrapper-fef7ba32\">\n\n<a class=\"gb-button gb-button-c9b5b175 gb-button-text button-effect\" href=\"https:\/\/essmann.com\/nl\/industrie-waagen\/\">INFORMEER<\/a>\n\n<\/div>\n<\/div><\/div>\n<\/div><\/div><\/div>\n\n\n\n<div class=\"wp-block-column has-medium-font-size is-layout-flow wp-block-column-is-layout-flow\"><div class=\"gb-container gb-container-7db3d5e9\"><div class=\"gb-inside-container\">\n\n<figure class=\"wp-block-image size-large\"><img loading=\"lazy\" decoding=\"async\" width=\"1024\" height=\"791\" src=\"https:\/\/essmann.com\/wp-content\/uploads\/2023\/02\/Essmann_Automation-1024x791.png\" alt=\"\" class=\"wp-image-28583\" srcset=\"https:\/\/essmann.com\/wp-content\/uploads\/2023\/02\/Essmann_Automation-1024x791.png 1024w, https:\/\/essmann.com\/wp-content\/uploads\/2023\/02\/Essmann_Automation-300x232.png 300w, https:\/\/essmann.com\/wp-content\/uploads\/2023\/02\/Essmann_Automation-768x593.png 768w, https:\/\/essmann.com\/wp-content\/uploads\/2023\/02\/Essmann_Automation-1536x1187.png 1536w, https:\/\/essmann.com\/wp-content\/uploads\/2023\/02\/Essmann_Automation.png 1816w\" sizes=\"auto, (max-width: 1024px) 100vw, 1024px\" \/><\/figure>\n\n\n<div class=\"gb-button-wrapper gb-button-wrapper-20e4e201\">\n\n<a class=\"gb-button gb-button-ab37996f gb-button-text button-effect\" href=\"https:\/\/essmann.com\/nl\/automation\/\">INFORMEER<\/a>\n\n<\/div>\n<\/div><\/div><\/div>\n\n\n\n<div class=\"wp-block-column has-medium-font-size is-layout-flow wp-block-column-is-layout-flow\"><div class=\"gb-container gb-container-4a24fa22\"><div class=\"gb-inside-container\">\n\n<figure class=\"wp-block-image size-full\"><img loading=\"lazy\" decoding=\"async\" width=\"1024\" height=\"791\" src=\"https:\/\/essmann.com\/wp-content\/uploads\/2024\/01\/Waagen-Shop_Variante_1024x791.png\" alt=\"\" class=\"wp-image-30650\" srcset=\"https:\/\/essmann.com\/wp-content\/uploads\/2024\/01\/Waagen-Shop_Variante_1024x791.png 1024w, https:\/\/essmann.com\/wp-content\/uploads\/2024\/01\/Waagen-Shop_Variante_1024x791-300x232.png 300w, https:\/\/essmann.com\/wp-content\/uploads\/2024\/01\/Waagen-Shop_Variante_1024x791-768x593.png 768w\" sizes=\"auto, (max-width: 1024px) 100vw, 1024px\" \/><\/figure>\n\n\n<div class=\"gb-button-wrapper gb-button-wrapper-e56d1c62\">\n\n<a class=\"gb-button gb-button-7acd9f51 gb-button-text button-effect\" href=\"https:\/\/essmann-shop.com\" target=\"_blank\" rel=\"noopener noreferrer\">WINKELEN<\/a>\n\n<\/div>\n<\/div><\/div><\/div>\n<\/div>\n\n<div class=\"wp-block-columns is-layout-flex wp-container-core-columns-is-layout-9d6595d7 wp-block-columns-is-layout-flex\">\n<div class=\"wp-block-column is-layout-flow wp-block-column-is-layout-flow\" style=\"flex-basis:100%\"><div class=\"gb-container gb-container-51850b99\"><div class=\"gb-inside-container\">\n\n<h2 class=\"wp-block-heading has-text-align-center\">Referenties<\/h2>\n\n\n\n<div class=\"gb-headline gb-headline-f6367037\"><span class=\"gb-icon\"><svg xmlns=\"http:\/\/www.w3.org\/2000\/svg\" viewbox=\"0 0 36.7 3\"><path d=\"M0 0h36.7v3H0z\"><\/path><\/svg><\/span><\/div>\n\n\n\n<div style=\"height:17px\" aria-hidden=\"true\" class=\"wp-block-spacer\"><\/div>\n\n\n<div class=\"gb-grid-wrapper gb-grid-wrapper-f3bc4108\">\n<div class=\"gb-grid-column gb-grid-column-cab9e1b6\"><div class=\"gb-container gb-container-cab9e1b6\"><div class=\"gb-inside-container\">\n\n<figure class=\"wp-block-image size-full right-border img\"><img loading=\"lazy\" decoding=\"async\" width=\"900\" height=\"900\" src=\"https:\/\/essmann.com\/wp-content\/uploads\/2023\/05\/Testimonial_Holger_Tschech_Steinebach.jpg\" alt=\"\" class=\"wp-image-29141\" srcset=\"https:\/\/essmann.com\/wp-content\/uploads\/2023\/05\/Testimonial_Holger_Tschech_Steinebach.jpg 900w, https:\/\/essmann.com\/wp-content\/uploads\/2023\/05\/Testimonial_Holger_Tschech_Steinebach-300x300.jpg 300w, https:\/\/essmann.com\/wp-content\/uploads\/2023\/05\/Testimonial_Holger_Tschech_Steinebach-150x150.jpg 150w, https:\/\/essmann.com\/wp-content\/uploads\/2023\/05\/Testimonial_Holger_Tschech_Steinebach-768x768.jpg 768w\" sizes=\"auto, (max-width: 900px) 100vw, 900px\" \/><\/figure>\n\n<\/div><\/div><\/div>\n\n<div class=\"gb-grid-column gb-grid-column-9aa723d7\"><div class=\"gb-container gb-container-9aa723d7\"><div class=\"gb-inside-container\">\n\n<h4 class=\"gb-headline gb-headline-3e263b2f gb-headline-text\">&#8220;We zijn zeer tevreden over de planning, uitvoering en ondersteuning van het ESSMANN-team, ook ter plaatse verliep alles soepel!&#8221;<\/h4>\n\n\n\n<p class=\"gb-headline gb-headline-d589e7f5 gb-headline-text\"><em>- Holger Tschech, directeur <a href=\"https:\/\/www.steinebach-chemikalien.de\/\" target=\"_blank\" rel=\"noreferrer noopener\">Steinebach Chemicals<\/a><\/em><\/p>\n\n<\/div><\/div><\/div>\n<\/div>\n<\/div><\/div><\/div>\n<\/div>\n\t\n\t\t<div id=\"gs_logo_area_50\" data-sort=\"name\" data-shortcode-id=\"50\" class=\"gs_logo_area gs_logo_area_50 slider1 gs-logo--img-efect_grayscale gs-logo--img-hover-efect_none\" data-options='{\"logo_per_page\":\"6\"}' style=\"opacity: 0; visibility: hidden;\">\n\t\t\t<div class=\"gs_logo_area--inner\">\n\n\t\t\t\t<!-- Category Filters - New (Global) -->\n\t\t\t\t\t\n\t\t\t\t\n<div class=\"gs_logo_container gs_carousel_swiper gs_logo_fix_height_and_center\" data-carousel-config='{\"direction\":\"horizontal\",\"speed\":500,\"isAutoplay\":true,\"autoplayDelay\":2000,\"loop\":true,\"pauseOnHover\":true,\"ticker\":false,\"navs\":false,\"navs_pos\":\"bottom\",\"dots\":true,\"dynamic_dots\":true,\"slideSpace\":10,\"slidesPerGroup\":1,\"desktopLogos\":8,\"tabletLogos\":3,\"mobileLogos\":2,\"reverseDirection\":false}'>\n\n\t\n\t\t\n\t\t\t<div class=\"gs_logo_single--wrapper\">\n\t\t\t\t<div class=\"gs_logo_single\">\n\n\t\t\t\t\t<!-- Logo Img -->\n\t\t\t\t\t<a href=\"https:\/\/www.westlakevinnolit.com\/\" target=\"_blank\" rel=\"noopener\"><img loading=\"lazy\" decoding=\"async\" width=\"300\" height=\"300\" src=\"https:\/\/essmann.com\/wp-content\/uploads\/2025\/07\/westlake.png\" class=\"gs_logo--tooltip tt-placement-top tt-bgcolor-one-%23ff5f6d tt-bgcolor-two-%23ffc371 tt-textcolor-%23fff gs-logo--img wp-post-image\" alt=\"Auf hellblauem Hintergrund steht der Text &quot;Westlake Vinnolit&quot; in blauer Schrift. Der Anfangsbuchstabe &quot;W&quot; im Wort &quot;Westlake&quot; hat einen stilisierten dreidimensionalen Effekt.\" title=\"Westlake Vinnolit GmbH &#038; Co. KG\" srcset=\"https:\/\/essmann.com\/wp-content\/uploads\/2025\/07\/westlake.png 300w, https:\/\/essmann.com\/wp-content\/uploads\/2025\/07\/westlake-150x150.png 150w\" sizes=\"auto, (max-width: 300px) 100vw, 300px\" \/> <\/a>\n\t\t\t\t\t<!-- Logo Title -->\n\t\t\t\t\t\t\t\t\t\t\n\t\t\t\t\t<!-- Logo Category -->\n\t\t\t\t\t\t\t\t\t\t\n\t\t\t\t<\/div>\n\t\t\t<\/div>\n\n\t\t\n\t\t\t<div class=\"gs_logo_single--wrapper\">\n\t\t\t\t<div class=\"gs_logo_single\">\n\n\t\t\t\t\t<!-- Logo Img -->\n\t\t\t\t\t<a href=\"https:\/\/www.teekanne.de\" target=\"_blank\" rel=\"noopener\"><img loading=\"lazy\" decoding=\"async\" width=\"300\" height=\"300\" src=\"https:\/\/essmann.com\/wp-content\/uploads\/2025\/07\/teekanne.png\" class=\"gs_logo--tooltip tt-placement-top tt-bgcolor-one-%23ff5f6d tt-bgcolor-two-%23ffc371 tt-textcolor-%23fff gs-logo--img wp-post-image\" alt=\"Logo von Teekanne mit Kanne und Jahreszahl 1882\" title=\"TEEKANNE GmbH &#038; Co. KG\" srcset=\"https:\/\/essmann.com\/wp-content\/uploads\/2025\/07\/teekanne.png 300w, https:\/\/essmann.com\/wp-content\/uploads\/2025\/07\/teekanne-150x150.png 150w\" sizes=\"auto, (max-width: 300px) 100vw, 300px\" \/> <\/a>\n\t\t\t\t\t<!-- Logo Title -->\n\t\t\t\t\t\t\t\t\t\t\n\t\t\t\t\t<!-- Logo Category -->\n\t\t\t\t\t\t\t\t\t\t\n\t\t\t\t<\/div>\n\t\t\t<\/div>\n\n\t\t\n\t\t\t<div class=\"gs_logo_single--wrapper\">\n\t\t\t\t<div class=\"gs_logo_single\">\n\n\t\t\t\t\t<!-- Logo Img -->\n\t\t\t\t\t<a href=\"https:\/\/www.schoenmackers.de\/\" target=\"_blank\" rel=\"noopener\"><img loading=\"lazy\" decoding=\"async\" width=\"300\" height=\"300\" src=\"https:\/\/essmann.com\/wp-content\/uploads\/2025\/07\/schoenmackers_logo.png\" class=\"gs_logo--tooltip tt-placement-top tt-bgcolor-one-%23ff5f6d tt-bgcolor-two-%23ffc371 tt-textcolor-%23fff gs-logo--img wp-post-image\" alt=\"Logo von Sch\u00f6nmackers mit gelbem S und gr\u00fcnem Hintergrund\" title=\"Sch\u00f6nmackers Umweltdienste GmbH &#038; Co. KG\" srcset=\"https:\/\/essmann.com\/wp-content\/uploads\/2025\/07\/schoenmackers_logo.png 300w, https:\/\/essmann.com\/wp-content\/uploads\/2025\/07\/schoenmackers_logo-150x150.png 150w\" sizes=\"auto, (max-width: 300px) 100vw, 300px\" \/> <\/a>\n\t\t\t\t\t<!-- Logo Title -->\n\t\t\t\t\t\t\t\t\t\t\n\t\t\t\t\t<!-- Logo Category -->\n\t\t\t\t\t\t\t\t\t\t\n\t\t\t\t<\/div>\n\t\t\t<\/div>\n\n\t\t\n\t\t\t<div class=\"gs_logo_single--wrapper\">\n\t\t\t\t<div class=\"gs_logo_single\">\n\n\t\t\t\t\t<!-- Logo Img -->\n\t\t\t\t\t<a href=\"https:\/\/www.rheinzink.de\/\" target=\"_blank\" rel=\"noopener\"><img loading=\"lazy\" decoding=\"async\" width=\"300\" height=\"300\" src=\"https:\/\/essmann.com\/wp-content\/uploads\/2025\/07\/rheinzink.png\" class=\"gs_logo--tooltip tt-placement-top tt-bgcolor-one-%23ff5f6d tt-bgcolor-two-%23ffc371 tt-textcolor-%23fff gs-logo--img wp-post-image\" alt=\"Logo von RHEINZINK auf dunklem Hintergrund\" title=\"RHEINZINK GmbH &#038; Co. KG\" srcset=\"https:\/\/essmann.com\/wp-content\/uploads\/2025\/07\/rheinzink.png 300w, https:\/\/essmann.com\/wp-content\/uploads\/2025\/07\/rheinzink-150x150.png 150w\" sizes=\"auto, (max-width: 300px) 100vw, 300px\" \/> <\/a>\n\t\t\t\t\t<!-- Logo Title -->\n\t\t\t\t\t\t\t\t\t\t\n\t\t\t\t\t<!-- Logo Category -->\n\t\t\t\t\t\t\t\t\t\t\n\t\t\t\t<\/div>\n\t\t\t<\/div>\n\n\t\t\n\t\t\t<div class=\"gs_logo_single--wrapper\">\n\t\t\t\t<div class=\"gs_logo_single\">\n\n\t\t\t\t\t<!-- Logo Img -->\n\t\t\t\t\t<a href=\"https:\/\/grillo.de\" target=\"_blank\" rel=\"noopener\"><img loading=\"lazy\" decoding=\"async\" width=\"300\" height=\"300\" src=\"https:\/\/essmann.com\/wp-content\/uploads\/2025\/07\/grillo.png\" class=\"gs_logo--tooltip tt-placement-top tt-bgcolor-one-%23ff5f6d tt-bgcolor-two-%23ffc371 tt-textcolor-%23fff gs-logo--img wp-post-image\" alt=\"Logo mit dem Wort GRILLO in Wei\u00df auf Blau\" title=\"GRILLO Werke AG\" srcset=\"https:\/\/essmann.com\/wp-content\/uploads\/2025\/07\/grillo.png 300w, https:\/\/essmann.com\/wp-content\/uploads\/2025\/07\/grillo-150x150.png 150w\" sizes=\"auto, (max-width: 300px) 100vw, 300px\" \/> <\/a>\n\t\t\t\t\t<!-- Logo Title -->\n\t\t\t\t\t\t\t\t\t\t\n\t\t\t\t\t<!-- Logo Category -->\n\t\t\t\t\t\t\t\t\t\t\n\t\t\t\t<\/div>\n\t\t\t<\/div>\n\n\t\t\n\t\t\t<div class=\"gs_logo_single--wrapper\">\n\t\t\t\t<div class=\"gs_logo_single\">\n\n\t\t\t\t\t<!-- Logo Img -->\n\t\t\t\t\t<a href=\"https:\/\/www.benteler.com\" target=\"_blank\" rel=\"noopener\"><img loading=\"lazy\" decoding=\"async\" width=\"300\" height=\"300\" src=\"https:\/\/essmann.com\/wp-content\/uploads\/2025\/07\/benteler.png\" class=\"gs_logo--tooltip tt-placement-top tt-bgcolor-one-%23ff5f6d tt-bgcolor-two-%23ffc371 tt-textcolor-%23fff gs-logo--img wp-post-image\" alt=\"Logo von Benteler mit Slogan &#039;makes it happen&#039;\" title=\"BENTELER International Aktiengesellschaft\" srcset=\"https:\/\/essmann.com\/wp-content\/uploads\/2025\/07\/benteler.png 300w, https:\/\/essmann.com\/wp-content\/uploads\/2025\/07\/benteler-150x150.png 150w\" sizes=\"auto, (max-width: 300px) 100vw, 300px\" \/> <\/a>\n\t\t\t\t\t<!-- Logo Title -->\n\t\t\t\t\t\t\t\t\t\t\n\t\t\t\t\t<!-- Logo Category -->\n\t\t\t\t\t\t\t\t\t\t\n\t\t\t\t<\/div>\n\t\t\t<\/div>\n\n\t\t\n\t\t\t<div class=\"gs_logo_single--wrapper\">\n\t\t\t\t<div class=\"gs_logo_single\">\n\n\t\t\t\t\t<!-- Logo Img -->\n\t\t\t\t\t<a href=\"https:\/\/www.akzonobel.com\" target=\"_blank\" rel=\"noopener\"><img loading=\"lazy\" decoding=\"async\" width=\"300\" height=\"300\" src=\"https:\/\/essmann.com\/wp-content\/uploads\/2025\/07\/akzonobel.png\" class=\"gs_logo--tooltip tt-placement-top tt-bgcolor-one-%23ff5f6d tt-bgcolor-two-%23ffc371 tt-textcolor-%23fff gs-logo--img wp-post-image\" alt=\"Logo von AkzoNobel in Blau\" title=\"Akzo Nobel GmbH\" srcset=\"https:\/\/essmann.com\/wp-content\/uploads\/2025\/07\/akzonobel.png 300w, https:\/\/essmann.com\/wp-content\/uploads\/2025\/07\/akzonobel-150x150.png 150w\" sizes=\"auto, (max-width: 300px) 100vw, 300px\" \/> <\/a>\n\t\t\t\t\t<!-- Logo Title -->\n\t\t\t\t\t\t\t\t\t\t\n\t\t\t\t\t<!-- Logo Category -->\n\t\t\t\t\t\t\t\t\t\t\n\t\t\t\t<\/div>\n\t\t\t<\/div>\n\n\t\t\n\t\t\t<div class=\"gs_logo_single--wrapper\">\n\t\t\t\t<div class=\"gs_logo_single\">\n\n\t\t\t\t\t<!-- Logo Img -->\n\t\t\t\t\t<a href=\"https:\/\/aviretta.com\" target=\"_blank\" rel=\"noopener\"><img loading=\"lazy\" decoding=\"async\" width=\"300\" height=\"300\" src=\"https:\/\/essmann.com\/wp-content\/uploads\/2025\/03\/referenz_aviretta_logo.png\" class=\"gs_logo--tooltip tt-placement-top tt-bgcolor-one-%23ff5f6d tt-bgcolor-two-%23ffc371 tt-textcolor-%23fff gs-logo--img wp-post-image\" alt=\"Logo von Aviretta in Blaut\u00f6nen\" title=\"Aviretta GmbH\" srcset=\"https:\/\/essmann.com\/wp-content\/uploads\/2025\/03\/referenz_aviretta_logo.png 300w, https:\/\/essmann.com\/wp-content\/uploads\/2025\/03\/referenz_aviretta_logo-150x150.png 150w\" sizes=\"auto, (max-width: 300px) 100vw, 300px\" \/> <\/a>\n\t\t\t\t\t<!-- Logo Title -->\n\t\t\t\t\t\t\t\t\t\t\n\t\t\t\t\t<!-- Logo Category -->\n\t\t\t\t\t\t\t\t\t\t\n\t\t\t\t<\/div>\n\t\t\t<\/div>\n\n\t\t\n\t\t\t<div class=\"gs_logo_single--wrapper\">\n\t\t\t\t<div class=\"gs_logo_single\">\n\n\t\t\t\t\t<!-- Logo Img -->\n\t\t\t\t\t<a href=\"https:\/\/www.seehafen-stralsund.de\" target=\"_blank\" rel=\"noopener\"><img loading=\"lazy\" decoding=\"async\" width=\"300\" height=\"300\" src=\"https:\/\/essmann.com\/wp-content\/uploads\/2025\/03\/referenz_seehafen_stralsund_logo.png\" class=\"gs_logo--tooltip tt-placement-top tt-bgcolor-one-%23ff5f6d tt-bgcolor-two-%23ffc371 tt-textcolor-%23fff gs-logo--img wp-post-image\" alt=\"Blauer Banner mit wei\u00dfem Vogel-Symbol\" title=\"Seehafen Stralsund GmbH\" srcset=\"https:\/\/essmann.com\/wp-content\/uploads\/2025\/03\/referenz_seehafen_stralsund_logo.png 300w, https:\/\/essmann.com\/wp-content\/uploads\/2025\/03\/referenz_seehafen_stralsund_logo-150x150.png 150w\" sizes=\"auto, (max-width: 300px) 100vw, 300px\" \/> <\/a>\n\t\t\t\t\t<!-- Logo Title -->\n\t\t\t\t\t\t\t\t\t\t\n\t\t\t\t\t<!-- Logo Category -->\n\t\t\t\t\t\t\t\t\t\t\n\t\t\t\t<\/div>\n\t\t\t<\/div>\n\n\t\t\n\t\t\t<div class=\"gs_logo_single--wrapper\">\n\t\t\t\t<div class=\"gs_logo_single\">\n\n\t\t\t\t\t<!-- Logo Img -->\n\t\t\t\t\t<a href=\"https:\/\/www.stadtreiniger.de\" target=\"_blank\" rel=\"noopener\"><img loading=\"lazy\" decoding=\"async\" width=\"300\" height=\"300\" src=\"https:\/\/essmann.com\/wp-content\/uploads\/2025\/03\/referenz_stadtreiniger_logo.png\" class=\"gs_logo--tooltip tt-placement-top tt-bgcolor-one-%23ff5f6d tt-bgcolor-two-%23ffc371 tt-textcolor-%23fff gs-logo--img wp-post-image\" alt=\"Oranges Stadtreiniger-Logo mit Kleeblatt\" title=\"Die Stadtreiniger Kassel\" srcset=\"https:\/\/essmann.com\/wp-content\/uploads\/2025\/03\/referenz_stadtreiniger_logo.png 300w, https:\/\/essmann.com\/wp-content\/uploads\/2025\/03\/referenz_stadtreiniger_logo-150x150.png 150w\" sizes=\"auto, (max-width: 300px) 100vw, 300px\" \/> <\/a>\n\t\t\t\t\t<!-- Logo Title -->\n\t\t\t\t\t\t\t\t\t\t\n\t\t\t\t\t<!-- Logo Category -->\n\t\t\t\t\t\t\t\t\t\t\n\t\t\t\t<\/div>\n\t\t\t<\/div>\n\n\t\t\n\t\t\t<div class=\"gs_logo_single--wrapper\">\n\t\t\t\t<div class=\"gs_logo_single\">\n\n\t\t\t\t\t<!-- Logo Img -->\n\t\t\t\t\t<a href=\"https:\/\/www.kavg-ml.de\" target=\"_blank\" rel=\"noopener\"><img loading=\"lazy\" decoding=\"async\" width=\"300\" height=\"300\" src=\"https:\/\/essmann.com\/wp-content\/uploads\/2025\/03\/referenz_kavg_logo.png\" class=\"gs_logo--tooltip tt-placement-top tt-bgcolor-one-%23ff5f6d tt-bgcolor-two-%23ffc371 tt-textcolor-%23fff gs-logo--img wp-post-image\" alt=\"Logo mit gr\u00fcnem Text KAVG\" title=\"KreisAbfallVerwertungsGesellschaft mbH Minden-L\u00fcbbecke\" srcset=\"https:\/\/essmann.com\/wp-content\/uploads\/2025\/03\/referenz_kavg_logo.png 300w, https:\/\/essmann.com\/wp-content\/uploads\/2025\/03\/referenz_kavg_logo-150x150.png 150w\" sizes=\"auto, (max-width: 300px) 100vw, 300px\" \/> <\/a>\n\t\t\t\t\t<!-- Logo Title -->\n\t\t\t\t\t\t\t\t\t\t\n\t\t\t\t\t<!-- Logo Category -->\n\t\t\t\t\t\t\t\t\t\t\n\t\t\t\t<\/div>\n\t\t\t<\/div>\n\n\t\t\n\t\t\t<div class=\"gs_logo_single--wrapper\">\n\t\t\t\t<div class=\"gs_logo_single\">\n\n\t\t\t\t\t<!-- Logo Img -->\n\t\t\t\t\t<a href=\"https:\/\/www.bt-umwelt.de\/de\/\" target=\"_blank\" rel=\"noopener\"><img loading=\"lazy\" decoding=\"async\" width=\"300\" height=\"300\" src=\"https:\/\/essmann.com\/wp-content\/uploads\/2025\/03\/referenz_bt_bohn_logo.png\" class=\"gs_logo--tooltip tt-placement-top tt-bgcolor-one-%23ff5f6d tt-bgcolor-two-%23ffc371 tt-textcolor-%23fff gs-logo--img wp-post-image\" alt=\"Logo der B+T Group mit farbigen Punkten\" title=\"Umweltdienste Bohn GmbH\" srcset=\"https:\/\/essmann.com\/wp-content\/uploads\/2025\/03\/referenz_bt_bohn_logo.png 300w, https:\/\/essmann.com\/wp-content\/uploads\/2025\/03\/referenz_bt_bohn_logo-150x150.png 150w\" sizes=\"auto, (max-width: 300px) 100vw, 300px\" \/> <\/a>\n\t\t\t\t\t<!-- Logo Title -->\n\t\t\t\t\t\t\t\t\t\t\n\t\t\t\t\t<!-- Logo Category -->\n\t\t\t\t\t\t\t\t\t\t\n\t\t\t\t<\/div>\n\t\t\t<\/div>\n\n\t\t\n\t\t\t<div class=\"gs_logo_single--wrapper\">\n\t\t\t\t<div class=\"gs_logo_single\">\n\n\t\t\t\t\t<!-- Logo Img -->\n\t\t\t\t\t<a href=\"https:\/\/www.reiter-sp.com\" target=\"_blank\" rel=\"noopener\"><img loading=\"lazy\" decoding=\"async\" width=\"300\" height=\"300\" src=\"https:\/\/essmann.com\/wp-content\/uploads\/2025\/03\/referenz_reiter_seed_logo.png\" class=\"gs_logo--tooltip tt-placement-top tt-bgcolor-one-%23ff5f6d tt-bgcolor-two-%23ffc371 tt-textcolor-%23fff gs-logo--img wp-post-image\" alt=\"Logo von Reiter Seed Processing GmbH &amp; Co. KG\" title=\"Reiter Seed Processing GmbH &#038; Co. KG\" srcset=\"https:\/\/essmann.com\/wp-content\/uploads\/2025\/03\/referenz_reiter_seed_logo.png 300w, https:\/\/essmann.com\/wp-content\/uploads\/2025\/03\/referenz_reiter_seed_logo-150x150.png 150w\" sizes=\"auto, (max-width: 300px) 100vw, 300px\" \/> <\/a>\n\t\t\t\t\t<!-- Logo Title -->\n\t\t\t\t\t\t\t\t\t\t\n\t\t\t\t\t<!-- Logo Category -->\n\t\t\t\t\t\t\t\t\t\t\n\t\t\t\t<\/div>\n\t\t\t<\/div>\n\n\t\t\n\t\t\t<div class=\"gs_logo_single--wrapper\">\n\t\t\t\t<div class=\"gs_logo_single\">\n\n\t\t\t\t\t<!-- Logo Img -->\n\t\t\t\t\t<a href=\"https:\/\/fischboeck.de\/\" target=\"_blank\" rel=\"noopener\"><img loading=\"lazy\" decoding=\"async\" width=\"300\" height=\"300\" src=\"https:\/\/essmann.com\/wp-content\/uploads\/2025\/03\/referenz_forellenzucht_logo.png\" class=\"gs_logo--tooltip tt-placement-top tt-bgcolor-one-%23ff5f6d tt-bgcolor-two-%23ffc371 tt-textcolor-%23fff gs-logo--img wp-post-image\" alt=\"Blau-graues Logo Forellenzucht\" title=\"Forellenzucht am Kocherursprung KG\" srcset=\"https:\/\/essmann.com\/wp-content\/uploads\/2025\/03\/referenz_forellenzucht_logo.png 300w, https:\/\/essmann.com\/wp-content\/uploads\/2025\/03\/referenz_forellenzucht_logo-150x150.png 150w\" sizes=\"auto, (max-width: 300px) 100vw, 300px\" \/> <\/a>\n\t\t\t\t\t<!-- Logo Title -->\n\t\t\t\t\t\t\t\t\t\t\n\t\t\t\t\t<!-- Logo Category -->\n\t\t\t\t\t\t\t\t\t\t\n\t\t\t\t<\/div>\n\t\t\t<\/div>\n\n\t\t\n\t\t\t<div class=\"gs_logo_single--wrapper\">\n\t\t\t\t<div class=\"gs_logo_single\">\n\n\t\t\t\t\t<!-- Logo Img -->\n\t\t\t\t\t<a href=\"https:\/\/www.peiner-traeger.de\" target=\"_blank\" rel=\"noopener\"><img loading=\"lazy\" decoding=\"async\" width=\"300\" height=\"300\" src=\"https:\/\/essmann.com\/wp-content\/uploads\/2025\/03\/referenz_peiner_trager_logo.png\" class=\"gs_logo--tooltip tt-placement-top tt-bgcolor-one-%23ff5f6d tt-bgcolor-two-%23ffc371 tt-textcolor-%23fff gs-logo--img wp-post-image\" alt=\"Graues Logo mit orangenem Element Peiner Tr\u00e4ger GmbH\" title=\"Peiner Tr\u00e4ger GmbH\" srcset=\"https:\/\/essmann.com\/wp-content\/uploads\/2025\/03\/referenz_peiner_trager_logo.png 300w, https:\/\/essmann.com\/wp-content\/uploads\/2025\/03\/referenz_peiner_trager_logo-150x150.png 150w\" sizes=\"auto, (max-width: 300px) 100vw, 300px\" \/> <\/a>\n\t\t\t\t\t<!-- Logo Title -->\n\t\t\t\t\t\t\t\t\t\t\n\t\t\t\t\t<!-- Logo Category -->\n\t\t\t\t\t\t\t\t\t\t\n\t\t\t\t<\/div>\n\t\t\t<\/div>\n\n\t\t\n\t\t\t<div class=\"gs_logo_single--wrapper\">\n\t\t\t\t<div class=\"gs_logo_single\">\n\n\t\t\t\t\t<!-- Logo Img -->\n\t\t\t\t\t<a href=\"https:\/\/bestsort-hamburg.de\" target=\"_blank\" rel=\"noopener\"><img loading=\"lazy\" decoding=\"async\" width=\"300\" height=\"300\" src=\"https:\/\/essmann.com\/wp-content\/uploads\/2025\/03\/referenz_bestsort_logo.png\" class=\"gs_logo--tooltip tt-placement-top tt-bgcolor-one-%23ff5f6d tt-bgcolor-two-%23ffc371 tt-textcolor-%23fff gs-logo--img wp-post-image\" alt=\"Abstraktes Design in Gr\u00fcn und Orange\" title=\"Bestsort Hamburg GmbH &#038; Co. KG\" srcset=\"https:\/\/essmann.com\/wp-content\/uploads\/2025\/03\/referenz_bestsort_logo.png 300w, https:\/\/essmann.com\/wp-content\/uploads\/2025\/03\/referenz_bestsort_logo-150x150.png 150w\" sizes=\"auto, (max-width: 300px) 100vw, 300px\" \/> <\/a>\n\t\t\t\t\t<!-- Logo Title -->\n\t\t\t\t\t\t\t\t\t\t\n\t\t\t\t\t<!-- Logo Category -->\n\t\t\t\t\t\t\t\t\t\t\n\t\t\t\t<\/div>\n\t\t\t<\/div>\n\n\t\t\n\t\t\t<div class=\"gs_logo_single--wrapper\">\n\t\t\t\t<div class=\"gs_logo_single\">\n\n\t\t\t\t\t<!-- Logo Img -->\n\t\t\t\t\t<a href=\"https:\/\/www.edding.com\" target=\"_blank\" rel=\"noopener\"><img loading=\"lazy\" decoding=\"async\" width=\"300\" height=\"300\" src=\"https:\/\/essmann.com\/wp-content\/uploads\/2025\/03\/referenz_edding_logo.png\" class=\"gs_logo--tooltip tt-placement-top tt-bgcolor-one-%23ff5f6d tt-bgcolor-two-%23ffc371 tt-textcolor-%23fff gs-logo--img wp-post-image\" alt=\"Logo von edding mit rotem Hintergrund\" title=\"edding International GmbH\" srcset=\"https:\/\/essmann.com\/wp-content\/uploads\/2025\/03\/referenz_edding_logo.png 300w, https:\/\/essmann.com\/wp-content\/uploads\/2025\/03\/referenz_edding_logo-150x150.png 150w\" sizes=\"auto, (max-width: 300px) 100vw, 300px\" \/> <\/a>\n\t\t\t\t\t<!-- Logo Title -->\n\t\t\t\t\t\t\t\t\t\t\n\t\t\t\t\t<!-- Logo Category -->\n\t\t\t\t\t\t\t\t\t\t\n\t\t\t\t<\/div>\n\t\t\t<\/div>\n\n\t\t\n\t\t\t<div class=\"gs_logo_single--wrapper\">\n\t\t\t\t<div class=\"gs_logo_single\">\n\n\t\t\t\t\t<!-- Logo Img -->\n\t\t\t\t\t<a href=\"https:\/\/www.montblanc.com\" target=\"_blank\" rel=\"noopener\"><img loading=\"lazy\" decoding=\"async\" width=\"300\" height=\"300\" src=\"https:\/\/essmann.com\/wp-content\/uploads\/2025\/03\/referenz_montblanc_logo.png\" class=\"gs_logo--tooltip tt-placement-top tt-bgcolor-one-%23ff5f6d tt-bgcolor-two-%23ffc371 tt-textcolor-%23fff gs-logo--img wp-post-image\" alt=\"Schwarzes Logo Mont Blanc\" title=\"Montblanc International GmbH\" srcset=\"https:\/\/essmann.com\/wp-content\/uploads\/2025\/03\/referenz_montblanc_logo.png 300w, https:\/\/essmann.com\/wp-content\/uploads\/2025\/03\/referenz_montblanc_logo-150x150.png 150w\" sizes=\"auto, (max-width: 300px) 100vw, 300px\" \/> <\/a>\n\t\t\t\t\t<!-- Logo Title -->\n\t\t\t\t\t\t\t\t\t\t\n\t\t\t\t\t<!-- Logo Category -->\n\t\t\t\t\t\t\t\t\t\t\n\t\t\t\t<\/div>\n\t\t\t<\/div>\n\n\t\t\n\t\t\t<div class=\"gs_logo_single--wrapper\">\n\t\t\t\t<div class=\"gs_logo_single\">\n\n\t\t\t\t\t<!-- Logo Img -->\n\t\t\t\t\t<a href=\"https:\/\/www.lufthansa-technik.com\/en\" target=\"_blank\" rel=\"noopener\"><img loading=\"lazy\" decoding=\"async\" width=\"300\" height=\"300\" src=\"https:\/\/essmann.com\/wp-content\/uploads\/2025\/03\/referenz_luftansa_logo.png\" class=\"gs_logo--tooltip tt-placement-top tt-bgcolor-one-%23ff5f6d tt-bgcolor-two-%23ffc371 tt-textcolor-%23fff gs-logo--img wp-post-image\" alt=\"Dunkelblaues Rechteck mit subtiler Struktur\" title=\"Lufthansa Technik AG\" srcset=\"https:\/\/essmann.com\/wp-content\/uploads\/2025\/03\/referenz_luftansa_logo.png 300w, https:\/\/essmann.com\/wp-content\/uploads\/2025\/03\/referenz_luftansa_logo-150x150.png 150w\" sizes=\"auto, (max-width: 300px) 100vw, 300px\" \/> <\/a>\n\t\t\t\t\t<!-- Logo Title -->\n\t\t\t\t\t\t\t\t\t\t\n\t\t\t\t\t<!-- Logo Category -->\n\t\t\t\t\t\t\t\t\t\t\n\t\t\t\t<\/div>\n\t\t\t<\/div>\n\n\t\t\n\t\t\t<div class=\"gs_logo_single--wrapper\">\n\t\t\t\t<div class=\"gs_logo_single\">\n\n\t\t\t\t\t<!-- Logo Img -->\n\t\t\t\t\t<a href=\"https:\/\/www.ups.com\/de\/de\/home\" target=\"_blank\" rel=\"noopener\"><img loading=\"lazy\" decoding=\"async\" width=\"300\" height=\"300\" src=\"https:\/\/essmann.com\/wp-content\/uploads\/2025\/03\/referenz_ups_logo.png\" class=\"gs_logo--tooltip tt-placement-top tt-bgcolor-one-%23ff5f6d tt-bgcolor-two-%23ffc371 tt-textcolor-%23fff gs-logo--img wp-post-image\" alt=\"UPS Firmenlogo auf gelbem Hintergrund\" title=\"United Parcel Service of America, Inc.\" srcset=\"https:\/\/essmann.com\/wp-content\/uploads\/2025\/03\/referenz_ups_logo.png 300w, https:\/\/essmann.com\/wp-content\/uploads\/2025\/03\/referenz_ups_logo-150x150.png 150w\" sizes=\"auto, (max-width: 300px) 100vw, 300px\" \/> <\/a>\n\t\t\t\t\t<!-- Logo Title -->\n\t\t\t\t\t\t\t\t\t\t\n\t\t\t\t\t<!-- Logo Category -->\n\t\t\t\t\t\t\t\t\t\t\n\t\t\t\t<\/div>\n\t\t\t<\/div>\n\n\t\t\n\t\t\t<div class=\"gs_logo_single--wrapper\">\n\t\t\t\t<div class=\"gs_logo_single\">\n\n\t\t\t\t\t<!-- Logo Img -->\n\t\t\t\t\t<a href=\"https:\/\/euroports.de\" target=\"_blank\" rel=\"noopener\"><img loading=\"lazy\" decoding=\"async\" width=\"300\" height=\"300\" src=\"https:\/\/essmann.com\/wp-content\/uploads\/2025\/03\/referenz_euroports_logo.png\" class=\"gs_logo--tooltip tt-placement-top tt-bgcolor-one-%23ff5f6d tt-bgcolor-two-%23ffc371 tt-textcolor-%23fff gs-logo--img wp-post-image\" alt=\"Blaues Logo mit abstraktem Design\" title=\"Euroports Germany GmbH &#038; Co. KG\" srcset=\"https:\/\/essmann.com\/wp-content\/uploads\/2025\/03\/referenz_euroports_logo.png 300w, https:\/\/essmann.com\/wp-content\/uploads\/2025\/03\/referenz_euroports_logo-150x150.png 150w\" sizes=\"auto, (max-width: 300px) 100vw, 300px\" \/> <\/a>\n\t\t\t\t\t<!-- Logo Title -->\n\t\t\t\t\t\t\t\t\t\t\n\t\t\t\t\t<!-- Logo Category -->\n\t\t\t\t\t\t\t\t\t\t\n\t\t\t\t<\/div>\n\t\t\t<\/div>\n\n\t\t\n\t\t\t<div class=\"gs_logo_single--wrapper\">\n\t\t\t\t<div class=\"gs_logo_single\">\n\n\t\t\t\t\t<!-- Logo Img -->\n\t\t\t\t\t<a href=\"https:\/\/www.enercon.de\" target=\"_blank\" rel=\"noopener\"><img loading=\"lazy\" decoding=\"async\" width=\"300\" height=\"300\" src=\"https:\/\/essmann.com\/wp-content\/uploads\/2025\/03\/referenz_enercon_logo.png\" class=\"gs_logo--tooltip tt-placement-top tt-bgcolor-one-%23ff5f6d tt-bgcolor-two-%23ffc371 tt-textcolor-%23fff gs-logo--img wp-post-image\" alt=\"Logo von ENERCON, Energie f\u00fcr die Welt\" title=\"ENERCON Global GmbH\" srcset=\"https:\/\/essmann.com\/wp-content\/uploads\/2025\/03\/referenz_enercon_logo.png 300w, https:\/\/essmann.com\/wp-content\/uploads\/2025\/03\/referenz_enercon_logo-150x150.png 150w\" sizes=\"auto, (max-width: 300px) 100vw, 300px\" \/> <\/a>\n\t\t\t\t\t<!-- Logo Title -->\n\t\t\t\t\t\t\t\t\t\t\n\t\t\t\t\t<!-- Logo Category -->\n\t\t\t\t\t\t\t\t\t\t\n\t\t\t\t<\/div>\n\t\t\t<\/div>\n\n\t\t\n\t\t\t<div class=\"gs_logo_single--wrapper\">\n\t\t\t\t<div class=\"gs_logo_single\">\n\n\t\t\t\t\t<!-- Logo Img -->\n\t\t\t\t\t<a href=\"https:\/\/www.hamburg-port-authority.de\/\" target=\"_blank\" rel=\"noopener\"><img loading=\"lazy\" decoding=\"async\" width=\"300\" height=\"300\" src=\"https:\/\/essmann.com\/wp-content\/uploads\/2025\/03\/referenz_hpa_logo.png\" class=\"gs_logo--tooltip tt-placement-top tt-bgcolor-one-%23ff5f6d tt-bgcolor-two-%23ffc371 tt-textcolor-%23fff gs-logo--img wp-post-image\" alt=\"Blau-rotes abstraktes Design auf wei\u00dfem Hintergrund\" title=\"Hamburg Port Authority A\u00f6R\" srcset=\"https:\/\/essmann.com\/wp-content\/uploads\/2025\/03\/referenz_hpa_logo.png 300w, https:\/\/essmann.com\/wp-content\/uploads\/2025\/03\/referenz_hpa_logo-150x150.png 150w\" sizes=\"auto, (max-width: 300px) 100vw, 300px\" \/> <\/a>\n\t\t\t\t\t<!-- Logo Title -->\n\t\t\t\t\t\t\t\t\t\t\n\t\t\t\t\t<!-- Logo Category -->\n\t\t\t\t\t\t\t\t\t\t\n\t\t\t\t<\/div>\n\t\t\t<\/div>\n\n\t\t\n\t\t\t<div class=\"gs_logo_single--wrapper\">\n\t\t\t\t<div class=\"gs_logo_single\">\n\n\t\t\t\t\t<!-- Logo Img -->\n\t\t\t\t\t<a href=\"https:\/\/www.bosch.de\" target=\"_blank\" rel=\"noopener\"><img loading=\"lazy\" decoding=\"async\" width=\"300\" height=\"300\" src=\"https:\/\/essmann.com\/wp-content\/uploads\/2025\/03\/referenz_bosch_logo.png\" class=\"gs_logo--tooltip tt-placement-top tt-bgcolor-one-%23ff5f6d tt-bgcolor-two-%23ffc371 tt-textcolor-%23fff gs-logo--img wp-post-image\" alt=\"Graues und rotes abstraktes Design\" title=\"Robert Bosch GmbH\" srcset=\"https:\/\/essmann.com\/wp-content\/uploads\/2025\/03\/referenz_bosch_logo.png 300w, https:\/\/essmann.com\/wp-content\/uploads\/2025\/03\/referenz_bosch_logo-150x150.png 150w\" sizes=\"auto, (max-width: 300px) 100vw, 300px\" \/> <\/a>\n\t\t\t\t\t<!-- Logo Title -->\n\t\t\t\t\t\t\t\t\t\t\n\t\t\t\t\t<!-- Logo Category -->\n\t\t\t\t\t\t\t\t\t\t\n\t\t\t\t<\/div>\n\t\t\t<\/div>\n\n\t\t\n\t\t\t<div class=\"gs_logo_single--wrapper\">\n\t\t\t\t<div class=\"gs_logo_single\">\n\n\t\t\t\t\t<!-- Logo Img -->\n\t\t\t\t\t<a href=\"https:\/\/www.envitec-biogas.de\" target=\"_blank\" rel=\"noopener\"><img loading=\"lazy\" decoding=\"async\" width=\"300\" height=\"300\" src=\"https:\/\/essmann.com\/wp-content\/uploads\/2025\/03\/referenz_envitec_logo.png\" class=\"gs_logo--tooltip tt-placement-top tt-bgcolor-one-%23ff5f6d tt-bgcolor-two-%23ffc371 tt-textcolor-%23fff gs-logo--img wp-post-image\" alt=\"Gr\u00fcnes Symbol mit Baum, H\u00fcgel und Wolke\" title=\"EnviTec Biogas AG\" srcset=\"https:\/\/essmann.com\/wp-content\/uploads\/2025\/03\/referenz_envitec_logo.png 300w, https:\/\/essmann.com\/wp-content\/uploads\/2025\/03\/referenz_envitec_logo-150x150.png 150w\" sizes=\"auto, (max-width: 300px) 100vw, 300px\" \/> <\/a>\n\t\t\t\t\t<!-- Logo Title -->\n\t\t\t\t\t\t\t\t\t\t\n\t\t\t\t\t<!-- Logo Category -->\n\t\t\t\t\t\t\t\t\t\t\n\t\t\t\t<\/div>\n\t\t\t<\/div>\n\n\t\t\n\t\t\t<div class=\"gs_logo_single--wrapper\">\n\t\t\t\t<div class=\"gs_logo_single\">\n\n\t\t\t\t\t<!-- Logo Img -->\n\t\t\t\t\t<a href=\"https:\/\/hagenbeck.de\/\" target=\"_blank\" rel=\"noopener\"><img loading=\"lazy\" decoding=\"async\" width=\"300\" height=\"300\" src=\"https:\/\/essmann.com\/wp-content\/uploads\/2025\/03\/referenz_habeck_logo.png\" class=\"gs_logo--tooltip tt-placement-top tt-bgcolor-one-%23ff5f6d tt-bgcolor-two-%23ffc371 tt-textcolor-%23fff gs-logo--img wp-post-image\" alt=\"Logo Tierpark Hagenbeck mit Elefantenfamilie\" title=\"Tierpark Hagenbeck Gemeinn\u00fctzige Gesellschaft mbH\" srcset=\"https:\/\/essmann.com\/wp-content\/uploads\/2025\/03\/referenz_habeck_logo.png 300w, https:\/\/essmann.com\/wp-content\/uploads\/2025\/03\/referenz_habeck_logo-150x150.png 150w\" sizes=\"auto, (max-width: 300px) 100vw, 300px\" \/> <\/a>\n\t\t\t\t\t<!-- Logo Title -->\n\t\t\t\t\t\t\t\t\t\t\n\t\t\t\t\t<!-- Logo Category -->\n\t\t\t\t\t\t\t\t\t\t\n\t\t\t\t<\/div>\n\t\t\t<\/div>\n\n\t\t\n\t\t\t<div class=\"gs_logo_single--wrapper\">\n\t\t\t\t<div class=\"gs_logo_single\">\n\n\t\t\t\t\t<!-- Logo Img -->\n\t\t\t\t\t<a href=\"https:\/\/www.fraunhofer.de\/\" target=\"_blank\" rel=\"noopener\"><img loading=\"lazy\" decoding=\"async\" width=\"300\" height=\"300\" src=\"https:\/\/essmann.com\/wp-content\/uploads\/2025\/03\/referenz_fraunhofer_logo.png\" class=\"gs_logo--tooltip tt-placement-top tt-bgcolor-one-%23ff5f6d tt-bgcolor-two-%23ffc371 tt-textcolor-%23fff gs-logo--img wp-post-image\" alt=\"Firmenlogo mit gr\u00fcnen Streifen und schwarzen Elementen\" title=\"Fraunhofer-Gesellschaft zur F\u00f6rderung der angewandten Forschung e.V.\" srcset=\"https:\/\/essmann.com\/wp-content\/uploads\/2025\/03\/referenz_fraunhofer_logo.png 300w, https:\/\/essmann.com\/wp-content\/uploads\/2025\/03\/referenz_fraunhofer_logo-150x150.png 150w\" sizes=\"auto, (max-width: 300px) 100vw, 300px\" \/> <\/a>\n\t\t\t\t\t<!-- Logo Title -->\n\t\t\t\t\t\t\t\t\t\t\n\t\t\t\t\t<!-- Logo Category -->\n\t\t\t\t\t\t\t\t\t\t\n\t\t\t\t<\/div>\n\t\t\t<\/div>\n\n\t\t\n\t\t\t<div class=\"gs_logo_single--wrapper\">\n\t\t\t\t<div class=\"gs_logo_single\">\n\n\t\t\t\t\t<!-- Logo Img -->\n\t\t\t\t\t<a href=\"https:\/\/www.kuehne.de\" target=\"_blank\" rel=\"noopener\"><img loading=\"lazy\" decoding=\"async\" width=\"300\" height=\"300\" src=\"https:\/\/essmann.com\/wp-content\/uploads\/2025\/03\/referenz_kuehne_logo.png\" class=\"gs_logo--tooltip tt-placement-top tt-bgcolor-one-%23ff5f6d tt-bgcolor-two-%23ffc371 tt-textcolor-%23fff gs-logo--img wp-post-image\" alt=\"Logo von K\u00fchne mit gr\u00fcnem Hintergrund\" title=\"Carl K\u00fchne KG (GmbH &#038; Co.)\" srcset=\"https:\/\/essmann.com\/wp-content\/uploads\/2025\/03\/referenz_kuehne_logo.png 300w, https:\/\/essmann.com\/wp-content\/uploads\/2025\/03\/referenz_kuehne_logo-150x150.png 150w\" sizes=\"auto, (max-width: 300px) 100vw, 300px\" \/> <\/a>\n\t\t\t\t\t<!-- Logo Title -->\n\t\t\t\t\t\t\t\t\t\t\n\t\t\t\t\t<!-- Logo Category -->\n\t\t\t\t\t\t\t\t\t\t\n\t\t\t\t<\/div>\n\t\t\t<\/div>\n\n\t\t\n\t\t\t<div class=\"gs_logo_single--wrapper\">\n\t\t\t\t<div class=\"gs_logo_single\">\n\n\t\t\t\t\t<!-- Logo Img -->\n\t\t\t\t\t<a href=\"https:\/\/www.airbus.com\" target=\"_blank\" rel=\"noopener\"><img loading=\"lazy\" decoding=\"async\" width=\"300\" height=\"300\" src=\"https:\/\/essmann.com\/wp-content\/uploads\/2025\/03\/referenz_airbus_logo.png\" class=\"gs_logo--tooltip tt-placement-top tt-bgcolor-one-%23ff5f6d tt-bgcolor-two-%23ffc371 tt-textcolor-%23fff gs-logo--img wp-post-image\" alt=\"Dunkelblaues Airbus-Logo\" title=\"Airbus Deutschland GmbH\" srcset=\"https:\/\/essmann.com\/wp-content\/uploads\/2025\/03\/referenz_airbus_logo.png 300w, https:\/\/essmann.com\/wp-content\/uploads\/2025\/03\/referenz_airbus_logo-150x150.png 150w\" sizes=\"auto, (max-width: 300px) 100vw, 300px\" \/> <\/a>\n\t\t\t\t\t<!-- Logo Title -->\n\t\t\t\t\t\t\t\t\t\t\n\t\t\t\t\t<!-- Logo Category -->\n\t\t\t\t\t\t\t\t\t\t\n\t\t\t\t<\/div>\n\t\t\t<\/div>\n\n\t\t\n\t\t\t<div class=\"gs_logo_single--wrapper\">\n\t\t\t\t<div class=\"gs_logo_single\">\n\n\t\t\t\t\t<!-- Logo Img -->\n\t\t\t\t\t<a href=\"https:\/\/www.siemens.com\" target=\"_blank\" rel=\"noopener\"><img loading=\"lazy\" decoding=\"async\" width=\"300\" height=\"300\" src=\"https:\/\/essmann.com\/wp-content\/uploads\/2025\/03\/referenz_siemens_logo.png\" class=\"gs_logo--tooltip tt-placement-top tt-bgcolor-one-%23ff5f6d tt-bgcolor-two-%23ffc371 tt-textcolor-%23fff gs-logo--img wp-post-image\" alt=\"Logo der Siemens AG\" title=\"Siemens Aktiengesellschaft\" srcset=\"https:\/\/essmann.com\/wp-content\/uploads\/2025\/03\/referenz_siemens_logo.png 300w, https:\/\/essmann.com\/wp-content\/uploads\/2025\/03\/referenz_siemens_logo-150x150.png 150w\" sizes=\"auto, (max-width: 300px) 100vw, 300px\" \/> <\/a>\n\t\t\t\t\t<!-- Logo Title -->\n\t\t\t\t\t\t\t\t\t\t\n\t\t\t\t\t<!-- Logo Category -->\n\t\t\t\t\t\t\t\t\t\t\n\t\t\t\t<\/div>\n\t\t\t<\/div>\n\n\t\t\n\t\t\t<div class=\"gs_logo_single--wrapper\">\n\t\t\t\t<div class=\"gs_logo_single\">\n\n\t\t\t\t\t<!-- Logo Img -->\n\t\t\t\t\t<a href=\"https:\/\/www.basf.com\" target=\"_blank\" rel=\"noopener\"><img loading=\"lazy\" decoding=\"async\" width=\"300\" height=\"300\" src=\"https:\/\/essmann.com\/wp-content\/uploads\/2025\/03\/referenz_basf_logo.png\" class=\"gs_logo--tooltip tt-placement-top tt-bgcolor-one-%23ff5f6d tt-bgcolor-two-%23ffc371 tt-textcolor-%23fff gs-logo--img wp-post-image\" alt=\"BASF SE Logo\" title=\"BASF SE\" srcset=\"https:\/\/essmann.com\/wp-content\/uploads\/2025\/03\/referenz_basf_logo.png 300w, https:\/\/essmann.com\/wp-content\/uploads\/2025\/03\/referenz_basf_logo-150x150.png 150w\" sizes=\"auto, (max-width: 300px) 100vw, 300px\" \/> <\/a>\n\t\t\t\t\t<!-- Logo Title -->\n\t\t\t\t\t\t\t\t\t\t\n\t\t\t\t\t<!-- Logo Category -->\n\t\t\t\t\t\t\t\t\t\t\n\t\t\t\t<\/div>\n\t\t\t<\/div>\n\n\t\t\n\t\t\t<div class=\"gs_logo_single--wrapper\">\n\t\t\t\t<div class=\"gs_logo_single\">\n\n\t\t\t\t\t<!-- Logo Img -->\n\t\t\t\t\t<a href=\"https:\/\/www.fli.d\" target=\"_blank\" rel=\"noopener\"><img loading=\"lazy\" decoding=\"async\" width=\"300\" height=\"300\" src=\"https:\/\/essmann.com\/wp-content\/uploads\/2025\/03\/referenz_friedrich_loeffler_logo.png\" class=\"gs_logo--tooltip tt-placement-top tt-bgcolor-one-%23ff5f6d tt-bgcolor-two-%23ffc371 tt-textcolor-%23fff gs-logo--img wp-post-image\" alt=\"Blaue Buchstaben FLI auf wei\u00dfem Hintergrund\" title=\"Friedrich-Loeffler-Institut, Bundesforschungsinstitut f\u00fcr Tiergesundheit\" srcset=\"https:\/\/essmann.com\/wp-content\/uploads\/2025\/03\/referenz_friedrich_loeffler_logo.png 300w, https:\/\/essmann.com\/wp-content\/uploads\/2025\/03\/referenz_friedrich_loeffler_logo-150x150.png 150w\" sizes=\"auto, (max-width: 300px) 100vw, 300px\" \/> <\/a>\n\t\t\t\t\t<!-- Logo Title -->\n\t\t\t\t\t\t\t\t\t\t\n\t\t\t\t\t<!-- Logo Category -->\n\t\t\t\t\t\t\t\t\t\t\n\t\t\t\t<\/div>\n\t\t\t<\/div>\n\n\t\t\n\t\t\t<div class=\"gs_logo_single--wrapper\">\n\t\t\t\t<div class=\"gs_logo_single\">\n\n\t\t\t\t\t<!-- Logo Img -->\n\t\t\t\t\t<a href=\"https:\/\/www.bundesdruckerei.de\" target=\"_blank\" rel=\"noopener\"><img loading=\"lazy\" decoding=\"async\" width=\"300\" height=\"300\" src=\"https:\/\/essmann.com\/wp-content\/uploads\/2025\/03\/referenz_bundesdruckerei_logo.png\" class=\"gs_logo--tooltip tt-placement-top tt-bgcolor-one-%23ff5f6d tt-bgcolor-two-%23ffc371 tt-textcolor-%23fff gs-logo--img wp-post-image\" alt=\"Bundesdruckerei-Logo in Rot, Gelb, Schwarz\" title=\"Bundesdruckerei Gruppe GmbH\" srcset=\"https:\/\/essmann.com\/wp-content\/uploads\/2025\/03\/referenz_bundesdruckerei_logo.png 300w, https:\/\/essmann.com\/wp-content\/uploads\/2025\/03\/referenz_bundesdruckerei_logo-150x150.png 150w\" sizes=\"auto, (max-width: 300px) 100vw, 300px\" \/> <\/a>\n\t\t\t\t\t<!-- Logo Title -->\n\t\t\t\t\t\t\t\t\t\t\n\t\t\t\t\t<!-- Logo Category -->\n\t\t\t\t\t\t\t\t\t\t\n\t\t\t\t<\/div>\n\t\t\t<\/div>\n\n\t\t\n\t\t\t<div class=\"gs_logo_single--wrapper\">\n\t\t\t\t<div class=\"gs_logo_single\">\n\n\t\t\t\t\t<!-- Logo Img -->\n\t\t\t\t\t<a href=\"https:\/\/de.kuehne-nagel.com\/\" target=\"_blank\" rel=\"noopener\"><img loading=\"lazy\" decoding=\"async\" width=\"300\" height=\"300\" src=\"https:\/\/essmann.com\/wp-content\/uploads\/2025\/03\/referenz_kuehne_nagel_logo.png\" class=\"gs_logo--tooltip tt-placement-top tt-bgcolor-one-%23ff5f6d tt-bgcolor-two-%23ffc371 tt-textcolor-%23fff gs-logo--img wp-post-image\" alt=\"Besch\u00e4digtes digitales Bild mit blauen Streifen\" title=\"K\u00fchne + Nagel (AG &#038; Co.) KG\" srcset=\"https:\/\/essmann.com\/wp-content\/uploads\/2025\/03\/referenz_kuehne_nagel_logo.png 300w, https:\/\/essmann.com\/wp-content\/uploads\/2025\/03\/referenz_kuehne_nagel_logo-150x150.png 150w\" sizes=\"auto, (max-width: 300px) 100vw, 300px\" \/> <\/a>\n\t\t\t\t\t<!-- Logo Title -->\n\t\t\t\t\t\t\t\t\t\t\n\t\t\t\t\t<!-- Logo Category -->\n\t\t\t\t\t\t\t\t\t\t\n\t\t\t\t<\/div>\n\t\t\t<\/div>\n\n\t\t\n\t\t\t<div class=\"gs_logo_single--wrapper\">\n\t\t\t\t<div class=\"gs_logo_single\">\n\n\t\t\t\t\t<!-- Logo Img -->\n\t\t\t\t\t<a href=\"https:\/\/www.dkms.de\" target=\"_blank\" rel=\"noopener\"><img loading=\"lazy\" decoding=\"async\" width=\"300\" height=\"300\" src=\"https:\/\/essmann.com\/wp-content\/uploads\/2025\/03\/referenz_dkms_logo.png\" class=\"gs_logo--tooltip tt-placement-top tt-bgcolor-one-%23ff5f6d tt-bgcolor-two-%23ffc371 tt-textcolor-%23fff gs-logo--img wp-post-image\" alt=\"Rotes Logo von DKMS\" title=\"DKMS Group gGmbH\" srcset=\"https:\/\/essmann.com\/wp-content\/uploads\/2025\/03\/referenz_dkms_logo.png 300w, https:\/\/essmann.com\/wp-content\/uploads\/2025\/03\/referenz_dkms_logo-150x150.png 150w\" sizes=\"auto, (max-width: 300px) 100vw, 300px\" \/> <\/a>\n\t\t\t\t\t<!-- Logo Title -->\n\t\t\t\t\t\t\t\t\t\t\n\t\t\t\t\t<!-- Logo Category -->\n\t\t\t\t\t\t\t\t\t\t\n\t\t\t\t<\/div>\n\t\t\t<\/div>\n\n\t\t\n\t\t\t<div class=\"gs_logo_single--wrapper\">\n\t\t\t\t<div class=\"gs_logo_single\">\n\n\t\t\t\t\t<!-- Logo Img -->\n\t\t\t\t\t<a href=\"https:\/\/www.leonhard-weiss.de\/\" target=\"_blank\" rel=\"noopener\"><img loading=\"lazy\" decoding=\"async\" width=\"300\" height=\"300\" src=\"https:\/\/essmann.com\/wp-content\/uploads\/2025\/03\/referenz_leonhard_weiss_logo.png\" class=\"gs_logo--tooltip tt-placement-top tt-bgcolor-one-%23ff5f6d tt-bgcolor-two-%23ffc371 tt-textcolor-%23fff gs-logo--img wp-post-image\" alt=\"Abstraktes Schwarz-Gelbes Logo von Leonhard Weiss\" title=\"LEONHARD WEISS GmbH &#038; Co. KG\" srcset=\"https:\/\/essmann.com\/wp-content\/uploads\/2025\/03\/referenz_leonhard_weiss_logo.png 300w, https:\/\/essmann.com\/wp-content\/uploads\/2025\/03\/referenz_leonhard_weiss_logo-150x150.png 150w\" sizes=\"auto, (max-width: 300px) 100vw, 300px\" \/> <\/a>\n\t\t\t\t\t<!-- Logo Title -->\n\t\t\t\t\t\t\t\t\t\t\n\t\t\t\t\t<!-- Logo Category -->\n\t\t\t\t\t\t\t\t\t\t\n\t\t\t\t<\/div>\n\t\t\t<\/div>\n\n\t\t\n\t\t\t<div class=\"gs_logo_single--wrapper\">\n\t\t\t\t<div class=\"gs_logo_single\">\n\n\t\t\t\t\t<!-- Logo Img -->\n\t\t\t\t\t<a href=\"https:\/\/www.eon.de\" target=\"_blank\" rel=\"noopener\"><img loading=\"lazy\" decoding=\"async\" width=\"300\" height=\"300\" src=\"https:\/\/essmann.com\/wp-content\/uploads\/2025\/03\/referenz_eon_logo.png\" class=\"gs_logo--tooltip tt-placement-top tt-bgcolor-one-%23ff5f6d tt-bgcolor-two-%23ffc371 tt-textcolor-%23fff gs-logo--img wp-post-image\" alt=\"Rotes Coca-Cola Logo auf wei\u00dfem Hintergrund\" title=\"E.ON Energie Deutschland GmbH\" srcset=\"https:\/\/essmann.com\/wp-content\/uploads\/2025\/03\/referenz_eon_logo.png 300w, https:\/\/essmann.com\/wp-content\/uploads\/2025\/03\/referenz_eon_logo-150x150.png 150w\" sizes=\"auto, (max-width: 300px) 100vw, 300px\" \/> <\/a>\n\t\t\t\t\t<!-- Logo Title -->\n\t\t\t\t\t\t\t\t\t\t\n\t\t\t\t\t<!-- Logo Category -->\n\t\t\t\t\t\t\t\t\t\t\n\t\t\t\t<\/div>\n\t\t\t<\/div>\n\n\t\t\n\t\t\t<div class=\"gs_logo_single--wrapper\">\n\t\t\t\t<div class=\"gs_logo_single\">\n\n\t\t\t\t\t<!-- Logo Img -->\n\t\t\t\t\t<a href=\"https:\/\/de.airliquide.com\/\" target=\"_blank\" rel=\"noopener\"><img loading=\"lazy\" decoding=\"async\" width=\"300\" height=\"300\" src=\"https:\/\/essmann.com\/wp-content\/uploads\/2025\/03\/referenz_air_liquide_logo.png\" class=\"gs_logo--tooltip tt-placement-top tt-bgcolor-one-%23ff5f6d tt-bgcolor-two-%23ffc371 tt-textcolor-%23fff gs-logo--img wp-post-image\" alt=\"Blau und rot, Logo Air Liquide\" title=\"Air Liquide Deutschland GmbH\" srcset=\"https:\/\/essmann.com\/wp-content\/uploads\/2025\/03\/referenz_air_liquide_logo.png 300w, https:\/\/essmann.com\/wp-content\/uploads\/2025\/03\/referenz_air_liquide_logo-150x150.png 150w\" sizes=\"auto, (max-width: 300px) 100vw, 300px\" \/> <\/a>\n\t\t\t\t\t<!-- Logo Title -->\n\t\t\t\t\t\t\t\t\t\t\n\t\t\t\t\t<!-- Logo Category -->\n\t\t\t\t\t\t\t\t\t\t\n\t\t\t\t<\/div>\n\t\t\t<\/div>\n\n\t\t\n\t\t\t<div class=\"gs_logo_single--wrapper\">\n\t\t\t\t<div class=\"gs_logo_single\">\n\n\t\t\t\t\t<!-- Logo Img -->\n\t\t\t\t\t<a href=\"https:\/\/de.dow.com\" target=\"_blank\" rel=\"noopener\"><img loading=\"lazy\" decoding=\"async\" width=\"300\" height=\"300\" src=\"https:\/\/essmann.com\/wp-content\/uploads\/2025\/03\/referenz_dow_logo.png\" class=\"gs_logo--tooltip tt-placement-top tt-bgcolor-one-%23ff5f6d tt-bgcolor-two-%23ffc371 tt-textcolor-%23fff gs-logo--img wp-post-image\" alt=\"Dow Logo auf rotem Hintergrund\" title=\"Dow Deutschland Anlagengesellschaft mbH\" srcset=\"https:\/\/essmann.com\/wp-content\/uploads\/2025\/03\/referenz_dow_logo.png 300w, https:\/\/essmann.com\/wp-content\/uploads\/2025\/03\/referenz_dow_logo-150x150.png 150w\" sizes=\"auto, (max-width: 300px) 100vw, 300px\" \/> <\/a>\n\t\t\t\t\t<!-- Logo Title -->\n\t\t\t\t\t\t\t\t\t\t\n\t\t\t\t\t<!-- Logo Category -->\n\t\t\t\t\t\t\t\t\t\t\n\t\t\t\t<\/div>\n\t\t\t<\/div>\n\n\t\t\n\t\t\t<div class=\"gs_logo_single--wrapper\">\n\t\t\t\t<div class=\"gs_logo_single\">\n\n\t\t\t\t\t<!-- Logo Img -->\n\t\t\t\t\t<a href=\"https:\/\/www.nports.de\" target=\"_blank\" rel=\"noopener\"><img loading=\"lazy\" decoding=\"async\" width=\"300\" height=\"300\" src=\"https:\/\/essmann.com\/wp-content\/uploads\/2025\/03\/referenz_niedersachen_ports_logo.png\" class=\"gs_logo--tooltip tt-placement-top tt-bgcolor-one-%23ff5f6d tt-bgcolor-two-%23ffc371 tt-textcolor-%23fff gs-logo--img wp-post-image\" alt=\"Logo von Niedersachsen Ports\" title=\"Niedersachsen Ports GmbH &#038; Co. KG\" srcset=\"https:\/\/essmann.com\/wp-content\/uploads\/2025\/03\/referenz_niedersachen_ports_logo.png 300w, https:\/\/essmann.com\/wp-content\/uploads\/2025\/03\/referenz_niedersachen_ports_logo-150x150.png 150w\" sizes=\"auto, (max-width: 300px) 100vw, 300px\" \/> <\/a>\n\t\t\t\t\t<!-- Logo Title -->\n\t\t\t\t\t\t\t\t\t\t\n\t\t\t\t\t<!-- Logo Category -->\n\t\t\t\t\t\t\t\t\t\t\n\t\t\t\t<\/div>\n\t\t\t<\/div>\n\n\t\t\n\t\t\t<div class=\"gs_logo_single--wrapper\">\n\t\t\t\t<div class=\"gs_logo_single\">\n\n\t\t\t\t\t<!-- Logo Img -->\n\t\t\t\t\t<a href=\"https:\/\/www.zueblin.de\" target=\"_blank\" rel=\"noopener\"><img loading=\"lazy\" decoding=\"async\" width=\"300\" height=\"300\" src=\"https:\/\/essmann.com\/wp-content\/uploads\/2025\/03\/referenz_zueblin_logo.png\" class=\"gs_logo--tooltip tt-placement-top tt-bgcolor-one-%23ff5f6d tt-bgcolor-two-%23ffc371 tt-textcolor-%23fff gs-logo--img wp-post-image\" alt=\"Logo von Z\u00fcblin in Rot und Schwarz\" title=\"Ed. Z\u00fcblin AG\" srcset=\"https:\/\/essmann.com\/wp-content\/uploads\/2025\/03\/referenz_zueblin_logo.png 300w, https:\/\/essmann.com\/wp-content\/uploads\/2025\/03\/referenz_zueblin_logo-150x150.png 150w\" sizes=\"auto, (max-width: 300px) 100vw, 300px\" \/> <\/a>\n\t\t\t\t\t<!-- Logo Title -->\n\t\t\t\t\t\t\t\t\t\t\n\t\t\t\t\t<!-- Logo Category -->\n\t\t\t\t\t\t\t\t\t\t\n\t\t\t\t<\/div>\n\t\t\t<\/div>\n\n\t\t\n\t\t\t<div class=\"gs_logo_single--wrapper\">\n\t\t\t\t<div class=\"gs_logo_single\">\n\n\t\t\t\t\t<!-- Logo Img -->\n\t\t\t\t\t<a href=\"https:\/\/www.bahn.de\" target=\"_blank\" rel=\"noopener\"><img loading=\"lazy\" decoding=\"async\" width=\"300\" height=\"300\" src=\"https:\/\/essmann.com\/wp-content\/uploads\/2025\/03\/referenz_db_logo.png\" class=\"gs_logo--tooltip tt-placement-top tt-bgcolor-one-%23ff5f6d tt-bgcolor-two-%23ffc371 tt-textcolor-%23fff gs-logo--img wp-post-image\" alt=\"Logo der Deutschen Bahn\" title=\"DB Fernverkehr AG\" srcset=\"https:\/\/essmann.com\/wp-content\/uploads\/2025\/03\/referenz_db_logo.png 300w, https:\/\/essmann.com\/wp-content\/uploads\/2025\/03\/referenz_db_logo-150x150.png 150w\" sizes=\"auto, (max-width: 300px) 100vw, 300px\" \/> <\/a>\n\t\t\t\t\t<!-- Logo Title -->\n\t\t\t\t\t\t\t\t\t\t\n\t\t\t\t\t<!-- Logo Category -->\n\t\t\t\t\t\t\t\t\t\t\n\t\t\t\t<\/div>\n\t\t\t<\/div>\n\n\t\t\n\t\t\t<div class=\"gs_logo_single--wrapper\">\n\t\t\t\t<div class=\"gs_logo_single\">\n\n\t\t\t\t\t<!-- Logo Img -->\n\t\t\t\t\t<a href=\"https:\/\/www.steinebach-chemikalien.de\" target=\"_blank\" rel=\"noopener\"><img loading=\"lazy\" decoding=\"async\" width=\"300\" height=\"300\" src=\"https:\/\/essmann.com\/wp-content\/uploads\/2025\/03\/referenz_steinebach_logo.png\" class=\"gs_logo--tooltip tt-placement-top tt-bgcolor-one-%23ff5f6d tt-bgcolor-two-%23ffc371 tt-textcolor-%23fff gs-logo--img wp-post-image\" alt=\"Logo Steinebach Chemie mit blauem und gr\u00fcnem Designelement\" title=\"Richard Steinebach GmbH &#038; Co. KG\" srcset=\"https:\/\/essmann.com\/wp-content\/uploads\/2025\/03\/referenz_steinebach_logo.png 300w, https:\/\/essmann.com\/wp-content\/uploads\/2025\/03\/referenz_steinebach_logo-150x150.png 150w\" sizes=\"auto, (max-width: 300px) 100vw, 300px\" \/> <\/a>\n\t\t\t\t\t<!-- Logo Title -->\n\t\t\t\t\t\t\t\t\t\t\n\t\t\t\t\t<!-- Logo Category -->\n\t\t\t\t\t\t\t\t\t\t\n\t\t\t\t<\/div>\n\t\t\t<\/div>\n\n\t\t\n\t\t\t<div class=\"gs_logo_single--wrapper\">\n\t\t\t\t<div class=\"gs_logo_single\">\n\n\t\t\t\t\t<!-- Logo Img -->\n\t\t\t\t\t<a href=\"https:\/\/premiumfoodgroup.de\/\" target=\"_blank\" rel=\"noopener\"><img loading=\"lazy\" decoding=\"async\" width=\"300\" height=\"300\" src=\"https:\/\/essmann.com\/wp-content\/uploads\/2025\/03\/referenz_premium_food_logo.png\" class=\"gs_logo--tooltip tt-placement-top tt-bgcolor-one-%23ff5f6d tt-bgcolor-two-%23ffc371 tt-textcolor-%23fff gs-logo--img wp-post-image\" alt=\"G\u00fcnes Premium Food Group Logo\" title=\"Premium Food Group ApS &#038; Co. KG\" srcset=\"https:\/\/essmann.com\/wp-content\/uploads\/2025\/03\/referenz_premium_food_logo.png 300w, https:\/\/essmann.com\/wp-content\/uploads\/2025\/03\/referenz_premium_food_logo-150x150.png 150w\" sizes=\"auto, (max-width: 300px) 100vw, 300px\" \/> <\/a>\n\t\t\t\t\t<!-- Logo Title -->\n\t\t\t\t\t\t\t\t\t\t\n\t\t\t\t\t<!-- Logo Category -->\n\t\t\t\t\t\t\t\t\t\t\n\t\t\t\t<\/div>\n\t\t\t<\/div>\n\n\t\t\n\t\t\t<div class=\"gs_logo_single--wrapper\">\n\t\t\t\t<div class=\"gs_logo_single\">\n\n\t\t\t\t\t<!-- Logo Img -->\n\t\t\t\t\t<a href=\"https:\/\/www.brenntag.com\/de-de\/\" target=\"_blank\" rel=\"noopener\"><img loading=\"lazy\" decoding=\"async\" width=\"300\" height=\"300\" src=\"https:\/\/essmann.com\/wp-content\/uploads\/2025\/03\/referenz_brenntag_logo.png\" class=\"gs_logo--tooltip tt-placement-top tt-bgcolor-one-%23ff5f6d tt-bgcolor-two-%23ffc371 tt-textcolor-%23fff gs-logo--img wp-post-image\" alt=\"Brenntag-Logo mit dickem blauem B am Anfang\" title=\"Brenntag GmbH\" srcset=\"https:\/\/essmann.com\/wp-content\/uploads\/2025\/03\/referenz_brenntag_logo.png 300w, https:\/\/essmann.com\/wp-content\/uploads\/2025\/03\/referenz_brenntag_logo-150x150.png 150w\" sizes=\"auto, (max-width: 300px) 100vw, 300px\" \/> <\/a>\n\t\t\t\t\t<!-- Logo Title -->\n\t\t\t\t\t\t\t\t\t\t\n\t\t\t\t\t<!-- Logo Category -->\n\t\t\t\t\t\t\t\t\t\t\n\t\t\t\t<\/div>\n\t\t\t<\/div>\n\n\t\t\n\t\t\t<div class=\"gs_logo_single--wrapper\">\n\t\t\t\t<div class=\"gs_logo_single\">\n\n\t\t\t\t\t<!-- Logo Img -->\n\t\t\t\t\t<a href=\"https:\/\/www.carlsbergdeutschland.de\/\" target=\"_blank\" rel=\"noopener\"><img loading=\"lazy\" decoding=\"async\" width=\"300\" height=\"300\" src=\"https:\/\/essmann.com\/wp-content\/uploads\/2025\/03\/referenz_carlsberg_logo.png\" class=\"gs_logo--tooltip tt-placement-top tt-bgcolor-one-%23ff5f6d tt-bgcolor-two-%23ffc371 tt-textcolor-%23fff gs-logo--img wp-post-image\" alt=\"Gr\u00fcnes Carlsberg-Logo\" title=\"Carlsberg Deutschland GmbH\" srcset=\"https:\/\/essmann.com\/wp-content\/uploads\/2025\/03\/referenz_carlsberg_logo.png 300w, https:\/\/essmann.com\/wp-content\/uploads\/2025\/03\/referenz_carlsberg_logo-150x150.png 150w\" sizes=\"auto, (max-width: 300px) 100vw, 300px\" \/> <\/a>\n\t\t\t\t\t<!-- Logo Title -->\n\t\t\t\t\t\t\t\t\t\t\n\t\t\t\t\t<!-- Logo Category -->\n\t\t\t\t\t\t\t\t\t\t\n\t\t\t\t<\/div>\n\t\t\t<\/div>\n\n\t\t\n\t\t\t<div class=\"gs_logo_single--wrapper\">\n\t\t\t\t<div class=\"gs_logo_single\">\n\n\t\t\t\t\t<!-- Logo Img -->\n\t\t\t\t\t<a href=\"https:\/\/www.ubs.com\" target=\"_blank\" rel=\"noopener\"><img loading=\"lazy\" decoding=\"async\" width=\"300\" height=\"300\" src=\"https:\/\/essmann.com\/wp-content\/uploads\/2025\/03\/referenz_ubs_logo.png\" class=\"gs_logo--tooltip tt-placement-top tt-bgcolor-one-%23ff5f6d tt-bgcolor-two-%23ffc371 tt-textcolor-%23fff gs-logo--img wp-post-image\" alt=\"Schwarz-rotes abstraktes Logo von UBS\" title=\"UBS Group AG\" srcset=\"https:\/\/essmann.com\/wp-content\/uploads\/2025\/03\/referenz_ubs_logo.png 300w, https:\/\/essmann.com\/wp-content\/uploads\/2025\/03\/referenz_ubs_logo-150x150.png 150w\" sizes=\"auto, (max-width: 300px) 100vw, 300px\" \/> <\/a>\n\t\t\t\t\t<!-- Logo Title -->\n\t\t\t\t\t\t\t\t\t\t\n\t\t\t\t\t<!-- Logo Category -->\n\t\t\t\t\t\t\t\t\t\t\n\t\t\t\t<\/div>\n\t\t\t<\/div>\n\n\t\t\n\t\t\t<div class=\"gs_logo_single--wrapper\">\n\t\t\t\t<div class=\"gs_logo_single\">\n\n\t\t\t\t\t<!-- Logo Img -->\n\t\t\t\t\t<a href=\"https:\/\/www.bundesbank.de\" target=\"_blank\" rel=\"noopener\"><img loading=\"lazy\" decoding=\"async\" width=\"300\" height=\"300\" src=\"https:\/\/essmann.com\/wp-content\/uploads\/2025\/03\/referenz_deutschebundesbank_logo.png\" class=\"gs_logo--tooltip tt-placement-top tt-bgcolor-one-%23ff5f6d tt-bgcolor-two-%23ffc371 tt-textcolor-%23fff gs-logo--img wp-post-image\" alt=\"Logo Deutsche Bundesbank mit stilisierter EU-Flagge\" title=\"Deutsche Bundesbank\" srcset=\"https:\/\/essmann.com\/wp-content\/uploads\/2025\/03\/referenz_deutschebundesbank_logo.png 300w, https:\/\/essmann.com\/wp-content\/uploads\/2025\/03\/referenz_deutschebundesbank_logo-150x150.png 150w\" sizes=\"auto, (max-width: 300px) 100vw, 300px\" \/> <\/a>\n\t\t\t\t\t<!-- Logo Title -->\n\t\t\t\t\t\t\t\t\t\t\n\t\t\t\t\t<!-- Logo Category -->\n\t\t\t\t\t\t\t\t\t\t\n\t\t\t\t<\/div>\n\t\t\t<\/div>\n\n\t\t\n\t\t\t<div class=\"gs_logo_single--wrapper\">\n\t\t\t\t<div class=\"gs_logo_single\">\n\n\t\t\t\t\t<!-- Logo Img -->\n\t\t\t\t\t<a href=\"https:\/\/www.deere.de\/\" target=\"_blank\" rel=\"noopener\"><img loading=\"lazy\" decoding=\"async\" width=\"300\" height=\"300\" src=\"https:\/\/essmann.com\/wp-content\/uploads\/2025\/03\/referenz_john_deree_logo.png\" class=\"gs_logo--tooltip tt-placement-top tt-bgcolor-one-%23ff5f6d tt-bgcolor-two-%23ffc371 tt-textcolor-%23fff gs-logo--img wp-post-image\" alt=\"John-Deree-Logo mit springendem Hirsch in Gr\u00fcn und Gelb\" title=\"John Deere Walldorf GmbH &#038; Co. KG\" srcset=\"https:\/\/essmann.com\/wp-content\/uploads\/2025\/03\/referenz_john_deree_logo.png 300w, https:\/\/essmann.com\/wp-content\/uploads\/2025\/03\/referenz_john_deree_logo-150x150.png 150w\" sizes=\"auto, (max-width: 300px) 100vw, 300px\" \/> <\/a>\n\t\t\t\t\t<!-- Logo Title -->\n\t\t\t\t\t\t\t\t\t\t\n\t\t\t\t\t<!-- Logo Category -->\n\t\t\t\t\t\t\t\t\t\t\n\t\t\t\t<\/div>\n\t\t\t<\/div>\n\n\t\t\n\t\t\t<div class=\"gs_logo_single--wrapper\">\n\t\t\t\t<div class=\"gs_logo_single\">\n\n\t\t\t\t\t<!-- Logo Img -->\n\t\t\t\t\t<a href=\"https:\/\/www.cronimet.de\" target=\"_blank\" rel=\"noopener\"><img loading=\"lazy\" decoding=\"async\" width=\"300\" height=\"300\" src=\"https:\/\/essmann.com\/wp-content\/uploads\/2025\/02\/logo_cronimet.png\" class=\"gs_logo--tooltip tt-placement-top tt-bgcolor-one-%23ff5f6d tt-bgcolor-two-%23ffc371 tt-textcolor-%23fff gs-logo--img wp-post-image\" alt=\"CRONIMET Holding GmbH\" title=\"CRONIMET Holding GmbH\" srcset=\"https:\/\/essmann.com\/wp-content\/uploads\/2025\/02\/logo_cronimet.png 300w, https:\/\/essmann.com\/wp-content\/uploads\/2025\/02\/logo_cronimet-150x150.png 150w\" sizes=\"auto, (max-width: 300px) 100vw, 300px\" \/> <\/a>\n\t\t\t\t\t<!-- Logo Title -->\n\t\t\t\t\t\t\t\t\t\t\n\t\t\t\t\t<!-- Logo Category -->\n\t\t\t\t\t\t\t\t\t\t\n\t\t\t\t<\/div>\n\t\t\t<\/div>\n\n\t\t\n\t\t\t<div class=\"gs_logo_single--wrapper\">\n\t\t\t\t<div class=\"gs_logo_single\">\n\n\t\t\t\t\t<!-- Logo Img -->\n\t\t\t\t\t<a href=\"https:\/\/www.dillinger.de\/\" target=\"_blank\" rel=\"noopener\"><img loading=\"lazy\" decoding=\"async\" width=\"300\" height=\"300\" src=\"https:\/\/essmann.com\/wp-content\/uploads\/2025\/02\/logo_dillinger_huette.png\" class=\"gs_logo--tooltip tt-placement-top tt-bgcolor-one-%23ff5f6d tt-bgcolor-two-%23ffc371 tt-textcolor-%23fff gs-logo--img wp-post-image\" alt=\"AG der Dillinger H\u00fcttenwerke\" title=\"AG der Dillinger H\u00fcttenwerke\" srcset=\"https:\/\/essmann.com\/wp-content\/uploads\/2025\/02\/logo_dillinger_huette.png 300w, https:\/\/essmann.com\/wp-content\/uploads\/2025\/02\/logo_dillinger_huette-150x150.png 150w\" sizes=\"auto, (max-width: 300px) 100vw, 300px\" \/> <\/a>\n\t\t\t\t\t<!-- Logo Title -->\n\t\t\t\t\t\t\t\t\t\t\n\t\t\t\t\t<!-- Logo Category -->\n\t\t\t\t\t\t\t\t\t\t\n\t\t\t\t<\/div>\n\t\t\t<\/div>\n\n\t\t\n\t\t\t<div class=\"gs_logo_single--wrapper\">\n\t\t\t\t<div class=\"gs_logo_single\">\n\n\t\t\t\t\t<!-- Logo Img -->\n\t\t\t\t\t<a href=\"https:\/\/www.evonik.com\" target=\"_blank\" rel=\"noopener\"><img loading=\"lazy\" decoding=\"async\" width=\"300\" height=\"300\" src=\"https:\/\/essmann.com\/wp-content\/uploads\/2025\/02\/logo_evonik.png\" class=\"gs_logo--tooltip tt-placement-top tt-bgcolor-one-%23ff5f6d tt-bgcolor-two-%23ffc371 tt-textcolor-%23fff gs-logo--img wp-post-image\" alt=\"Evonik Industries AG\" title=\"Evonik Industries AG\" srcset=\"https:\/\/essmann.com\/wp-content\/uploads\/2025\/02\/logo_evonik.png 300w, https:\/\/essmann.com\/wp-content\/uploads\/2025\/02\/logo_evonik-150x150.png 150w\" sizes=\"auto, (max-width: 300px) 100vw, 300px\" \/> <\/a>\n\t\t\t\t\t<!-- Logo Title -->\n\t\t\t\t\t\t\t\t\t\t\n\t\t\t\t\t<!-- Logo Category -->\n\t\t\t\t\t\t\t\t\t\t\n\t\t\t\t<\/div>\n\t\t\t<\/div>\n\n\t\t\n\t\t\t<div class=\"gs_logo_single--wrapper\">\n\t\t\t\t<div class=\"gs_logo_single\">\n\n\t\t\t\t\t<!-- Logo Img -->\n\t\t\t\t\t<a href=\"https:\/\/www.evos.eu\" target=\"_blank\" rel=\"noopener\"><img loading=\"lazy\" decoding=\"async\" width=\"300\" height=\"300\" src=\"https:\/\/essmann.com\/wp-content\/uploads\/2025\/02\/logo_evos.png\" class=\"gs_logo--tooltip tt-placement-top tt-bgcolor-one-%23ff5f6d tt-bgcolor-two-%23ffc371 tt-textcolor-%23fff gs-logo--img wp-post-image\" alt=\"Evos group\" title=\"Evos Group\" srcset=\"https:\/\/essmann.com\/wp-content\/uploads\/2025\/02\/logo_evos.png 300w, https:\/\/essmann.com\/wp-content\/uploads\/2025\/02\/logo_evos-150x150.png 150w\" sizes=\"auto, (max-width: 300px) 100vw, 300px\" \/> <\/a>\n\t\t\t\t\t<!-- Logo Title -->\n\t\t\t\t\t\t\t\t\t\t\n\t\t\t\t\t<!-- Logo Category -->\n\t\t\t\t\t\t\t\t\t\t\n\t\t\t\t<\/div>\n\t\t\t<\/div>\n\n\t\t\n\t\t\t<div class=\"gs_logo_single--wrapper\">\n\t\t\t\t<div class=\"gs_logo_single\">\n\n\t\t\t\t\t<!-- Logo Img -->\n\t\t\t\t\t<a href=\"https:\/\/www.gmh-gruppe.de\/\" target=\"_blank\" rel=\"noopener\"><img loading=\"lazy\" decoding=\"async\" width=\"300\" height=\"300\" src=\"https:\/\/essmann.com\/wp-content\/uploads\/2025\/02\/logo_gmh_gruppe.png\" class=\"gs_logo--tooltip tt-placement-top tt-bgcolor-one-%23ff5f6d tt-bgcolor-two-%23ffc371 tt-textcolor-%23fff gs-logo--img wp-post-image\" alt=\"Georgsmarienh\u00fctte Holding GmbH\" title=\"Georgsmarienh\u00fctte Holding GmbH\" srcset=\"https:\/\/essmann.com\/wp-content\/uploads\/2025\/02\/logo_gmh_gruppe.png 300w, https:\/\/essmann.com\/wp-content\/uploads\/2025\/02\/logo_gmh_gruppe-150x150.png 150w\" sizes=\"auto, (max-width: 300px) 100vw, 300px\" \/> <\/a>\n\t\t\t\t\t<!-- Logo Title -->\n\t\t\t\t\t\t\t\t\t\t\n\t\t\t\t\t<!-- Logo Category -->\n\t\t\t\t\t\t\t\t\t\t\n\t\t\t\t<\/div>\n\t\t\t<\/div>\n\n\t\t\n\t\t\t<div class=\"gs_logo_single--wrapper\">\n\t\t\t\t<div class=\"gs_logo_single\">\n\n\t\t\t\t\t<!-- Logo Img -->\n\t\t\t\t\t<a href=\"https:\/\/www.holcim.de\" target=\"_blank\" rel=\"noopener\"><img loading=\"lazy\" decoding=\"async\" width=\"300\" height=\"300\" src=\"https:\/\/essmann.com\/wp-content\/uploads\/2025\/02\/logo_holcim.png\" class=\"gs_logo--tooltip tt-placement-top tt-bgcolor-one-%23ff5f6d tt-bgcolor-two-%23ffc371 tt-textcolor-%23fff gs-logo--img wp-post-image\" alt=\"Holcim (Deutschland) GmbH\" title=\"Holcim GmbH\" srcset=\"https:\/\/essmann.com\/wp-content\/uploads\/2025\/02\/logo_holcim.png 300w, https:\/\/essmann.com\/wp-content\/uploads\/2025\/02\/logo_holcim-150x150.png 150w\" sizes=\"auto, (max-width: 300px) 100vw, 300px\" \/> <\/a>\n\t\t\t\t\t<!-- Logo Title -->\n\t\t\t\t\t\t\t\t\t\t\n\t\t\t\t\t<!-- Logo Category -->\n\t\t\t\t\t\t\t\t\t\t\n\t\t\t\t<\/div>\n\t\t\t<\/div>\n\n\t\t\n\t\t\t<div class=\"gs_logo_single--wrapper\">\n\t\t\t\t<div class=\"gs_logo_single\">\n\n\t\t\t\t\t<!-- Logo Img -->\n\t\t\t\t\t<a href=\"https:\/\/www.imrecycling.de\" target=\"_blank\" rel=\"noopener\"><img loading=\"lazy\" decoding=\"async\" width=\"300\" height=\"300\" src=\"https:\/\/essmann.com\/wp-content\/uploads\/2025\/02\/logo_imr.png\" class=\"gs_logo--tooltip tt-placement-top tt-bgcolor-one-%23ff5f6d tt-bgcolor-two-%23ffc371 tt-textcolor-%23fff gs-logo--img wp-post-image\" alt=\"IMR Innovative Metal Recycling GmbH\" title=\"IMR Innovative Metal Recycling GmbH\" srcset=\"https:\/\/essmann.com\/wp-content\/uploads\/2025\/02\/logo_imr.png 300w, https:\/\/essmann.com\/wp-content\/uploads\/2025\/02\/logo_imr-150x150.png 150w\" sizes=\"auto, (max-width: 300px) 100vw, 300px\" \/> <\/a>\n\t\t\t\t\t<!-- Logo Title -->\n\t\t\t\t\t\t\t\t\t\t\n\t\t\t\t\t<!-- Logo Category -->\n\t\t\t\t\t\t\t\t\t\t\n\t\t\t\t<\/div>\n\t\t\t<\/div>\n\n\t\t\n\t\t\t<div class=\"gs_logo_single--wrapper\">\n\t\t\t\t<div class=\"gs_logo_single\">\n\n\t\t\t\t\t<!-- Logo Img -->\n\t\t\t\t\t<a href=\"https:\/\/www.infraserv.com\" target=\"_blank\" rel=\"noopener\"><img loading=\"lazy\" decoding=\"async\" width=\"300\" height=\"300\" src=\"https:\/\/essmann.com\/wp-content\/uploads\/2025\/02\/logo_infarserv.png\" class=\"gs_logo--tooltip tt-placement-top tt-bgcolor-one-%23ff5f6d tt-bgcolor-two-%23ffc371 tt-textcolor-%23fff gs-logo--img wp-post-image\" alt=\"Infraserv GmbH &amp; Co. H\u00f6chst KG\" title=\"Infraserv GmbH &#038; Co. H\u00f6chst KG\" srcset=\"https:\/\/essmann.com\/wp-content\/uploads\/2025\/02\/logo_infarserv.png 300w, https:\/\/essmann.com\/wp-content\/uploads\/2025\/02\/logo_infarserv-150x150.png 150w\" sizes=\"auto, (max-width: 300px) 100vw, 300px\" \/> <\/a>\n\t\t\t\t\t<!-- Logo Title -->\n\t\t\t\t\t\t\t\t\t\t\n\t\t\t\t\t<!-- Logo Category -->\n\t\t\t\t\t\t\t\t\t\t\n\t\t\t\t<\/div>\n\t\t\t<\/div>\n\n\t\t\n\t\t\t<div class=\"gs_logo_single--wrapper\">\n\t\t\t\t<div class=\"gs_logo_single\">\n\n\t\t\t\t\t<!-- Logo Img -->\n\t\t\t\t\t<a href=\"https:\/\/niag.de\" target=\"_blank\" rel=\"noopener\"><img loading=\"lazy\" decoding=\"async\" width=\"300\" height=\"300\" src=\"https:\/\/essmann.com\/wp-content\/uploads\/2025\/02\/logo_niag.png\" class=\"gs_logo--tooltip tt-placement-top tt-bgcolor-one-%23ff5f6d tt-bgcolor-two-%23ffc371 tt-textcolor-%23fff gs-logo--img wp-post-image\" alt=\"Niederrheinische Verkehrsbetriebe Aktiengesellschaft NIAG\" title=\"Niederrheinische Verkehrsbetriebe Aktiengesellschaft NIAG\" srcset=\"https:\/\/essmann.com\/wp-content\/uploads\/2025\/02\/logo_niag.png 300w, https:\/\/essmann.com\/wp-content\/uploads\/2025\/02\/logo_niag-150x150.png 150w\" sizes=\"auto, (max-width: 300px) 100vw, 300px\" \/> <\/a>\n\t\t\t\t\t<!-- Logo Title -->\n\t\t\t\t\t\t\t\t\t\t\n\t\t\t\t\t<!-- Logo Category -->\n\t\t\t\t\t\t\t\t\t\t\n\t\t\t\t<\/div>\n\t\t\t<\/div>\n\n\t\t\n\t\t\t<div class=\"gs_logo_single--wrapper\">\n\t\t\t\t<div class=\"gs_logo_single\">\n\n\t\t\t\t\t<!-- Logo Img -->\n\t\t\t\t\t<a href=\"https:\/\/www.nports.de\" target=\"_blank\" rel=\"noopener\"><img loading=\"lazy\" decoding=\"async\" width=\"300\" height=\"300\" src=\"https:\/\/essmann.com\/wp-content\/uploads\/2025\/02\/logo_niedersachsen_ports.png\" class=\"gs_logo--tooltip tt-placement-top tt-bgcolor-one-%23ff5f6d tt-bgcolor-two-%23ffc371 tt-textcolor-%23fff gs-logo--img wp-post-image\" alt=\"Niedersachsen Ports GmbH &amp; Co. KG\" title=\"Niedersachsen Ports GmbH &#038; Co. KG\" srcset=\"https:\/\/essmann.com\/wp-content\/uploads\/2025\/02\/logo_niedersachsen_ports.png 300w, https:\/\/essmann.com\/wp-content\/uploads\/2025\/02\/logo_niedersachsen_ports-150x150.png 150w\" sizes=\"auto, (max-width: 300px) 100vw, 300px\" \/> <\/a>\n\t\t\t\t\t<!-- Logo Title -->\n\t\t\t\t\t\t\t\t\t\t\n\t\t\t\t\t<!-- Logo Category -->\n\t\t\t\t\t\t\t\t\t\t\n\t\t\t\t<\/div>\n\t\t\t<\/div>\n\n\t\t\n\t\t\t<div class=\"gs_logo_single--wrapper\">\n\t\t\t\t<div class=\"gs_logo_single\">\n\n\t\t\t\t\t<!-- Logo Img -->\n\t\t\t\t\t<a href=\"https:\/\/www.nobian.com\" target=\"_blank\" rel=\"noopener\"><img loading=\"lazy\" decoding=\"async\" width=\"300\" height=\"300\" src=\"https:\/\/essmann.com\/wp-content\/uploads\/2025\/02\/logo_nobian.png\" class=\"gs_logo--tooltip tt-placement-top tt-bgcolor-one-%23ff5f6d tt-bgcolor-two-%23ffc371 tt-textcolor-%23fff gs-logo--img wp-post-image\" alt=\"Nobian GmbH\" title=\"Nobian GmbH\" srcset=\"https:\/\/essmann.com\/wp-content\/uploads\/2025\/02\/logo_nobian.png 300w, https:\/\/essmann.com\/wp-content\/uploads\/2025\/02\/logo_nobian-150x150.png 150w\" sizes=\"auto, (max-width: 300px) 100vw, 300px\" \/> <\/a>\n\t\t\t\t\t<!-- Logo Title -->\n\t\t\t\t\t\t\t\t\t\t\n\t\t\t\t\t<!-- Logo Category -->\n\t\t\t\t\t\t\t\t\t\t\n\t\t\t\t<\/div>\n\t\t\t<\/div>\n\n\t\t\n\t\t\t<div class=\"gs_logo_single--wrapper\">\n\t\t\t\t<div class=\"gs_logo_single\">\n\n\t\t\t\t\t<!-- Logo Img -->\n\t\t\t\t\t<a href=\"https:\/\/www.rhenus.group\" target=\"_blank\" rel=\"noopener\"><img loading=\"lazy\" decoding=\"async\" width=\"300\" height=\"300\" src=\"https:\/\/essmann.com\/wp-content\/uploads\/2025\/02\/logo_rhenus.png\" class=\"gs_logo--tooltip tt-placement-top tt-bgcolor-one-%23ff5f6d tt-bgcolor-two-%23ffc371 tt-textcolor-%23fff gs-logo--img wp-post-image\" alt=\"Rhenus SE &amp; Co. KG\" title=\"Rhenus SE &#038; Co. KG\" srcset=\"https:\/\/essmann.com\/wp-content\/uploads\/2025\/02\/logo_rhenus.png 300w, https:\/\/essmann.com\/wp-content\/uploads\/2025\/02\/logo_rhenus-150x150.png 150w\" sizes=\"auto, (max-width: 300px) 100vw, 300px\" \/> <\/a>\n\t\t\t\t\t<!-- Logo Title -->\n\t\t\t\t\t\t\t\t\t\t\n\t\t\t\t\t<!-- Logo Category -->\n\t\t\t\t\t\t\t\t\t\t\n\t\t\t\t<\/div>\n\t\t\t<\/div>\n\n\t\t\n\t\t\t<div class=\"gs_logo_single--wrapper\">\n\t\t\t\t<div class=\"gs_logo_single\">\n\n\t\t\t\t\t<!-- Logo Img -->\n\t\t\t\t\t<a href=\"https:\/\/www.scholz-recycling.com\" target=\"_blank\" rel=\"noopener\"><img loading=\"lazy\" decoding=\"async\" width=\"300\" height=\"300\" src=\"https:\/\/essmann.com\/wp-content\/uploads\/2025\/02\/logo_scholz_chiho.png\" class=\"gs_logo--tooltip tt-placement-top tt-bgcolor-one-%23ff5f6d tt-bgcolor-two-%23ffc371 tt-textcolor-%23fff gs-logo--img wp-post-image\" alt=\"Scholz Recycling GmbH\" title=\"Scholz Recycling GmbH\" srcset=\"https:\/\/essmann.com\/wp-content\/uploads\/2025\/02\/logo_scholz_chiho.png 300w, https:\/\/essmann.com\/wp-content\/uploads\/2025\/02\/logo_scholz_chiho-150x150.png 150w\" sizes=\"auto, (max-width: 300px) 100vw, 300px\" \/> <\/a>\n\t\t\t\t\t<!-- Logo Title -->\n\t\t\t\t\t\t\t\t\t\t\n\t\t\t\t\t<!-- Logo Category -->\n\t\t\t\t\t\t\t\t\t\t\n\t\t\t\t<\/div>\n\t\t\t<\/div>\n\n\t\t\n\t\t\t<div class=\"gs_logo_single--wrapper\">\n\t\t\t\t<div class=\"gs_logo_single\">\n\n\t\t\t\t\t<!-- Logo Img -->\n\t\t\t\t\t<a href=\"https:\/\/www.hafen-wismar.de\" target=\"_blank\" rel=\"noopener\"><img loading=\"lazy\" decoding=\"async\" width=\"300\" height=\"300\" src=\"https:\/\/essmann.com\/wp-content\/uploads\/2025\/02\/logo_seehafen_wismar.png\" class=\"gs_logo--tooltip tt-placement-top tt-bgcolor-one-%23ff5f6d tt-bgcolor-two-%23ffc371 tt-textcolor-%23fff gs-logo--img wp-post-image\" alt=\"Seehafen Wismar GmbH\" title=\"Seehafen Wismar GmbH\" srcset=\"https:\/\/essmann.com\/wp-content\/uploads\/2025\/02\/logo_seehafen_wismar.png 300w, https:\/\/essmann.com\/wp-content\/uploads\/2025\/02\/logo_seehafen_wismar-150x150.png 150w\" sizes=\"auto, (max-width: 300px) 100vw, 300px\" \/> <\/a>\n\t\t\t\t\t<!-- Logo Title -->\n\t\t\t\t\t\t\t\t\t\t\n\t\t\t\t\t<!-- Logo Category -->\n\t\t\t\t\t\t\t\t\t\t\n\t\t\t\t<\/div>\n\t\t\t<\/div>\n\n\t\t\n\t\t\t<div class=\"gs_logo_single--wrapper\">\n\t\t\t\t<div class=\"gs_logo_single\">\n\n\t\t\t\t\t<!-- Logo Img -->\n\t\t\t\t\t<a href=\"https:\/\/www.skwp.de\/\" target=\"_blank\" rel=\"noopener\"><img loading=\"lazy\" decoding=\"async\" width=\"300\" height=\"300\" src=\"https:\/\/essmann.com\/wp-content\/uploads\/2025\/02\/logo_skw.png\" class=\"gs_logo--tooltip tt-placement-top tt-bgcolor-one-%23ff5f6d tt-bgcolor-two-%23ffc371 tt-textcolor-%23fff gs-logo--img wp-post-image\" alt=\"SKW Stickstoffwerke Piesteritz GmbH\" title=\"SKW Stickstoffwerke Piesteritz GmbH\" srcset=\"https:\/\/essmann.com\/wp-content\/uploads\/2025\/02\/logo_skw.png 300w, https:\/\/essmann.com\/wp-content\/uploads\/2025\/02\/logo_skw-150x150.png 150w\" sizes=\"auto, (max-width: 300px) 100vw, 300px\" \/> <\/a>\n\t\t\t\t\t<!-- Logo Title -->\n\t\t\t\t\t\t\t\t\t\t\n\t\t\t\t\t<!-- Logo Category -->\n\t\t\t\t\t\t\t\t\t\t\n\t\t\t\t<\/div>\n\t\t\t<\/div>\n\n\t\t\n\t\t\t<div class=\"gs_logo_single--wrapper\">\n\t\t\t\t<div class=\"gs_logo_single\">\n\n\t\t\t\t\t<!-- Logo Img -->\n\t\t\t\t\t<a href=\"https:\/\/www.tanquid.com\" target=\"_blank\" rel=\"noopener\"><img loading=\"lazy\" decoding=\"async\" width=\"300\" height=\"300\" src=\"https:\/\/essmann.com\/wp-content\/uploads\/2025\/02\/logo_tanquid.png\" class=\"gs_logo--tooltip tt-placement-top tt-bgcolor-one-%23ff5f6d tt-bgcolor-two-%23ffc371 tt-textcolor-%23fff gs-logo--img wp-post-image\" alt=\"TanQuid GmbH &amp; Co. KG\" title=\"TanQuid GmbH &#038; Co. KG\" srcset=\"https:\/\/essmann.com\/wp-content\/uploads\/2025\/02\/logo_tanquid.png 300w, https:\/\/essmann.com\/wp-content\/uploads\/2025\/02\/logo_tanquid-150x150.png 150w\" sizes=\"auto, (max-width: 300px) 100vw, 300px\" \/> <\/a>\n\t\t\t\t\t<!-- Logo Title -->\n\t\t\t\t\t\t\t\t\t\t\n\t\t\t\t\t<!-- Logo Category -->\n\t\t\t\t\t\t\t\t\t\t\n\t\t\t\t<\/div>\n\t\t\t<\/div>\n\n\t\t\n\t\t\t<div class=\"gs_logo_single--wrapper\">\n\t\t\t\t<div class=\"gs_logo_single\">\n\n\t\t\t\t\t<!-- Logo Img -->\n\t\t\t\t\t<a href=\"https:\/\/www.voestalpine.com\" target=\"_blank\" rel=\"noopener\"><img loading=\"lazy\" decoding=\"async\" width=\"300\" height=\"300\" src=\"https:\/\/essmann.com\/wp-content\/uploads\/2025\/02\/logo_voestalpine.png\" class=\"gs_logo--tooltip tt-placement-top tt-bgcolor-one-%23ff5f6d tt-bgcolor-two-%23ffc371 tt-textcolor-%23fff gs-logo--img wp-post-image\" alt=\"voestalpine AG\" title=\"voestalpine AG\" srcset=\"https:\/\/essmann.com\/wp-content\/uploads\/2025\/02\/logo_voestalpine.png 300w, https:\/\/essmann.com\/wp-content\/uploads\/2025\/02\/logo_voestalpine-150x150.png 150w\" sizes=\"auto, (max-width: 300px) 100vw, 300px\" \/> <\/a>\n\t\t\t\t\t<!-- Logo Title -->\n\t\t\t\t\t\t\t\t\t\t\n\t\t\t\t\t<!-- Logo Category -->\n\t\t\t\t\t\t\t\t\t\t\n\t\t\t\t<\/div>\n\t\t\t<\/div>\n\n\t\t\n\t\t\t<div class=\"gs_logo_single--wrapper\">\n\t\t\t\t<div class=\"gs_logo_single\">\n\n\t\t\t\t\t<!-- Logo Img -->\n\t\t\t\t\t<a href=\"https:\/\/www.von-schaewen.de\/\" target=\"_blank\" rel=\"noopener\"><img loading=\"lazy\" decoding=\"async\" width=\"300\" height=\"300\" src=\"https:\/\/essmann.com\/wp-content\/uploads\/2025\/02\/logo_von_schaewen.png\" class=\"gs_logo--tooltip tt-placement-top tt-bgcolor-one-%23ff5f6d tt-bgcolor-two-%23ffc371 tt-textcolor-%23fff gs-logo--img wp-post-image\" alt=\"von Schaewen\" title=\"von Schaewen GmbH\" srcset=\"https:\/\/essmann.com\/wp-content\/uploads\/2025\/02\/logo_von_schaewen.png 300w, https:\/\/essmann.com\/wp-content\/uploads\/2025\/02\/logo_von_schaewen-150x150.png 150w\" sizes=\"auto, (max-width: 300px) 100vw, 300px\" \/> <\/a>\n\t\t\t\t\t<!-- Logo Title -->\n\t\t\t\t\t\t\t\t\t\t\n\t\t\t\t\t<!-- Logo Category -->\n\t\t\t\t\t\t\t\t\t\t\n\t\t\t\t<\/div>\n\t\t\t<\/div>\n\n\t\t\n\t\t\t<div class=\"gs_logo_single--wrapper\">\n\t\t\t\t<div class=\"gs_logo_single\">\n\n\t\t\t\t\t<!-- Logo Img -->\n\t\t\t\t\t<a href=\"https:\/\/www.vps-bahn.de\" target=\"_blank\" rel=\"noopener\"><img loading=\"lazy\" decoding=\"async\" width=\"300\" height=\"300\" src=\"https:\/\/essmann.com\/wp-content\/uploads\/2025\/02\/logo_vps.png\" class=\"gs_logo--tooltip tt-placement-top tt-bgcolor-one-%23ff5f6d tt-bgcolor-two-%23ffc371 tt-textcolor-%23fff gs-logo--img wp-post-image\" alt=\"VPS Logo\" title=\"Verkehrsbetriebe Peine-Salzgitter GmbH\" srcset=\"https:\/\/essmann.com\/wp-content\/uploads\/2025\/02\/logo_vps.png 300w, https:\/\/essmann.com\/wp-content\/uploads\/2025\/02\/logo_vps-150x150.png 150w\" sizes=\"auto, (max-width: 300px) 100vw, 300px\" \/> <\/a>\n\t\t\t\t\t<!-- Logo Title -->\n\t\t\t\t\t\t\t\t\t\t\n\t\t\t\t\t<!-- Logo Category -->\n\t\t\t\t\t\t\t\t\t\t\n\t\t\t\t<\/div>\n\t\t\t<\/div>\n\n\t\t\n\t\t\t<div class=\"gs_logo_single--wrapper\">\n\t\t\t\t<div class=\"gs_logo_single\">\n\n\t\t\t\t\t<!-- Logo Img -->\n\t\t\t\t\t<a href=\"https:\/\/www.thomas-gruppe.de\" target=\"_blank\" rel=\"noopener\"><img loading=\"lazy\" decoding=\"async\" width=\"300\" height=\"300\" src=\"https:\/\/essmann.com\/wp-content\/uploads\/2020\/08\/referenz_thomas_zement_logo.png\" class=\"gs_logo--tooltip tt-placement-top tt-bgcolor-one-%23ff5f6d tt-bgcolor-two-%23ffc371 tt-textcolor-%23fff gs-logo--img wp-post-image\" alt=\"Logo von Thomas Zement mit gr\u00fcnem Symbol\" title=\"thomas beteiligungen GmbH\" srcset=\"https:\/\/essmann.com\/wp-content\/uploads\/2020\/08\/referenz_thomas_zement_logo.png 300w, https:\/\/essmann.com\/wp-content\/uploads\/2020\/08\/referenz_thomas_zement_logo-150x150.png 150w\" sizes=\"auto, (max-width: 300px) 100vw, 300px\" \/> <\/a>\n\t\t\t\t\t<!-- Logo Title -->\n\t\t\t\t\t\t\t\t\t\t\n\t\t\t\t\t<!-- Logo Category -->\n\t\t\t\t\t\t\t\t\t\t\n\t\t\t\t<\/div>\n\t\t\t<\/div>\n\n\t\t\n\t\t\t<div class=\"gs_logo_single--wrapper\">\n\t\t\t\t<div class=\"gs_logo_single\">\n\n\t\t\t\t\t<!-- Logo Img -->\n\t\t\t\t\t<a href=\"https:\/\/www.veolia.de\/\" target=\"_blank\" rel=\"noopener\"><img loading=\"lazy\" decoding=\"async\" width=\"300\" height=\"300\" src=\"https:\/\/essmann.com\/wp-content\/uploads\/2020\/08\/referenz_veolia_logo.png\" class=\"gs_logo--tooltip tt-placement-top tt-bgcolor-one-%23ff5f6d tt-bgcolor-two-%23ffc371 tt-textcolor-%23fff gs-logo--img wp-post-image\" alt=\"Rotes Logo mit abstraktem Muster\" title=\"Veolia Holding Deutschland GmbH\" srcset=\"https:\/\/essmann.com\/wp-content\/uploads\/2020\/08\/referenz_veolia_logo.png 300w, https:\/\/essmann.com\/wp-content\/uploads\/2020\/08\/referenz_veolia_logo-150x150.png 150w\" sizes=\"auto, (max-width: 300px) 100vw, 300px\" \/> <\/a>\n\t\t\t\t\t<!-- Logo Title -->\n\t\t\t\t\t\t\t\t\t\t\n\t\t\t\t\t<!-- Logo Category -->\n\t\t\t\t\t\t\t\t\t\t\n\t\t\t\t<\/div>\n\t\t\t<\/div>\n\n\t\t\n\t\t\t<div class=\"gs_logo_single--wrapper\">\n\t\t\t\t<div class=\"gs_logo_single\">\n\n\t\t\t\t\t<!-- Logo Img -->\n\t\t\t\t\t<a href=\"https:\/\/www.zech-umwelt.com\" target=\"_blank\" rel=\"noopener\"><img loading=\"lazy\" decoding=\"async\" width=\"300\" height=\"300\" src=\"https:\/\/essmann.com\/wp-content\/uploads\/2020\/08\/referenz_zech_logo.png\" class=\"gs_logo--tooltip tt-placement-top tt-bgcolor-one-%23ff5f6d tt-bgcolor-two-%23ffc371 tt-textcolor-%23fff gs-logo--img wp-post-image\" alt=\"Logo mit blauem Hintergrund und Buchstaben ZECH\" title=\"Zech\" srcset=\"https:\/\/essmann.com\/wp-content\/uploads\/2020\/08\/referenz_zech_logo.png 300w, https:\/\/essmann.com\/wp-content\/uploads\/2020\/08\/referenz_zech_logo-150x150.png 150w\" sizes=\"auto, (max-width: 300px) 100vw, 300px\" \/> <\/a>\n\t\t\t\t\t<!-- Logo Title -->\n\t\t\t\t\t\t\t\t\t\t\n\t\t\t\t\t<!-- Logo Category -->\n\t\t\t\t\t\t\t\t\t\t\n\t\t\t\t<\/div>\n\t\t\t<\/div>\n\n\t\t\n\t\t\t<div class=\"gs_logo_single--wrapper\">\n\t\t\t\t<div class=\"gs_logo_single\">\n\n\t\t\t\t\t<!-- Logo Img -->\n\t\t\t\t\t<a href=\"https:\/\/www.unikai.de\" target=\"_blank\" rel=\"noopener\"><img loading=\"lazy\" decoding=\"async\" width=\"300\" height=\"300\" src=\"https:\/\/essmann.com\/wp-content\/uploads\/2020\/08\/referenz_unikai_logo.png\" class=\"gs_logo--tooltip tt-placement-top tt-bgcolor-one-%23ff5f6d tt-bgcolor-two-%23ffc371 tt-textcolor-%23fff gs-logo--img wp-post-image\" alt=\"HHLA Logo mit Unikai\" title=\"UNIKAI Lagerei- und Speditionsgesellschaft mbH\" srcset=\"https:\/\/essmann.com\/wp-content\/uploads\/2020\/08\/referenz_unikai_logo.png 300w, https:\/\/essmann.com\/wp-content\/uploads\/2020\/08\/referenz_unikai_logo-150x150.png 150w\" sizes=\"auto, (max-width: 300px) 100vw, 300px\" \/> <\/a>\n\t\t\t\t\t<!-- Logo Title -->\n\t\t\t\t\t\t\t\t\t\t\n\t\t\t\t\t<!-- Logo Category -->\n\t\t\t\t\t\t\t\t\t\t\n\t\t\t\t<\/div>\n\t\t\t<\/div>\n\n\t\t\n\t\t\t<div class=\"gs_logo_single--wrapper\">\n\t\t\t\t<div class=\"gs_logo_single\">\n\n\t\t\t\t\t<!-- Logo Img -->\n\t\t\t\t\t<a href=\"https:\/\/augusternst.de\/\" target=\"_blank\" rel=\"noopener\"><img loading=\"lazy\" decoding=\"async\" width=\"300\" height=\"300\" src=\"https:\/\/essmann.com\/wp-content\/uploads\/2025\/02\/referenz_august_ernst_logo.png\" class=\"gs_logo--tooltip tt-placement-top tt-bgcolor-one-%23ff5f6d tt-bgcolor-two-%23ffc371 tt-textcolor-%23fff gs-logo--img wp-post-image\" alt=\"Logo August Ernst seit 1871\" title=\"August Ernst GmbH &#038; Co KG\" srcset=\"https:\/\/essmann.com\/wp-content\/uploads\/2025\/02\/referenz_august_ernst_logo.png 300w, https:\/\/essmann.com\/wp-content\/uploads\/2025\/02\/referenz_august_ernst_logo-150x150.png 150w\" sizes=\"auto, (max-width: 300px) 100vw, 300px\" \/> <\/a>\n\t\t\t\t\t<!-- Logo Title -->\n\t\t\t\t\t\t\t\t\t\t\n\t\t\t\t\t<!-- Logo Category -->\n\t\t\t\t\t\t\t\t\t\t\n\t\t\t\t<\/div>\n\t\t\t<\/div>\n\n\t\t\n\t\t\t<div class=\"gs_logo_single--wrapper\">\n\t\t\t\t<div class=\"gs_logo_single\">\n\n\t\t\t\t\t<!-- Logo Img -->\n\t\t\t\t\t<a href=\"https:\/\/www.raiffeisen.com\/\" target=\"_blank\" rel=\"noopener\"><img loading=\"lazy\" decoding=\"async\" width=\"300\" height=\"300\" src=\"https:\/\/essmann.com\/wp-content\/uploads\/2025\/02\/referenz_raiffeisen_logo.png\" class=\"gs_logo--tooltip tt-placement-top tt-bgcolor-one-%23ff5f6d tt-bgcolor-two-%23ffc371 tt-textcolor-%23fff gs-logo--img wp-post-image\" alt=\"Gr\u00fcnes Logo mit \u00fcberkreuzten H\u00e4mmern\" title=\"Raiffeisen\" srcset=\"https:\/\/essmann.com\/wp-content\/uploads\/2025\/02\/referenz_raiffeisen_logo.png 300w, https:\/\/essmann.com\/wp-content\/uploads\/2025\/02\/referenz_raiffeisen_logo-150x150.png 150w\" sizes=\"auto, (max-width: 300px) 100vw, 300px\" \/> <\/a>\n\t\t\t\t\t<!-- Logo Title -->\n\t\t\t\t\t\t\t\t\t\t\n\t\t\t\t\t<!-- Logo Category -->\n\t\t\t\t\t\t\t\t\t\t\n\t\t\t\t<\/div>\n\t\t\t<\/div>\n\n\t\t\n\t\t\t<div class=\"gs_logo_single--wrapper\">\n\t\t\t\t<div class=\"gs_logo_single\">\n\n\t\t\t\t\t<!-- Logo Img -->\n\t\t\t\t\t<a href=\"https:\/\/www.bmw.de\" target=\"_blank\" rel=\"noopener\"><img loading=\"lazy\" decoding=\"async\" width=\"300\" height=\"300\" src=\"https:\/\/essmann.com\/wp-content\/uploads\/2025\/02\/referenz_bmw_logo-1.png\" class=\"gs_logo--tooltip tt-placement-top tt-bgcolor-one-%23ff5f6d tt-bgcolor-two-%23ffc371 tt-textcolor-%23fff gs-logo--img wp-post-image\" alt=\"Blau-wei\u00dfes Logo mit Kreisform\" title=\"BMW AG\" srcset=\"https:\/\/essmann.com\/wp-content\/uploads\/2025\/02\/referenz_bmw_logo-1.png 300w, https:\/\/essmann.com\/wp-content\/uploads\/2025\/02\/referenz_bmw_logo-1-150x150.png 150w\" sizes=\"auto, (max-width: 300px) 100vw, 300px\" \/> <\/a>\n\t\t\t\t\t<!-- Logo Title -->\n\t\t\t\t\t\t\t\t\t\t\n\t\t\t\t\t<!-- Logo Category -->\n\t\t\t\t\t\t\t\t\t\t\n\t\t\t\t<\/div>\n\t\t\t<\/div>\n\n\t\t\n\t\t\t<div class=\"gs_logo_single--wrapper\">\n\t\t\t\t<div class=\"gs_logo_single\">\n\n\t\t\t\t\t<!-- Logo Img -->\n\t\t\t\t\t<a href=\"https:\/\/www.jrs.de\/\" target=\"_blank\" rel=\"noopener\"><img loading=\"lazy\" decoding=\"async\" width=\"300\" height=\"300\" src=\"https:\/\/essmann.com\/wp-content\/uploads\/2025\/02\/referenz_jrs_logo.png\" class=\"gs_logo--tooltip tt-placement-top tt-bgcolor-one-%23ff5f6d tt-bgcolor-two-%23ffc371 tt-textcolor-%23fff gs-logo--img wp-post-image\" alt=\"T\u00fcrkisfarbener abstrakter Hintergrund\" title=\"J. Rettenmaier &#038; S\u00f6hne GmbH + Co KG\" srcset=\"https:\/\/essmann.com\/wp-content\/uploads\/2025\/02\/referenz_jrs_logo.png 300w, https:\/\/essmann.com\/wp-content\/uploads\/2025\/02\/referenz_jrs_logo-150x150.png 150w\" sizes=\"auto, (max-width: 300px) 100vw, 300px\" \/> <\/a>\n\t\t\t\t\t<!-- Logo Title -->\n\t\t\t\t\t\t\t\t\t\t\n\t\t\t\t\t<!-- Logo Category -->\n\t\t\t\t\t\t\t\t\t\t\n\t\t\t\t<\/div>\n\t\t\t<\/div>\n\n\t\t\n\t\t\t<div class=\"gs_logo_single--wrapper\">\n\t\t\t\t<div class=\"gs_logo_single\">\n\n\t\t\t\t\t<!-- Logo Img -->\n\t\t\t\t\t<a href=\"https:\/\/www.volkswagen.de\/de\" target=\"_blank\" rel=\"noopener\"><img loading=\"lazy\" decoding=\"async\" width=\"300\" height=\"300\" src=\"https:\/\/essmann.com\/wp-content\/uploads\/2025\/02\/referenz_vw_logo-1.png\" class=\"gs_logo--tooltip tt-placement-top tt-bgcolor-one-%23ff5f6d tt-bgcolor-two-%23ffc371 tt-textcolor-%23fff gs-logo--img wp-post-image\" alt=\"Volkswagen-Logo in Blau\" title=\"Volkswagen AG\" srcset=\"https:\/\/essmann.com\/wp-content\/uploads\/2025\/02\/referenz_vw_logo-1.png 300w, https:\/\/essmann.com\/wp-content\/uploads\/2025\/02\/referenz_vw_logo-1-150x150.png 150w\" sizes=\"auto, (max-width: 300px) 100vw, 300px\" \/> <\/a>\n\t\t\t\t\t<!-- Logo Title -->\n\t\t\t\t\t\t\t\t\t\t\n\t\t\t\t\t<!-- Logo Category -->\n\t\t\t\t\t\t\t\t\t\t\n\t\t\t\t<\/div>\n\t\t\t<\/div>\n\n\t\t\n\t\t\t<div class=\"gs_logo_single--wrapper\">\n\t\t\t\t<div class=\"gs_logo_single\">\n\n\t\t\t\t\t<!-- Logo Img -->\n\t\t\t\t\t<a href=\"https:\/\/biogeen.de\/\" target=\"_blank\" rel=\"noopener\"><img loading=\"lazy\" decoding=\"async\" width=\"300\" height=\"300\" src=\"https:\/\/essmann.com\/wp-content\/uploads\/2025\/02\/referenz_biogeen_energy_logo.png\" class=\"gs_logo--tooltip tt-placement-top tt-bgcolor-one-%23ff5f6d tt-bgcolor-two-%23ffc371 tt-textcolor-%23fff gs-logo--img wp-post-image\" alt=\"BioGreen-Logo mit Slogan &#039;Generating Energy&#039;\" title=\"biogeen GmbH\" srcset=\"https:\/\/essmann.com\/wp-content\/uploads\/2025\/02\/referenz_biogeen_energy_logo.png 300w, https:\/\/essmann.com\/wp-content\/uploads\/2025\/02\/referenz_biogeen_energy_logo-150x150.png 150w\" sizes=\"auto, (max-width: 300px) 100vw, 300px\" \/> <\/a>\n\t\t\t\t\t<!-- Logo Title -->\n\t\t\t\t\t\t\t\t\t\t\n\t\t\t\t\t<!-- Logo Category -->\n\t\t\t\t\t\t\t\t\t\t\n\t\t\t\t<\/div>\n\t\t\t<\/div>\n\n\t\t\n\t\t\t<div class=\"gs_logo_single--wrapper\">\n\t\t\t\t<div class=\"gs_logo_single\">\n\n\t\t\t\t\t<!-- Logo Img -->\n\t\t\t\t\t<a href=\"https:\/\/www.kemna.de\/\" target=\"_blank\" rel=\"noopener\"><img loading=\"lazy\" decoding=\"async\" width=\"300\" height=\"300\" src=\"https:\/\/essmann.com\/wp-content\/uploads\/2025\/02\/referenz_kemna_logo.png\" class=\"gs_logo--tooltip tt-placement-top tt-bgcolor-one-%23ff5f6d tt-bgcolor-two-%23ffc371 tt-textcolor-%23fff gs-logo--img wp-post-image\" alt=\"Logo von Kemna in Rot und Wei\u00df\" title=\"KEMNA BAU Andreae GmbH &#038; Co. KG\" srcset=\"https:\/\/essmann.com\/wp-content\/uploads\/2025\/02\/referenz_kemna_logo.png 300w, https:\/\/essmann.com\/wp-content\/uploads\/2025\/02\/referenz_kemna_logo-150x150.png 150w\" sizes=\"auto, (max-width: 300px) 100vw, 300px\" \/> <\/a>\n\t\t\t\t\t<!-- Logo Title -->\n\t\t\t\t\t\t\t\t\t\t\n\t\t\t\t\t<!-- Logo Category -->\n\t\t\t\t\t\t\t\t\t\t\n\t\t\t\t<\/div>\n\t\t\t<\/div>\n\n\t\t\n\t\t\t<div class=\"gs_logo_single--wrapper\">\n\t\t\t\t<div class=\"gs_logo_single\">\n\n\t\t\t\t\t<!-- Logo Img -->\n\t\t\t\t\t<a href=\"https:\/\/www.zas-darmstadt.de\" target=\"_blank\" rel=\"noopener\"><img loading=\"lazy\" decoding=\"async\" width=\"300\" height=\"300\" src=\"https:\/\/essmann.com\/wp-content\/uploads\/2025\/02\/referenz_mhkw_darmstadt_logo.png\" class=\"gs_logo--tooltip tt-placement-top tt-bgcolor-one-%23ff5f6d tt-bgcolor-two-%23ffc371 tt-textcolor-%23fff gs-logo--img wp-post-image\" alt=\"Graues Logo mit rotem Akzent\" title=\"Zweckverband Abfallverwertung S\u00fcdhessen \u2013 M\u00fcllheizkraftwerk Darmstadt\" srcset=\"https:\/\/essmann.com\/wp-content\/uploads\/2025\/02\/referenz_mhkw_darmstadt_logo.png 300w, https:\/\/essmann.com\/wp-content\/uploads\/2025\/02\/referenz_mhkw_darmstadt_logo-150x150.png 150w\" sizes=\"auto, (max-width: 300px) 100vw, 300px\" \/> <\/a>\n\t\t\t\t\t<!-- Logo Title -->\n\t\t\t\t\t\t\t\t\t\t\n\t\t\t\t\t<!-- Logo Category -->\n\t\t\t\t\t\t\t\t\t\t\n\t\t\t\t<\/div>\n\t\t\t<\/div>\n\n\t\t\n\t\t\t<div class=\"gs_logo_single--wrapper\">\n\t\t\t\t<div class=\"gs_logo_single\">\n\n\t\t\t\t\t<!-- Logo Img -->\n\t\t\t\t\t<a href=\"https:\/\/melosch.de\" target=\"_blank\" rel=\"noopener\"><img loading=\"lazy\" decoding=\"async\" width=\"300\" height=\"300\" src=\"https:\/\/essmann.com\/wp-content\/uploads\/2025\/02\/referenz_melosch_logo.png\" class=\"gs_logo--tooltip tt-placement-top tt-bgcolor-one-%23ff5f6d tt-bgcolor-two-%23ffc371 tt-textcolor-%23fff gs-logo--img wp-post-image\" alt=\"Blaues Logo mit wei\u00dfen Streifen und Mustern\" title=\"KG Ludwig Melosch Vertriebs-GmbH &#038; Co.\" srcset=\"https:\/\/essmann.com\/wp-content\/uploads\/2025\/02\/referenz_melosch_logo.png 300w, https:\/\/essmann.com\/wp-content\/uploads\/2025\/02\/referenz_melosch_logo-150x150.png 150w\" sizes=\"auto, (max-width: 300px) 100vw, 300px\" \/> <\/a>\n\t\t\t\t\t<!-- Logo Title -->\n\t\t\t\t\t\t\t\t\t\t\n\t\t\t\t\t<!-- Logo Category -->\n\t\t\t\t\t\t\t\t\t\t\n\t\t\t\t<\/div>\n\t\t\t<\/div>\n\n\t\t\n\t\t\t<div class=\"gs_logo_single--wrapper\">\n\t\t\t\t<div class=\"gs_logo_single\">\n\n\t\t\t\t\t<!-- Logo Img -->\n\t\t\t\t\t<a href=\"https:\/\/www.mhkw-kassel.de\/\" target=\"_blank\" rel=\"noopener\"><img loading=\"lazy\" decoding=\"async\" width=\"300\" height=\"300\" src=\"https:\/\/essmann.com\/wp-content\/uploads\/2020\/08\/referenz_mhkw_kassel_logo.png\" class=\"gs_logo--tooltip tt-placement-top tt-bgcolor-one-%23ff5f6d tt-bgcolor-two-%23ffc371 tt-textcolor-%23fff gs-logo--img wp-post-image\" alt=\"Logo von M\u00fcllheizkraftwerk Kassel GmbH\" title=\"M\u00fcllheizkraftwerk Kassel GmbH\" srcset=\"https:\/\/essmann.com\/wp-content\/uploads\/2020\/08\/referenz_mhkw_kassel_logo.png 300w, https:\/\/essmann.com\/wp-content\/uploads\/2020\/08\/referenz_mhkw_kassel_logo-150x150.png 150w\" sizes=\"auto, (max-width: 300px) 100vw, 300px\" \/> <\/a>\n\t\t\t\t\t<!-- Logo Title -->\n\t\t\t\t\t\t\t\t\t\t\n\t\t\t\t\t<!-- Logo Category -->\n\t\t\t\t\t\t\t\t\t\t\n\t\t\t\t<\/div>\n\t\t\t<\/div>\n\n\t\t\n\t\t\t<div class=\"gs_logo_single--wrapper\">\n\t\t\t\t<div class=\"gs_logo_single\">\n\n\t\t\t\t\t<!-- Logo Img -->\n\t\t\t\t\t<a href=\"https:\/\/corporate.arcelormittal.com\/\" target=\"_blank\" rel=\"noopener\"><img loading=\"lazy\" decoding=\"async\" width=\"300\" height=\"300\" src=\"https:\/\/essmann.com\/wp-content\/uploads\/2020\/08\/referenz_arcelor_logo.png\" class=\"gs_logo--tooltip tt-placement-top tt-bgcolor-one-%23ff5f6d tt-bgcolor-two-%23ffc371 tt-textcolor-%23fff gs-logo--img wp-post-image\" alt=\"Orange-logo einer stilisierten Eisenbahn\" title=\"ArcelorMittal Germany Holding GmbH\" srcset=\"https:\/\/essmann.com\/wp-content\/uploads\/2020\/08\/referenz_arcelor_logo.png 300w, https:\/\/essmann.com\/wp-content\/uploads\/2020\/08\/referenz_arcelor_logo-150x150.png 150w\" sizes=\"auto, (max-width: 300px) 100vw, 300px\" \/> <\/a>\n\t\t\t\t\t<!-- Logo Title -->\n\t\t\t\t\t\t\t\t\t\t\n\t\t\t\t\t<!-- Logo Category -->\n\t\t\t\t\t\t\t\t\t\t\n\t\t\t\t<\/div>\n\t\t\t<\/div>\n\n\t\t\n\t\t\t<div class=\"gs_logo_single--wrapper\">\n\t\t\t\t<div class=\"gs_logo_single\">\n\n\t\t\t\t\t<!-- Logo Img -->\n\t\t\t\t\t<a href=\"https:\/\/www.bs-energy.de\/\" target=\"_blank\" rel=\"noopener\"><img loading=\"lazy\" decoding=\"async\" width=\"300\" height=\"300\" src=\"https:\/\/essmann.com\/wp-content\/uploads\/2020\/08\/referenz_bsenergy_logo.png\" class=\"gs_logo--tooltip tt-placement-top tt-bgcolor-one-%23ff5f6d tt-bgcolor-two-%23ffc371 tt-textcolor-%23fff gs-logo--img wp-post-image\" alt=\"Blau-rotes abstraktes Firmenlogo\" title=\"BS|ENERGY, Braunschweiger Versorgungs-AG &#038; Co. KG\" srcset=\"https:\/\/essmann.com\/wp-content\/uploads\/2020\/08\/referenz_bsenergy_logo.png 300w, https:\/\/essmann.com\/wp-content\/uploads\/2020\/08\/referenz_bsenergy_logo-150x150.png 150w\" sizes=\"auto, (max-width: 300px) 100vw, 300px\" \/> <\/a>\n\t\t\t\t\t<!-- Logo Title -->\n\t\t\t\t\t\t\t\t\t\t\n\t\t\t\t\t<!-- Logo Category -->\n\t\t\t\t\t\t\t\t\t\t\n\t\t\t\t<\/div>\n\t\t\t<\/div>\n\n\t\t\n\t\t\t<div class=\"gs_logo_single--wrapper\">\n\t\t\t\t<div class=\"gs_logo_single\">\n\n\t\t\t\t\t<!-- Logo Img -->\n\t\t\t\t\t<a href=\"https:\/\/de.mercerint.com\/\" target=\"_blank\" rel=\"noopener\"><img loading=\"lazy\" decoding=\"async\" width=\"300\" height=\"300\" src=\"https:\/\/essmann.com\/wp-content\/uploads\/2020\/08\/referenz_mercer_logo.png\" class=\"gs_logo--tooltip tt-placement-top tt-bgcolor-one-%23ff5f6d tt-bgcolor-two-%23ffc371 tt-textcolor-%23fff gs-logo--img wp-post-image\" alt=\"Logo von Mercer mit blauen Buchstaben\" title=\"Mercer Stendal GmbH\" srcset=\"https:\/\/essmann.com\/wp-content\/uploads\/2020\/08\/referenz_mercer_logo.png 300w, https:\/\/essmann.com\/wp-content\/uploads\/2020\/08\/referenz_mercer_logo-150x150.png 150w\" sizes=\"auto, (max-width: 300px) 100vw, 300px\" \/> <\/a>\n\t\t\t\t\t<!-- Logo Title -->\n\t\t\t\t\t\t\t\t\t\t\n\t\t\t\t\t<!-- Logo Category -->\n\t\t\t\t\t\t\t\t\t\t\n\t\t\t\t<\/div>\n\t\t\t<\/div>\n\n\t\t\n\t\t\t<div class=\"gs_logo_single--wrapper\">\n\t\t\t\t<div class=\"gs_logo_single\">\n\n\t\t\t\t\t<!-- Logo Img -->\n\t\t\t\t\t<a href=\"https:\/\/www.nehlsen.com\/\" target=\"_blank\" rel=\"noopener\"><img loading=\"lazy\" decoding=\"async\" width=\"300\" height=\"300\" src=\"https:\/\/essmann.com\/wp-content\/uploads\/2020\/08\/referenz_nehlsen_logo.png\" class=\"gs_logo--tooltip tt-placement-top tt-bgcolor-one-%23ff5f6d tt-bgcolor-two-%23ffc371 tt-textcolor-%23fff gs-logo--img wp-post-image\" alt=\"Logo der Firma Nehlsen in Gr\u00fcn\" title=\"Nehlsen AG\" srcset=\"https:\/\/essmann.com\/wp-content\/uploads\/2020\/08\/referenz_nehlsen_logo.png 300w, https:\/\/essmann.com\/wp-content\/uploads\/2020\/08\/referenz_nehlsen_logo-150x150.png 150w\" sizes=\"auto, (max-width: 300px) 100vw, 300px\" \/> <\/a>\n\t\t\t\t\t<!-- Logo Title -->\n\t\t\t\t\t\t\t\t\t\t\n\t\t\t\t\t<!-- Logo Category -->\n\t\t\t\t\t\t\t\t\t\t\n\t\t\t\t<\/div>\n\t\t\t<\/div>\n\n\t\t\t\t\n\t\n<\/div>\n\t\t\t\t<!-- Pagination -->\n\t\t\t\t\n\t\t\t<\/div>\n\t\t<\/div>\n\t\n\t\t<style>#gs_logo_area_50:not(.verticaltickerdown):not(.verticalticker) .gs_logo_container{margin-left:-5px}#gs_logo_area_50:not(.verticaltickerdown):not(.verticalticker) .gs_logo_container{margin-right:-5px}#gs_logo_area_50:not(.verticaltickerdown):not(.verticalticker) .gs_logo_single--wrapper{padding:5px}#gs_logo_area_50 ul.gs-logo-filter-cats{text-align:center!important}#gs_logo_area_50 .gs_logo_single--wrapper{width:12.5%}@media (max-width:1023px){#gs_logo_area_50 .gs_logo_single--wrapper{width:33.333333333333%}}@media (max-width:767px){#gs_logo_area_50 .gs_logo_single--wrapper{width:50%}}<\/style>\n\n<div style=\"height:100px\" aria-hidden=\"true\" class=\"wp-block-spacer\"><\/div>\n<div class=\"gb-container gb-container-2fbd45b1\"><div class=\"gb-inside-container\">\n<div class=\"gb-grid-wrapper gb-grid-wrapper-97793d2d\">\n<div class=\"gb-grid-column gb-grid-column-50772905\"><div class=\"gb-container gb-container-50772905\"><div class=\"gb-inside-container\">\n\n<h3 class=\"gb-headline gb-headline-5a1b0c46 gb-headline-text\">ESSMANN - Het bedrijf<\/h3>\n\n\n\n<div class=\"gb-headline gb-headline-e638c580\"><span class=\"gb-icon\"><svg xmlns=\"http:\/\/www.w3.org\/2000\/svg\" viewbox=\"0 0 36.7 3\"><path d=\"M0 0h36.7v3H0z\"><\/path><\/svg><\/span><\/div>\n\n\n\n<p class=\"has-text-align-center\">Sinds 1860 staat de naam ESSMANN voor innovatie en precisie in weegtechnologie.  <br\/>ESSMANN staat bekend als een van de weinige weegspecialisten die gespecialiseerd is in het hele scala aan weegschalen, van ultramicroweegschalen tot spoorweegschalen. Onze weegschalen worden over de hele wereld gebruikt, vele al tientallen jaren, ingebed in onze eigen werfmanagementsystemen. Onze klanten en partners waarderen onze inzet, betrouwbaarheid en service.   Leer ons kennen.<\/p>\n\n\n\n<div class=\"wp-block-columns is-layout-flex wp-container-core-columns-is-layout-9d6595d7 wp-block-columns-is-layout-flex\">\n<div class=\"wp-block-column is-layout-flow wp-block-column-is-layout-flow\"><div class=\"gb-container gb-container-e06db0fd\"><div class=\"gb-inside-container\">\n<div class=\"gb-container gb-container-3794472f\"><div class=\"gb-inside-container\">\n<div class=\"gb-grid-wrapper gb-grid-wrapper-eb71e784\">\n<div class=\"gb-grid-column gb-grid-column-74322eeb\"><div class=\"gb-container gb-container-74322eeb\"><div class=\"gb-inside-container\"><\/div><\/div><\/div>\n<\/div>\n<\/div><\/div>\n<\/div><\/div><\/div>\n\n\n\n<div class=\"wp-block-column is-layout-flow wp-block-column-is-layout-flow\"><div class=\"gb-container gb-container-6f338217\"><div class=\"gb-inside-container\">\n<div class=\"gb-grid-wrapper gb-grid-wrapper-df7aa406\">\n<div class=\"gb-grid-column gb-grid-column-8a31b32a\"><div class=\"gb-container gb-container-8a31b32a\"><div class=\"gb-inside-container\">\n\n<a class=\"gb-button gb-button-1d91d7de gb-button-text button\" href=\"https:\/\/essmann.com\/nl\/ueber-uns\/\">Het bedrijf<\/a>\n\n<\/div><\/div><\/div>\n<\/div>\n<\/div><\/div><\/div>\n\n\n\n<div class=\"wp-block-column is-layout-flow wp-block-column-is-layout-flow\"><div class=\"gb-container gb-container-54a32629\"><div class=\"gb-inside-container\">\n<div class=\"gb-grid-wrapper gb-grid-wrapper-3f824283\">\n<div class=\"gb-grid-column gb-grid-column-b9633219\"><div class=\"gb-container gb-container-b9633219\"><div class=\"gb-inside-container\"><\/div><\/div><\/div>\n<\/div>\n<\/div><\/div><\/div>\n<\/div>\n\n\n\n<div class=\"wp-block-columns is-layout-flex wp-container-core-columns-is-layout-9d6595d7 wp-block-columns-is-layout-flex\">\n<div class=\"wp-block-column is-layout-flow wp-block-column-is-layout-flow\"><div class=\"gb-container gb-container-12ea3fd5\"><div class=\"gb-inside-container\">\n<div class=\"gb-container gb-container-18915068\"><div class=\"gb-inside-container\">\n<div class=\"gb-grid-wrapper gb-grid-wrapper-cada7bc1\">\n<div class=\"gb-grid-column gb-grid-column-f19d824a\"><div class=\"gb-container gb-container-f19d824a\"><div class=\"gb-inside-container\">\n\n<a class=\"gb-button gb-button-bc372b66 gb-button-text button\" href=\"https:\/\/essmann.com\/nl\/stellenangebote\/\">Carri\u00e8re<\/a>\n\n<\/div><\/div><\/div>\n<\/div>\n<\/div><\/div>\n<\/div><\/div><\/div>\n\n\n\n<div class=\"wp-block-column is-layout-flow wp-block-column-is-layout-flow\"><div class=\"gb-container gb-container-bcd9d97d\"><div class=\"gb-inside-container\">\n<div class=\"gb-grid-wrapper gb-grid-wrapper-486e0271\">\n<div class=\"gb-grid-column gb-grid-column-ff47ee06\"><div class=\"gb-container gb-container-ff47ee06\"><div class=\"gb-inside-container\">\n\n<a class=\"gb-button gb-button-d07e11c3 gb-button-text button\" href=\"https:\/\/essmann.com\/nl\/niederlassungen-und-servicestuetzpunkte\/\">Locaties<\/a>\n\n<\/div><\/div><\/div>\n<\/div>\n<\/div><\/div><\/div>\n\n\n\n<div class=\"wp-block-column is-layout-flow wp-block-column-is-layout-flow\"><div class=\"gb-container gb-container-470a5774\"><div class=\"gb-inside-container\">\n<div class=\"gb-grid-wrapper gb-grid-wrapper-2c64f2c6\">\n<div class=\"gb-grid-column gb-grid-column-ec7d7f61\"><div class=\"gb-container gb-container-ec7d7f61\"><div class=\"gb-inside-container\">\n<div class=\"gb-button-wrapper gb-button-wrapper-f40ef2e3\">\n\n<a class=\"gb-button gb-button-be0933d1 gb-button-text button\" href=\"https:\/\/waagenbauer-shop.myspreadshop.de\/\" target=\"_blank\" rel=\"noopener noreferrer\">Fanshop<\/a>\n\n<\/div>\n<\/div><\/div><\/div>\n<\/div>\n<\/div><\/div><\/div>\n<\/div>\n\n<\/div><\/div><\/div>\n<\/div>\n<\/div><\/div>\n<div style=\"height:57px\" aria-hidden=\"true\" class=\"wp-block-spacer\"><\/div>\n<div class=\"gb-container gb-container-8d9a6823\">\n\n<h3 class=\"gb-headline gb-headline-3befacbe gb-headline-text\">Neem contact met ons op.<\/h3>\n\n\n\n<div class=\"gb-headline gb-headline-5e30bd79\"><span class=\"gb-icon\"><svg xmlns=\"http:\/\/www.w3.org\/2000\/svg\" viewbox=\"0 0 36.7 3\"><path d=\"M0 0h36.7v3H0z\"><\/path><\/svg><\/span><\/div>\n\n\n\n<div style=\"height:36px\" aria-hidden=\"true\" class=\"wp-block-spacer\"><\/div>\n\n\n\n<div class=\"wp-block-columns alignwide is-layout-flex wp-container-core-columns-is-layout-9d6595d7 wp-block-columns-is-layout-flex\">\n<div class=\"wp-block-column is-layout-flow wp-block-column-is-layout-flow\"><div class=\"gb-container gb-container-ee369618\">\n<div class=\"gb-container gb-container-933aed12\">\n\n<a class=\"gb-button gb-button-0f19f03f gb-button-text button-effect\" href=\"https:\/\/essmann.com\/nl\/kontakt\/\">CONTACT<\/a>\n\n<\/div>\n<\/div><\/div>\n\n\n\n<div class=\"wp-block-column is-vertically-aligned-center is-layout-flow wp-block-column-is-layout-flow\"><div class=\"gb-container gb-container-bec8dbc6\">\n<div class=\"gb-container gb-container-f4446243\">\n\n<a class=\"gb-button gb-button-59b36509 gb-button-text button-effect\" href=\"https:\/\/essmann.com\/nl\/contactverdeling\/\">Distributie<\/a>\n\n<\/div>\n<\/div><\/div>\n\n\n\n<div class=\"wp-block-column is-vertically-aligned-center is-layout-flow wp-block-column-is-layout-flow\"><div class=\"gb-container gb-container-9781366f\">\n<div class=\"gb-container gb-container-a20c88db\">\n\n<a class=\"gb-button gb-button-ad630109 gb-button-text button-effect\" href=\"https:\/\/support.essmann.com\/\" target=\"_blank\" rel=\"noopener noreferrer\">IT-ondersteuning<\/a>\n\n<\/div>\n<\/div><\/div>\n\n\n\n<div class=\"wp-block-column is-vertically-aligned-center is-layout-flow wp-block-column-is-layout-flow\"><div class=\"gb-container gb-container-76d95efd\">\n<div class=\"gb-container gb-container-b5940dae\">\n\n<a class=\"gb-button gb-button-ca3c13d6 gb-button-text button-effect\" href=\"https:\/\/essmann.com\/nl\/kontakt-zum-service\/\">Service<\/a>\n\n<\/div>\n<\/div><\/div>\n\n\n\n<div class=\"wp-block-column is-vertically-aligned-center is-layout-flow wp-block-column-is-layout-flow\"><div class=\"gb-container gb-container-9814302a\">\n\n<a class=\"gb-button gb-button-252b945e gb-button-text button-effect\" href=\"https:\/\/essmann.com\/nl\/stellenangebot-bewerbung\/\">Toepassing<\/a>\n\n<\/div><\/div>\n<\/div>\n\n<\/div>\n<div style=\"height:64px\" aria-hidden=\"true\" class=\"wp-block-spacer\"><\/div>\n<div class=\"gb-container gb-container-83262ba0\"><div class=\"gb-inside-container\">\n\n<p class=\"gb-headline gb-headline-0e5dc55f gb-headline-text\">Tijdschrift voor Essmann Weegschalen<\/p>\n\n\n\n<div class=\"gb-headline gb-headline-b3749b84\"><span class=\"gb-icon\"><svg xmlns=\"http:\/\/www.w3.org\/2000\/svg\" viewbox=\"0 0 36.7 3\"><path d=\"M0 0h36.7v3H0z\"><\/path><\/svg><\/span><\/div>\n\n\n<div class=\"gb-container gb-container-d004d49a\">\n<div class=\"gb-container gb-container-e5392ad4\">\n<div class=\"gb-grid-wrapper gb-grid-wrapper-d81475ad\">\n<div class=\"gb-grid-column gb-grid-column-64f4838c\"><div class=\"gb-container gb-container-64f4838c\"><div class=\"gb-inside-container\">\n\n<div class=\"gb-grid-wrapper gb-grid-wrapper-66dae3a3 gb-query-loop-wrapper\">\n<div class=\"gb-grid-column gb-grid-column-f8982118 gb-query-loop-item post-189175 post type-post status-publish format-standard has-post-thumbnail hentry category-schaaltips category-vrachtwagenweegschalen-weegbruggen category-vw-nl tag-beveiliging tag-controle tag-documentatie\"><div class=\"gb-container gb-container-f8982118\"><div class=\"gb-inside-container\">\n<figure class=\"gb-block-image gb-block-image-c648fb85\"><a href=\"https:\/\/essmann.com\/nl\/manipulationsrisiken-bei-lkw-waagen-wiegeprozess-besser-absichern\/\"><img loading=\"lazy\" decoding=\"async\" width=\"1920\" height=\"1280\" src=\"https:\/\/essmann.com\/wp-content\/uploads\/2026\/04\/recycling_metall_l1b2270.jpg\" class=\"gb-image-c648fb85\" alt=\"Gestapelde stalen liggers onder een blauwe hemel\" srcset=\"https:\/\/essmann.com\/wp-content\/uploads\/2026\/04\/recycling_metall_l1b2270.jpg 1920w, https:\/\/essmann.com\/wp-content\/uploads\/2026\/04\/recycling_metall_l1b2270-300x200.jpg 300w, https:\/\/essmann.com\/wp-content\/uploads\/2026\/04\/recycling_metall_l1b2270-1024x683.jpg 1024w, https:\/\/essmann.com\/wp-content\/uploads\/2026\/04\/recycling_metall_l1b2270-768x512.jpg 768w, https:\/\/essmann.com\/wp-content\/uploads\/2026\/04\/recycling_metall_l1b2270-1536x1024.jpg 1536w\" sizes=\"auto, (max-width: 1920px) 100vw, 1920px\" \/><\/a><\/figure>\n\n<div class=\"gb-headline gb-headline-105a8e81 gb-headline-text\"><time class=\"entry-date published\" datetime=\"2026-04-20T16:22:32+02:00\">20 april 2026<\/time><\/div>\n\n<h2 class=\"gb-headline gb-headline-d823eb89 gb-headline-text\"><a href=\"https:\/\/essmann.com\/nl\/manipulationsrisiken-bei-lkw-waagen-wiegeprozess-besser-absichern\/\">Risico&#8217;s van manipulatie bij vrachtwagenweegschalen: betere bescherming voor het weegproces<\/a><\/h2>\n\n<p class=\"gb-headline gb-headline-50783b14 gb-headline-text\">KGeen enkele andere metriek is zo direct gekoppeld aan geld, vertrouwen en verantwoordelijkheid als gewicht. Weegschalen cre\u00ebren betrokkenheid. Ze maken van de fysieke werkelijkheid een &#8230;<\/p>\n<\/div><\/div><\/div>\n<\/div>\n\n<\/div><\/div><\/div>\n\n<div class=\"gb-grid-column gb-grid-column-172c2d01\"><div class=\"gb-container gb-container-172c2d01\"><div class=\"gb-inside-container\">\n\n<div class=\"gb-grid-wrapper gb-grid-wrapper-ae4a818a gb-query-loop-wrapper\">\n<div class=\"gb-grid-column gb-grid-column-a5958d80 gb-query-loop-item post-181807 post type-post status-publish format-standard has-post-thumbnail hentry category-koopadvies category-precisieweegschalen category-vw-nl category-weegschalen-in-de-essmann-shop\"><div class=\"gb-container gb-container-a5958d80\"><div class=\"gb-inside-container\">\n<div class=\"gb-grid-wrapper gb-grid-wrapper-2316a5ad\">\n<div class=\"gb-grid-column gb-grid-column-f3dccbdb\"><div class=\"gb-container gb-container-f3dccbdb\"><div class=\"gb-inside-container\">\n<figure class=\"gb-block-image gb-block-image-a77e6df6\"><a href=\"https:\/\/essmann.com\/nl\/goldwaagen-und-praezisionswaagen-wenn-jedes-hundertstel-ueber-wert-und-vertrauen-entscheidet\/\"><img loading=\"lazy\" decoding=\"async\" width=\"300\" height=\"200\" src=\"https:\/\/essmann.com\/wp-content\/uploads\/2026\/04\/goldschmiedin_2-300x200.jpg\" class=\"gb-image-a77e6df6\" alt=\"Goudsmid houdt een sieraad vast en werkt eraan\" srcset=\"https:\/\/essmann.com\/wp-content\/uploads\/2026\/04\/goldschmiedin_2-300x200.jpg 300w, https:\/\/essmann.com\/wp-content\/uploads\/2026\/04\/goldschmiedin_2-1024x684.jpg 1024w, https:\/\/essmann.com\/wp-content\/uploads\/2026\/04\/goldschmiedin_2-768x513.jpg 768w, https:\/\/essmann.com\/wp-content\/uploads\/2026\/04\/goldschmiedin_2-1536x1026.jpg 1536w, https:\/\/essmann.com\/wp-content\/uploads\/2026\/04\/goldschmiedin_2.jpg 1920w\" sizes=\"auto, (max-width: 300px) 100vw, 300px\" \/><\/a><\/figure>\n<\/div><\/div><\/div>\n\n<div class=\"gb-grid-column gb-grid-column-2cddd1f8\"><div class=\"gb-container gb-container-2cddd1f8\"><div class=\"gb-inside-container\">\n<div class=\"gb-headline gb-headline-dcb58340 gb-headline-text\"><time class=\"entry-date published\" datetime=\"2026-04-09T13:01:04+02:00\">9 april 2026<\/time><\/div>\n\n<h2 class=\"gb-headline gb-headline-23a64d89 gb-headline-text\"><a href=\"https:\/\/essmann.com\/nl\/goldwaagen-und-praezisionswaagen-wenn-jedes-hundertstel-ueber-wert-und-vertrauen-entscheidet\/\">Gouden weegschalen en precisieweegschalen: wanneer elke honderdste van een cent waarde en vertrouwen bepaalt<\/a><\/h2>\n\n<div class=\"gb-button-wrapper gb-button-wrapper-2000f97e\">\n<a class=\"gb-button gb-button-59a4d11a gb-button-text post-term-item post-term-koopadvies\" href=\"https:\/\/essmann.com\/nl\/schaaltips\/koopadvies\/\">Koopadvies<\/a><a class=\"gb-button gb-button-59a4d11a gb-button-text post-term-item post-term-precisieweegschalen\" href=\"https:\/\/essmann.com\/nl\/weegschalen-in-de-essmann-shop\/precisieweegschalen\/\">Precisieweegschalen<\/a><a class=\"gb-button gb-button-59a4d11a gb-button-text post-term-item post-term-vw-nl\" href=\"https:\/\/essmann.com\/nl\/vw-nl\/\">VW<\/a><a class=\"gb-button gb-button-59a4d11a gb-button-text post-term-item post-term-weegschalen-in-de-essmann-shop\" href=\"https:\/\/essmann.com\/nl\/weegschalen-in-de-essmann-shop\/\">Weegschalen in de ESSMANN-shop<\/a>\n<\/div>\n<\/div><\/div><\/div>\n<\/div>\n<\/div><\/div><\/div>\n\n<div class=\"gb-grid-column gb-grid-column-a5958d80 gb-query-loop-item post-167808 post type-post status-publish format-standard has-post-thumbnail hentry category-koopadvies category-vw-nl category-weegschalen-in-de-essmann-shop tag-mobiele-weegschalen\"><div class=\"gb-container gb-container-a5958d80\"><div class=\"gb-inside-container\">\n<div class=\"gb-grid-wrapper gb-grid-wrapper-2316a5ad\">\n<div class=\"gb-grid-column gb-grid-column-f3dccbdb\"><div class=\"gb-container gb-container-f3dccbdb\"><div class=\"gb-inside-container\">\n<figure class=\"gb-block-image gb-block-image-a77e6df6\"><a href=\"https:\/\/essmann.com\/nl\/hubwagen-mit-waage-wie-mobile-wiegetechnik-die-intralogistik-effizienter-macht\/\"><img loading=\"lazy\" decoding=\"async\" width=\"300\" height=\"201\" src=\"https:\/\/essmann.com\/wp-content\/uploads\/2026\/03\/ravas_5200-f_li_hubwagen-mit-waage-5.jpg_767936_1920x1920-300x201.jpg\" class=\"gb-image-a77e6df6\" alt=\"Man verplaatst pallet op hefweegschaal met weegschaal in groot magazijn\" srcset=\"https:\/\/essmann.com\/wp-content\/uploads\/2026\/03\/ravas_5200-f_li_hubwagen-mit-waage-5.jpg_767936_1920x1920-300x201.jpg 300w, https:\/\/essmann.com\/wp-content\/uploads\/2026\/03\/ravas_5200-f_li_hubwagen-mit-waage-5.jpg_767936_1920x1920-1024x685.jpg 1024w, https:\/\/essmann.com\/wp-content\/uploads\/2026\/03\/ravas_5200-f_li_hubwagen-mit-waage-5.jpg_767936_1920x1920-768x513.jpg 768w, https:\/\/essmann.com\/wp-content\/uploads\/2026\/03\/ravas_5200-f_li_hubwagen-mit-waage-5.jpg_767936_1920x1920.jpg 1400w\" sizes=\"auto, (max-width: 300px) 100vw, 300px\" \/><\/a><\/figure>\n<\/div><\/div><\/div>\n\n<div class=\"gb-grid-column gb-grid-column-2cddd1f8\"><div class=\"gb-container gb-container-2cddd1f8\"><div class=\"gb-inside-container\">\n<div class=\"gb-headline gb-headline-dcb58340 gb-headline-text\"><time class=\"entry-date published\" datetime=\"2026-03-19T12:00:04+01:00\">19 maart 2026<\/time><\/div>\n\n<h2 class=\"gb-headline gb-headline-23a64d89 gb-headline-text\"><a href=\"https:\/\/essmann.com\/nl\/hubwagen-mit-waage-wie-mobile-wiegetechnik-die-intralogistik-effizienter-macht\/\">Palletwagen met weegschaal: Hoe mobiele weegtechnologie intralogistiek effici\u00ebnter maakt<\/a><\/h2>\n\n<div class=\"gb-button-wrapper gb-button-wrapper-2000f97e\">\n<a class=\"gb-button gb-button-59a4d11a gb-button-text post-term-item post-term-koopadvies\" href=\"https:\/\/essmann.com\/nl\/schaaltips\/koopadvies\/\">Koopadvies<\/a><a class=\"gb-button gb-button-59a4d11a gb-button-text post-term-item post-term-vw-nl\" href=\"https:\/\/essmann.com\/nl\/vw-nl\/\">VW<\/a><a class=\"gb-button gb-button-59a4d11a gb-button-text post-term-item post-term-weegschalen-in-de-essmann-shop\" href=\"https:\/\/essmann.com\/nl\/weegschalen-in-de-essmann-shop\/\">Weegschalen in de ESSMANN-shop<\/a>\n<\/div>\n<\/div><\/div><\/div>\n<\/div>\n<\/div><\/div><\/div>\n\n<div class=\"gb-grid-column gb-grid-column-a5958d80 gb-query-loop-item post-158580 post type-post status-publish format-standard has-post-thumbnail hentry category-explosiebeveiliging category-koopadvies category-vw-nl category-weegschalen-in-de-essmann-shop tag-atex-nl\"><div class=\"gb-container gb-container-a5958d80\"><div class=\"gb-inside-container\">\n<div class=\"gb-grid-wrapper gb-grid-wrapper-2316a5ad\">\n<div class=\"gb-grid-column gb-grid-column-f3dccbdb\"><div class=\"gb-container gb-container-f3dccbdb\"><div class=\"gb-inside-container\">\n<figure class=\"gb-block-image gb-block-image-a77e6df6\"><a href=\"https:\/\/essmann.com\/nl\/explosionsgeschuetzte-waagen-atex-wenn-wiegen-zur-sicherheitsfrage-wird\/\"><img loading=\"lazy\" decoding=\"async\" width=\"300\" height=\"201\" src=\"https:\/\/essmann.com\/wp-content\/uploads\/2026\/03\/gex_xs_waage_umgebung_symbolbild_quer-1-300x201.jpg\" class=\"gb-image-a77e6df6\" alt=\"Industri\u00eble omgeving met explosieveilige roestvrijstalen weegschalen op een tafel. Achtergrond: leidingen, schakelkasten, geel waarschuwingsbord, ATEX-symbool. Steriele, zilverkleurige apparatuur.\" srcset=\"https:\/\/essmann.com\/wp-content\/uploads\/2026\/03\/gex_xs_waage_umgebung_symbolbild_quer-1-300x201.jpg 300w, https:\/\/essmann.com\/wp-content\/uploads\/2026\/03\/gex_xs_waage_umgebung_symbolbild_quer-1-1024x687.jpg 1024w, https:\/\/essmann.com\/wp-content\/uploads\/2026\/03\/gex_xs_waage_umgebung_symbolbild_quer-1-768x515.jpg 768w, https:\/\/essmann.com\/wp-content\/uploads\/2026\/03\/gex_xs_waage_umgebung_symbolbild_quer-1.jpg 1264w\" sizes=\"auto, (max-width: 300px) 100vw, 300px\" \/><\/a><\/figure>\n<\/div><\/div><\/div>\n\n<div class=\"gb-grid-column gb-grid-column-2cddd1f8\"><div class=\"gb-container gb-container-2cddd1f8\"><div class=\"gb-inside-container\">\n<div class=\"gb-headline gb-headline-dcb58340 gb-headline-text\"><time class=\"entry-date published\" datetime=\"2026-03-03T11:11:16+01:00\">3 maart 2026<\/time><\/div>\n\n<h2 class=\"gb-headline gb-headline-23a64d89 gb-headline-text\"><a href=\"https:\/\/essmann.com\/nl\/explosionsgeschuetzte-waagen-atex-wenn-wiegen-zur-sicherheitsfrage-wird\/\">Explosieveilige weegschalen - ATEX: wanneer wegen een veiligheidskwestie wordt<\/a><\/h2>\n\n<div class=\"gb-button-wrapper gb-button-wrapper-2000f97e\">\n<a class=\"gb-button gb-button-59a4d11a gb-button-text post-term-item post-term-explosiebeveiliging\" href=\"https:\/\/essmann.com\/nl\/vrachtwagenweegschalen-weegbruggen\/he-sfk-vloerweegbrug\/explosiebeveiliging\/\">Explosiebeveiliging<\/a><a class=\"gb-button gb-button-59a4d11a gb-button-text post-term-item post-term-koopadvies\" href=\"https:\/\/essmann.com\/nl\/schaaltips\/koopadvies\/\">Koopadvies<\/a><a class=\"gb-button gb-button-59a4d11a gb-button-text post-term-item post-term-vw-nl\" href=\"https:\/\/essmann.com\/nl\/vw-nl\/\">VW<\/a><a class=\"gb-button gb-button-59a4d11a gb-button-text post-term-item post-term-weegschalen-in-de-essmann-shop\" href=\"https:\/\/essmann.com\/nl\/weegschalen-in-de-essmann-shop\/\">Weegschalen in de ESSMANN-shop<\/a>\n<\/div>\n<\/div><\/div><\/div>\n<\/div>\n<\/div><\/div><\/div>\n<\/div>\n\n<\/div><\/div><\/div>\n<\/div>\n<\/div>\n<\/div>\n<\/div><\/div>\n<div style=\"height:21px\" aria-hidden=\"true\" class=\"wp-block-spacer\"><\/div>\n\n<div style=\"height:55px\" aria-hidden=\"true\" class=\"wp-block-spacer\"><\/div>\n\n<h2 class=\"wp-block-heading has-text-align-center\">Partner<\/h2>\n\n<div class=\"gb-headline gb-headline-5959cc80\"><span class=\"gb-icon\"><svg xmlns=\"http:\/\/www.w3.org\/2000\/svg\" viewbox=\"0 0 36.7 3\"><path d=\"M0 0h36.7v3H0z\"><\/path><\/svg><\/span><\/div>\n\t\n\t\t<div id=\"gs_logo_area_51\" data-sort=\"name\" data-shortcode-id=\"51\" class=\"gs_logo_area gs_logo_area_51 slider1 gs-logo--img-efect_grayscale gs-logo--img-hover-efect_none\" data-options='{\"logo_per_page\":\"6\"}' style=\"opacity: 0; visibility: hidden;\">\n\t\t\t<div class=\"gs_logo_area--inner\">\n\n\t\t\t\t<!-- Category Filters - New (Global) -->\n\t\t\t\t\t\n\t\t\t\t\n<div class=\"gs_logo_container gs_carousel_swiper gs_logo_fix_height_and_center\" data-carousel-config='{\"direction\":\"horizontal\",\"speed\":500,\"isAutoplay\":true,\"autoplayDelay\":2000,\"loop\":true,\"pauseOnHover\":true,\"ticker\":false,\"navs\":false,\"navs_pos\":\"bottom\",\"dots\":true,\"dynamic_dots\":true,\"slideSpace\":10,\"slidesPerGroup\":1,\"desktopLogos\":7,\"tabletLogos\":3,\"mobileLogos\":2,\"reverseDirection\":false}'>\n\n\t\n\t\t\n\t\t\t<div class=\"gs_logo_single--wrapper\">\n\t\t\t\t<div class=\"gs_logo_single\">\n\n\t\t\t\t\t<!-- Logo Img -->\n\t\t\t\t\t<a href=\"https:\/\/www.zemiceurope.com\" target=\"_blank\" rel=\"noopener\"><img loading=\"lazy\" decoding=\"async\" width=\"300\" height=\"300\" src=\"https:\/\/essmann.com\/wp-content\/uploads\/2024\/04\/Logo_Zemic_sw.png\" class=\"gs_logo--tooltip tt-placement-top tt-bgcolor-one-%23ff5f6d tt-bgcolor-two-%23ffc371 tt-textcolor-%23fff gs-logo--img wp-post-image\" alt=\"Logo ZEMIC W\u00e4getechnologien, Grafik mit Link zur Hersteller-Seite\" title=\"Zemic Europe B.V.\" srcset=\"https:\/\/essmann.com\/wp-content\/uploads\/2024\/04\/Logo_Zemic_sw.png 300w, https:\/\/essmann.com\/wp-content\/uploads\/2024\/04\/Logo_Zemic_sw-150x150.png 150w\" sizes=\"auto, (max-width: 300px) 100vw, 300px\" \/> <\/a>\n\t\t\t\t\t<!-- Logo Title -->\n\t\t\t\t\t\t\t\t\t\t\n\t\t\t\t\t<!-- Logo Category -->\n\t\t\t\t\t\t\t\t\t\t\n\t\t\t\t<\/div>\n\t\t\t<\/div>\n\n\t\t\n\t\t\t<div class=\"gs_logo_single--wrapper\">\n\t\t\t\t<div class=\"gs_logo_single\">\n\n\t\t\t\t\t<!-- Logo Img -->\n\t\t\t\t\t<a href=\"https:\/\/www.systecnet.com\/\" target=\"_blank\" rel=\"noopener\"><img loading=\"lazy\" decoding=\"async\" width=\"300\" height=\"300\" src=\"https:\/\/essmann.com\/wp-content\/uploads\/2023\/11\/Logo_Systec_sw.png\" class=\"gs_logo--tooltip tt-placement-top tt-bgcolor-one-%23ff5f6d tt-bgcolor-two-%23ffc371 tt-textcolor-%23fff gs-logo--img wp-post-image\" alt=\"SysTec Systemtechnik und Industrieautomation GmbH\" title=\"SysTec Systemtechnik und Industrieautomation GmbH\" srcset=\"https:\/\/essmann.com\/wp-content\/uploads\/2023\/11\/Logo_Systec_sw.png 300w, https:\/\/essmann.com\/wp-content\/uploads\/2023\/11\/Logo_Systec_sw-150x150.png 150w\" sizes=\"auto, (max-width: 300px) 100vw, 300px\" \/> <\/a>\n\t\t\t\t\t<!-- Logo Title -->\n\t\t\t\t\t\t\t\t\t\t\n\t\t\t\t\t<!-- Logo Category -->\n\t\t\t\t\t\t\t\t\t\t\n\t\t\t\t<\/div>\n\t\t\t<\/div>\n\n\t\t\n\t\t\t<div class=\"gs_logo_single--wrapper\">\n\t\t\t\t<div class=\"gs_logo_single\">\n\n\t\t\t\t\t<!-- Logo Img -->\n\t\t\t\t\t<a href=\"https:\/\/www.soehnle-professional.com\/\" target=\"_blank\" rel=\"noopener\"><img loading=\"lazy\" decoding=\"async\" width=\"300\" height=\"300\" src=\"https:\/\/essmann.com\/wp-content\/uploads\/2023\/11\/Logo_soehnle_sw.png\" class=\"gs_logo--tooltip tt-placement-top tt-bgcolor-one-%23ff5f6d tt-bgcolor-two-%23ffc371 tt-textcolor-%23fff gs-logo--img wp-post-image\" alt=\"Soehnle Industrial Solutions GmbH\" title=\"Soehnle Industrial Solutions GmbH\" srcset=\"https:\/\/essmann.com\/wp-content\/uploads\/2023\/11\/Logo_soehnle_sw.png 300w, https:\/\/essmann.com\/wp-content\/uploads\/2023\/11\/Logo_soehnle_sw-150x150.png 150w\" sizes=\"auto, (max-width: 300px) 100vw, 300px\" \/> <\/a>\n\t\t\t\t\t<!-- Logo Title -->\n\t\t\t\t\t\t\t\t\t\t\n\t\t\t\t\t<!-- Logo Category -->\n\t\t\t\t\t\t\t\t\t\t\n\t\t\t\t<\/div>\n\t\t\t<\/div>\n\n\t\t\n\t\t\t<div class=\"gs_logo_single--wrapper\">\n\t\t\t\t<div class=\"gs_logo_single\">\n\n\t\t\t\t\t<!-- Logo Img -->\n\t\t\t\t\t<a href=\"https:\/\/www.shimadzu.de\" target=\"_blank\" rel=\"noopener\"><img loading=\"lazy\" decoding=\"async\" width=\"300\" height=\"300\" src=\"https:\/\/essmann.com\/wp-content\/uploads\/2024\/04\/Logo_schimadzu_sw-1.png\" class=\"gs_logo--tooltip tt-placement-top tt-bgcolor-one-%23ff5f6d tt-bgcolor-two-%23ffc371 tt-textcolor-%23fff gs-logo--img wp-post-image\" alt=\"Logo Shimadzu, Grafik mit Link zur Hersteller-Seite\" title=\"Shimadzu Deutschland GmbH\" srcset=\"https:\/\/essmann.com\/wp-content\/uploads\/2024\/04\/Logo_schimadzu_sw-1.png 300w, https:\/\/essmann.com\/wp-content\/uploads\/2024\/04\/Logo_schimadzu_sw-1-150x150.png 150w\" sizes=\"auto, (max-width: 300px) 100vw, 300px\" \/> <\/a>\n\t\t\t\t\t<!-- Logo Title -->\n\t\t\t\t\t\t\t\t\t\t\n\t\t\t\t\t<!-- Logo Category -->\n\t\t\t\t\t\t\t\t\t\t\n\t\t\t\t<\/div>\n\t\t\t<\/div>\n\n\t\t\n\t\t\t<div class=\"gs_logo_single--wrapper\">\n\t\t\t\t<div class=\"gs_logo_single\">\n\n\t\t\t\t\t<!-- Logo Img -->\n\t\t\t\t\t<a href=\"https:\/\/www.sartorius.com\" target=\"_blank\" rel=\"noopener\"><img loading=\"lazy\" decoding=\"async\" width=\"300\" height=\"300\" src=\"https:\/\/essmann.com\/wp-content\/uploads\/2023\/11\/Logo_sartorius_sw.png\" class=\"gs_logo--tooltip tt-placement-top tt-bgcolor-one-%23ff5f6d tt-bgcolor-two-%23ffc371 tt-textcolor-%23fff gs-logo--img wp-post-image\" alt=\"Sartorius AG\" title=\"Sartorius AG\" srcset=\"https:\/\/essmann.com\/wp-content\/uploads\/2023\/11\/Logo_sartorius_sw.png 300w, https:\/\/essmann.com\/wp-content\/uploads\/2023\/11\/Logo_sartorius_sw-150x150.png 150w\" sizes=\"auto, (max-width: 300px) 100vw, 300px\" \/> <\/a>\n\t\t\t\t\t<!-- Logo Title -->\n\t\t\t\t\t\t\t\t\t\t\n\t\t\t\t\t<!-- Logo Category -->\n\t\t\t\t\t\t\t\t\t\t\n\t\t\t\t<\/div>\n\t\t\t<\/div>\n\n\t\t\n\t\t\t<div class=\"gs_logo_single--wrapper\">\n\t\t\t\t<div class=\"gs_logo_single\">\n\n\t\t\t\t\t<!-- Logo Img -->\n\t\t\t\t\t<a href=\"https:\/\/www.rhewa.com\/\" target=\"_blank\" rel=\"noopener\"><img loading=\"lazy\" decoding=\"async\" width=\"300\" height=\"300\" src=\"https:\/\/essmann.com\/wp-content\/uploads\/2023\/11\/Logo_RHEWA_sw.png\" class=\"gs_logo--tooltip tt-placement-top tt-bgcolor-one-%23ff5f6d tt-bgcolor-two-%23ffc371 tt-textcolor-%23fff gs-logo--img wp-post-image\" alt=\"RHEWA-WAAGENFABRIK - August Freudewald GmbH &amp; Co. KG\" title=\"RHEWA-WAAGENFABRIK - August Freudewald GmbH &#038; Co. KG\" srcset=\"https:\/\/essmann.com\/wp-content\/uploads\/2023\/11\/Logo_RHEWA_sw.png 300w, https:\/\/essmann.com\/wp-content\/uploads\/2023\/11\/Logo_RHEWA_sw-150x150.png 150w\" sizes=\"auto, (max-width: 300px) 100vw, 300px\" \/> <\/a>\n\t\t\t\t\t<!-- Logo Title -->\n\t\t\t\t\t\t\t\t\t\t\n\t\t\t\t\t<!-- Logo Category -->\n\t\t\t\t\t\t\t\t\t\t\n\t\t\t\t<\/div>\n\t\t\t<\/div>\n\n\t\t\n\t\t\t<div class=\"gs_logo_single--wrapper\">\n\t\t\t\t<div class=\"gs_logo_single\">\n\n\t\t\t\t\t<!-- Logo Img -->\n\t\t\t\t\t<a href=\"https:\/\/www.ravas.com\" target=\"_blank\" rel=\"noopener\"><img loading=\"lazy\" decoding=\"async\" width=\"300\" height=\"300\" src=\"https:\/\/essmann.com\/wp-content\/uploads\/2024\/04\/Logo_ravas_sw.png\" class=\"gs_logo--tooltip tt-placement-top tt-bgcolor-one-%23ff5f6d tt-bgcolor-two-%23ffc371 tt-textcolor-%23fff gs-logo--img wp-post-image\" alt=\"Logo RAVAS mobile W\u00e4getechnik, Grafik mit Link zur Hersteller-Seite\" title=\"RAVAS GmbH\" srcset=\"https:\/\/essmann.com\/wp-content\/uploads\/2024\/04\/Logo_ravas_sw.png 300w, https:\/\/essmann.com\/wp-content\/uploads\/2024\/04\/Logo_ravas_sw-150x150.png 150w\" sizes=\"auto, (max-width: 300px) 100vw, 300px\" \/> <\/a>\n\t\t\t\t\t<!-- Logo Title -->\n\t\t\t\t\t\t\t\t\t\t\n\t\t\t\t\t<!-- Logo Category -->\n\t\t\t\t\t\t\t\t\t\t\n\t\t\t\t<\/div>\n\t\t\t<\/div>\n\n\t\t\n\t\t\t<div class=\"gs_logo_single--wrapper\">\n\t\t\t\t<div class=\"gs_logo_single\">\n\n\t\t\t\t\t<!-- Logo Img -->\n\t\t\t\t\t<a href=\"https:\/\/radwag.com\" target=\"_blank\" rel=\"noopener\"><img loading=\"lazy\" decoding=\"async\" width=\"300\" height=\"300\" src=\"https:\/\/essmann.com\/wp-content\/uploads\/2023\/11\/Logo_RADWAG_sw.png\" class=\"gs_logo--tooltip tt-placement-top tt-bgcolor-one-%23ff5f6d tt-bgcolor-two-%23ffc371 tt-textcolor-%23fff gs-logo--img wp-post-image\" alt=\"Radwag Waagen GmbH\" title=\"Radwag Waagen GmbH\" srcset=\"https:\/\/essmann.com\/wp-content\/uploads\/2023\/11\/Logo_RADWAG_sw.png 300w, https:\/\/essmann.com\/wp-content\/uploads\/2023\/11\/Logo_RADWAG_sw-150x150.png 150w\" sizes=\"auto, (max-width: 300px) 100vw, 300px\" \/> <\/a>\n\t\t\t\t\t<!-- Logo Title -->\n\t\t\t\t\t\t\t\t\t\t\n\t\t\t\t\t<!-- Logo Category -->\n\t\t\t\t\t\t\t\t\t\t\n\t\t\t\t<\/div>\n\t\t\t<\/div>\n\n\t\t\n\t\t\t<div class=\"gs_logo_single--wrapper\">\n\t\t\t\t<div class=\"gs_logo_single\">\n\n\t\t\t\t\t<!-- Logo Img -->\n\t\t\t\t\t<a href=\"https:\/\/www.precisa.com\/\" target=\"_blank\" rel=\"noopener\"><img loading=\"lazy\" decoding=\"async\" width=\"300\" height=\"300\" src=\"https:\/\/essmann.com\/wp-content\/uploads\/2023\/11\/Logo_precisa_sw.png\" class=\"gs_logo--tooltip tt-placement-top tt-bgcolor-one-%23ff5f6d tt-bgcolor-two-%23ffc371 tt-textcolor-%23fff gs-logo--img wp-post-image\" alt=\"Precisa Gravimetrics AG\" title=\"Precisa Gravimetrics AG\" srcset=\"https:\/\/essmann.com\/wp-content\/uploads\/2023\/11\/Logo_precisa_sw.png 300w, https:\/\/essmann.com\/wp-content\/uploads\/2023\/11\/Logo_precisa_sw-150x150.png 150w\" sizes=\"auto, (max-width: 300px) 100vw, 300px\" \/> <\/a>\n\t\t\t\t\t<!-- Logo Title -->\n\t\t\t\t\t\t\t\t\t\t\n\t\t\t\t\t<!-- Logo Category -->\n\t\t\t\t\t\t\t\t\t\t\n\t\t\t\t<\/div>\n\t\t\t<\/div>\n\n\t\t\n\t\t\t<div class=\"gs_logo_single--wrapper\">\n\t\t\t\t<div class=\"gs_logo_single\">\n\n\t\t\t\t\t<!-- Logo Img -->\n\t\t\t\t\t<a href=\"https:\/\/ohaus.com\/\" target=\"_blank\" rel=\"noopener\"><img loading=\"lazy\" decoding=\"async\" width=\"300\" height=\"300\" src=\"https:\/\/essmann.com\/wp-content\/uploads\/2025\/01\/logo_ohaus_premium_2025_sw.png\" class=\"gs_logo--tooltip tt-placement-top tt-bgcolor-one-%23ff5f6d tt-bgcolor-two-%23ffc371 tt-textcolor-%23fff gs-logo--img wp-post-image\" alt=\"OHAUS Premium Partner 2025 Logo in Grau\" title=\"OHAUS Europe GmbH\" srcset=\"https:\/\/essmann.com\/wp-content\/uploads\/2025\/01\/logo_ohaus_premium_2025_sw.png 300w, https:\/\/essmann.com\/wp-content\/uploads\/2025\/01\/logo_ohaus_premium_2025_sw-150x150.png 150w\" sizes=\"auto, (max-width: 300px) 100vw, 300px\" \/> <\/a>\n\t\t\t\t\t<!-- Logo Title -->\n\t\t\t\t\t\t\t\t\t\t\n\t\t\t\t\t<!-- Logo Category -->\n\t\t\t\t\t\t\t\t\t\t\n\t\t\t\t<\/div>\n\t\t\t<\/div>\n\n\t\t\n\t\t\t<div class=\"gs_logo_single--wrapper\">\n\t\t\t\t<div class=\"gs_logo_single\">\n\n\t\t\t\t\t<!-- Logo Img -->\n\t\t\t\t\t<a href=\"https:\/\/www.minebea-intec.com\/\" target=\"_blank\" rel=\"noopener\"><img loading=\"lazy\" decoding=\"async\" width=\"300\" height=\"300\" src=\"https:\/\/essmann.com\/wp-content\/uploads\/2024\/04\/Logo_Minebea_Intec_sw.png\" class=\"gs_logo--tooltip tt-placement-top tt-bgcolor-one-%23ff5f6d tt-bgcolor-two-%23ffc371 tt-textcolor-%23fff gs-logo--img wp-post-image\" alt=\"Logo Minebea W\u00e4getechnologien, Grafik mit Link zur Hersteller-Seite\" title=\"Minebea Intec GmbH\" srcset=\"https:\/\/essmann.com\/wp-content\/uploads\/2024\/04\/Logo_Minebea_Intec_sw.png 300w, https:\/\/essmann.com\/wp-content\/uploads\/2024\/04\/Logo_Minebea_Intec_sw-150x150.png 150w\" sizes=\"auto, (max-width: 300px) 100vw, 300px\" \/> <\/a>\n\t\t\t\t\t<!-- Logo Title -->\n\t\t\t\t\t\t\t\t\t\t\n\t\t\t\t\t<!-- Logo Category -->\n\t\t\t\t\t\t\t\t\t\t\n\t\t\t\t<\/div>\n\t\t\t<\/div>\n\n\t\t\n\t\t\t<div class=\"gs_logo_single--wrapper\">\n\t\t\t\t<div class=\"gs_logo_single\">\n\n\t\t\t\t\t<!-- Logo Img -->\n\t\t\t\t\t<a href=\"https:\/\/www.mt.com\" target=\"_blank\" rel=\"noopener\"><img loading=\"lazy\" decoding=\"async\" width=\"300\" height=\"300\" src=\"https:\/\/essmann.com\/wp-content\/uploads\/2023\/11\/Logo_mettler_toledo_sw.png\" class=\"gs_logo--tooltip tt-placement-top tt-bgcolor-one-%23ff5f6d tt-bgcolor-two-%23ffc371 tt-textcolor-%23fff gs-logo--img wp-post-image\" alt=\"Mettler Toledo Waagen\" title=\"Mettler Toledo Waagen\" srcset=\"https:\/\/essmann.com\/wp-content\/uploads\/2023\/11\/Logo_mettler_toledo_sw.png 300w, https:\/\/essmann.com\/wp-content\/uploads\/2023\/11\/Logo_mettler_toledo_sw-150x150.png 150w\" sizes=\"auto, (max-width: 300px) 100vw, 300px\" \/> <\/a>\n\t\t\t\t\t<!-- Logo Title -->\n\t\t\t\t\t\t\t\t\t\t\n\t\t\t\t\t<!-- Logo Category -->\n\t\t\t\t\t\t\t\t\t\t\n\t\t\t\t<\/div>\n\t\t\t<\/div>\n\n\t\t\n\t\t\t<div class=\"gs_logo_single--wrapper\">\n\t\t\t\t<div class=\"gs_logo_single\">\n\n\t\t\t\t\t<!-- Logo Img -->\n\t\t\t\t\t<a href=\"https:\/\/www.magnetic-access.com\/de-DE\/\" target=\"_blank\" rel=\"noopener\"><img loading=\"lazy\" decoding=\"async\" width=\"300\" height=\"300\" src=\"https:\/\/essmann.com\/wp-content\/uploads\/2023\/11\/Logo_magnetic_sw.png\" class=\"gs_logo--tooltip tt-placement-top tt-bgcolor-one-%23ff5f6d tt-bgcolor-two-%23ffc371 tt-textcolor-%23fff gs-logo--img wp-post-image\" alt=\"Magnetic Autocontrol GmbH\" title=\"Magnetic Autocontrol GmbH\" srcset=\"https:\/\/essmann.com\/wp-content\/uploads\/2023\/11\/Logo_magnetic_sw.png 300w, https:\/\/essmann.com\/wp-content\/uploads\/2023\/11\/Logo_magnetic_sw-150x150.png 150w\" sizes=\"auto, (max-width: 300px) 100vw, 300px\" \/> <\/a>\n\t\t\t\t\t<!-- Logo Title -->\n\t\t\t\t\t\t\t\t\t\t\n\t\t\t\t\t<!-- Logo Category -->\n\t\t\t\t\t\t\t\t\t\t\n\t\t\t\t<\/div>\n\t\t\t<\/div>\n\n\t\t\n\t\t\t<div class=\"gs_logo_single--wrapper\">\n\t\t\t\t<div class=\"gs_logo_single\">\n\n\t\t\t\t\t<!-- Logo Img -->\n\t\t\t\t\t<a href=\"https:\/\/www.kern-sohn.com\/\" target=\"_blank\" rel=\"noopener\"><img loading=\"lazy\" decoding=\"async\" width=\"300\" height=\"300\" src=\"https:\/\/essmann.com\/wp-content\/uploads\/2024\/07\/logo_kern_premium_sw.png\" class=\"gs_logo--tooltip tt-placement-top tt-bgcolor-one-%23ff5f6d tt-bgcolor-two-%23ffc371 tt-textcolor-%23fff gs-logo--img wp-post-image\" alt=\"KERN Consulting Partner 2024-2025\" title=\"KERN &#038; SOHN GmbH\" srcset=\"https:\/\/essmann.com\/wp-content\/uploads\/2024\/07\/logo_kern_premium_sw.png 300w, https:\/\/essmann.com\/wp-content\/uploads\/2024\/07\/logo_kern_premium_sw-150x150.png 150w\" sizes=\"auto, (max-width: 300px) 100vw, 300px\" \/> <\/a>\n\t\t\t\t\t<!-- Logo Title -->\n\t\t\t\t\t\t\t\t\t\t\n\t\t\t\t\t<!-- Logo Category -->\n\t\t\t\t\t\t\t\t\t\t\n\t\t\t\t<\/div>\n\t\t\t<\/div>\n\n\t\t\n\t\t\t<div class=\"gs_logo_single--wrapper\">\n\t\t\t\t<div class=\"gs_logo_single\">\n\n\t\t\t\t\t<!-- Logo Img -->\n\t\t\t\t\t<a href=\"https:\/\/www.hbkworld.com\/de\" target=\"_blank\" rel=\"noopener\"><img loading=\"lazy\" decoding=\"async\" width=\"300\" height=\"300\" src=\"https:\/\/essmann.com\/wp-content\/uploads\/2023\/11\/Logo_HBK_sw.png\" class=\"gs_logo--tooltip tt-placement-top tt-bgcolor-one-%23ff5f6d tt-bgcolor-two-%23ffc371 tt-textcolor-%23fff gs-logo--img wp-post-image\" alt=\"Hottinger Br\u00fcel &amp; Kjaer GmbH\" title=\"Hottinger Br\u00fcel &#038; Kjaer GmbH\" srcset=\"https:\/\/essmann.com\/wp-content\/uploads\/2023\/11\/Logo_HBK_sw.png 300w, https:\/\/essmann.com\/wp-content\/uploads\/2023\/11\/Logo_HBK_sw-150x150.png 150w\" sizes=\"auto, (max-width: 300px) 100vw, 300px\" \/> <\/a>\n\t\t\t\t\t<!-- Logo Title -->\n\t\t\t\t\t\t\t\t\t\t\n\t\t\t\t\t<!-- Logo Category -->\n\t\t\t\t\t\t\t\t\t\t\n\t\t\t\t<\/div>\n\t\t\t<\/div>\n\n\t\t\n\t\t\t<div class=\"gs_logo_single--wrapper\">\n\t\t\t\t<div class=\"gs_logo_single\">\n\n\t\t\t\t\t<!-- Logo Img -->\n\t\t\t\t\t<a href=\"https:\/\/www.flintec.com\/de\" target=\"_blank\" rel=\"noopener\"><img loading=\"lazy\" decoding=\"async\" width=\"300\" height=\"300\" src=\"https:\/\/essmann.com\/wp-content\/uploads\/2023\/11\/Logo_flintec_sw.png\" class=\"gs_logo--tooltip tt-placement-top tt-bgcolor-one-%23ff5f6d tt-bgcolor-two-%23ffc371 tt-textcolor-%23fff gs-logo--img wp-post-image\" alt=\"Flintec GmbH\" title=\"Flintec GmbH\" srcset=\"https:\/\/essmann.com\/wp-content\/uploads\/2023\/11\/Logo_flintec_sw.png 300w, https:\/\/essmann.com\/wp-content\/uploads\/2023\/11\/Logo_flintec_sw-150x150.png 150w\" sizes=\"auto, (max-width: 300px) 100vw, 300px\" \/> <\/a>\n\t\t\t\t\t<!-- Logo Title -->\n\t\t\t\t\t\t\t\t\t\t\n\t\t\t\t\t<!-- Logo Category -->\n\t\t\t\t\t\t\t\t\t\t\n\t\t\t\t<\/div>\n\t\t\t<\/div>\n\n\t\t\n\t\t\t<div class=\"gs_logo_single--wrapper\">\n\t\t\t\t<div class=\"gs_logo_single\">\n\n\t\t\t\t\t<!-- Logo Img -->\n\t\t\t\t\t<a href=\"https:\/\/ehp.de\/\" target=\"_blank\" rel=\"noopener\"><img loading=\"lazy\" decoding=\"async\" width=\"300\" height=\"300\" src=\"https:\/\/essmann.com\/wp-content\/uploads\/2023\/11\/Logo_EHP_sw-1.png\" class=\"gs_logo--tooltip tt-placement-top tt-bgcolor-one-%23ff5f6d tt-bgcolor-two-%23ffc371 tt-textcolor-%23fff gs-logo--img wp-post-image\" alt=\"EHP W\u00e4getechnik\" title=\"EHP W\u00e4getechnik\" srcset=\"https:\/\/essmann.com\/wp-content\/uploads\/2023\/11\/Logo_EHP_sw-1.png 300w, https:\/\/essmann.com\/wp-content\/uploads\/2023\/11\/Logo_EHP_sw-1-150x150.png 150w\" sizes=\"auto, (max-width: 300px) 100vw, 300px\" \/> <\/a>\n\t\t\t\t\t<!-- Logo Title -->\n\t\t\t\t\t\t\t\t\t\t\n\t\t\t\t\t<!-- Logo Category -->\n\t\t\t\t\t\t\t\t\t\t\n\t\t\t\t<\/div>\n\t\t\t<\/div>\n\n\t\t\n\t\t\t<div class=\"gs_logo_single--wrapper\">\n\t\t\t\t<div class=\"gs_logo_single\">\n\n\t\t\t\t\t<!-- Logo Img -->\n\t\t\t\t\t<a href=\"https:\/\/www.diniargeo.de\/\" target=\"_blank\" rel=\"noopener\"><img loading=\"lazy\" decoding=\"async\" width=\"300\" height=\"300\" src=\"https:\/\/essmann.com\/wp-content\/uploads\/2023\/11\/Logo_Dini_sw.png\" class=\"gs_logo--tooltip tt-placement-top tt-bgcolor-one-%23ff5f6d tt-bgcolor-two-%23ffc371 tt-textcolor-%23fff gs-logo--img wp-post-image\" alt=\"DINI ARGEO S.r.l.\" title=\"DINI ARGEO S.r.l.\" srcset=\"https:\/\/essmann.com\/wp-content\/uploads\/2023\/11\/Logo_Dini_sw.png 300w, https:\/\/essmann.com\/wp-content\/uploads\/2023\/11\/Logo_Dini_sw-150x150.png 150w\" sizes=\"auto, (max-width: 300px) 100vw, 300px\" \/> <\/a>\n\t\t\t\t\t<!-- Logo Title -->\n\t\t\t\t\t\t\t\t\t\t\n\t\t\t\t\t<!-- Logo Category -->\n\t\t\t\t\t\t\t\t\t\t\n\t\t\t\t<\/div>\n\t\t\t<\/div>\n\n\t\t\n\t\t\t<div class=\"gs_logo_single--wrapper\">\n\t\t\t\t<div class=\"gs_logo_single\">\n\n\t\t\t\t\t<!-- Logo Img -->\n\t\t\t\t\t<a href=\"https:\/\/cas-retail.com\/\" target=\"_blank\" rel=\"noopener\"><img loading=\"lazy\" decoding=\"async\" width=\"300\" height=\"300\" src=\"https:\/\/essmann.com\/wp-content\/uploads\/2023\/11\/Logo_CAS_sw.png\" class=\"gs_logo--tooltip tt-placement-top tt-bgcolor-one-%23ff5f6d tt-bgcolor-two-%23ffc371 tt-textcolor-%23fff gs-logo--img wp-post-image\" alt=\"CAS Deutschland AG\" title=\"CAS Deutschland AG\" srcset=\"https:\/\/essmann.com\/wp-content\/uploads\/2023\/11\/Logo_CAS_sw.png 300w, https:\/\/essmann.com\/wp-content\/uploads\/2023\/11\/Logo_CAS_sw-150x150.png 150w\" sizes=\"auto, (max-width: 300px) 100vw, 300px\" \/> <\/a>\n\t\t\t\t\t<!-- Logo Title -->\n\t\t\t\t\t\t\t\t\t\t\n\t\t\t\t\t<!-- Logo Category -->\n\t\t\t\t\t\t\t\t\t\t\n\t\t\t\t<\/div>\n\t\t\t<\/div>\n\n\t\t\n\t\t\t<div class=\"gs_logo_single--wrapper\">\n\t\t\t\t<div class=\"gs_logo_single\">\n\n\t\t\t\t\t<!-- Logo Img -->\n\t\t\t\t\t<a href=\"https:\/\/andprecision.com\/\" target=\"_blank\" rel=\"noopener\"><img loading=\"lazy\" decoding=\"async\" width=\"300\" height=\"300\" src=\"https:\/\/essmann.com\/wp-content\/uploads\/2023\/11\/Logo_AND_sw.png\" class=\"gs_logo--tooltip tt-placement-top tt-bgcolor-one-%23ff5f6d tt-bgcolor-two-%23ffc371 tt-textcolor-%23fff gs-logo--img wp-post-image\" alt=\"A&amp;D Instruments Limited\" title=\"A&#038;D Instruments Limited\" srcset=\"https:\/\/essmann.com\/wp-content\/uploads\/2023\/11\/Logo_AND_sw.png 300w, https:\/\/essmann.com\/wp-content\/uploads\/2023\/11\/Logo_AND_sw-150x150.png 150w\" sizes=\"auto, (max-width: 300px) 100vw, 300px\" \/> <\/a>\n\t\t\t\t\t<!-- Logo Title -->\n\t\t\t\t\t\t\t\t\t\t\n\t\t\t\t\t<!-- Logo Category -->\n\t\t\t\t\t\t\t\t\t\t\n\t\t\t\t<\/div>\n\t\t\t<\/div>\n\n\t\t\n\t\t\t<div class=\"gs_logo_single--wrapper\">\n\t\t\t\t<div class=\"gs_logo_single\">\n\n\t\t\t\t\t<!-- Logo Img -->\n\t\t\t\t\t<a href=\"https:\/\/aeadam.de\/\" target=\"_blank\" rel=\"noopener\"><img loading=\"lazy\" decoding=\"async\" width=\"300\" height=\"300\" src=\"https:\/\/essmann.com\/wp-content\/uploads\/2023\/11\/Logo_AE_Adam_sw-1.png\" class=\"gs_logo--tooltip tt-placement-top tt-bgcolor-one-%23ff5f6d tt-bgcolor-two-%23ffc371 tt-textcolor-%23fff gs-logo--img wp-post-image\" alt=\"AE Adam GmbH\" title=\"AE Adam GmbH\" srcset=\"https:\/\/essmann.com\/wp-content\/uploads\/2023\/11\/Logo_AE_Adam_sw-1.png 300w, https:\/\/essmann.com\/wp-content\/uploads\/2023\/11\/Logo_AE_Adam_sw-1-150x150.png 150w\" sizes=\"auto, (max-width: 300px) 100vw, 300px\" \/> <\/a>\n\t\t\t\t\t<!-- Logo Title -->\n\t\t\t\t\t\t\t\t\t\t\n\t\t\t\t\t<!-- Logo Category -->\n\t\t\t\t\t\t\t\t\t\t\n\t\t\t\t<\/div>\n\t\t\t<\/div>\n\n\t\t\t\t\n\t\n<\/div>\n\t\t\t\t<!-- Pagination -->\n\t\t\t\t\n\t\t\t<\/div>\n\t\t<\/div>\n\t\n\t\t<style>#gs_logo_area_51:not(.verticaltickerdown):not(.verticalticker) .gs_logo_container{margin-left:-5px}#gs_logo_area_51:not(.verticaltickerdown):not(.verticalticker) .gs_logo_container{margin-right:-5px}#gs_logo_area_51:not(.verticaltickerdown):not(.verticalticker) .gs_logo_single--wrapper{padding:5px}#gs_logo_area_51 ul.gs-logo-filter-cats{text-align:center!important}#gs_logo_area_51 .gs_logo_single--wrapper{width:14.285714285714%}@media (max-width:1023px){#gs_logo_area_51 .gs_logo_single--wrapper{width:33.333333333333%}}@media (max-width:767px){#gs_logo_area_51 .gs_logo_single--wrapper{width:50%}}<\/style>\n","protected":false},"excerpt":{"rendered":"<p>Innovatieve oplossingen en professionele service voor industri\u00eble weegtechnologie ESSMANN | Waagen &amp; Automation is al sinds 1860 innovator op het gebied van industri\u00eble en commerci\u00eble weegschalen &#8230; <\/p>\n<p class=\"read-more-container\"><a title=\"AE Adam GmbH\" class=\"read-more button\" href=\"https:\/\/essmann.com\/nl\/?gs-logo-slider=ae-adam-gmbh#more-66654\" aria-label=\"Lees meer over AE Adam GmbH\">Lees meer<\/a><\/p>\n","protected":false},"author":7,"featured_media":0,"parent":0,"menu_order":0,"comment_status":"closed","ping_status":"closed","template":"","meta":{"_seopress_robots_primary_cat":"","_seopress_titles_title":"ESSMANN | Weegschalen & Automatisering - Precisie-innovatie sinds 1860","_seopress_titles_desc":"Wij zijn fabrikanten van weegschalen. Sinds 1860 zijn we toonaangevend in de ontwikkeling van professionele weegtechnologie - van ultramicroweegschalen tot spoorweegschalen. ","_seopress_robots_index":"","_jet_sm_ready_style":"","_jet_sm_style":"","_jet_sm_controls_values":"","_jet_sm_fonts_collection":"","_jet_sm_fonts_links":"","footnotes":""},"class_list":["post-71443","page","type-page","status-publish","hentry","infinite-scroll-item"],"_links":{"self":[{"href":"https:\/\/essmann.com\/nl\/wp-json\/wp\/v2\/pages\/71443","targetHints":{"allow":["GET"]}}],"collection":[{"href":"https:\/\/essmann.com\/nl\/wp-json\/wp\/v2\/pages"}],"about":[{"href":"https:\/\/essmann.com\/nl\/wp-json\/wp\/v2\/types\/page"}],"author":[{"embeddable":true,"href":"https:\/\/essmann.com\/nl\/wp-json\/wp\/v2\/users\/7"}],"replies":[{"embeddable":true,"href":"https:\/\/essmann.com\/nl\/wp-json\/wp\/v2\/comments?post=71443"}],"version-history":[{"count":10,"href":"https:\/\/essmann.com\/nl\/wp-json\/wp\/v2\/pages\/71443\/revisions"}],"predecessor-version":[{"id":87661,"href":"https:\/\/essmann.com\/nl\/wp-json\/wp\/v2\/pages\/71443\/revisions\/87661"}],"wp:attachment":[{"href":"https:\/\/essmann.com\/nl\/wp-json\/wp\/v2\/media?parent=71443"}],"curies":[{"name":"wp","href":"https:\/\/api.w.org\/{rel}","templated":true}]}}