{"id":71544,"date":"2023-08-04T13:19:40","date_gmt":"2023-08-04T11:19:40","guid":{"rendered":"https:\/\/essmann.com\/waagenshop\/"},"modified":"2026-02-10T11:22:26","modified_gmt":"2026-02-10T10:22:26","slug":"waagen-im-waagenshop","status":"publish","type":"page","link":"https:\/\/essmann.com\/nl\/waagen-im-waagenshop\/","title":{"rendered":"Koop weegschalen in de ESSMANN Shop"},"content":{"rendered":"<div class=\"gb-container gb-container-2bba2800\"><div class=\"gb-inside-container\">\n\n<p class=\"has-text-align-center\"><a href=\"https:\/\/essmann.com\/nl\/kranwaagen\/\" data-type=\"link\" data-id=\"https:\/\/essmann.com\/kranwaagen\/\">Kraanweegschalen<\/a> | <a href=\"https:\/\/essmann.com\/nl\/labor-und-analysenwaagen-2\/\" data-type=\"page\" data-id=\"31377\">Laboratoriumweegschalen<\/a> | <a href=\"https:\/\/essmann.com\/nl\/handelswaagen\/\" data-type=\"page\" data-id=\"29257\">Winkelweegschalen<\/a> | <a href=\"https:\/\/essmann.com\/nl\/medizinische-waagen\/\" data-type=\"page\" data-id=\"29735\">Medische weegschalen<\/a> | <a href=\"https:\/\/www.essmann-shop.com\/lebensmittelwaagen\/\" target=\"_blank\" rel=\"noreferrer noopener\">Voedselweegschalen<\/a> | <a href=\"https:\/\/essmann.com\/nl\/waegezellen\/\" data-type=\"page\" data-id=\"30297\">Weegcellen<\/a> | <a href=\"https:\/\/www.essmann-shop.com\/messtechnik-komponenten\/waegeterminals\/\" data-type=\"page\" data-id=\"29735\" target=\"_blank\" rel=\"noreferrer noopener\">Weegterminals<\/a> | <a href=\"https:\/\/www.essmann-shop.com\/pruefgewichte\/\" data-type=\"page\" data-id=\"29259\" target=\"_blank\" rel=\"noreferrer noopener\">Testgewichten<\/a> | <a href=\"https:\/\/www.essmann-shop.com\/messtechnik-komponenten\/\" data-type=\"page\" data-id=\"30247\" target=\"_blank\" rel=\"noreferrer noopener\">Accessoires<\/a><\/p>\n\n\n<div class=\"gb-container gb-container-472e9bd5\" id=\"welcome\"><div class=\"gb-inside-container\">\n<div class=\"gb-grid-wrapper gb-grid-wrapper-a27b11f8\">\n<div class=\"gb-grid-column gb-grid-column-8aba818c\"><div class=\"gb-container gb-container-8aba818c\"><div class=\"gb-inside-container\">\n\n<h2 class=\"gb-headline gb-headline-a151aa39 gb-headline-text\">Weegschalen &amp; accessoires in de ESSMANN-shop - direct beschikbaar, professioneel getest<\/h2>\n\n\n\n<p>In de  <span class=\"wp-rich-text-font-awesome-icon wp-font-awesome-icon\"><svg xmlns=\"http:\/\/www.w3.org\/2000\/svg\" aria-hidden=\"true\" focusable=\"false\" data-prefix=\"fas\" data-icon=\"arrow-up-right-from-square\" class=\"svg-inline--fa fa-arrow-up-right-from-square \" role=\"img\" viewbox=\"0 0 512 512\"><path fill=\"currentColor\" d=\"M320 0c-17.7 0-32 14.3-32 32s14.3 32 32 32l82.7 0-201.4 201.4c-12.5 12.5-12.5 32.8 0 45.3s32.8 12.5 45.3 0L448 109.3 448 192c0 17.7 14.3 32 32 32s32-14.3 32-32l0-160c0-17.7-14.3-32-32-32L320 0zM80 96C35.8 96 0 131.8 0 176L0 432c0 44.2 35.8 80 80 80l256 0c44.2 0 80-35.8 80-80l0-80c0-17.7-14.3-32-32-32s-32 14.3-32 32l0 80c0 8.8-7.2 16-16 16L80 448c-8.8 0-16-7.2-16-16l0-256c0-8.8 7.2-16 16-16l80 0c17.7 0 32-14.3 32-32s-14.3-32-32-32L80 96z\"><\/path><\/svg><\/span><strong><a href=\"https:\/\/essmann-shop.com\" target=\"_blank\" rel=\"noreferrer noopener\">ESSMANN Weegschaal Shop<\/a><\/strong> vindt u een grote selectie direct beschikbare <strong>precisieweegschalen <\/strong>van<strong> bekende merkfabrikanten<\/strong> zoals  <span class=\"wp-rich-text-font-awesome-icon wp-font-awesome-icon\"><svg xmlns=\"http:\/\/www.w3.org\/2000\/svg\" aria-hidden=\"true\" focusable=\"false\" data-prefix=\"fas\" data-icon=\"arrow-up-right-from-square\" class=\"svg-inline--fa fa-arrow-up-right-from-square \" role=\"img\" viewbox=\"0 0 512 512\"><path fill=\"currentColor\" d=\"M320 0c-17.7 0-32 14.3-32 32s14.3 32 32 32l82.7 0-201.4 201.4c-12.5 12.5-12.5 32.8 0 45.3s32.8 12.5 45.3 0L448 109.3 448 192c0 17.7 14.3 32 32 32s32-14.3 32-32l0-160c0-17.7-14.3-32-32-32L320 0zM80 96C35.8 96 0 131.8 0 176L0 432c0 44.2 35.8 80 80 80l256 0c44.2 0 80-35.8 80-80l0-80c0-17.7-14.3-32-32-32s-32 14.3-32 32l0 80c0 8.8-7.2 16-16 16L80 448c-8.8 0-16-7.2-16-16l0-256c0-8.8 7.2-16 16-16l80 0c17.7 0 32-14.3 32-32s-14.3-32-32-32L80 96z\"><\/path><\/svg><\/span><strong><a href=\"https:\/\/www.essmann-shop.com\/alle-hersteller\/sartorius-waagen\/\" target=\"_blank\" rel=\"noreferrer noopener\">Sartorius<\/a><\/strong>,  <span class=\"wp-rich-text-font-awesome-icon wp-font-awesome-icon\"><svg xmlns=\"http:\/\/www.w3.org\/2000\/svg\" aria-hidden=\"true\" focusable=\"false\" data-prefix=\"fas\" data-icon=\"arrow-up-right-from-square\" class=\"svg-inline--fa fa-arrow-up-right-from-square \" role=\"img\" viewbox=\"0 0 512 512\"><path fill=\"currentColor\" d=\"M320 0c-17.7 0-32 14.3-32 32s14.3 32 32 32l82.7 0-201.4 201.4c-12.5 12.5-12.5 32.8 0 45.3s32.8 12.5 45.3 0L448 109.3 448 192c0 17.7 14.3 32 32 32s32-14.3 32-32l0-160c0-17.7-14.3-32-32-32L320 0zM80 96C35.8 96 0 131.8 0 176L0 432c0 44.2 35.8 80 80 80l256 0c44.2 0 80-35.8 80-80l0-80c0-17.7-14.3-32-32-32s-32 14.3-32 32l0 80c0 8.8-7.2 16-16 16L80 448c-8.8 0-16-7.2-16-16l0-256c0-8.8 7.2-16 16-16l80 0c17.7 0 32-14.3 32-32s-14.3-32-32-32L80 96z\"><\/path><\/svg><\/span><strong><a href=\"https:\/\/www.essmann-shop.com\/alle-hersteller\/kern-sohn-waagen\/\" target=\"_blank\" rel=\"noreferrer noopener\">Kern<\/a><\/strong>,  <span class=\"wp-rich-text-font-awesome-icon wp-font-awesome-icon\"><svg xmlns=\"http:\/\/www.w3.org\/2000\/svg\" aria-hidden=\"true\" focusable=\"false\" data-prefix=\"fas\" data-icon=\"arrow-up-right-from-square\" class=\"svg-inline--fa fa-arrow-up-right-from-square \" role=\"img\" viewbox=\"0 0 512 512\"><path fill=\"currentColor\" d=\"M320 0c-17.7 0-32 14.3-32 32s14.3 32 32 32l82.7 0-201.4 201.4c-12.5 12.5-12.5 32.8 0 45.3s32.8 12.5 45.3 0L448 109.3 448 192c0 17.7 14.3 32 32 32s32-14.3 32-32l0-160c0-17.7-14.3-32-32-32L320 0zM80 96C35.8 96 0 131.8 0 176L0 432c0 44.2 35.8 80 80 80l256 0c44.2 0 80-35.8 80-80l0-80c0-17.7-14.3-32-32-32s-32 14.3-32 32l0 80c0 8.8-7.2 16-16 16L80 448c-8.8 0-16-7.2-16-16l0-256c0-8.8 7.2-16 16-16l80 0c17.7 0 32-14.3 32-32s-14.3-32-32-32L80 96z\"><\/path><\/svg><\/span><strong><a href=\"https:\/\/www.essmann-shop.com\/alle-hersteller\/a-d-waagen\/\" target=\"_blank\" rel=\"noreferrer noopener\">A&amp;D<\/a><\/strong>,  <span class=\"wp-rich-text-font-awesome-icon wp-font-awesome-icon\"><svg xmlns=\"http:\/\/www.w3.org\/2000\/svg\" aria-hidden=\"true\" focusable=\"false\" data-prefix=\"fas\" data-icon=\"arrow-up-right-from-square\" class=\"svg-inline--fa fa-arrow-up-right-from-square \" role=\"img\" viewbox=\"0 0 512 512\"><path fill=\"currentColor\" d=\"M320 0c-17.7 0-32 14.3-32 32s14.3 32 32 32l82.7 0-201.4 201.4c-12.5 12.5-12.5 32.8 0 45.3s32.8 12.5 45.3 0L448 109.3 448 192c0 17.7 14.3 32 32 32s32-14.3 32-32l0-160c0-17.7-14.3-32-32-32L320 0zM80 96C35.8 96 0 131.8 0 176L0 432c0 44.2 35.8 80 80 80l256 0c44.2 0 80-35.8 80-80l0-80c0-17.7-14.3-32-32-32s-32 14.3-32 32l0 80c0 8.8-7.2 16-16 16L80 448c-8.8 0-16-7.2-16-16l0-256c0-8.8 7.2-16 16-16l80 0c17.7 0 32-14.3 32-32s-14.3-32-32-32L80 96z\"><\/path><\/svg><\/span><strong><a href=\"https:\/\/www.essmann-shop.com\/alle-hersteller\/ohaus\/\" target=\"_blank\" rel=\"noreferrer noopener\">Ohaus<\/a><\/strong> en  <span class=\"wp-rich-text-font-awesome-icon wp-font-awesome-icon\"><svg xmlns=\"http:\/\/www.w3.org\/2000\/svg\" aria-hidden=\"true\" focusable=\"false\" data-prefix=\"fas\" data-icon=\"arrow-up-right-from-square\" class=\"svg-inline--fa fa-arrow-up-right-from-square \" role=\"img\" viewbox=\"0 0 512 512\"><path fill=\"currentColor\" d=\"M320 0c-17.7 0-32 14.3-32 32s14.3 32 32 32l82.7 0-201.4 201.4c-12.5 12.5-12.5 32.8 0 45.3s32.8 12.5 45.3 0L448 109.3 448 192c0 17.7 14.3 32 32 32s32-14.3 32-32l0-160c0-17.7-14.3-32-32-32L320 0zM80 96C35.8 96 0 131.8 0 176L0 432c0 44.2 35.8 80 80 80l256 0c44.2 0 80-35.8 80-80l0-80c0-17.7-14.3-32-32-32s-32 14.3-32 32l0 80c0 8.8-7.2 16-16 16L80 448c-8.8 0-16-7.2-16-16l0-256c0-8.8 7.2-16 16-16l80 0c17.7 0 32-14.3 32-32s-14.3-32-32-32L80 96z\"><\/path><\/svg><\/span><strong><a href=\"https:\/\/www.essmann-shop.com\/alle-hersteller\/\" target=\"_blank\" rel=\"noreferrer noopener\">verder<\/a><\/strong>. In de ESSMANN-shop vindt u ook weegschaalaccessoires voor een breed scala aan toepassingen, of het nu gaat om industri\u00eble, commerci\u00eble, medische of laboratoriumtoepassingen. Alle <strong>plateauweegschalen<\/strong>, <strong>kraanweegschalen<\/strong>, <strong>winkelweegschalen<\/strong>, <strong>laboratoriumweegschalen<\/strong>, <strong>medische weegschalen<\/strong>, <strong>load cells<\/strong> en <strong>testgewichten<\/strong> worden op verzoek door ons getest, gekalibreerd en aangepast.<\/p>\n\n\n\n<p>Of het nu gaat <strong>om weegschalen voor mobiel gebruik,<\/strong> dagelijks gebruik of voor <strong>legale<\/strong> toepassingen: ESSMANN levert nauwkeurige, duurzame <strong>weegtechniek<\/strong> met deskundig advies en snelle beschikbaarheid. En zorgt ook voor <strong>onderhoud<\/strong>, <strong>kalibratie<\/strong> en <strong>reparatie<\/strong> <strong>na aankoop <\/strong>. Ideaal voor iedereen die op zoek is naar <strong>kwaliteitsweegschalen<\/strong> die direct inzetbaar zijn.  <\/p>\n\n\n<div class=\"gb-container gb-container-e06db0fd\"><div class=\"gb-inside-container\">\n<div class=\"gb-grid-wrapper gb-grid-wrapper-3b183dc5\">\n<div class=\"gb-grid-column gb-grid-column-74322eeb\"><div class=\"gb-container gb-container-74322eeb\"><div class=\"gb-inside-container\">\n<div class=\"gb-button-wrapper gb-button-wrapper-4a2269c5\">\n\n<a class=\"gb-button gb-button-1d91d7de gb-button-text button\" href=\"https:\/\/essmann-shop.com\" target=\"_blank\" rel=\"noopener noreferrer\">Naar de ESSMANN weegschaalwinkel<\/a>\n\n<\/div>\n<\/div><\/div><\/div>\n<\/div>\n<\/div><\/div>\n<\/div><\/div><\/div>\n\n<div class=\"gb-grid-column gb-grid-column-de9949fa\"><div class=\"gb-container gb-container-de9949fa\"><div class=\"gb-inside-container\">\n\n<figure class=\"gb-block-image gb-block-image-75b1a2f8\"><img loading=\"lazy\" decoding=\"async\" width=\"1024\" height=\"683\" class=\"gb-image gb-image-75b1a2f8\" src=\"https:\/\/essmann.com\/wp-content\/uploads\/2026\/01\/dr_0041_kalibrieren_protokoll_web-1024x683.jpg\" alt=\"Zilveren gewicht op een precisieweegschaal met een glazen voorruit. Zachte achtergrondonscherpte, op de achtergrond een tablet met kalibratieprotocol, weerspiegelde kleuren op de weegschaal. Essmann weegschaal werkplaatsomgeving.\" title=\"schaalwerkplaats essmann\" srcset=\"https:\/\/essmann.com\/wp-content\/uploads\/2026\/01\/dr_0041_kalibrieren_protokoll_web-1024x683.jpg 1024w, https:\/\/essmann.com\/wp-content\/uploads\/2026\/01\/dr_0041_kalibrieren_protokoll_web-300x200.jpg 300w, https:\/\/essmann.com\/wp-content\/uploads\/2026\/01\/dr_0041_kalibrieren_protokoll_web-768x512.jpg 768w, https:\/\/essmann.com\/wp-content\/uploads\/2026\/01\/dr_0041_kalibrieren_protokoll_web-1536x1024.jpg 1536w, https:\/\/essmann.com\/wp-content\/uploads\/2026\/01\/dr_0041_kalibrieren_protokoll_web.jpg 1600w\" sizes=\"auto, (max-width: 1024px) 100vw, 1024px\" \/><\/figure>\n\n<\/div><\/div><\/div>\n<\/div>\n\n\t\n\t\t<div id=\"gs_logo_area_56\" data-sort=\"name\" data-shortcode-id=\"56\" class=\"gs_logo_area gs_logo_area_56 slider1 gs-logo--img-efect_grayscale gs-logo--img-hover-efect_none\" data-options='{\"logo_per_page\":\"6\"}' style=\"opacity: 0; visibility: hidden;\">\n\t\t\t<div class=\"gs_logo_area--inner\">\n\n\t\t\t\t<!-- Category Filters - New (Global) -->\n\t\t\t\t\t\n\t\t\t\t\n<div class=\"gs_logo_container gs_carousel_swiper gs_logo_fix_height_and_center\" data-carousel-config='{\"direction\":\"horizontal\",\"speed\":500,\"isAutoplay\":true,\"autoplayDelay\":2000,\"loop\":true,\"pauseOnHover\":true,\"ticker\":false,\"navs\":false,\"navs_pos\":\"bottom\",\"dots\":true,\"dynamic_dots\":true,\"slideSpace\":10,\"slidesPerGroup\":1,\"desktopLogos\":8,\"tabletLogos\":3,\"mobileLogos\":2,\"reverseDirection\":false}'>\n\n\t\n\t\t\n\t\t\t<div class=\"gs_logo_single--wrapper\">\n\t\t\t\t<div class=\"gs_logo_single\">\n\n\t\t\t\t\t<!-- Logo Img -->\n\t\t\t\t\t<a href=\"https:\/\/www.ups.com\/de\/de\/home\" target=\"_blank\" rel=\"noopener noreferrer nofollow\"><img loading=\"lazy\" decoding=\"async\" width=\"300\" height=\"300\" src=\"https:\/\/essmann.com\/wp-content\/uploads\/2025\/03\/referenz_ups_logo.png\" class=\"gs_logo--tooltip tt-placement-top tt-bgcolor-one-%23ff5f6d tt-bgcolor-two-%23ffc371 tt-textcolor-%23fff gs-logo--img wp-post-image\" alt=\"UPS Firmenlogo auf gelbem Hintergrund\" title=\"United Parcel Service of America, Inc.\" srcset=\"https:\/\/essmann.com\/wp-content\/uploads\/2025\/03\/referenz_ups_logo.png 300w, https:\/\/essmann.com\/wp-content\/uploads\/2025\/03\/referenz_ups_logo-150x150.png 150w\" sizes=\"auto, (max-width: 300px) 100vw, 300px\" \/> <\/a>\n\t\t\t\t\t<!-- Logo Title -->\n\t\t\t\t\t\t\t\t\t\t\n\t\t\t\t\t<!-- Logo Category -->\n\t\t\t\t\t\t\t\t\t\t\n\t\t\t\t<\/div>\n\t\t\t<\/div>\n\n\t\t\n\t\t\t<div class=\"gs_logo_single--wrapper\">\n\t\t\t\t<div class=\"gs_logo_single\">\n\n\t\t\t\t\t<!-- Logo Img -->\n\t\t\t\t\t<a href=\"https:\/\/www.ubs.com\" target=\"_blank\" rel=\"noopener noreferrer nofollow\"><img loading=\"lazy\" decoding=\"async\" width=\"300\" height=\"300\" src=\"https:\/\/essmann.com\/wp-content\/uploads\/2025\/03\/referenz_ubs_logo.png\" class=\"gs_logo--tooltip tt-placement-top tt-bgcolor-one-%23ff5f6d tt-bgcolor-two-%23ffc371 tt-textcolor-%23fff gs-logo--img wp-post-image\" alt=\"Schwarz-rotes abstraktes Logo von UBS\" title=\"UBS Group AG\" srcset=\"https:\/\/essmann.com\/wp-content\/uploads\/2025\/03\/referenz_ubs_logo.png 300w, https:\/\/essmann.com\/wp-content\/uploads\/2025\/03\/referenz_ubs_logo-150x150.png 150w\" sizes=\"auto, (max-width: 300px) 100vw, 300px\" \/> <\/a>\n\t\t\t\t\t<!-- Logo Title -->\n\t\t\t\t\t\t\t\t\t\t\n\t\t\t\t\t<!-- Logo Category -->\n\t\t\t\t\t\t\t\t\t\t\n\t\t\t\t<\/div>\n\t\t\t<\/div>\n\n\t\t\n\t\t\t<div class=\"gs_logo_single--wrapper\">\n\t\t\t\t<div class=\"gs_logo_single\">\n\n\t\t\t\t\t<!-- Logo Img -->\n\t\t\t\t\t<a href=\"https:\/\/hagenbeck.de\/\" target=\"_blank\" rel=\"noopener noreferrer nofollow\"><img loading=\"lazy\" decoding=\"async\" width=\"300\" height=\"300\" src=\"https:\/\/essmann.com\/wp-content\/uploads\/2025\/03\/referenz_habeck_logo.png\" class=\"gs_logo--tooltip tt-placement-top tt-bgcolor-one-%23ff5f6d tt-bgcolor-two-%23ffc371 tt-textcolor-%23fff gs-logo--img wp-post-image\" alt=\"Logo Tierpark Hagenbeck mit Elefantenfamilie\" title=\"Tierpark Hagenbeck Gemeinn\u00fctzige Gesellschaft mbH\" srcset=\"https:\/\/essmann.com\/wp-content\/uploads\/2025\/03\/referenz_habeck_logo.png 300w, https:\/\/essmann.com\/wp-content\/uploads\/2025\/03\/referenz_habeck_logo-150x150.png 150w\" sizes=\"auto, (max-width: 300px) 100vw, 300px\" \/> <\/a>\n\t\t\t\t\t<!-- Logo Title -->\n\t\t\t\t\t\t\t\t\t\t\n\t\t\t\t\t<!-- Logo Category -->\n\t\t\t\t\t\t\t\t\t\t\n\t\t\t\t<\/div>\n\t\t\t<\/div>\n\n\t\t\n\t\t\t<div class=\"gs_logo_single--wrapper\">\n\t\t\t\t<div class=\"gs_logo_single\">\n\n\t\t\t\t\t<!-- Logo Img -->\n\t\t\t\t\t<a href=\"https:\/\/www.siemens.com\" target=\"_blank\" rel=\"noopener noreferrer nofollow\"><img loading=\"lazy\" decoding=\"async\" width=\"300\" height=\"300\" src=\"https:\/\/essmann.com\/wp-content\/uploads\/2025\/03\/referenz_siemens_logo.png\" class=\"gs_logo--tooltip tt-placement-top tt-bgcolor-one-%23ff5f6d tt-bgcolor-two-%23ffc371 tt-textcolor-%23fff gs-logo--img wp-post-image\" alt=\"Logo der Siemens AG\" title=\"Siemens Aktiengesellschaft\" srcset=\"https:\/\/essmann.com\/wp-content\/uploads\/2025\/03\/referenz_siemens_logo.png 300w, https:\/\/essmann.com\/wp-content\/uploads\/2025\/03\/referenz_siemens_logo-150x150.png 150w\" sizes=\"auto, (max-width: 300px) 100vw, 300px\" \/> <\/a>\n\t\t\t\t\t<!-- Logo Title -->\n\t\t\t\t\t\t\t\t\t\t\n\t\t\t\t\t<!-- Logo Category -->\n\t\t\t\t\t\t\t\t\t\t\n\t\t\t\t<\/div>\n\t\t\t<\/div>\n\n\t\t\n\t\t\t<div class=\"gs_logo_single--wrapper\">\n\t\t\t\t<div class=\"gs_logo_single\">\n\n\t\t\t\t\t<!-- Logo Img -->\n\t\t\t\t\t<a href=\"https:\/\/www.bosch.de\" target=\"_blank\" rel=\"noopener noreferrer nofollow\"><img loading=\"lazy\" decoding=\"async\" width=\"300\" height=\"300\" src=\"https:\/\/essmann.com\/wp-content\/uploads\/2025\/03\/referenz_bosch_logo.png\" class=\"gs_logo--tooltip tt-placement-top tt-bgcolor-one-%23ff5f6d tt-bgcolor-two-%23ffc371 tt-textcolor-%23fff gs-logo--img wp-post-image\" alt=\"Graues und rotes abstraktes Design\" title=\"Robert Bosch GmbH\" srcset=\"https:\/\/essmann.com\/wp-content\/uploads\/2025\/03\/referenz_bosch_logo.png 300w, https:\/\/essmann.com\/wp-content\/uploads\/2025\/03\/referenz_bosch_logo-150x150.png 150w\" sizes=\"auto, (max-width: 300px) 100vw, 300px\" \/> <\/a>\n\t\t\t\t\t<!-- Logo Title -->\n\t\t\t\t\t\t\t\t\t\t\n\t\t\t\t\t<!-- Logo Category -->\n\t\t\t\t\t\t\t\t\t\t\n\t\t\t\t<\/div>\n\t\t\t<\/div>\n\n\t\t\n\t\t\t<div class=\"gs_logo_single--wrapper\">\n\t\t\t\t<div class=\"gs_logo_single\">\n\n\t\t\t\t\t<!-- Logo Img -->\n\t\t\t\t\t<a href=\"https:\/\/www.montblanc.com\" target=\"_blank\" rel=\"noopener noreferrer nofollow\"><img loading=\"lazy\" decoding=\"async\" width=\"300\" height=\"300\" src=\"https:\/\/essmann.com\/wp-content\/uploads\/2025\/03\/referenz_montblanc_logo.png\" class=\"gs_logo--tooltip tt-placement-top tt-bgcolor-one-%23ff5f6d tt-bgcolor-two-%23ffc371 tt-textcolor-%23fff gs-logo--img wp-post-image\" alt=\"Schwarzes Logo Mont Blanc\" title=\"Montblanc International GmbH\" srcset=\"https:\/\/essmann.com\/wp-content\/uploads\/2025\/03\/referenz_montblanc_logo.png 300w, https:\/\/essmann.com\/wp-content\/uploads\/2025\/03\/referenz_montblanc_logo-150x150.png 150w\" sizes=\"auto, (max-width: 300px) 100vw, 300px\" \/> <\/a>\n\t\t\t\t\t<!-- Logo Title -->\n\t\t\t\t\t\t\t\t\t\t\n\t\t\t\t\t<!-- Logo Category -->\n\t\t\t\t\t\t\t\t\t\t\n\t\t\t\t<\/div>\n\t\t\t<\/div>\n\n\t\t\n\t\t\t<div class=\"gs_logo_single--wrapper\">\n\t\t\t\t<div class=\"gs_logo_single\">\n\n\t\t\t\t\t<!-- Logo Img -->\n\t\t\t\t\t<a href=\"https:\/\/www.lufthansa-technik.com\/en\" target=\"_blank\" rel=\"noopener noreferrer nofollow\"><img loading=\"lazy\" decoding=\"async\" width=\"300\" height=\"300\" src=\"https:\/\/essmann.com\/wp-content\/uploads\/2025\/03\/referenz_luftansa_logo.png\" class=\"gs_logo--tooltip tt-placement-top tt-bgcolor-one-%23ff5f6d tt-bgcolor-two-%23ffc371 tt-textcolor-%23fff gs-logo--img wp-post-image\" alt=\"Dunkelblaues Rechteck mit subtiler Struktur\" title=\"Lufthansa Technik AG\" srcset=\"https:\/\/essmann.com\/wp-content\/uploads\/2025\/03\/referenz_luftansa_logo.png 300w, https:\/\/essmann.com\/wp-content\/uploads\/2025\/03\/referenz_luftansa_logo-150x150.png 150w\" sizes=\"auto, (max-width: 300px) 100vw, 300px\" \/> <\/a>\n\t\t\t\t\t<!-- Logo Title -->\n\t\t\t\t\t\t\t\t\t\t\n\t\t\t\t\t<!-- Logo Category -->\n\t\t\t\t\t\t\t\t\t\t\n\t\t\t\t<\/div>\n\t\t\t<\/div>\n\n\t\t\n\t\t\t<div class=\"gs_logo_single--wrapper\">\n\t\t\t\t<div class=\"gs_logo_single\">\n\n\t\t\t\t\t<!-- Logo Img -->\n\t\t\t\t\t<a href=\"https:\/\/de.kuehne-nagel.com\/\" target=\"_blank\" rel=\"noopener noreferrer nofollow\"><img loading=\"lazy\" decoding=\"async\" width=\"300\" height=\"300\" src=\"https:\/\/essmann.com\/wp-content\/uploads\/2025\/03\/referenz_kuehne_nagel_logo.png\" class=\"gs_logo--tooltip tt-placement-top tt-bgcolor-one-%23ff5f6d tt-bgcolor-two-%23ffc371 tt-textcolor-%23fff gs-logo--img wp-post-image\" alt=\"Besch\u00e4digtes digitales Bild mit blauen Streifen\" title=\"K\u00fchne + Nagel (AG &#038; Co.) KG\" srcset=\"https:\/\/essmann.com\/wp-content\/uploads\/2025\/03\/referenz_kuehne_nagel_logo.png 300w, https:\/\/essmann.com\/wp-content\/uploads\/2025\/03\/referenz_kuehne_nagel_logo-150x150.png 150w\" sizes=\"auto, (max-width: 300px) 100vw, 300px\" \/> <\/a>\n\t\t\t\t\t<!-- Logo Title -->\n\t\t\t\t\t\t\t\t\t\t\n\t\t\t\t\t<!-- Logo Category -->\n\t\t\t\t\t\t\t\t\t\t\n\t\t\t\t<\/div>\n\t\t\t<\/div>\n\n\t\t\n\t\t\t<div class=\"gs_logo_single--wrapper\">\n\t\t\t\t<div class=\"gs_logo_single\">\n\n\t\t\t\t\t<!-- Logo Img -->\n\t\t\t\t\t<a href=\"https:\/\/www.fli.d\" target=\"_blank\" rel=\"noopener noreferrer nofollow\"><img loading=\"lazy\" decoding=\"async\" width=\"300\" height=\"300\" src=\"https:\/\/essmann.com\/wp-content\/uploads\/2025\/03\/referenz_friedrich_loeffler_logo.png\" class=\"gs_logo--tooltip tt-placement-top tt-bgcolor-one-%23ff5f6d tt-bgcolor-two-%23ffc371 tt-textcolor-%23fff gs-logo--img wp-post-image\" alt=\"Blaue Buchstaben FLI auf wei\u00dfem Hintergrund\" title=\"Friedrich-Loeffler-Institut, Bundesforschungsinstitut f\u00fcr Tiergesundheit\" srcset=\"https:\/\/essmann.com\/wp-content\/uploads\/2025\/03\/referenz_friedrich_loeffler_logo.png 300w, https:\/\/essmann.com\/wp-content\/uploads\/2025\/03\/referenz_friedrich_loeffler_logo-150x150.png 150w\" sizes=\"auto, (max-width: 300px) 100vw, 300px\" \/> <\/a>\n\t\t\t\t\t<!-- Logo Title -->\n\t\t\t\t\t\t\t\t\t\t\n\t\t\t\t\t<!-- Logo Category -->\n\t\t\t\t\t\t\t\t\t\t\n\t\t\t\t<\/div>\n\t\t\t<\/div>\n\n\t\t\n\t\t\t<div class=\"gs_logo_single--wrapper\">\n\t\t\t\t<div class=\"gs_logo_single\">\n\n\t\t\t\t\t<!-- Logo Img -->\n\t\t\t\t\t<a href=\"https:\/\/www.fraunhofer.de\/\" target=\"_blank\" rel=\"noopener noreferrer nofollow\"><img loading=\"lazy\" decoding=\"async\" width=\"300\" height=\"300\" src=\"https:\/\/essmann.com\/wp-content\/uploads\/2025\/03\/referenz_fraunhofer_logo.png\" class=\"gs_logo--tooltip tt-placement-top tt-bgcolor-one-%23ff5f6d tt-bgcolor-two-%23ffc371 tt-textcolor-%23fff gs-logo--img wp-post-image\" alt=\"Firmenlogo mit gr\u00fcnen Streifen und schwarzen Elementen\" title=\"Fraunhofer-Gesellschaft zur F\u00f6rderung der angewandten Forschung e.V.\" srcset=\"https:\/\/essmann.com\/wp-content\/uploads\/2025\/03\/referenz_fraunhofer_logo.png 300w, https:\/\/essmann.com\/wp-content\/uploads\/2025\/03\/referenz_fraunhofer_logo-150x150.png 150w\" sizes=\"auto, (max-width: 300px) 100vw, 300px\" \/> <\/a>\n\t\t\t\t\t<!-- Logo Title -->\n\t\t\t\t\t\t\t\t\t\t\n\t\t\t\t\t<!-- Logo Category -->\n\t\t\t\t\t\t\t\t\t\t\n\t\t\t\t<\/div>\n\t\t\t<\/div>\n\n\t\t\n\t\t\t<div class=\"gs_logo_single--wrapper\">\n\t\t\t\t<div class=\"gs_logo_single\">\n\n\t\t\t\t\t<!-- Logo Img -->\n\t\t\t\t\t<a href=\"https:\/\/fischboeck.de\/\" target=\"_blank\" rel=\"noopener noreferrer nofollow\"><img loading=\"lazy\" decoding=\"async\" width=\"300\" height=\"300\" src=\"https:\/\/essmann.com\/wp-content\/uploads\/2025\/03\/referenz_forellenzucht_logo.png\" class=\"gs_logo--tooltip tt-placement-top tt-bgcolor-one-%23ff5f6d tt-bgcolor-two-%23ffc371 tt-textcolor-%23fff gs-logo--img wp-post-image\" alt=\"Blau-graues Logo Forellenzucht\" title=\"Forellenzucht am Kocherursprung KG\" srcset=\"https:\/\/essmann.com\/wp-content\/uploads\/2025\/03\/referenz_forellenzucht_logo.png 300w, https:\/\/essmann.com\/wp-content\/uploads\/2025\/03\/referenz_forellenzucht_logo-150x150.png 150w\" sizes=\"auto, (max-width: 300px) 100vw, 300px\" \/> <\/a>\n\t\t\t\t\t<!-- Logo Title -->\n\t\t\t\t\t\t\t\t\t\t\n\t\t\t\t\t<!-- Logo Category -->\n\t\t\t\t\t\t\t\t\t\t\n\t\t\t\t<\/div>\n\t\t\t<\/div>\n\n\t\t\n\t\t\t<div class=\"gs_logo_single--wrapper\">\n\t\t\t\t<div class=\"gs_logo_single\">\n\n\t\t\t\t\t<!-- Logo Img -->\n\t\t\t\t\t<a href=\"https:\/\/www.envitec-biogas.de\" target=\"_blank\" rel=\"noopener noreferrer nofollow\"><img loading=\"lazy\" decoding=\"async\" width=\"300\" height=\"300\" src=\"https:\/\/essmann.com\/wp-content\/uploads\/2025\/03\/referenz_envitec_logo.png\" class=\"gs_logo--tooltip tt-placement-top tt-bgcolor-one-%23ff5f6d tt-bgcolor-two-%23ffc371 tt-textcolor-%23fff gs-logo--img wp-post-image\" alt=\"Gr\u00fcnes Symbol mit Baum, H\u00fcgel und Wolke\" title=\"EnviTec Biogas AG\" srcset=\"https:\/\/essmann.com\/wp-content\/uploads\/2025\/03\/referenz_envitec_logo.png 300w, https:\/\/essmann.com\/wp-content\/uploads\/2025\/03\/referenz_envitec_logo-150x150.png 150w\" sizes=\"auto, (max-width: 300px) 100vw, 300px\" \/> <\/a>\n\t\t\t\t\t<!-- Logo Title -->\n\t\t\t\t\t\t\t\t\t\t\n\t\t\t\t\t<!-- Logo Category -->\n\t\t\t\t\t\t\t\t\t\t\n\t\t\t\t<\/div>\n\t\t\t<\/div>\n\n\t\t\n\t\t\t<div class=\"gs_logo_single--wrapper\">\n\t\t\t\t<div class=\"gs_logo_single\">\n\n\t\t\t\t\t<!-- Logo Img -->\n\t\t\t\t\t<a href=\"https:\/\/www.edding.com\" target=\"_blank\" rel=\"noopener noreferrer nofollow\"><img loading=\"lazy\" decoding=\"async\" width=\"300\" height=\"300\" src=\"https:\/\/essmann.com\/wp-content\/uploads\/2025\/03\/referenz_edding_logo.png\" class=\"gs_logo--tooltip tt-placement-top tt-bgcolor-one-%23ff5f6d tt-bgcolor-two-%23ffc371 tt-textcolor-%23fff gs-logo--img wp-post-image\" alt=\"Logo von edding mit rotem Hintergrund\" title=\"edding International GmbH\" srcset=\"https:\/\/essmann.com\/wp-content\/uploads\/2025\/03\/referenz_edding_logo.png 300w, https:\/\/essmann.com\/wp-content\/uploads\/2025\/03\/referenz_edding_logo-150x150.png 150w\" sizes=\"auto, (max-width: 300px) 100vw, 300px\" \/> <\/a>\n\t\t\t\t\t<!-- Logo Title -->\n\t\t\t\t\t\t\t\t\t\t\n\t\t\t\t\t<!-- Logo Category -->\n\t\t\t\t\t\t\t\t\t\t\n\t\t\t\t<\/div>\n\t\t\t<\/div>\n\n\t\t\n\t\t\t<div class=\"gs_logo_single--wrapper\">\n\t\t\t\t<div class=\"gs_logo_single\">\n\n\t\t\t\t\t<!-- Logo Img -->\n\t\t\t\t\t<a href=\"https:\/\/www.dkms.de\" target=\"_blank\" rel=\"noopener noreferrer nofollow\"><img loading=\"lazy\" decoding=\"async\" width=\"300\" height=\"300\" src=\"https:\/\/essmann.com\/wp-content\/uploads\/2025\/03\/referenz_dkms_logo.png\" class=\"gs_logo--tooltip tt-placement-top tt-bgcolor-one-%23ff5f6d tt-bgcolor-two-%23ffc371 tt-textcolor-%23fff gs-logo--img wp-post-image\" alt=\"Rotes Logo von DKMS\" title=\"DKMS Group gGmbH\" srcset=\"https:\/\/essmann.com\/wp-content\/uploads\/2025\/03\/referenz_dkms_logo.png 300w, https:\/\/essmann.com\/wp-content\/uploads\/2025\/03\/referenz_dkms_logo-150x150.png 150w\" sizes=\"auto, (max-width: 300px) 100vw, 300px\" \/> <\/a>\n\t\t\t\t\t<!-- Logo Title -->\n\t\t\t\t\t\t\t\t\t\t\n\t\t\t\t\t<!-- Logo Category -->\n\t\t\t\t\t\t\t\t\t\t\n\t\t\t\t<\/div>\n\t\t\t<\/div>\n\n\t\t\n\t\t\t<div class=\"gs_logo_single--wrapper\">\n\t\t\t\t<div class=\"gs_logo_single\">\n\n\t\t\t\t\t<!-- Logo Img -->\n\t\t\t\t\t<a href=\"https:\/\/www.bundesbank.de\" target=\"_blank\" rel=\"noopener noreferrer nofollow\"><img loading=\"lazy\" decoding=\"async\" width=\"300\" height=\"300\" src=\"https:\/\/essmann.com\/wp-content\/uploads\/2025\/03\/referenz_deutschebundesbank_logo.png\" class=\"gs_logo--tooltip tt-placement-top tt-bgcolor-one-%23ff5f6d tt-bgcolor-two-%23ffc371 tt-textcolor-%23fff gs-logo--img wp-post-image\" alt=\"Logo Deutsche Bundesbank mit stilisierter EU-Flagge\" title=\"Deutsche Bundesbank\" srcset=\"https:\/\/essmann.com\/wp-content\/uploads\/2025\/03\/referenz_deutschebundesbank_logo.png 300w, https:\/\/essmann.com\/wp-content\/uploads\/2025\/03\/referenz_deutschebundesbank_logo-150x150.png 150w\" sizes=\"auto, (max-width: 300px) 100vw, 300px\" \/> <\/a>\n\t\t\t\t\t<!-- Logo Title -->\n\t\t\t\t\t\t\t\t\t\t\n\t\t\t\t\t<!-- Logo Category -->\n\t\t\t\t\t\t\t\t\t\t\n\t\t\t\t<\/div>\n\t\t\t<\/div>\n\n\t\t\n\t\t\t<div class=\"gs_logo_single--wrapper\">\n\t\t\t\t<div class=\"gs_logo_single\">\n\n\t\t\t\t\t<!-- Logo Img -->\n\t\t\t\t\t<a href=\"https:\/\/www.bahn.de\" target=\"_blank\" rel=\"noopener noreferrer nofollow\"><img loading=\"lazy\" decoding=\"async\" width=\"300\" height=\"300\" src=\"https:\/\/essmann.com\/wp-content\/uploads\/2025\/03\/referenz_db_logo.png\" class=\"gs_logo--tooltip tt-placement-top tt-bgcolor-one-%23ff5f6d tt-bgcolor-two-%23ffc371 tt-textcolor-%23fff gs-logo--img wp-post-image\" alt=\"Logo der Deutschen Bahn\" title=\"DB Fernverkehr AG\" srcset=\"https:\/\/essmann.com\/wp-content\/uploads\/2025\/03\/referenz_db_logo.png 300w, https:\/\/essmann.com\/wp-content\/uploads\/2025\/03\/referenz_db_logo-150x150.png 150w\" sizes=\"auto, (max-width: 300px) 100vw, 300px\" \/> <\/a>\n\t\t\t\t\t<!-- Logo Title -->\n\t\t\t\t\t\t\t\t\t\t\n\t\t\t\t\t<!-- Logo Category -->\n\t\t\t\t\t\t\t\t\t\t\n\t\t\t\t<\/div>\n\t\t\t<\/div>\n\n\t\t\n\t\t\t<div class=\"gs_logo_single--wrapper\">\n\t\t\t\t<div class=\"gs_logo_single\">\n\n\t\t\t\t\t<!-- Logo Img -->\n\t\t\t\t\t<a href=\"https:\/\/www.kuehne.de\" target=\"_blank\" rel=\"noopener noreferrer nofollow\"><img loading=\"lazy\" decoding=\"async\" width=\"300\" height=\"300\" src=\"https:\/\/essmann.com\/wp-content\/uploads\/2025\/03\/referenz_kuehne_logo.png\" class=\"gs_logo--tooltip tt-placement-top tt-bgcolor-one-%23ff5f6d tt-bgcolor-two-%23ffc371 tt-textcolor-%23fff gs-logo--img wp-post-image\" alt=\"Logo von K\u00fchne mit gr\u00fcnem Hintergrund\" title=\"Carl K\u00fchne KG (GmbH &#038; Co.)\" srcset=\"https:\/\/essmann.com\/wp-content\/uploads\/2025\/03\/referenz_kuehne_logo.png 300w, https:\/\/essmann.com\/wp-content\/uploads\/2025\/03\/referenz_kuehne_logo-150x150.png 150w\" sizes=\"auto, (max-width: 300px) 100vw, 300px\" \/> <\/a>\n\t\t\t\t\t<!-- Logo Title -->\n\t\t\t\t\t\t\t\t\t\t\n\t\t\t\t\t<!-- Logo Category -->\n\t\t\t\t\t\t\t\t\t\t\n\t\t\t\t<\/div>\n\t\t\t<\/div>\n\n\t\t\n\t\t\t<div class=\"gs_logo_single--wrapper\">\n\t\t\t\t<div class=\"gs_logo_single\">\n\n\t\t\t\t\t<!-- Logo Img -->\n\t\t\t\t\t<a href=\"https:\/\/www.bundesdruckerei.de\" target=\"_blank\" rel=\"noopener noreferrer nofollow\"><img loading=\"lazy\" decoding=\"async\" width=\"300\" height=\"300\" src=\"https:\/\/essmann.com\/wp-content\/uploads\/2025\/03\/referenz_bundesdruckerei_logo.png\" class=\"gs_logo--tooltip tt-placement-top tt-bgcolor-one-%23ff5f6d tt-bgcolor-two-%23ffc371 tt-textcolor-%23fff gs-logo--img wp-post-image\" alt=\"Bundesdruckerei-Logo in Rot, Gelb, Schwarz\" title=\"Bundesdruckerei Gruppe GmbH\" srcset=\"https:\/\/essmann.com\/wp-content\/uploads\/2025\/03\/referenz_bundesdruckerei_logo.png 300w, https:\/\/essmann.com\/wp-content\/uploads\/2025\/03\/referenz_bundesdruckerei_logo-150x150.png 150w\" sizes=\"auto, (max-width: 300px) 100vw, 300px\" \/> <\/a>\n\t\t\t\t\t<!-- Logo Title -->\n\t\t\t\t\t\t\t\t\t\t\n\t\t\t\t\t<!-- Logo Category -->\n\t\t\t\t\t\t\t\t\t\t\n\t\t\t\t<\/div>\n\t\t\t<\/div>\n\n\t\t\n\t\t\t<div class=\"gs_logo_single--wrapper\">\n\t\t\t\t<div class=\"gs_logo_single\">\n\n\t\t\t\t\t<!-- Logo Img -->\n\t\t\t\t\t<a href=\"https:\/\/www.basf.com\" target=\"_blank\" rel=\"noopener noreferrer nofollow\"><img loading=\"lazy\" decoding=\"async\" width=\"300\" height=\"300\" src=\"https:\/\/essmann.com\/wp-content\/uploads\/2025\/03\/referenz_basf_logo.png\" class=\"gs_logo--tooltip tt-placement-top tt-bgcolor-one-%23ff5f6d tt-bgcolor-two-%23ffc371 tt-textcolor-%23fff gs-logo--img wp-post-image\" alt=\"BASF SE Logo\" title=\"BASF SE\" srcset=\"https:\/\/essmann.com\/wp-content\/uploads\/2025\/03\/referenz_basf_logo.png 300w, https:\/\/essmann.com\/wp-content\/uploads\/2025\/03\/referenz_basf_logo-150x150.png 150w\" sizes=\"auto, (max-width: 300px) 100vw, 300px\" \/> <\/a>\n\t\t\t\t\t<!-- Logo Title -->\n\t\t\t\t\t\t\t\t\t\t\n\t\t\t\t\t<!-- Logo Category -->\n\t\t\t\t\t\t\t\t\t\t\n\t\t\t\t<\/div>\n\t\t\t<\/div>\n\n\t\t\n\t\t\t<div class=\"gs_logo_single--wrapper\">\n\t\t\t\t<div class=\"gs_logo_single\">\n\n\t\t\t\t\t<!-- Logo Img -->\n\t\t\t\t\t<a href=\"https:\/\/www.airbus.com\" target=\"_blank\" rel=\"noopener noreferrer nofollow\"><img loading=\"lazy\" decoding=\"async\" width=\"300\" height=\"300\" src=\"https:\/\/essmann.com\/wp-content\/uploads\/2025\/03\/referenz_airbus_logo.png\" class=\"gs_logo--tooltip tt-placement-top tt-bgcolor-one-%23ff5f6d tt-bgcolor-two-%23ffc371 tt-textcolor-%23fff gs-logo--img wp-post-image\" alt=\"Dunkelblaues Airbus-Logo\" title=\"Airbus Deutschland GmbH\" srcset=\"https:\/\/essmann.com\/wp-content\/uploads\/2025\/03\/referenz_airbus_logo.png 300w, https:\/\/essmann.com\/wp-content\/uploads\/2025\/03\/referenz_airbus_logo-150x150.png 150w\" sizes=\"auto, (max-width: 300px) 100vw, 300px\" \/> <\/a>\n\t\t\t\t\t<!-- Logo Title -->\n\t\t\t\t\t\t\t\t\t\t\n\t\t\t\t\t<!-- Logo Category -->\n\t\t\t\t\t\t\t\t\t\t\n\t\t\t\t<\/div>\n\t\t\t<\/div>\n\n\t\t\n\t\t\t<div class=\"gs_logo_single--wrapper\">\n\t\t\t\t<div class=\"gs_logo_single\">\n\n\t\t\t\t\t<!-- Logo Img -->\n\t\t\t\t\t<a href=\"https:\/\/de.airliquide.com\/\" target=\"_blank\" rel=\"noopener noreferrer nofollow\"><img loading=\"lazy\" decoding=\"async\" width=\"300\" height=\"300\" src=\"https:\/\/essmann.com\/wp-content\/uploads\/2025\/03\/referenz_air_liquide_logo.png\" class=\"gs_logo--tooltip tt-placement-top tt-bgcolor-one-%23ff5f6d tt-bgcolor-two-%23ffc371 tt-textcolor-%23fff gs-logo--img wp-post-image\" alt=\"Blau und rot, Logo Air Liquide\" title=\"Air Liquide Deutschland GmbH\" srcset=\"https:\/\/essmann.com\/wp-content\/uploads\/2025\/03\/referenz_air_liquide_logo.png 300w, https:\/\/essmann.com\/wp-content\/uploads\/2025\/03\/referenz_air_liquide_logo-150x150.png 150w\" sizes=\"auto, (max-width: 300px) 100vw, 300px\" \/> <\/a>\n\t\t\t\t\t<!-- Logo Title -->\n\t\t\t\t\t\t\t\t\t\t\n\t\t\t\t\t<!-- Logo Category -->\n\t\t\t\t\t\t\t\t\t\t\n\t\t\t\t<\/div>\n\t\t\t<\/div>\n\n\t\t\t\t\n\t\n<\/div>\n\t\t\t\t<!-- Pagination -->\n\t\t\t\t\n\t\t\t<\/div>\n\t\t<\/div>\n\t\n\t\t<style>#gs_logo_area_56:not(.verticaltickerdown):not(.verticalticker) .gs_logo_container{margin-left:-5px}#gs_logo_area_56:not(.verticaltickerdown):not(.verticalticker) .gs_logo_container{margin-right:-5px}#gs_logo_area_56:not(.verticaltickerdown):not(.verticalticker) .gs_logo_single--wrapper{padding:5px}#gs_logo_area_56 ul.gs-logo-filter-cats{text-align:center!important}#gs_logo_area_56 .gs_logo_single--wrapper{width:12.5%}@media (max-width:1023px){#gs_logo_area_56 .gs_logo_single--wrapper{width:33.333333333333%}}@media (max-width:767px){#gs_logo_area_56 .gs_logo_single--wrapper{width:50%}}<\/style>\n<\/div><\/div>\n<\/div><\/div><div class=\"gb-container gb-container-8bed46f8\"><div class=\"gb-inside-container\">\n<div class=\"gb-grid-wrapper gb-grid-wrapper-c00dc286\">\n<div class=\"gb-grid-column gb-grid-column-1c4eea71\"><div class=\"gb-container gb-container-1c4eea71\"><div class=\"gb-inside-container\"><\/div><\/div><\/div>\n\n<div class=\"gb-grid-column gb-grid-column-2dd4918e\"><div class=\"gb-container gb-container-2dd4918e\"><div class=\"gb-inside-container\">\n\n<h3 class=\"gb-headline gb-headline-09af18bd gb-headline-text\">Platformweegschalen en vloerweegschalen<\/h3>\n\n\n\n<p class=\"has-accent-color has-text-color\">Plateauweegschalen en vloerweegschalen zijn onmisbare industri\u00eble weegschalen voor een breed scala aan industrie\u00ebn. Met de robuuste weegschalen met een groot weegplatform kunnen zware of volumineuze goederen betrouwbaar en effici\u00ebnt worden gewogen. <br\/><br\/><\/p>\n\n\n<div class=\"gb-button-wrapper gb-button-wrapper-b3d8fc23\">\n\n<a class=\"gb-button gb-button-0b6f8ef9 gb-button-text button-effect\" href=\"https:\/\/essmann.com\/nl\/das-kleine-1x1-der-plattform-und-bodenwaagen-ein-leitfaden-fuer-die-kaufentscheidung\/\">Koopadvies<\/a>\n\n\n\n<a class=\"gb-button gb-button-53b061de gb-button-text button-effect\" href=\"https:\/\/www.essmann-shop.com\/industriewaagen\/plattformwaagen\/\" target=\"_blank\" rel=\"noopener noreferrer\">Weegschaal-shop<\/a>\n\n<\/div>\n<\/div><\/div><\/div>\n\n<div class=\"gb-grid-column gb-grid-column-234e19d2\"><div class=\"gb-container gb-container-234e19d2\"><div class=\"gb-inside-container\">\n\n<h3 class=\"gb-headline gb-headline-3bcbcb74 gb-headline-text\">Kraanweegschalen<\/h3>\n\n\n\n<p class=\"has-white-color has-text-color\">Kraanweegschalen worden meestal opgehangen aan de haak van een kraan en de te wegen goederen worden bevestigd aan de onderste haak van de weegschaal. Kraanweegschalen worden vaak gebruikt in productiefaciliteiten, magazijnen en distributiecentra om grondstoffen te wegen. <\/p>\n\n\n<div class=\"gb-button-wrapper gb-button-wrapper-8b6af77c\">\n\n<a class=\"gb-button gb-button-8ccf5188 gb-button-text button-effect\" href=\"https:\/\/essmann.com\/nl\/kranwaagen\/\">Koopadvies<\/a>\n\n\n\n<a class=\"gb-button gb-button-4195633a gb-button-text button-effect\" href=\"https:\/\/www.essmann-shop.com\/industriewaagen\/mobile-waagen\/kranwaagen\/\" target=\"_blank\" rel=\"noopener noreferrer\">Weegschaal-shop<\/a>\n\n<\/div>\n<\/div><\/div><\/div>\n\n<div class=\"gb-grid-column gb-grid-column-03e37b6f\"><div class=\"gb-container gb-container-03e37b6f\"><div class=\"gb-inside-container\"><\/div><\/div><\/div>\n\n<div class=\"gb-grid-column gb-grid-column-92a71a53\"><div class=\"gb-container gb-container-92a71a53\"><div class=\"gb-inside-container\"><\/div><\/div><\/div>\n\n<div class=\"gb-grid-column gb-grid-column-00c5c342\"><div class=\"gb-container gb-container-00c5c342\"><div class=\"gb-inside-container\">\n\n<h3 class=\"gb-headline gb-headline-5b5b17da gb-headline-text\">Laboratoriumweegschalen en analytische weegschalen<\/h3>\n\n\n\n<p class=\"has-base-3-color has-text-color\">Laboratorium- en analytische balansen worden voornamelijk gebruikt in wetenschappelijke en industri\u00eble laboratoria. Ze meten monsters nauwkeurig voor verschillende analyses en experimenten. Ze worden ook gebruikt bij de kwaliteitscontrole om ervoor te zorgen dat aan productnormen wordt voldaan. In de farmaceutische industrie spelen ze een cruciale rol bij de exacte dosering van medicijnen.   <\/p>\n\n\n<div class=\"gb-button-wrapper gb-button-wrapper-fc2c8c91\">\n\n<a class=\"gb-button gb-button-f79ac4a8 gb-button-text button-effect\" href=\"https:\/\/essmann.com\/nl\/labor-und-analysenwaagen-2\/\">Overzicht<\/a>\n\n\n\n<a class=\"gb-button gb-button-c94737d5 gb-button-text button-effect\" href=\"https:\/\/www.essmann-shop.com\/laborwaagen\/\" target=\"_blank\" rel=\"noopener noreferrer\">Weegschaal-shop<\/a>\n\n<\/div>\n<\/div><\/div><\/div>\n\n<div class=\"gb-grid-column gb-grid-column-10016b73\"><div class=\"gb-container gb-container-10016b73\"><div class=\"gb-inside-container\">\n\n<h3 class=\"gb-headline gb-headline-3898b0be gb-headline-text\">Winkelweegschalen<\/h3>\n\n\n\n<p class=\"has-white-color has-text-color\">Winkelweegschalen worden in verschillende bedrijfstakken gebruikt. Ze worden gebruikt in winkels om het gewicht van producten te meten en de prijs te berekenen. In de voedingsmiddelenindustrie worden ze gebruikt om ingredi\u00ebnten nauwkeurig af te meten. Ze worden ook gebruikt in verzend- en verpakkingsbedrijven om het gewicht van pakketten te bepalen. In de ESSMANN weegschaalwinkel vind je <strong>gekalibreerde weegschalen voor de detailhandel <\/strong>van bekende weegschaalfabrikanten.    <\/p>\n\n\n<div class=\"gb-button-wrapper gb-button-wrapper-5e676eee\">\n\n<a class=\"gb-button gb-button-b059a995 gb-button-text button-effect\" href=\"https:\/\/essmann.com\/nl\/handelswaagen\/\">Koopadvies<\/a>\n\n\n\n<a class=\"gb-button gb-button-cd4a2ae8 gb-button-text button-effect\" href=\"https:\/\/www.essmann-shop.com\/ladenwaagen\/\" target=\"_blank\" rel=\"noopener noreferrer\">Weegschaal-shop<\/a>\n\n<\/div>\n<\/div><\/div><\/div>\n\n<div class=\"gb-grid-column gb-grid-column-731fe6f7\"><div class=\"gb-container gb-container-731fe6f7\"><div class=\"gb-inside-container\"><\/div><\/div><\/div>\n<\/div>\n<\/div><\/div><div class=\"gb-container gb-container-b6820a46\"><div class=\"gb-inside-container\">\n<div class=\"gb-grid-wrapper gb-grid-wrapper-fd39fbc5\">\n<div class=\"gb-grid-column gb-grid-column-3405fa27\"><div class=\"gb-container gb-container-3405fa27\"><div class=\"gb-inside-container\"><\/div><\/div><\/div>\n\n<div class=\"gb-grid-column gb-grid-column-bc608788\"><div class=\"gb-container gb-container-bc608788\"><div class=\"gb-inside-container\">\n\n<h3 class=\"gb-headline gb-headline-b3a8a793 gb-headline-text\">Medische weegschalen<\/h3>\n\n\n\n<p class=\"has-contrast-2-color has-text-color\">Medische weegschalen worden op verschillende gebieden in de gezondheidszorg gebruikt. Ze worden gebruikt om het gewicht van pati\u00ebnten te meten in ziekenhuizen en dokterspraktijken. Er zijn speciale weegschalen voor specifieke pati\u00ebntengroepen zoals baby&#8217;s, rolstoelgebruikers en mensen die zittend gewogen moeten worden. Medische weegschalen worden ook gebruikt voor onderzoek en in revalidatiecentra.   <\/p>\n\n\n<div class=\"gb-button-wrapper gb-button-wrapper-a46c28ec\">\n\n<a class=\"gb-button gb-button-1e23428f gb-button-text button-effect\" href=\"https:\/\/essmann.com\/nl\/medizinische-waagen\/\">Koopadvies<\/a>\n\n\n\n<a class=\"gb-button gb-button-91ac11f2 gb-button-text button-effect\" href=\"https:\/\/www.essmann-shop.com\/medizinwaagen\/\" target=\"_blank\" rel=\"noopener noreferrer\">Weegschaal-shop<\/a>\n\n<\/div>\n<\/div><\/div><\/div>\n\n<div class=\"gb-grid-column gb-grid-column-fd9a93a4\"><div class=\"gb-container gb-container-fd9a93a4\"><div class=\"gb-inside-container\">\n\n<h3 class=\"gb-headline gb-headline-fc38a17f gb-headline-text\">Load cells &amp; krachtmeting<\/h3>\n\n\n\n<p class=\"has-white-color has-text-color\">Load cells zijn onmisbaar in de moderne industrie omdat ze uiterst nauwkeurige gewichtsmetingen mogelijk maken. Ze worden gebruikt in industri\u00eble processen en procedures om gewichten en krachten te meten. Weegcellen worden gebruikt om het gewicht van machines, containers en systemen te controleren.  <\/p>\n\n\n<div class=\"gb-button-wrapper gb-button-wrapper-38dc4955\">\n\n<a class=\"gb-button gb-button-f09c3ace gb-button-text button-effect\" href=\"https:\/\/essmann.com\/nl\/waegezellen\/\">Koopadvies<\/a>\n\n\n\n<a class=\"gb-button gb-button-d4862a92 gb-button-text button-effect\" href=\"https:\/\/www.essmann-shop.com\/messtechnik-komponenten\/\" target=\"_blank\" rel=\"noopener noreferrer\">Weegschaal-shop<\/a>\n\n<\/div>\n<\/div><\/div><\/div>\n\n<div class=\"gb-grid-column gb-grid-column-0ce5c33b\"><div class=\"gb-container gb-container-0ce5c33b\"><div class=\"gb-inside-container\"><\/div><\/div><\/div>\n\n<div class=\"gb-grid-column gb-grid-column-a6dd85dd\"><div class=\"gb-container gb-container-a6dd85dd\"><div class=\"gb-inside-container\"><\/div><\/div><\/div>\n\n<div class=\"gb-grid-column gb-grid-column-e8198cbe\"><div class=\"gb-container gb-container-e8198cbe\"><div class=\"gb-inside-container\">\n\n<h3 class=\"gb-headline gb-headline-8217f44e gb-headline-text\">Weegklemmen<\/h3>\n\n\n\n<p class=\"has-base-3-color has-text-color\">Weegterminals, ook wel weegindicatoren genoemd, zijn apparaten die samen met industri\u00eble weegschalen worden gebruikt. Ze verwerken de signalen die door de weegcellen worden gegenereerd en tonen het gewicht op een display. Weegterminals bieden een verscheidenheid aan toepassingsprogramma&#8217;s. Een groot voordeel is dat de weegindicatoren vrij programmeerbaar zijn en kunnen worden aangepast aan klantspecifieke eisen.   <\/p>\n\n\n<div class=\"gb-button-wrapper gb-button-wrapper-ee1f5e8f\">\n\n<a class=\"gb-button gb-button-6c340bad gb-button-text button-effect\" href=\"https:\/\/essmann.com\/nl\/waegeterminals-im-test\/\">Vergelijking<\/a>\n\n\n\n<a class=\"gb-button gb-button-13dba84e gb-button-text button-effect\" href=\"https:\/\/www.essmann-shop.com\/messtechnik-komponenten\/waegeterminals\/\" target=\"_blank\" rel=\"noopener noreferrer\">Weegschaal-shop<\/a>\n\n<\/div>\n<\/div><\/div><\/div>\n\n<div class=\"gb-grid-column gb-grid-column-271b55a6\"><div class=\"gb-container gb-container-271b55a6\"><div class=\"gb-inside-container\">\n\n<h3 class=\"gb-headline gb-headline-ca0d5aba gb-headline-text\">Testgewichten &amp; accessoires<\/h3>\n\n\n\n<p class=\"has-white-color has-text-color\">Testgewichten zijn een belangrijk instrument voor de kwaliteitscontrole van weegschalen. Ze worden gebruikt om de nauwkeurigheid van de weergegeven meetwaarden te controleren. Ze kunnen ook worden gebruikt om een weegschaal bij te stellen na transport of mechanische belasting.  <\/p>\n\n\n<div class=\"gb-button-wrapper gb-button-wrapper-81296d87\">\n\n<a class=\"gb-button gb-button-fe8c457c gb-button-text button-effect\" href=\"https:\/\/www.essmann-shop.com\/pruefgewichte\/\" target=\"_blank\" rel=\"noopener noreferrer\">Naar de weegschaalwinkel<\/a>\n\n<\/div>\n<\/div><\/div><\/div>\n\n<div class=\"gb-grid-column gb-grid-column-513a8e18\"><div class=\"gb-container gb-container-513a8e18\"><div class=\"gb-inside-container\"><\/div><\/div><\/div>\n<\/div>\n<\/div><\/div><div class=\"gb-container gb-container-1f312e32\">\n\n<div style=\"height:66px\" aria-hidden=\"true\" class=\"wp-block-spacer\"><\/div>\n\n\n\n<div class=\"wp-block-columns is-layout-flex wp-container-core-columns-is-layout-9d6595d7 wp-block-columns-is-layout-flex\">\n<div class=\"wp-block-column is-layout-flow wp-block-column-is-layout-flow\" style=\"flex-basis:25%\"><\/div>\n\n\n\n<div class=\"wp-block-column is-layout-flow wp-block-column-is-layout-flow\" style=\"flex-basis:50%\">\n<h2 class=\"gb-headline gb-headline-a9607d2e gb-headline-text\">Bouwtip: Verhuurweegschalen<\/h2>\n\n\n\n<p class=\"has-text-align-center has-base-3-color has-text-color\">Heb je slechts tijdelijk een weegschaal nodig? <br\/>Informeer dan hier naar de mogelijkheid om <br\/>bepaalde weegschalen te huren voor een vooraf bepaalde periode.<\/p>\n\n\n\n<div style=\"height:17px\" aria-hidden=\"true\" class=\"wp-block-spacer\"><\/div>\n\n\n<div class=\"gb-container gb-container-b6e02784\"><div class=\"gb-inside-container\">\n<div class=\"gb-grid-wrapper gb-grid-wrapper-2fd4802c\">\n<div class=\"gb-grid-column gb-grid-column-b6c6b048\"><div class=\"gb-container gb-container-b6c6b048\"><div class=\"gb-inside-container\">\n<div class=\"gb-container gb-container-4ca49c14\">\n<div class=\"gb-button-wrapper gb-button-wrapper-5d0c9fe1\">\n\n<a class=\"gb-button gb-button-90720a25 gb-button-text button\" href=\"https:\/\/essmann.com\/nl\/mietwaagen\/\">Verhuur weegschalen<\/a>\n\n<\/div>\n<\/div>\n<\/div><\/div><\/div>\n<\/div>\n<\/div><\/div>\n\n\n<div style=\"height:17px\" aria-hidden=\"true\" class=\"wp-block-spacer\"><\/div>\n<\/div>\n\n\n\n<div class=\"wp-block-column is-layout-flow wp-block-column-is-layout-flow\" style=\"flex-basis:25%\">\n<figure class=\"wp-block-image size-large\"><img loading=\"lazy\" decoding=\"async\" width=\"1024\" height=\"1024\" src=\"https:\/\/essmann.com\/wp-content\/uploads\/2023\/09\/Wagenbauer-Kreis-1024x1024.png\" alt=\"\" class=\"wp-image-29942\" srcset=\"https:\/\/essmann.com\/wp-content\/uploads\/2023\/09\/Wagenbauer-Kreis-1024x1024.png 1024w, https:\/\/essmann.com\/wp-content\/uploads\/2023\/09\/Wagenbauer-Kreis-300x300.png 300w, https:\/\/essmann.com\/wp-content\/uploads\/2023\/09\/Wagenbauer-Kreis-150x150.png 150w, https:\/\/essmann.com\/wp-content\/uploads\/2023\/09\/Wagenbauer-Kreis-768x768.png 768w, https:\/\/essmann.com\/wp-content\/uploads\/2023\/09\/Wagenbauer-Kreis.png 1449w\" sizes=\"auto, (max-width: 1024px) 100vw, 1024px\" \/><\/figure>\n<\/div>\n<\/div>\n\n<\/div><div class=\"gb-container gb-container-1d1b17e5\"><div class=\"gb-inside-container\">\n<div class=\"gb-grid-wrapper gb-grid-wrapper-b6908afc\">\n<div class=\"gb-grid-column gb-grid-column-43e5b374\"><div class=\"gb-container gb-container-43e5b374\"><div class=\"gb-inside-container\">\n<div class=\"gb-button-wrapper gb-button-wrapper-55251eab\">\n\n<a class=\"gb-button gb-button-4ee45ef1 gb-button-text button\" href=\"https:\/\/essmann.com\/nl\/industrie-waagen\/\">Terug naar het weegschaaloverzicht<\/a>\n\n<\/div>\n<\/div><\/div><\/div>\n<\/div>\n<\/div><\/div>","protected":false},"excerpt":{"rendered":"<p>Kraanweegschalen | Laboratoriumweegschalen | Winkelweegschalen | Medische weegschalen | Voedselweegschalen | Weegcellen | Weegterminals | Testgewichten | Accessoires Bouwtip: Verhuurweegschalen Heb je slechts tijdelijk een weegschaal &#8230; <\/p>\n<p class=\"read-more-container\"><a title=\"Koop weegschalen in de ESSMANN Shop\" class=\"read-more button\" href=\"https:\/\/essmann.com\/nl\/waagen-im-waagenshop\/#more-71544\" aria-label=\"Lees meer over Koop weegschalen in de ESSMANN Shop\">Lees meer<\/a><\/p>\n","protected":false},"author":7,"featured_media":0,"parent":0,"menu_order":0,"comment_status":"closed","ping_status":"closed","template":"","meta":{"_seopress_robots_primary_cat":"","_seopress_titles_title":"Koop professionele weegschalen voor elke toepassing | ESSMANN Shop","_seopress_titles_desc":"ESSMANN biedt nauwkeurige weegschalen voor handel, industrie en geneeskunde van geselecteerde weegschaalproductiepartners in de eigen onlineshop. Nu ontdekken! ","_seopress_robots_index":"","_jet_sm_ready_style":"","_jet_sm_style":"","_jet_sm_controls_values":"","_jet_sm_fonts_collection":"","_jet_sm_fonts_links":"","footnotes":""},"class_list":{"0":"post-71544","1":"page","2":"type-page","3":"status-publish","5":"infinite-scroll-item"},"_links":{"self":[{"href":"https:\/\/essmann.com\/nl\/wp-json\/wp\/v2\/pages\/71544","targetHints":{"allow":["GET"]}}],"collection":[{"href":"https:\/\/essmann.com\/nl\/wp-json\/wp\/v2\/pages"}],"about":[{"href":"https:\/\/essmann.com\/nl\/wp-json\/wp\/v2\/types\/page"}],"author":[{"embeddable":true,"href":"https:\/\/essmann.com\/nl\/wp-json\/wp\/v2\/users\/7"}],"replies":[{"embeddable":true,"href":"https:\/\/essmann.com\/nl\/wp-json\/wp\/v2\/comments?post=71544"}],"version-history":[{"count":12,"href":"https:\/\/essmann.com\/nl\/wp-json\/wp\/v2\/pages\/71544\/revisions"}],"predecessor-version":[{"id":145250,"href":"https:\/\/essmann.com\/nl\/wp-json\/wp\/v2\/pages\/71544\/revisions\/145250"}],"wp:attachment":[{"href":"https:\/\/essmann.com\/nl\/wp-json\/wp\/v2\/media?parent=71544"}],"curies":[{"name":"wp","href":"https:\/\/api.w.org\/{rel}","templated":true}]}}