{"id":71640,"date":"2023-09-06T12:54:09","date_gmt":"2023-09-06T10:54:09","guid":{"rendered":"https:\/\/essmann.com\/fahrzeugwaagen\/"},"modified":"2026-01-28T16:50:47","modified_gmt":"2026-01-28T15:50:47","slug":"fahrzeugwaagen","status":"publish","type":"page","link":"https:\/\/essmann.com\/nl\/fahrzeugwaagen\/","title":{"rendered":"Vrachtwagenweegschalen"},"content":{"rendered":"<div class=\"gb-container gb-container-b910d0ab\">\n\n<p class=\"has-text-align-center\"><a href=\"https:\/\/essmann.com\/nl\/unterflur-fahrzeugwaage-he-sfk\/\" data-type=\"page\" data-id=\"29391\">Weegschalen voor vrachtwagens onder de vloer<\/a> | <a href=\"https:\/\/essmann.com\/nl\/ueberflur-fahrzeugwaage-brueckenwaage-he-uews\/\" data-type=\"page\" data-id=\"29578\">Weegschalen voor vrachtwagens boven de vloer<\/a> | <a href=\"https:\/\/essmann.com\/nl\/mobile-fahrzeugwaage-he-ts\/\" data-type=\"page\" data-id=\"29382\">Weegschalen voor mobiele vrachtwagens<\/a> | <a href=\"https:\/\/essmann.com\/nl\/mobile-achslastwaage-he-aw\/\" data-type=\"page\" data-id=\"29474\">Weegschalen voor mobiele asbelasting<\/a><\/p>\n\n<\/div><div class=\"gb-container gb-container-2bba2800\"><div class=\"gb-inside-container\">\n<div class=\"gb-container gb-container-472e9bd5\" id=\"welcome\"><div class=\"gb-inside-container\">\n<div class=\"gb-grid-wrapper gb-grid-wrapper-a27b11f8\">\n<div class=\"gb-grid-column gb-grid-column-8aba818c\"><div class=\"gb-container gb-container-8aba818c\"><div class=\"gb-inside-container\">\n\n<h2 class=\"gb-headline gb-headline-a151aa39 gb-headline-text\">De beste weegschalen voor vrachtwagens: effici\u00ebntie en precisie voor elke branche in \u00e9\u00e9n oogopslag  <\/h2>\n\n\n\n<p>De gekalibreerde <strong>weegschalen van ESSMANN <\/strong>zijn de robuuste en duurzame oplossing voor intensief gebruik in de logistiek, industrie, landbouw en bouw. ESSMANN weegschalen zijn verkrijgbaar in verschillende configuraties en materialen. De <strong>beste weegbrug<\/strong> is altijd de weegbrug die past bij de eisen van uw branche.  <\/p>\n\n\n\n<p>Afhankelijk van de resultaten van onze behoeftenanalyse heb je misschien een <strong>betonweegschaal<\/strong> nodig als <a href=\"https:\/\/essmann.com\/nl\/ueberflur-fahrzeugwaage-brueckenwaage-he-uews\/\">bovengrondse weegbrug<\/a>, als <a href=\"https:\/\/essmann.com\/nl\/unterflur-fahrzeugwaage-he-sfk\/\">ondergrondse weegbrug<\/a> of zelfs als <a href=\"https:\/\/essmann.com\/nl\/mobile-fahrzeugwaage-he-ts\/\"><strong>mobiele<\/strong> <strong>weegbrug<\/strong><\/a> of een <strong>mobiele weegbrug<\/strong> die bijvoorbeeld tijdens een bouwproject gemakkelijk op locatie kan worden verplaatst zonder dat er een kraan aan te pas komt. Voor andere tijdelijke toepassingen hebben we mobiele aslastweegschalen en wiellastweegschalen in ons assortiment.<\/p>\n\n\n<div class=\"gb-container gb-container-e06db0fd\"><div class=\"gb-inside-container\">\n<div class=\"gb-grid-wrapper gb-grid-wrapper-3b183dc5\">\n<div class=\"gb-grid-column gb-grid-column-74322eeb\"><div class=\"gb-container gb-container-74322eeb\"><div class=\"gb-inside-container\">\n<div class=\"gb-button-wrapper gb-button-wrapper-4a2269c5\">\n\n<a class=\"gb-button gb-button-1d91d7de gb-button-text button\" href=\"https:\/\/essmann.com\/nl\/contactverdeling\/\">Maak een afspraak voor een consultatie<\/a>\n\n<\/div>\n<\/div><\/div><\/div>\n<\/div>\n<\/div><\/div>\n<\/div><\/div><\/div>\n\n<div class=\"gb-grid-column gb-grid-column-de9949fa\"><div class=\"gb-container gb-container-de9949fa\"><div class=\"gb-inside-container\">\n\n<figure class=\"gb-block-image gb-block-image-75b1a2f8\"><img loading=\"lazy\" decoding=\"async\" width=\"1024\" height=\"683\" class=\"gb-image gb-image-75b1a2f8\" src=\"https:\/\/essmann.com\/wp-content\/uploads\/2023\/08\/20230819_tractor_pulling_essmann_waage_0313-1024x683.jpg\" alt=\"ESSMANN LKW Waage mobile Fahrzeugwaage HE-TS\" title=\"ESSMANN mobile Fahrzeugwaage HE-TS\" srcset=\"https:\/\/essmann.com\/wp-content\/uploads\/2023\/08\/20230819_tractor_pulling_essmann_waage_0313-1024x683.jpg 1024w, https:\/\/essmann.com\/wp-content\/uploads\/2023\/08\/20230819_tractor_pulling_essmann_waage_0313-300x200.jpg 300w, https:\/\/essmann.com\/wp-content\/uploads\/2023\/08\/20230819_tractor_pulling_essmann_waage_0313-768x512.jpg 768w, https:\/\/essmann.com\/wp-content\/uploads\/2023\/08\/20230819_tractor_pulling_essmann_waage_0313.jpg 1200w\" sizes=\"auto, (max-width: 1024px) 100vw, 1024px\" \/>\n<figcaption class=\"gb-headline gb-headline-b2608f30 gb-headline-text\">Naar onze <strong><a href=\"https:\/\/essmann.com\/nl\/faq-fahrzeugwaagen\/\" data-type=\"page\" data-id=\"30357\" target=\"_blank\" rel=\"noreferrer noopener\">vrachtwagenweegschalen FAQ<\/a><\/strong><\/figcaption>\n\n\n\n<figcaption class=\"gb-headline gb-headline-f4b20a12 gb-headline-text\">Naar onze <strong><a href=\"https:\/\/essmann.com\/nl\/de-juiste-lcw-schalen-kopen-een-complete-gids\/\">aankoopadvies voertuigweegschalen<\/a><\/strong> <\/figcaption>\n<\/figure>\n\n<\/div><\/div><\/div>\n<\/div>\n\n\t\n\t\t<div id=\"gs_logo_area_55\" data-sort=\"name\" data-shortcode-id=\"55\" class=\"gs_logo_area gs_logo_area_55 slider1 gs-logo--img-efect_grayscale gs-logo--img-hover-efect_none\" data-options='{\"logo_per_page\":\"6\"}' style=\"opacity: 0; visibility: hidden;\">\n\t\t\t<div class=\"gs_logo_area--inner\">\n\n\t\t\t\t<!-- Category Filters - New (Global) -->\n\t\t\t\t\t\n\t\t\t\t\n<div class=\"gs_logo_container gs_carousel_swiper gs_logo_fix_height_and_center\" data-carousel-config='{\"direction\":\"horizontal\",\"speed\":500,\"isAutoplay\":true,\"autoplayDelay\":2000,\"loop\":true,\"pauseOnHover\":true,\"ticker\":false,\"navs\":false,\"navs_pos\":\"bottom\",\"dots\":true,\"dynamic_dots\":true,\"slideSpace\":10,\"slidesPerGroup\":1,\"desktopLogos\":8,\"tabletLogos\":3,\"mobileLogos\":2,\"reverseDirection\":false}'>\n\n\t\n\t\t\n\t\t\t<div class=\"gs_logo_single--wrapper\">\n\t\t\t\t<div class=\"gs_logo_single\">\n\n\t\t\t\t\t<!-- Logo Img -->\n\t\t\t\t\t<a href=\"https:\/\/www.bt-umwelt.de\/de\/\" target=\"_blank\" rel=\"noopener noreferrer nofollow\"><img loading=\"lazy\" decoding=\"async\" width=\"300\" height=\"300\" src=\"https:\/\/essmann.com\/wp-content\/uploads\/2025\/03\/referenz_bt_bohn_logo.png\" class=\"gs_logo--tooltip tt-placement-top tt-bgcolor-one-%23ff5f6d tt-bgcolor-two-%23ffc371 tt-textcolor-%23fff gs-logo--img wp-post-image\" alt=\"Logo der B+T Group mit farbigen Punkten\" title=\"Umweltdienste Bohn GmbH\" srcset=\"https:\/\/essmann.com\/wp-content\/uploads\/2025\/03\/referenz_bt_bohn_logo.png 300w, https:\/\/essmann.com\/wp-content\/uploads\/2025\/03\/referenz_bt_bohn_logo-150x150.png 150w\" sizes=\"auto, (max-width: 300px) 100vw, 300px\" \/> <\/a>\n\t\t\t\t\t<!-- Logo Title -->\n\t\t\t\t\t\t\t\t\t\t\n\t\t\t\t\t<!-- Logo Category -->\n\t\t\t\t\t\t\t\t\t\t\n\t\t\t\t<\/div>\n\t\t\t<\/div>\n\n\t\t\n\t\t\t<div class=\"gs_logo_single--wrapper\">\n\t\t\t\t<div class=\"gs_logo_single\">\n\n\t\t\t\t\t<!-- Logo Img -->\n\t\t\t\t\t<a href=\"https:\/\/www.hafen-wismar.de\" target=\"_blank\" rel=\"noopener noreferrer nofollow\"><img loading=\"lazy\" decoding=\"async\" width=\"300\" height=\"300\" src=\"https:\/\/essmann.com\/wp-content\/uploads\/2025\/02\/logo_seehafen_wismar.png\" class=\"gs_logo--tooltip tt-placement-top tt-bgcolor-one-%23ff5f6d tt-bgcolor-two-%23ffc371 tt-textcolor-%23fff gs-logo--img wp-post-image\" alt=\"Seehafen Wismar GmbH\" title=\"Seehafen Wismar GmbH\" srcset=\"https:\/\/essmann.com\/wp-content\/uploads\/2025\/02\/logo_seehafen_wismar.png 300w, https:\/\/essmann.com\/wp-content\/uploads\/2025\/02\/logo_seehafen_wismar-150x150.png 150w\" sizes=\"auto, (max-width: 300px) 100vw, 300px\" \/> <\/a>\n\t\t\t\t\t<!-- Logo Title -->\n\t\t\t\t\t\t\t\t\t\t\n\t\t\t\t\t<!-- Logo Category -->\n\t\t\t\t\t\t\t\t\t\t\n\t\t\t\t<\/div>\n\t\t\t<\/div>\n\n\t\t\n\t\t\t<div class=\"gs_logo_single--wrapper\">\n\t\t\t\t<div class=\"gs_logo_single\">\n\n\t\t\t\t\t<!-- Logo Img -->\n\t\t\t\t\t<a href=\"https:\/\/www.seehafen-stralsund.de\" target=\"_blank\" rel=\"noopener noreferrer nofollow\"><img loading=\"lazy\" decoding=\"async\" width=\"300\" height=\"300\" src=\"https:\/\/essmann.com\/wp-content\/uploads\/2025\/03\/referenz_seehafen_stralsund_logo.png\" class=\"gs_logo--tooltip tt-placement-top tt-bgcolor-one-%23ff5f6d tt-bgcolor-two-%23ffc371 tt-textcolor-%23fff gs-logo--img wp-post-image\" alt=\"Blauer Banner mit wei\u00dfem Vogel-Symbol\" title=\"Seehafen Stralsund GmbH\" srcset=\"https:\/\/essmann.com\/wp-content\/uploads\/2025\/03\/referenz_seehafen_stralsund_logo.png 300w, https:\/\/essmann.com\/wp-content\/uploads\/2025\/03\/referenz_seehafen_stralsund_logo-150x150.png 150w\" sizes=\"auto, (max-width: 300px) 100vw, 300px\" \/> <\/a>\n\t\t\t\t\t<!-- Logo Title -->\n\t\t\t\t\t\t\t\t\t\t\n\t\t\t\t\t<!-- Logo Category -->\n\t\t\t\t\t\t\t\t\t\t\n\t\t\t\t<\/div>\n\t\t\t<\/div>\n\n\t\t\n\t\t\t<div class=\"gs_logo_single--wrapper\">\n\t\t\t\t<div class=\"gs_logo_single\">\n\n\t\t\t\t\t<!-- Logo Img -->\n\t\t\t\t\t<a href=\"https:\/\/www.steinebach-chemikalien.de\" target=\"_blank\" rel=\"noopener noreferrer nofollow\"><img loading=\"lazy\" decoding=\"async\" width=\"300\" height=\"300\" src=\"https:\/\/essmann.com\/wp-content\/uploads\/2025\/03\/referenz_steinebach_logo.png\" class=\"gs_logo--tooltip tt-placement-top tt-bgcolor-one-%23ff5f6d tt-bgcolor-two-%23ffc371 tt-textcolor-%23fff gs-logo--img wp-post-image\" alt=\"Logo Steinebach Chemie mit blauem und gr\u00fcnem Designelement\" title=\"Richard Steinebach GmbH &#038; Co. KG\" srcset=\"https:\/\/essmann.com\/wp-content\/uploads\/2025\/03\/referenz_steinebach_logo.png 300w, https:\/\/essmann.com\/wp-content\/uploads\/2025\/03\/referenz_steinebach_logo-150x150.png 150w\" sizes=\"auto, (max-width: 300px) 100vw, 300px\" \/> <\/a>\n\t\t\t\t\t<!-- Logo Title -->\n\t\t\t\t\t\t\t\t\t\t\n\t\t\t\t\t<!-- Logo Category -->\n\t\t\t\t\t\t\t\t\t\t\n\t\t\t\t<\/div>\n\t\t\t<\/div>\n\n\t\t\n\t\t\t<div class=\"gs_logo_single--wrapper\">\n\t\t\t\t<div class=\"gs_logo_single\">\n\n\t\t\t\t\t<!-- Logo Img -->\n\t\t\t\t\t<a href=\"https:\/\/premiumfoodgroup.de\/\" target=\"_blank\" rel=\"noopener noreferrer nofollow\"><img loading=\"lazy\" decoding=\"async\" width=\"300\" height=\"300\" src=\"https:\/\/essmann.com\/wp-content\/uploads\/2025\/03\/referenz_premium_food_logo.png\" class=\"gs_logo--tooltip tt-placement-top tt-bgcolor-one-%23ff5f6d tt-bgcolor-two-%23ffc371 tt-textcolor-%23fff gs-logo--img wp-post-image\" alt=\"G\u00fcnes Premium Food Group Logo\" title=\"Premium Food Group ApS &#038; Co. KG\" srcset=\"https:\/\/essmann.com\/wp-content\/uploads\/2025\/03\/referenz_premium_food_logo.png 300w, https:\/\/essmann.com\/wp-content\/uploads\/2025\/03\/referenz_premium_food_logo-150x150.png 150w\" sizes=\"auto, (max-width: 300px) 100vw, 300px\" \/> <\/a>\n\t\t\t\t\t<!-- Logo Title -->\n\t\t\t\t\t\t\t\t\t\t\n\t\t\t\t\t<!-- Logo Category -->\n\t\t\t\t\t\t\t\t\t\t\n\t\t\t\t<\/div>\n\t\t\t<\/div>\n\n\t\t\n\t\t\t<div class=\"gs_logo_single--wrapper\">\n\t\t\t\t<div class=\"gs_logo_single\">\n\n\t\t\t\t\t<!-- Logo Img -->\n\t\t\t\t\t<a href=\"https:\/\/www.peiner-traeger.de\" target=\"_blank\" rel=\"noopener noreferrer nofollow\"><img loading=\"lazy\" decoding=\"async\" width=\"300\" height=\"300\" src=\"https:\/\/essmann.com\/wp-content\/uploads\/2025\/03\/referenz_peiner_trager_logo.png\" class=\"gs_logo--tooltip tt-placement-top tt-bgcolor-one-%23ff5f6d tt-bgcolor-two-%23ffc371 tt-textcolor-%23fff gs-logo--img wp-post-image\" alt=\"Graues Logo mit orangenem Element Peiner Tr\u00e4ger GmbH\" title=\"Peiner Tr\u00e4ger GmbH\" srcset=\"https:\/\/essmann.com\/wp-content\/uploads\/2025\/03\/referenz_peiner_trager_logo.png 300w, https:\/\/essmann.com\/wp-content\/uploads\/2025\/03\/referenz_peiner_trager_logo-150x150.png 150w\" sizes=\"auto, (max-width: 300px) 100vw, 300px\" \/> <\/a>\n\t\t\t\t\t<!-- Logo Title -->\n\t\t\t\t\t\t\t\t\t\t\n\t\t\t\t\t<!-- Logo Category -->\n\t\t\t\t\t\t\t\t\t\t\n\t\t\t\t<\/div>\n\t\t\t<\/div>\n\n\t\t\n\t\t\t<div class=\"gs_logo_single--wrapper\">\n\t\t\t\t<div class=\"gs_logo_single\">\n\n\t\t\t\t\t<!-- Logo Img -->\n\t\t\t\t\t<a href=\"https:\/\/www.lufthansa-technik.com\/en\" target=\"_blank\" rel=\"noopener noreferrer nofollow\"><img loading=\"lazy\" decoding=\"async\" width=\"300\" height=\"300\" src=\"https:\/\/essmann.com\/wp-content\/uploads\/2025\/03\/referenz_luftansa_logo.png\" class=\"gs_logo--tooltip tt-placement-top tt-bgcolor-one-%23ff5f6d tt-bgcolor-two-%23ffc371 tt-textcolor-%23fff gs-logo--img wp-post-image\" alt=\"Dunkelblaues Rechteck mit subtiler Struktur\" title=\"Lufthansa Technik AG\" srcset=\"https:\/\/essmann.com\/wp-content\/uploads\/2025\/03\/referenz_luftansa_logo.png 300w, https:\/\/essmann.com\/wp-content\/uploads\/2025\/03\/referenz_luftansa_logo-150x150.png 150w\" sizes=\"auto, (max-width: 300px) 100vw, 300px\" \/> <\/a>\n\t\t\t\t\t<!-- Logo Title -->\n\t\t\t\t\t\t\t\t\t\t\n\t\t\t\t\t<!-- Logo Category -->\n\t\t\t\t\t\t\t\t\t\t\n\t\t\t\t<\/div>\n\t\t\t<\/div>\n\n\t\t\n\t\t\t<div class=\"gs_logo_single--wrapper\">\n\t\t\t\t<div class=\"gs_logo_single\">\n\n\t\t\t\t\t<!-- Logo Img -->\n\t\t\t\t\t<a href=\"https:\/\/www.leonhard-weiss.de\/\" target=\"_blank\" rel=\"noopener noreferrer nofollow\"><img loading=\"lazy\" decoding=\"async\" width=\"300\" height=\"300\" src=\"https:\/\/essmann.com\/wp-content\/uploads\/2025\/03\/referenz_leonhard_weiss_logo.png\" class=\"gs_logo--tooltip tt-placement-top tt-bgcolor-one-%23ff5f6d tt-bgcolor-two-%23ffc371 tt-textcolor-%23fff gs-logo--img wp-post-image\" alt=\"Abstraktes Schwarz-Gelbes Logo von Leonhard Weiss\" title=\"LEONHARD WEISS GmbH &#038; Co. KG\" srcset=\"https:\/\/essmann.com\/wp-content\/uploads\/2025\/03\/referenz_leonhard_weiss_logo.png 300w, https:\/\/essmann.com\/wp-content\/uploads\/2025\/03\/referenz_leonhard_weiss_logo-150x150.png 150w\" sizes=\"auto, (max-width: 300px) 100vw, 300px\" \/> <\/a>\n\t\t\t\t\t<!-- Logo Title -->\n\t\t\t\t\t\t\t\t\t\t\n\t\t\t\t\t<!-- Logo Category -->\n\t\t\t\t\t\t\t\t\t\t\n\t\t\t\t<\/div>\n\t\t\t<\/div>\n\n\t\t\n\t\t\t<div class=\"gs_logo_single--wrapper\">\n\t\t\t\t<div class=\"gs_logo_single\">\n\n\t\t\t\t\t<!-- Logo Img -->\n\t\t\t\t\t<a href=\"https:\/\/www.kavg-ml.de\" target=\"_blank\" rel=\"noopener noreferrer nofollow\"><img loading=\"lazy\" decoding=\"async\" width=\"300\" height=\"300\" src=\"https:\/\/essmann.com\/wp-content\/uploads\/2025\/03\/referenz_kavg_logo.png\" class=\"gs_logo--tooltip tt-placement-top tt-bgcolor-one-%23ff5f6d tt-bgcolor-two-%23ffc371 tt-textcolor-%23fff gs-logo--img wp-post-image\" alt=\"Logo mit gr\u00fcnem Text KAVG\" title=\"KreisAbfallVerwertungsGesellschaft mbH Minden-L\u00fcbbecke\" srcset=\"https:\/\/essmann.com\/wp-content\/uploads\/2025\/03\/referenz_kavg_logo.png 300w, https:\/\/essmann.com\/wp-content\/uploads\/2025\/03\/referenz_kavg_logo-150x150.png 150w\" sizes=\"auto, (max-width: 300px) 100vw, 300px\" \/> <\/a>\n\t\t\t\t\t<!-- Logo Title -->\n\t\t\t\t\t\t\t\t\t\t\n\t\t\t\t\t<!-- Logo Category -->\n\t\t\t\t\t\t\t\t\t\t\n\t\t\t\t<\/div>\n\t\t\t<\/div>\n\n\t\t\n\t\t\t<div class=\"gs_logo_single--wrapper\">\n\t\t\t\t<div class=\"gs_logo_single\">\n\n\t\t\t\t\t<!-- Logo Img -->\n\t\t\t\t\t<a href=\"https:\/\/www.jrs.de\/\" target=\"_blank\" rel=\"noopener noreferrer nofollow\"><img loading=\"lazy\" decoding=\"async\" width=\"300\" height=\"300\" src=\"https:\/\/essmann.com\/wp-content\/uploads\/2025\/02\/referenz_jrs_logo.png\" class=\"gs_logo--tooltip tt-placement-top tt-bgcolor-one-%23ff5f6d tt-bgcolor-two-%23ffc371 tt-textcolor-%23fff gs-logo--img wp-post-image\" alt=\"T\u00fcrkisfarbener abstrakter Hintergrund\" title=\"J. Rettenmaier &#038; S\u00f6hne GmbH + Co KG\" srcset=\"https:\/\/essmann.com\/wp-content\/uploads\/2025\/02\/referenz_jrs_logo.png 300w, https:\/\/essmann.com\/wp-content\/uploads\/2025\/02\/referenz_jrs_logo-150x150.png 150w\" sizes=\"auto, (max-width: 300px) 100vw, 300px\" \/> <\/a>\n\t\t\t\t\t<!-- Logo Title -->\n\t\t\t\t\t\t\t\t\t\t\n\t\t\t\t\t<!-- Logo Category -->\n\t\t\t\t\t\t\t\t\t\t\n\t\t\t\t<\/div>\n\t\t\t<\/div>\n\n\t\t\n\t\t\t<div class=\"gs_logo_single--wrapper\">\n\t\t\t\t<div class=\"gs_logo_single\">\n\n\t\t\t\t\t<!-- Logo Img -->\n\t\t\t\t\t<a href=\"https:\/\/www.infraserv.com\" target=\"_blank\" rel=\"noopener noreferrer nofollow\"><img loading=\"lazy\" decoding=\"async\" width=\"300\" height=\"300\" src=\"https:\/\/essmann.com\/wp-content\/uploads\/2025\/02\/logo_infarserv.png\" class=\"gs_logo--tooltip tt-placement-top tt-bgcolor-one-%23ff5f6d tt-bgcolor-two-%23ffc371 tt-textcolor-%23fff gs-logo--img wp-post-image\" alt=\"Infraserv GmbH &amp; Co. H\u00f6chst KG\" title=\"Infraserv GmbH &#038; Co. H\u00f6chst KG\" srcset=\"https:\/\/essmann.com\/wp-content\/uploads\/2025\/02\/logo_infarserv.png 300w, https:\/\/essmann.com\/wp-content\/uploads\/2025\/02\/logo_infarserv-150x150.png 150w\" sizes=\"auto, (max-width: 300px) 100vw, 300px\" \/> <\/a>\n\t\t\t\t\t<!-- Logo Title -->\n\t\t\t\t\t\t\t\t\t\t\n\t\t\t\t\t<!-- Logo Category -->\n\t\t\t\t\t\t\t\t\t\t\n\t\t\t\t<\/div>\n\t\t\t<\/div>\n\n\t\t\n\t\t\t<div class=\"gs_logo_single--wrapper\">\n\t\t\t\t<div class=\"gs_logo_single\">\n\n\t\t\t\t\t<!-- Logo Img -->\n\t\t\t\t\t<a href=\"https:\/\/www.imrecycling.de\" target=\"_blank\" rel=\"noopener noreferrer nofollow\"><img loading=\"lazy\" decoding=\"async\" width=\"300\" height=\"300\" src=\"https:\/\/essmann.com\/wp-content\/uploads\/2025\/02\/logo_imr.png\" class=\"gs_logo--tooltip tt-placement-top tt-bgcolor-one-%23ff5f6d tt-bgcolor-two-%23ffc371 tt-textcolor-%23fff gs-logo--img wp-post-image\" alt=\"IMR Innovative Metal Recycling GmbH\" title=\"IMR Innovative Metal Recycling GmbH\" srcset=\"https:\/\/essmann.com\/wp-content\/uploads\/2025\/02\/logo_imr.png 300w, https:\/\/essmann.com\/wp-content\/uploads\/2025\/02\/logo_imr-150x150.png 150w\" sizes=\"auto, (max-width: 300px) 100vw, 300px\" \/> <\/a>\n\t\t\t\t\t<!-- Logo Title -->\n\t\t\t\t\t\t\t\t\t\t\n\t\t\t\t\t<!-- Logo Category -->\n\t\t\t\t\t\t\t\t\t\t\n\t\t\t\t<\/div>\n\t\t\t<\/div>\n\n\t\t\n\t\t\t<div class=\"gs_logo_single--wrapper\">\n\t\t\t\t<div class=\"gs_logo_single\">\n\n\t\t\t\t\t<!-- Logo Img -->\n\t\t\t\t\t<a href=\"https:\/\/www.holcim.de\" target=\"_blank\" rel=\"noopener noreferrer nofollow\"><img loading=\"lazy\" decoding=\"async\" width=\"300\" height=\"300\" src=\"https:\/\/essmann.com\/wp-content\/uploads\/2025\/02\/logo_holcim.png\" class=\"gs_logo--tooltip tt-placement-top tt-bgcolor-one-%23ff5f6d tt-bgcolor-two-%23ffc371 tt-textcolor-%23fff gs-logo--img wp-post-image\" alt=\"Holcim (Deutschland) GmbH\" title=\"Holcim GmbH\" srcset=\"https:\/\/essmann.com\/wp-content\/uploads\/2025\/02\/logo_holcim.png 300w, https:\/\/essmann.com\/wp-content\/uploads\/2025\/02\/logo_holcim-150x150.png 150w\" sizes=\"auto, (max-width: 300px) 100vw, 300px\" \/> <\/a>\n\t\t\t\t\t<!-- Logo Title -->\n\t\t\t\t\t\t\t\t\t\t\n\t\t\t\t\t<!-- Logo Category -->\n\t\t\t\t\t\t\t\t\t\t\n\t\t\t\t<\/div>\n\t\t\t<\/div>\n\n\t\t\n\t\t\t<div class=\"gs_logo_single--wrapper\">\n\t\t\t\t<div class=\"gs_logo_single\">\n\n\t\t\t\t\t<!-- Logo Img -->\n\t\t\t\t\t<a href=\"https:\/\/www.hamburg-port-authority.de\/\" target=\"_blank\" rel=\"noopener noreferrer nofollow\"><img loading=\"lazy\" decoding=\"async\" width=\"300\" height=\"300\" src=\"https:\/\/essmann.com\/wp-content\/uploads\/2025\/03\/referenz_hpa_logo.png\" class=\"gs_logo--tooltip tt-placement-top tt-bgcolor-one-%23ff5f6d tt-bgcolor-two-%23ffc371 tt-textcolor-%23fff gs-logo--img wp-post-image\" alt=\"Blau-rotes abstraktes Design auf wei\u00dfem Hintergrund\" title=\"Hamburg Port Authority A\u00f6R\" srcset=\"https:\/\/essmann.com\/wp-content\/uploads\/2025\/03\/referenz_hpa_logo.png 300w, https:\/\/essmann.com\/wp-content\/uploads\/2025\/03\/referenz_hpa_logo-150x150.png 150w\" sizes=\"auto, (max-width: 300px) 100vw, 300px\" \/> <\/a>\n\t\t\t\t\t<!-- Logo Title -->\n\t\t\t\t\t\t\t\t\t\t\n\t\t\t\t\t<!-- Logo Category -->\n\t\t\t\t\t\t\t\t\t\t\n\t\t\t\t<\/div>\n\t\t\t<\/div>\n\n\t\t\n\t\t\t<div class=\"gs_logo_single--wrapper\">\n\t\t\t\t<div class=\"gs_logo_single\">\n\n\t\t\t\t\t<!-- Logo Img -->\n\t\t\t\t\t<a href=\"https:\/\/www.evos.eu\" target=\"_blank\" rel=\"noopener noreferrer nofollow\"><img loading=\"lazy\" decoding=\"async\" width=\"300\" height=\"300\" src=\"https:\/\/essmann.com\/wp-content\/uploads\/2025\/02\/logo_evos.png\" class=\"gs_logo--tooltip tt-placement-top tt-bgcolor-one-%23ff5f6d tt-bgcolor-two-%23ffc371 tt-textcolor-%23fff gs-logo--img wp-post-image\" alt=\"Evos group\" title=\"Evos Group\" srcset=\"https:\/\/essmann.com\/wp-content\/uploads\/2025\/02\/logo_evos.png 300w, https:\/\/essmann.com\/wp-content\/uploads\/2025\/02\/logo_evos-150x150.png 150w\" sizes=\"auto, (max-width: 300px) 100vw, 300px\" \/> <\/a>\n\t\t\t\t\t<!-- Logo Title -->\n\t\t\t\t\t\t\t\t\t\t\n\t\t\t\t\t<!-- Logo Category -->\n\t\t\t\t\t\t\t\t\t\t\n\t\t\t\t<\/div>\n\t\t\t<\/div>\n\n\t\t\n\t\t\t<div class=\"gs_logo_single--wrapper\">\n\t\t\t\t<div class=\"gs_logo_single\">\n\n\t\t\t\t\t<!-- Logo Img -->\n\t\t\t\t\t<a href=\"https:\/\/www.evonik.com\" target=\"_blank\" rel=\"noopener noreferrer nofollow\"><img loading=\"lazy\" decoding=\"async\" width=\"300\" height=\"300\" src=\"https:\/\/essmann.com\/wp-content\/uploads\/2025\/02\/logo_evonik.png\" class=\"gs_logo--tooltip tt-placement-top tt-bgcolor-one-%23ff5f6d tt-bgcolor-two-%23ffc371 tt-textcolor-%23fff gs-logo--img wp-post-image\" alt=\"Evonik Industries AG\" title=\"Evonik Industries AG\" srcset=\"https:\/\/essmann.com\/wp-content\/uploads\/2025\/02\/logo_evonik.png 300w, https:\/\/essmann.com\/wp-content\/uploads\/2025\/02\/logo_evonik-150x150.png 150w\" sizes=\"auto, (max-width: 300px) 100vw, 300px\" \/> <\/a>\n\t\t\t\t\t<!-- Logo Title -->\n\t\t\t\t\t\t\t\t\t\t\n\t\t\t\t\t<!-- Logo Category -->\n\t\t\t\t\t\t\t\t\t\t\n\t\t\t\t<\/div>\n\t\t\t<\/div>\n\n\t\t\n\t\t\t<div class=\"gs_logo_single--wrapper\">\n\t\t\t\t<div class=\"gs_logo_single\">\n\n\t\t\t\t\t<!-- Logo Img -->\n\t\t\t\t\t<a href=\"https:\/\/www.envitec-biogas.de\" target=\"_blank\" rel=\"noopener noreferrer nofollow\"><img loading=\"lazy\" decoding=\"async\" width=\"300\" height=\"300\" src=\"https:\/\/essmann.com\/wp-content\/uploads\/2025\/03\/referenz_envitec_logo.png\" class=\"gs_logo--tooltip tt-placement-top tt-bgcolor-one-%23ff5f6d tt-bgcolor-two-%23ffc371 tt-textcolor-%23fff gs-logo--img wp-post-image\" alt=\"Gr\u00fcnes Symbol mit Baum, H\u00fcgel und Wolke\" title=\"EnviTec Biogas AG\" srcset=\"https:\/\/essmann.com\/wp-content\/uploads\/2025\/03\/referenz_envitec_logo.png 300w, https:\/\/essmann.com\/wp-content\/uploads\/2025\/03\/referenz_envitec_logo-150x150.png 150w\" sizes=\"auto, (max-width: 300px) 100vw, 300px\" \/> <\/a>\n\t\t\t\t\t<!-- Logo Title -->\n\t\t\t\t\t\t\t\t\t\t\n\t\t\t\t\t<!-- Logo Category -->\n\t\t\t\t\t\t\t\t\t\t\n\t\t\t\t<\/div>\n\t\t\t<\/div>\n\n\t\t\n\t\t\t<div class=\"gs_logo_single--wrapper\">\n\t\t\t\t<div class=\"gs_logo_single\">\n\n\t\t\t\t\t<!-- Logo Img -->\n\t\t\t\t\t<a href=\"https:\/\/www.enercon.de\" target=\"_blank\" rel=\"noopener noreferrer nofollow\"><img loading=\"lazy\" decoding=\"async\" width=\"300\" height=\"300\" src=\"https:\/\/essmann.com\/wp-content\/uploads\/2025\/03\/referenz_enercon_logo.png\" class=\"gs_logo--tooltip tt-placement-top tt-bgcolor-one-%23ff5f6d tt-bgcolor-two-%23ffc371 tt-textcolor-%23fff gs-logo--img wp-post-image\" alt=\"Logo von ENERCON, Energie f\u00fcr die Welt\" title=\"ENERCON Global GmbH\" srcset=\"https:\/\/essmann.com\/wp-content\/uploads\/2025\/03\/referenz_enercon_logo.png 300w, https:\/\/essmann.com\/wp-content\/uploads\/2025\/03\/referenz_enercon_logo-150x150.png 150w\" sizes=\"auto, (max-width: 300px) 100vw, 300px\" \/> <\/a>\n\t\t\t\t\t<!-- Logo Title -->\n\t\t\t\t\t\t\t\t\t\t\n\t\t\t\t\t<!-- Logo Category -->\n\t\t\t\t\t\t\t\t\t\t\n\t\t\t\t<\/div>\n\t\t\t<\/div>\n\n\t\t\n\t\t\t<div class=\"gs_logo_single--wrapper\">\n\t\t\t\t<div class=\"gs_logo_single\">\n\n\t\t\t\t\t<!-- Logo Img -->\n\t\t\t\t\t<a href=\"https:\/\/www.zueblin.de\" target=\"_blank\" rel=\"noopener noreferrer nofollow\"><img loading=\"lazy\" decoding=\"async\" width=\"300\" height=\"300\" src=\"https:\/\/essmann.com\/wp-content\/uploads\/2025\/03\/referenz_zueblin_logo.png\" class=\"gs_logo--tooltip tt-placement-top tt-bgcolor-one-%23ff5f6d tt-bgcolor-two-%23ffc371 tt-textcolor-%23fff gs-logo--img wp-post-image\" alt=\"Logo von Z\u00fcblin in Rot und Schwarz\" title=\"Ed. Z\u00fcblin AG\" srcset=\"https:\/\/essmann.com\/wp-content\/uploads\/2025\/03\/referenz_zueblin_logo.png 300w, https:\/\/essmann.com\/wp-content\/uploads\/2025\/03\/referenz_zueblin_logo-150x150.png 150w\" sizes=\"auto, (max-width: 300px) 100vw, 300px\" \/> <\/a>\n\t\t\t\t\t<!-- Logo Title -->\n\t\t\t\t\t\t\t\t\t\t\n\t\t\t\t\t<!-- Logo Category -->\n\t\t\t\t\t\t\t\t\t\t\n\t\t\t\t<\/div>\n\t\t\t<\/div>\n\n\t\t\n\t\t\t<div class=\"gs_logo_single--wrapper\">\n\t\t\t\t<div class=\"gs_logo_single\">\n\n\t\t\t\t\t<!-- Logo Img -->\n\t\t\t\t\t<a href=\"https:\/\/www.eon.de\" target=\"_blank\" rel=\"noopener noreferrer nofollow\"><img loading=\"lazy\" decoding=\"async\" width=\"300\" height=\"300\" src=\"https:\/\/essmann.com\/wp-content\/uploads\/2025\/03\/referenz_eon_logo.png\" class=\"gs_logo--tooltip tt-placement-top tt-bgcolor-one-%23ff5f6d tt-bgcolor-two-%23ffc371 tt-textcolor-%23fff gs-logo--img wp-post-image\" alt=\"Rotes Coca-Cola Logo auf wei\u00dfem Hintergrund\" title=\"E.ON Energie Deutschland GmbH\" srcset=\"https:\/\/essmann.com\/wp-content\/uploads\/2025\/03\/referenz_eon_logo.png 300w, https:\/\/essmann.com\/wp-content\/uploads\/2025\/03\/referenz_eon_logo-150x150.png 150w\" sizes=\"auto, (max-width: 300px) 100vw, 300px\" \/> <\/a>\n\t\t\t\t\t<!-- Logo Title -->\n\t\t\t\t\t\t\t\t\t\t\n\t\t\t\t\t<!-- Logo Category -->\n\t\t\t\t\t\t\t\t\t\t\n\t\t\t\t<\/div>\n\t\t\t<\/div>\n\n\t\t\n\t\t\t<div class=\"gs_logo_single--wrapper\">\n\t\t\t\t<div class=\"gs_logo_single\">\n\n\t\t\t\t\t<!-- Logo Img -->\n\t\t\t\t\t<a href=\"https:\/\/www.stadtreiniger.de\" target=\"_blank\" rel=\"noopener noreferrer nofollow\"><img loading=\"lazy\" decoding=\"async\" width=\"300\" height=\"300\" src=\"https:\/\/essmann.com\/wp-content\/uploads\/2025\/03\/referenz_stadtreiniger_logo.png\" class=\"gs_logo--tooltip tt-placement-top tt-bgcolor-one-%23ff5f6d tt-bgcolor-two-%23ffc371 tt-textcolor-%23fff gs-logo--img wp-post-image\" alt=\"Oranges Stadtreiniger-Logo mit Kleeblatt\" title=\"Die Stadtreiniger Kassel\" srcset=\"https:\/\/essmann.com\/wp-content\/uploads\/2025\/03\/referenz_stadtreiniger_logo.png 300w, https:\/\/essmann.com\/wp-content\/uploads\/2025\/03\/referenz_stadtreiniger_logo-150x150.png 150w\" sizes=\"auto, (max-width: 300px) 100vw, 300px\" \/> <\/a>\n\t\t\t\t\t<!-- Logo Title -->\n\t\t\t\t\t\t\t\t\t\t\n\t\t\t\t\t<!-- Logo Category -->\n\t\t\t\t\t\t\t\t\t\t\n\t\t\t\t<\/div>\n\t\t\t<\/div>\n\n\t\t\n\t\t\t<div class=\"gs_logo_single--wrapper\">\n\t\t\t\t<div class=\"gs_logo_single\">\n\n\t\t\t\t\t<!-- Logo Img -->\n\t\t\t\t\t<a href=\"https:\/\/www.bahn.de\" target=\"_blank\" rel=\"noopener noreferrer nofollow\"><img loading=\"lazy\" decoding=\"async\" width=\"300\" height=\"300\" src=\"https:\/\/essmann.com\/wp-content\/uploads\/2025\/03\/referenz_db_logo.png\" class=\"gs_logo--tooltip tt-placement-top tt-bgcolor-one-%23ff5f6d tt-bgcolor-two-%23ffc371 tt-textcolor-%23fff gs-logo--img wp-post-image\" alt=\"Logo der Deutschen Bahn\" title=\"DB Fernverkehr AG\" srcset=\"https:\/\/essmann.com\/wp-content\/uploads\/2025\/03\/referenz_db_logo.png 300w, https:\/\/essmann.com\/wp-content\/uploads\/2025\/03\/referenz_db_logo-150x150.png 150w\" sizes=\"auto, (max-width: 300px) 100vw, 300px\" \/> <\/a>\n\t\t\t\t\t<!-- Logo Title -->\n\t\t\t\t\t\t\t\t\t\t\n\t\t\t\t\t<!-- Logo Category -->\n\t\t\t\t\t\t\t\t\t\t\n\t\t\t\t<\/div>\n\t\t\t<\/div>\n\n\t\t\n\t\t\t<div class=\"gs_logo_single--wrapper\">\n\t\t\t\t<div class=\"gs_logo_single\">\n\n\t\t\t\t\t<!-- Logo Img -->\n\t\t\t\t\t<a href=\"https:\/\/www.carlsbergdeutschland.de\/\" target=\"_blank\" rel=\"noopener noreferrer nofollow\"><img loading=\"lazy\" decoding=\"async\" width=\"300\" height=\"300\" src=\"https:\/\/essmann.com\/wp-content\/uploads\/2025\/03\/referenz_carlsberg_logo.png\" class=\"gs_logo--tooltip tt-placement-top tt-bgcolor-one-%23ff5f6d tt-bgcolor-two-%23ffc371 tt-textcolor-%23fff gs-logo--img wp-post-image\" alt=\"Gr\u00fcnes Carlsberg-Logo\" title=\"Carlsberg Deutschland GmbH\" srcset=\"https:\/\/essmann.com\/wp-content\/uploads\/2025\/03\/referenz_carlsberg_logo.png 300w, https:\/\/essmann.com\/wp-content\/uploads\/2025\/03\/referenz_carlsberg_logo-150x150.png 150w\" sizes=\"auto, (max-width: 300px) 100vw, 300px\" \/> <\/a>\n\t\t\t\t\t<!-- Logo Title -->\n\t\t\t\t\t\t\t\t\t\t\n\t\t\t\t\t<!-- Logo Category -->\n\t\t\t\t\t\t\t\t\t\t\n\t\t\t\t<\/div>\n\t\t\t<\/div>\n\n\t\t\n\t\t\t<div class=\"gs_logo_single--wrapper\">\n\t\t\t\t<div class=\"gs_logo_single\">\n\n\t\t\t\t\t<!-- Logo Img -->\n\t\t\t\t\t<a href=\"https:\/\/www.brenntag.com\/de-de\/\" target=\"_blank\" rel=\"noopener noreferrer nofollow\"><img loading=\"lazy\" decoding=\"async\" width=\"300\" height=\"300\" src=\"https:\/\/essmann.com\/wp-content\/uploads\/2025\/03\/referenz_brenntag_logo.png\" class=\"gs_logo--tooltip tt-placement-top tt-bgcolor-one-%23ff5f6d tt-bgcolor-two-%23ffc371 tt-textcolor-%23fff gs-logo--img wp-post-image\" alt=\"Brenntag-Logo mit dickem blauem B am Anfang\" title=\"Brenntag GmbH\" srcset=\"https:\/\/essmann.com\/wp-content\/uploads\/2025\/03\/referenz_brenntag_logo.png 300w, https:\/\/essmann.com\/wp-content\/uploads\/2025\/03\/referenz_brenntag_logo-150x150.png 150w\" sizes=\"auto, (max-width: 300px) 100vw, 300px\" \/> <\/a>\n\t\t\t\t\t<!-- Logo Title -->\n\t\t\t\t\t\t\t\t\t\t\n\t\t\t\t\t<!-- Logo Category -->\n\t\t\t\t\t\t\t\t\t\t\n\t\t\t\t<\/div>\n\t\t\t<\/div>\n\n\t\t\n\t\t\t<div class=\"gs_logo_single--wrapper\">\n\t\t\t\t<div class=\"gs_logo_single\">\n\n\t\t\t\t\t<!-- Logo Img -->\n\t\t\t\t\t<a href=\"https:\/\/bestsort-hamburg.de\" target=\"_blank\" rel=\"noopener noreferrer nofollow\"><img loading=\"lazy\" decoding=\"async\" width=\"300\" height=\"300\" src=\"https:\/\/essmann.com\/wp-content\/uploads\/2025\/03\/referenz_bestsort_logo.png\" class=\"gs_logo--tooltip tt-placement-top tt-bgcolor-one-%23ff5f6d tt-bgcolor-two-%23ffc371 tt-textcolor-%23fff gs-logo--img wp-post-image\" alt=\"Abstraktes Design in Gr\u00fcn und Orange\" title=\"Bestsort Hamburg GmbH &#038; Co. KG\" srcset=\"https:\/\/essmann.com\/wp-content\/uploads\/2025\/03\/referenz_bestsort_logo.png 300w, https:\/\/essmann.com\/wp-content\/uploads\/2025\/03\/referenz_bestsort_logo-150x150.png 150w\" sizes=\"auto, (max-width: 300px) 100vw, 300px\" \/> <\/a>\n\t\t\t\t\t<!-- Logo Title -->\n\t\t\t\t\t\t\t\t\t\t\n\t\t\t\t\t<!-- Logo Category -->\n\t\t\t\t\t\t\t\t\t\t\n\t\t\t\t<\/div>\n\t\t\t<\/div>\n\n\t\t\n\t\t\t<div class=\"gs_logo_single--wrapper\">\n\t\t\t\t<div class=\"gs_logo_single\">\n\n\t\t\t\t\t<!-- Logo Img -->\n\t\t\t\t\t<a href=\"https:\/\/aviretta.com\" target=\"_blank\" rel=\"noopener noreferrer nofollow\"><img loading=\"lazy\" decoding=\"async\" width=\"300\" height=\"300\" src=\"https:\/\/essmann.com\/wp-content\/uploads\/2025\/03\/referenz_aviretta_logo.png\" class=\"gs_logo--tooltip tt-placement-top tt-bgcolor-one-%23ff5f6d tt-bgcolor-two-%23ffc371 tt-textcolor-%23fff gs-logo--img wp-post-image\" alt=\"Logo von Aviretta in Blaut\u00f6nen\" title=\"Aviretta GmbH\" srcset=\"https:\/\/essmann.com\/wp-content\/uploads\/2025\/03\/referenz_aviretta_logo.png 300w, https:\/\/essmann.com\/wp-content\/uploads\/2025\/03\/referenz_aviretta_logo-150x150.png 150w\" sizes=\"auto, (max-width: 300px) 100vw, 300px\" \/> <\/a>\n\t\t\t\t\t<!-- Logo Title -->\n\t\t\t\t\t\t\t\t\t\t\n\t\t\t\t\t<!-- Logo Category -->\n\t\t\t\t\t\t\t\t\t\t\n\t\t\t\t<\/div>\n\t\t\t<\/div>\n\n\t\t\n\t\t\t<div class=\"gs_logo_single--wrapper\">\n\t\t\t\t<div class=\"gs_logo_single\">\n\n\t\t\t\t\t<!-- Logo Img -->\n\t\t\t\t\t<a href=\"https:\/\/de.airliquide.com\/\" target=\"_blank\" rel=\"noopener noreferrer nofollow\"><img loading=\"lazy\" decoding=\"async\" width=\"300\" height=\"300\" src=\"https:\/\/essmann.com\/wp-content\/uploads\/2025\/03\/referenz_air_liquide_logo.png\" class=\"gs_logo--tooltip tt-placement-top tt-bgcolor-one-%23ff5f6d tt-bgcolor-two-%23ffc371 tt-textcolor-%23fff gs-logo--img wp-post-image\" alt=\"Blau und rot, Logo Air Liquide\" title=\"Air Liquide Deutschland GmbH\" srcset=\"https:\/\/essmann.com\/wp-content\/uploads\/2025\/03\/referenz_air_liquide_logo.png 300w, https:\/\/essmann.com\/wp-content\/uploads\/2025\/03\/referenz_air_liquide_logo-150x150.png 150w\" sizes=\"auto, (max-width: 300px) 100vw, 300px\" \/> <\/a>\n\t\t\t\t\t<!-- Logo Title -->\n\t\t\t\t\t\t\t\t\t\t\n\t\t\t\t\t<!-- Logo Category -->\n\t\t\t\t\t\t\t\t\t\t\n\t\t\t\t<\/div>\n\t\t\t<\/div>\n\n\t\t\t\t\n\t\n<\/div>\n\t\t\t\t<!-- Pagination -->\n\t\t\t\t\n\t\t\t<\/div>\n\t\t<\/div>\n\t\n\t\t<style>#gs_logo_area_55:not(.verticaltickerdown):not(.verticalticker) .gs_logo_container{margin-left:-5px}#gs_logo_area_55:not(.verticaltickerdown):not(.verticalticker) .gs_logo_container{margin-right:-5px}#gs_logo_area_55:not(.verticaltickerdown):not(.verticalticker) .gs_logo_single--wrapper{padding:5px}#gs_logo_area_55 ul.gs-logo-filter-cats{text-align:center!important}#gs_logo_area_55 .gs_logo_single--wrapper{width:12.5%}@media (max-width:1023px){#gs_logo_area_55 .gs_logo_single--wrapper{width:33.333333333333%}}@media (max-width:767px){#gs_logo_area_55 .gs_logo_single--wrapper{width:50%}}<\/style>\n<\/div><\/div>\n<\/div><\/div><div class=\"gb-container gb-container-8bed46f8\"><div class=\"gb-inside-container\">\n<div class=\"gb-grid-wrapper gb-grid-wrapper-c00dc286\">\n<div class=\"gb-grid-column gb-grid-column-92a71a53\"><div class=\"gb-container gb-container-92a71a53\"><div class=\"gb-inside-container\"><\/div><\/div><\/div>\n\n<div class=\"gb-grid-column gb-grid-column-2dd4918e\"><div class=\"gb-container gb-container-2dd4918e\"><div class=\"gb-inside-container\">\n\n<h3 class=\"gb-headline gb-headline-09af18bd gb-headline-text\">HE-SFK vloertruckweegschaal - ruimtebesparend en robuust<\/h3>\n\n\n\n<p class=\"has-white-color has-text-color\">De betonnen brug van de <strong><a href=\"https:\/\/essmann.com\/nl\/unterflur-fahrzeugwaage-he-sfk\/\">vloerweegbrug ESSMANN HE-SFK<\/a><a href=\"https:\/\/essmann.com\/fahrzeugwaage-he-sfk\/\"> <\/a><\/strong>kan in de lengte en dwars worden bereden, heeft een hoge slijtvastheid en is bestand tegen vorst en dooizout. De brug en fundering hebben gegalvaniseerde randbeschermingsbeugels met ge\u00efntegreerde bumperbevestigingen en transportankers.<\/p>\n\n\n<div class=\"gb-button-wrapper gb-button-wrapper-b3d8fc23\">\n\n<a class=\"gb-button gb-button-0b6f8ef9 gb-button-text button-effect\" href=\"https:\/\/essmann.com\/nl\/unterflur-fahrzeugwaage-he-sfk\/\">Meer lezen<\/a>\n\n<\/div>\n<\/div><\/div><\/div>\n\n<div class=\"gb-grid-column gb-grid-column-00c5c342\"><div class=\"gb-container gb-container-00c5c342\"><div class=\"gb-inside-container\">\n\n<h3 class=\"gb-headline gb-headline-5b5b17da gb-headline-text\">HE-\u00dcWS bovengrondse weegbrug - snel te installeren en eenvoudig te onderhouden<\/h3>\n\n\n\n<p class=\"has-base-3-color has-text-color\">De <strong><a href=\"https:\/\/essmann.com\/nl\/ueberflur-fahrzeugwaage-brueckenwaage-he-uews\/\">ESSMANN HE-\u00dcWS bovengrondse weegschalen voor vrachtwagens<\/a>,<\/strong> die onder andere kunnen worden gebruikt als <strong>vrachtwagenweegschalen<\/strong> of <strong>tractorweegschalen <\/strong>, bieden een korte bouwtijd met een hoge maatnauwkeurigheid en een laag gewicht van de componenten, zodat de weegschalen op een later tijdstip zonder problemen kunnen worden verplaatst.<\/p>\n\n\n<div class=\"gb-button-wrapper gb-button-wrapper-fc2c8c91\">\n\n<a class=\"gb-button gb-button-f79ac4a8 gb-button-text button-effect\" href=\"https:\/\/essmann.com\/nl\/ueberflur-fahrzeugwaage-brueckenwaage-he-uews\/\">Meer lezen<\/a>\n\n<\/div>\n<\/div><\/div><\/div>\n\n<div class=\"gb-grid-column gb-grid-column-1c4eea71\"><div class=\"gb-container gb-container-1c4eea71\"><div class=\"gb-inside-container\"><\/div><\/div><\/div>\n<\/div>\n<\/div><\/div><div class=\"gb-container gb-container-b6820a46\"><div class=\"gb-inside-container\">\n<div class=\"gb-grid-wrapper gb-grid-wrapper-fd39fbc5\">\n<div class=\"gb-grid-column gb-grid-column-3405fa27\"><div class=\"gb-container gb-container-3405fa27\"><div class=\"gb-inside-container\"><\/div><\/div><\/div>\n\n<div class=\"gb-grid-column gb-grid-column-bc608788\"><div class=\"gb-container gb-container-bc608788\"><div class=\"gb-inside-container\">\n\n<h3 class=\"gb-headline gb-headline-b3a8a793 gb-headline-text\">HE-TS stalen mobiele vrachtwagenweegschaal - mobiel en kalibreerbaar<\/h3>\n\n\n\n<p class=\"has-contrast-2-color has-text-color\">De <a href=\"https:\/\/essmann.com\/nl\/mobile-fahrzeugwaage-he-ts\/\"><strong>mobiele<\/strong> <strong>ESSMANN HE-TS<\/strong><\/a> is de perfecte keuze voor iedereen die op zoek is naar een robuuste en betrouwbare mobiele weegbrug. Het modulaire concept bestaat uit een weegmodule, een brugmodule en een hellingmodule, waardoor de weegschalen bijzonder compact en licht zijn.<\/p>\n\n\n<div class=\"gb-button-wrapper gb-button-wrapper-a46c28ec\">\n\n<a class=\"gb-button gb-button-1e23428f gb-button-text button-effect\" href=\"https:\/\/essmann.com\/nl\/mobile-fahrzeugwaage-he-ts\/\">Meer lezen<\/a>\n\n<\/div>\n<\/div><\/div><\/div>\n\n<div class=\"gb-grid-column gb-grid-column-fd9a93a4\"><div class=\"gb-container gb-container-fd9a93a4\"><div class=\"gb-inside-container\">\n\n<h3 class=\"gb-headline gb-headline-fc38a17f gb-headline-text\">HE-AW aslastweegschaal - handig en veelzijdig<\/h3>\n\n\n\n<p class=\"has-white-color has-text-color\">De <strong>ESSMANN HE-AW<\/strong> statische en dynamische <strong>aslastweegschaal<\/strong> is de perfecte keuze voor iedereen die op zoek is naar een <strong>lichtgewicht, mobiele weegbrug voor<\/strong> dagelijks gebruik op verschillende locaties.<\/p>\n\n\n<div class=\"gb-button-wrapper gb-button-wrapper-38dc4955\">\n\n<a class=\"gb-button gb-button-f09c3ace gb-button-text button-effect\" href=\"https:\/\/essmann.com\/nl\/mobile-achslastwaage-he-aw\/\">Meer lezen<\/a>\n\n<\/div>\n<\/div><\/div><\/div>\n\n<div class=\"gb-grid-column gb-grid-column-0ce5c33b\"><div class=\"gb-container gb-container-0ce5c33b\"><div class=\"gb-inside-container\"><\/div><\/div><\/div>\n<\/div>\n<\/div><\/div><div class=\"gb-container gb-container-50029533\">\n<div class=\"gb-container gb-container-24c26d98\"><div class=\"gb-inside-container\">\n\n<div style=\"height:146px\" aria-hidden=\"true\" class=\"wp-block-spacer\"><\/div>\n\n\n\n<div class=\"gb-headline gb-headline-311445a2\"><span class=\"gb-icon\"><svg xmlns=\"http:\/\/www.w3.org\/2000\/svg\" viewbox=\"0 0 60 42.35\"><path d=\"M47.47 15.76c-.12-1.31-.03-4.86 3.37-9.8.26-.37.21-.88-.11-1.19-1.39-1.39-2.25-2.26-2.85-2.87-.79-.81-1.15-1.18-1.68-1.66a.945.945 0 00-1.25-.01c-5.93 5.16-12.52 15.82-11.56 28.89.56 7.67 6.15 13.24 13.3 13.24 7.34 0 13.31-5.97 13.31-13.31 0-7.08-5.56-12.88-12.53-13.29zm-.78 24.72c-6.14 0-10.95-4.84-11.43-11.5-1.07-14.69 7.66-24.23 10.3-26.76.26.25.55.55.98.99.52.53 1.24 1.26 2.32 2.34-4.13 6.36-3.35 10.9-3.01 11.55.16.31.49.52.84.52 6.3 0 11.43 5.13 11.43 11.43S53 40.48 46.69 40.48zM14.17 15.76c-.12-1.3-.03-4.85 3.37-9.8.26-.37.21-.88-.11-1.19-1.38-1.38-2.24-2.26-2.84-2.87C13.8 1.09 13.43.72 12.9.24a.945.945 0 00-1.25-.01C5.73 5.39-.86 16.05.09 29.12c.56 7.67 6.16 13.24 13.31 13.24 7.34 0 13.31-5.97 13.31-13.31-.01-7.08-5.56-12.89-12.54-13.29zm-.77 24.72c-6.14 0-10.95-4.84-11.44-11.5C.89 14.28 9.63 4.74 12.26 2.22c.26.25.55.55.99 1 .52.53 1.23 1.26 2.31 2.34-4.13 6.36-3.35 10.9-3.01 11.55.16.31.5.52.84.52 6.3 0 11.43 5.13 11.43 11.43.01 6.29-5.12 11.42-11.42 11.42z\"><\/path><\/svg><\/span><\/div>\n\n\n\n<h2 class=\"gb-headline gb-headline-9679243c gb-headline-text\">Geweldig team van schaalbouwers, met veel expertise. Alles verliep soepel. We kregen advies over wettelijke voorschriften. De co\u00f6rdinatie met de Saksische dienst voor maten en gewichten verliep ook vlekkeloos.     <\/h2>\n\n\n\n<p class=\"gb-headline gb-headline-32577c86 gb-headline-text\">- <em>Volker Althus, Fabrieksmanager, <a href=\"https:\/\/www.jrs.de\/de\/\" target=\"_blank\" rel=\"noreferrer noopener\">CTL Celltechnik Lodenau GmbH &amp; Co.KG<\/a><\/em><\/p>\n\n\n\n<div style=\"height:72px\" aria-hidden=\"true\" class=\"wp-block-spacer\"><\/div>\n\n\n<div class=\"gb-container gb-container-01d74ca6\">\n<div class=\"gb-button-wrapper gb-button-wrapper-c2667588\">\n\n<a class=\"gb-button gb-button-a66f31e5 gb-button-text button\" href=\"https:\/\/essmann.com\/nl\/contactverdeling\/\">Neem contact op met onze verkoopafdeling<\/a>\n\n<\/div>\n<\/div>\n\n\n<div style=\"height:47px\" aria-hidden=\"true\" class=\"wp-block-spacer\"><\/div>\n\n<\/div><\/div>\n<\/div><div class=\"gb-container gb-container-1f312e32\">\n\n<div style=\"height:66px\" aria-hidden=\"true\" class=\"wp-block-spacer\"><\/div>\n\n\n\n<div class=\"wp-block-columns is-layout-flex wp-container-core-columns-is-layout-9d6595d7 wp-block-columns-is-layout-flex\">\n<div class=\"wp-block-column is-layout-flow wp-block-column-is-layout-flow\" style=\"flex-basis:25%\"><\/div>\n\n\n\n<div class=\"wp-block-column is-layout-flow wp-block-column-is-layout-flow\" style=\"flex-basis:50%\">\n<h2 class=\"gb-headline gb-headline-a9607d2e gb-headline-text\">Alberts weegschalenbouwer tip: Aankoopadvies voor voertuigweegschalen<\/h2>\n\n\n\n<p class=\"has-text-align-center has-base-3-color has-text-color\">Welke weegbruggen zijn geschikt voor jouw vereisten? Moet het een drive-over zijn of gemakkelijk te verplaatsen? Hoeveel ruimte heeft u op uw bedrijfsterrein? Hoe lang moet de weegbrug zijn? Hoeveel lading moet de weegbrug maximaal kunnen wegen? Hier beantwoorden we al uw vragen over het kopen van een weegbrug.     <\/p>\n\n\n<div class=\"gb-container gb-container-4237de34\"><div class=\"gb-inside-container\">\n<div class=\"gb-grid-wrapper gb-grid-wrapper-b5bba9c0\">\n<div class=\"gb-grid-column gb-grid-column-c6da19f2\"><div class=\"gb-container gb-container-c6da19f2\"><div class=\"gb-inside-container\">\n<div class=\"gb-container gb-container-4ca49c14\">\n<div class=\"gb-button-wrapper gb-button-wrapper-5d0c9fe1\">\n\n<a class=\"gb-button gb-button-90720a25 gb-button-text button\" href=\"https:\/\/essmann.com\/nl\/de-juiste-lcw-schalen-kopen-een-complete-gids\/\">Koopadvies voor voertuigweegschalen<\/a>\n\n<\/div>\n<\/div>\n<\/div><\/div><\/div>\n<\/div>\n<\/div><\/div>\n\n\n<div style=\"height:17px\" aria-hidden=\"true\" class=\"wp-block-spacer\"><\/div>\n<\/div>\n\n\n\n<div class=\"wp-block-column is-layout-flow wp-block-column-is-layout-flow\" style=\"flex-basis:25%\">\n<figure class=\"wp-block-image size-large\"><img loading=\"lazy\" decoding=\"async\" width=\"1024\" height=\"1024\" src=\"https:\/\/essmann.com\/wp-content\/uploads\/2023\/09\/Wagenbauer-Kreis-1024x1024.png\" alt=\"\" class=\"wp-image-29942\" srcset=\"https:\/\/essmann.com\/wp-content\/uploads\/2023\/09\/Wagenbauer-Kreis-1024x1024.png 1024w, https:\/\/essmann.com\/wp-content\/uploads\/2023\/09\/Wagenbauer-Kreis-300x300.png 300w, https:\/\/essmann.com\/wp-content\/uploads\/2023\/09\/Wagenbauer-Kreis-150x150.png 150w, https:\/\/essmann.com\/wp-content\/uploads\/2023\/09\/Wagenbauer-Kreis-768x768.png 768w, https:\/\/essmann.com\/wp-content\/uploads\/2023\/09\/Wagenbauer-Kreis.png 1449w\" sizes=\"auto, (max-width: 1024px) 100vw, 1024px\" \/><\/figure>\n<\/div>\n<\/div>\n\n<\/div>\n<div style=\"height:15px\" aria-hidden=\"true\" class=\"wp-block-spacer\"><\/div>\n\n<div class=\"gb-headline gb-headline-571c7292\"><span class=\"gb-icon\"><svg xmlns=\"http:\/\/www.w3.org\/2000\/svg\" viewbox=\"0 0 36.7 3\"><path d=\"M0 0h36.7v3H0z\"><\/path><\/svg><\/span><\/div>\n<div class=\"gb-container gb-container-81511e02\"><div class=\"gb-inside-container\">\n\n<h2 class=\"gb-headline gb-headline-e34d7651 gb-headline-text\">Heb je vragen over weegschalen voor vrachtwagens?<\/h2>\n\n\n<div class=\"gb-grid-wrapper gb-grid-wrapper-68531754\">\n<div class=\"gb-grid-column gb-grid-column-85a839dd\"><div class=\"gb-container gb-container-85a839dd\"><div class=\"gb-inside-container\">\n<div class=\"gb-button-wrapper gb-button-wrapper-b70e1dd8\">\n\n<a class=\"gb-button gb-button-296a607f gb-button-text button\" href=\"https:\/\/essmann.com\/nl\/contactverdeling\/\">Neem contact op met onze verkoopafdeling<\/a>\n\n<\/div>\n<\/div><\/div><\/div>\n<\/div>\n<\/div><\/div>\n<h2 class=\"wp-block-heading has-text-align-center\">Artikelen over weegschalen in het weegschaalmagazine<\/h2>\n\n<div class=\"gb-grid-wrapper gb-grid-wrapper-4d54fbbe gb-query-loop-wrapper\">\n<div class=\"gb-grid-column gb-grid-column-0fad29d7 gb-query-loop-item post-189175 post type-post status-publish format-standard has-post-thumbnail hentry category-schaaltips category-vrachtwagenweegschalen-weegbruggen category-vw-nl tag-beveiliging tag-controle tag-documentatie\"><div class=\"gb-container gb-container-0fad29d7\">\n<figure class=\"gb-block-image gb-block-image-200d3b4d\"><img loading=\"lazy\" decoding=\"async\" width=\"1920\" height=\"1280\" src=\"https:\/\/essmann.com\/wp-content\/uploads\/2026\/04\/recycling_metall_l1b2270.jpg\" class=\"gb-image-200d3b4d\" alt=\"Gestapelde stalen liggers onder een blauwe hemel\" srcset=\"https:\/\/essmann.com\/wp-content\/uploads\/2026\/04\/recycling_metall_l1b2270.jpg 1920w, https:\/\/essmann.com\/wp-content\/uploads\/2026\/04\/recycling_metall_l1b2270-300x200.jpg 300w, https:\/\/essmann.com\/wp-content\/uploads\/2026\/04\/recycling_metall_l1b2270-1024x683.jpg 1024w, https:\/\/essmann.com\/wp-content\/uploads\/2026\/04\/recycling_metall_l1b2270-768x512.jpg 768w, https:\/\/essmann.com\/wp-content\/uploads\/2026\/04\/recycling_metall_l1b2270-1536x1024.jpg 1536w\" sizes=\"auto, (max-width: 1920px) 100vw, 1920px\" \/><\/figure>\n\n<h2 class=\"gb-headline gb-headline-ea6729fb gb-headline-text\"><a href=\"https:\/\/essmann.com\/nl\/manipulationsrisiken-bei-lkw-waagen-wiegeprozess-besser-absichern\/\">Risico&#8217;s van manipulatie bij vrachtwagenweegschalen: betere bescherming voor het weegproces<\/a><\/h2>\n\n<p class=\"gb-headline gb-headline-fb3334b4 gb-headline-text\"><time class=\"entry-date published\" datetime=\"2026-04-20T16:22:32+02:00\">20 april 2026<\/time><\/p>\n\n<div class=\"gb-headline gb-headline-cc901e0e gb-headline-text\">KGeen enkele andere metriek is zo direct gekoppeld aan geld, vertrouwen en verantwoordelijkheid als gewicht. Weegschalen cre\u00ebren betrokkenheid. Ze maken van de fysieke werkelijkheid een commerci\u00eble &#8230; <p class=\"read-more-container\"><a title=\"Risico&#8217;s van manipulatie bij vrachtwagenweegschalen: betere bescherming voor het weegproces\" class=\"read-more button\" href=\"https:\/\/essmann.com\/nl\/manipulationsrisiken-bei-lkw-waagen-wiegeprozess-besser-absichern\/#more-189175\" aria-label=\"Lees meer over Risico&#8217;s van manipulatie bij vrachtwagenweegschalen: betere bescherming voor het weegproces\">Lees meer<\/a><\/p><\/div>\n<\/div><\/div>\n\n<div class=\"gb-grid-column gb-grid-column-0fad29d7 gb-query-loop-item post-153935 post type-post status-publish format-standard has-post-thumbnail hentry category-koopadvies category-vrachtwagenweegschalen-weegbruggen category-vw-nl category-weegschalen-in-de-essmann-shop tag-mobiele-weegschalen tag-vergelijking tag-vrachtwagenweegschalen-nl\"><div class=\"gb-container gb-container-0fad29d7\">\n<figure class=\"gb-block-image gb-block-image-200d3b4d\"><img loading=\"lazy\" decoding=\"async\" width=\"1920\" height=\"1280\" src=\"https:\/\/essmann.com\/wp-content\/uploads\/2026\/02\/fahrzeugwaagen_typen_vergleich.jpg\" class=\"gb-image-200d3b4d\" alt=\"Vier foto&#039;s tonen verschillende vrachtwagenweegschalen. Linksboven: Persoon die draagbare mobiele weegschaal draagt. Rechtsboven: vrachtwagen op mobiele weegbrug. Linksonder: Betonnen weegbrug boven de grond met bulkmateriaal op de achtergrond. Rechtsonder: trekker op een weegbrug onder de grond. Context: Vergelijking van typen weegbruggen.\" srcset=\"https:\/\/essmann.com\/wp-content\/uploads\/2026\/02\/fahrzeugwaagen_typen_vergleich.jpg 1920w, https:\/\/essmann.com\/wp-content\/uploads\/2026\/02\/fahrzeugwaagen_typen_vergleich-300x200.jpg 300w, https:\/\/essmann.com\/wp-content\/uploads\/2026\/02\/fahrzeugwaagen_typen_vergleich-1024x683.jpg 1024w, https:\/\/essmann.com\/wp-content\/uploads\/2026\/02\/fahrzeugwaagen_typen_vergleich-768x512.jpg 768w, https:\/\/essmann.com\/wp-content\/uploads\/2026\/02\/fahrzeugwaagen_typen_vergleich-1536x1024.jpg 1536w\" sizes=\"auto, (max-width: 1920px) 100vw, 1920px\" \/><\/figure>\n\n<h2 class=\"gb-headline gb-headline-ea6729fb gb-headline-text\"><a href=\"https:\/\/essmann.com\/nl\/fahrzeugwaagen-typen-im-vergleich-mobilwaage-achslast-oder-radlastwaage-und-betonbruecke-was-passt-zu-ihrem-betrieb\/\">Een vergelijking van soorten weegbruggen: mobiele weegschalen, aslast- of wiellastweegschalen en betonbruggen - welke is de juiste voor jouw bedrijf?<\/a><\/h2>\n\n<p class=\"gb-headline gb-headline-fb3334b4 gb-headline-text\"><time class=\"entry-date published\" datetime=\"2026-02-23T13:02:07+01:00\">23 februari 2026<\/time><\/p>\n\n<div class=\"gb-headline gb-headline-cc901e0e gb-headline-text\">Iedereen die voertuigen weegt, wil zelden alleen een schatting van het gewicht. In de meeste gevallen gaat het om factureerbare gegevens, auditbeveiliging, verwerkingscapaciteit en de garantie &#8230; <p class=\"read-more-container\"><a title=\"Een vergelijking van soorten weegbruggen: mobiele weegschalen, aslast- of wiellastweegschalen en betonbruggen - welke is de juiste voor jouw bedrijf?\" class=\"read-more button\" href=\"https:\/\/essmann.com\/nl\/fahrzeugwaagen-typen-im-vergleich-mobilwaage-achslast-oder-radlastwaage-und-betonbruecke-was-passt-zu-ihrem-betrieb\/#more-153935\" aria-label=\"Lees meer over Een vergelijking van soorten weegbruggen: mobiele weegschalen, aslast- of wiellastweegschalen en betonbruggen - welke is de juiste voor jouw bedrijf?\">Lees meer<\/a><\/p><\/div>\n<\/div><\/div>\n\n<div class=\"gb-grid-column gb-grid-column-0fad29d7 gb-query-loop-item post-146086 post type-post status-publish format-standard has-post-thumbnail hentry category-service-nl category-updates-nl category-vrachtwagenweegschalen-weegbruggen category-vw-nl tag-onderhoud\"><div class=\"gb-container gb-container-0fad29d7\">\n<figure class=\"gb-block-image gb-block-image-200d3b4d\"><img loading=\"lazy\" decoding=\"async\" width=\"1617\" height=\"1078\" src=\"https:\/\/essmann.com\/wp-content\/uploads\/2026\/02\/20230511_august_ernst_christopher_andreas_0212_luftbild.jpg\" class=\"gb-image-200d3b4d\" alt=\"Luchtfoto van een steengroeve en grindfabriek. Aardachtige gebieden, kuilen en zandpaden. Groene bomen op de voorgrond. Verschillende voertuigen en containers op zandgrond. In het midden zijn twee weegbruggen te zien.\" srcset=\"https:\/\/essmann.com\/wp-content\/uploads\/2026\/02\/20230511_august_ernst_christopher_andreas_0212_luftbild.jpg 1617w, https:\/\/essmann.com\/wp-content\/uploads\/2026\/02\/20230511_august_ernst_christopher_andreas_0212_luftbild-300x200.jpg 300w, https:\/\/essmann.com\/wp-content\/uploads\/2026\/02\/20230511_august_ernst_christopher_andreas_0212_luftbild-1024x683.jpg 1024w, https:\/\/essmann.com\/wp-content\/uploads\/2026\/02\/20230511_august_ernst_christopher_andreas_0212_luftbild-768x512.jpg 768w, https:\/\/essmann.com\/wp-content\/uploads\/2026\/02\/20230511_august_ernst_christopher_andreas_0212_luftbild-1536x1024.jpg 1536w\" sizes=\"auto, (max-width: 1617px) 100vw, 1617px\" \/><\/figure>\n\n<h2 class=\"gb-headline gb-headline-ea6729fb gb-headline-text\"><a href=\"https:\/\/essmann.com\/nl\/fruehjahrs-check-planen-fuer-fahrzeugwaagen-im-steinbruch-kieswerk\/\">Plan voorjaarscontrole voor weegbruggen in steengroeven en grindwinningen<\/a><\/h2>\n\n<p class=\"gb-headline gb-headline-fb3334b4 gb-headline-text\"><time class=\"entry-date published\" datetime=\"2026-02-11T11:48:16+01:00\">11 februari 2026<\/time><\/p>\n\n<div class=\"gb-headline gb-headline-cc901e0e gb-headline-text\">Wanneer bouwterreinen in de lente opstarten, neemt het aantal cycli op de weegbrug vaak merkbaar toe in steengroeven, grindgroeven en betoncentrales, precies wanneer defecten het meeste &#8230; <p class=\"read-more-container\"><a title=\"Plan voorjaarscontrole voor weegbruggen in steengroeven en grindwinningen\" class=\"read-more button\" href=\"https:\/\/essmann.com\/nl\/fruehjahrs-check-planen-fuer-fahrzeugwaagen-im-steinbruch-kieswerk\/#more-146086\" aria-label=\"Lees meer over Plan voorjaarscontrole voor weegbruggen in steengroeven en grindwinningen\">Lees meer<\/a><\/p><\/div>\n<\/div><\/div>\n\n<div class=\"gb-grid-column gb-grid-column-0fad29d7 gb-query-loop-item post-133152 post type-post status-publish format-standard has-post-thumbnail hentry category-kalibratie category-vrachtwagenweegschalen-weegbruggen category-vw-nl tag-lozing tag-service\"><div class=\"gb-container gb-container-0fad29d7\">\n<figure class=\"gb-block-image gb-block-image-200d3b4d\"><img loading=\"lazy\" decoding=\"async\" width=\"1280\" height=\"826\" src=\"https:\/\/essmann.com\/wp-content\/uploads\/2024\/03\/Eichsiegel.jpg\" class=\"gb-image-200d3b4d\" alt=\"Kalibratiezegel op ESSMANN weegelektronica EWS-3\" srcset=\"https:\/\/essmann.com\/wp-content\/uploads\/2024\/03\/Eichsiegel.jpg 1280w, https:\/\/essmann.com\/wp-content\/uploads\/2024\/03\/Eichsiegel-300x194.jpg 300w, https:\/\/essmann.com\/wp-content\/uploads\/2024\/03\/Eichsiegel-1024x661.jpg 1024w, https:\/\/essmann.com\/wp-content\/uploads\/2024\/03\/Eichsiegel-768x496.jpg 768w\" sizes=\"auto, (max-width: 1280px) 100vw, 1280px\" \/><\/figure>\n\n<h2 class=\"gb-headline gb-headline-ea6729fb gb-headline-text\"><a href=\"https:\/\/essmann.com\/nl\/hoehere-eichgebuehren-seit-januar-2026-strategien-fuer-waagenbetreiber\/\">Hogere ijkvergoedingen sinds januari 2026: Strategie\u00ebn voor exploitanten van weegschalen<\/a><\/h2>\n\n<p class=\"gb-headline gb-headline-fb3334b4 gb-headline-text\"><time class=\"entry-date published\" datetime=\"2026-01-13T12:31:53+01:00\">13 januari 2026<\/time><\/p>\n\n<div class=\"gb-headline gb-headline-cc901e0e gb-headline-text\">Sinds 1 januari 2026 zijn nieuwe meet- en ijkvergoedingen van toepassing. De tarieven zijn landelijk aangepast met de &#8220;Tweede Verordening tot wijziging van de Verordening Meet- &#8230; <p class=\"read-more-container\"><a title=\"Hogere ijkvergoedingen sinds januari 2026: Strategie\u00ebn voor exploitanten van weegschalen\" class=\"read-more button\" href=\"https:\/\/essmann.com\/nl\/hoehere-eichgebuehren-seit-januar-2026-strategien-fuer-waagenbetreiber\/#more-133152\" aria-label=\"Lees meer over Hogere ijkvergoedingen sinds januari 2026: Strategie\u00ebn voor exploitanten van weegschalen\">Lees meer<\/a><\/p><\/div>\n<\/div><\/div>\n<\/div>\n","protected":false},"excerpt":{"rendered":"<p>Weegschalen voor vrachtwagens onder de vloer | Weegschalen voor vrachtwagens boven de vloer | Weegschalen voor mobiele vrachtwagens | Weegschalen voor mobiele asbelasting Geweldig team van &#8230; <\/p>\n<p class=\"read-more-container\"><a title=\"Vrachtwagenweegschalen\" class=\"read-more button\" href=\"https:\/\/essmann.com\/nl\/fahrzeugwaagen\/#more-71640\" aria-label=\"Lees meer over Vrachtwagenweegschalen\">Lees meer<\/a><\/p>\n","protected":false},"author":7,"featured_media":0,"parent":0,"menu_order":0,"comment_status":"closed","ping_status":"closed","template":"","meta":{"_seopress_robots_primary_cat":"","_seopress_titles_title":"Onze beste weegschalen voor vrachtwagens en trucks - sinds 1860","_seopress_titles_desc":"ESSMANN weegschalen voor vrachtwagens en trekkers zijn de beproefde oplossing voor intensief gebruik in de bouw, industrie en landbouw.","_seopress_robots_index":"","_jet_sm_ready_style":"","_jet_sm_style":"","_jet_sm_controls_values":"","_jet_sm_fonts_collection":"","_jet_sm_fonts_links":"","footnotes":""},"class_list":{"0":"post-71640","1":"page","2":"type-page","3":"status-publish","5":"infinite-scroll-item"},"_links":{"self":[{"href":"https:\/\/essmann.com\/nl\/wp-json\/wp\/v2\/pages\/71640","targetHints":{"allow":["GET"]}}],"collection":[{"href":"https:\/\/essmann.com\/nl\/wp-json\/wp\/v2\/pages"}],"about":[{"href":"https:\/\/essmann.com\/nl\/wp-json\/wp\/v2\/types\/page"}],"author":[{"embeddable":true,"href":"https:\/\/essmann.com\/nl\/wp-json\/wp\/v2\/users\/7"}],"replies":[{"embeddable":true,"href":"https:\/\/essmann.com\/nl\/wp-json\/wp\/v2\/comments?post=71640"}],"version-history":[{"count":9,"href":"https:\/\/essmann.com\/nl\/wp-json\/wp\/v2\/pages\/71640\/revisions"}],"predecessor-version":[{"id":139457,"href":"https:\/\/essmann.com\/nl\/wp-json\/wp\/v2\/pages\/71640\/revisions\/139457"}],"wp:attachment":[{"href":"https:\/\/essmann.com\/nl\/wp-json\/wp\/v2\/media?parent=71640"}],"curies":[{"name":"wp","href":"https:\/\/api.w.org\/{rel}","templated":true}]}}