{"id":71736,"date":"2023-03-01T08:01:12","date_gmt":"2023-03-01T07:01:12","guid":{"rendered":"https:\/\/essmann.com\/ueber-uns\/"},"modified":"2025-09-16T16:10:39","modified_gmt":"2025-09-16T14:10:39","slug":"ueber-uns","status":"publish","type":"page","link":"https:\/\/essmann.com\/nl\/ueber-uns\/","title":{"rendered":"Het bedrijf"},"content":{"rendered":"<div class=\"gb-container gb-container-cd67deb7\"><div class=\"gb-inside-container\">\n<div class=\"gb-grid-wrapper gb-grid-wrapper-22fb59e4\">\n<div class=\"gb-grid-column gb-grid-column-fb706260\"><div class=\"gb-container gb-container-fb706260\"><div class=\"gb-inside-container\">\n\n<h2 class=\"gb-headline gb-headline-5bc45f76 gb-headline-text\">ESSMANN Waagen kijkt terug op 165 jaar bedrijfsgeschiedenis - en vooruit naar een snel ontwikkelende, bewegende toekomst<\/h2>\n\n\n\n<div class=\"gb-headline gb-headline-2b2468aa\"><span class=\"gb-icon\"><svg xmlns=\"http:\/\/www.w3.org\/2000\/svg\" viewbox=\"0 0 36.7 3\"><path d=\"M0 0h36.7v3H0z\"><\/path><\/svg><\/span><\/div>\n\n\n\n<p>ESSMANN is een door de eigenaar geleide weegschalenfabrikant uit Hamburg die al 165 jaar de standaard zet in professionele weegtechnologie. Onze weegschalen zijn te vinden in industrie, handel en laboratoria - van ultramicroweegschalen tot spoorwegweegschalen. Als een van de weinige gespecialiseerde weegbedrijven bestrijken we het hele spectrum van weegtechnologie, van ultrafijne weegschalen tot gelweegschalen en combineren we traditioneel vakmanschap met ultramoderne automatisering.  <\/p>\n\n\n\n<h3 class=\"wp-block-heading\">Onze geschiedenis<\/h3>\n\n\n\n<p>ESSMANN werd in 1860 opgericht door Christian Moritz Westphal in Wandsbek bij Hamburg. Na de overname door zijn neven Albert en Ludwig E\u00dfmann ontwikkelde het bedrijf zich tot Waagenfabrik Gebr. E\u00dfmann &amp; Co. Innovaties zoals de gepatenteerde E\u00dfmann touwtakelweegschaal uit 1907 kenmerkten de industrie. Door de generaties heen is ESSMANN een familiebedrijf gebleven dat zich altijd heeft gericht op technische modernisering en digitalisering. Vandaag zetten we deze traditie voort met een sterk team en toekomstgerichte oplossingen. \u279a<em><a href=\"https:\/\/essmann.com\/nl\/waagenbau-geschichte\/\" data-type=\"page\" data-id=\"32346\"><strong>Meer lezen<\/strong><\/a><\/em><\/p>\n\n\n\n<h3 class=\"wp-block-heading\">Onze locaties<\/h3>\n\n\n\n<p>Met vestigingen en servicecentra in Hamburg, Berlijn, Duisburg, Saalfeld, Wallenhorst, Westhausen en Worms zijn we aanwezig in heel Duitsland. Deze regionale nabijheid stelt ons in staat om snel en betrouwbaar te reageren op de behoeften van onze klanten en op maat gemaakte oplossingen ter plaatse aan te bieden. \u279a<em><a href=\"https:\/\/essmann.com\/nl\/niederlassungen-und-servicestuetzpunkte\/\" data-type=\"page\" data-id=\"76303\"><strong>Meer lezen<\/strong><\/a><\/em><\/p>\n\n\n\n<h3 class=\"wp-block-heading\">Onze claim<\/h3>\n\n\n\n<p>Wij zien onszelf als partner voor onze klanten en richten ons op langdurige relaties die worden gekenmerkt door vertrouwen, kwaliteit en innovatie. Onze klanten waarderen de professionele planning, implementatie en ondersteuning door het ESSMANN-team. Met een breed portfolio aan weegschalen en automatiseringsoplossingen en een uitgebreid serviceaanbod staan wij voor maximale precisie en betrouwbaarheid. <\/p>\n\n\n\n<h3 class=\"wp-block-heading\">Maak deel uit van onze geschiedenis<\/h3>\n\n\n\n<p>Als klant, partner of medewerker - bij ESSMANN kunt u de toekomst van weegtechnologie helpen vormgeven. Ontdek onze producten en diensten of maak deel uit van ons team. Samen zetten we nieuwe standaarden in de weegwereld.  <\/p>\n\n\n<div class=\"gb-container gb-container-e06db0fd\"><div class=\"gb-inside-container\">\n<div class=\"gb-grid-wrapper gb-grid-wrapper-3b183dc5\">\n<div class=\"gb-grid-column gb-grid-column-74322eeb\"><div class=\"gb-container gb-container-74322eeb\"><div class=\"gb-inside-container\">\n<div class=\"gb-button-wrapper gb-button-wrapper-4a2269c5\">\n\n<a class=\"gb-button gb-button-1d91d7de gb-button-text button\" href=\"https:\/\/essmann.com\/nl\/kontakt\/\">Neem contact met ons op<\/a>\n\n<\/div>\n<\/div><\/div><\/div>\n<\/div>\n<\/div><\/div>\n<\/div><\/div><\/div>\n\n<div class=\"gb-grid-column gb-grid-column-12924e5b\"><div class=\"gb-container gb-container-12924e5b\"><div class=\"gb-inside-container\">\n<div class=\"wp-block-image right-border img\">\n<figure data-wp-context=\"{&quot;imageId&quot;:&quot;69ec8bf72f279&quot;}\" data-wp-interactive=\"core\/image\" data-wp-key=\"69ec8bf72f279\" class=\"alignright size-full wp-lightbox-container\"><img loading=\"lazy\" decoding=\"async\" width=\"2381\" height=\"1528\" data-wp-class--hide=\"state.isContentHidden\" data-wp-class--show=\"state.isContentVisible\" data-wp-init=\"callbacks.setButtonStyles\" data-wp-on--click=\"actions.showLightbox\" data-wp-on--load=\"callbacks.setButtonStyles\" data-wp-on-window--resize=\"callbacks.setButtonStyles\" src=\"https:\/\/essmann.com\/wp-content\/uploads\/2023\/03\/MicrosoftTeams-image-9.jpg\" alt=\"Uittreksel uit &quot;The Port of Hamburg with Plans Charts and Numerous Illustrations&quot; uit 1927 met een foto van een ESSMANN platform weegschaal in een kadewinkel  \" class=\"wp-image-28944\" srcset=\"https:\/\/essmann.com\/wp-content\/uploads\/2023\/03\/MicrosoftTeams-image-9.jpg 2381w, https:\/\/essmann.com\/wp-content\/uploads\/2023\/03\/MicrosoftTeams-image-9-300x193.jpg 300w, https:\/\/essmann.com\/wp-content\/uploads\/2023\/03\/MicrosoftTeams-image-9-1024x657.jpg 1024w, https:\/\/essmann.com\/wp-content\/uploads\/2023\/03\/MicrosoftTeams-image-9-768x493.jpg 768w, https:\/\/essmann.com\/wp-content\/uploads\/2023\/03\/MicrosoftTeams-image-9-1536x986.jpg 1536w, https:\/\/essmann.com\/wp-content\/uploads\/2023\/03\/MicrosoftTeams-image-9-2048x1314.jpg 2048w\" sizes=\"auto, (max-width: 2381px) 100vw, 2381px\" \/><button\n\t\t\tclass=\"lightbox-trigger\"\n\t\t\ttype=\"button\"\n\t\t\taria-haspopup=\"dialog\"\n\t\t\taria-label=\"Vergroten\"\n\t\t\tdata-wp-init=\"callbacks.initTriggerButton\"\n\t\t\tdata-wp-on--click=\"actions.showLightbox\"\n\t\t\tdata-wp-style--right=\"state.imageButtonRight\"\n\t\t\tdata-wp-style--top=\"state.imageButtonTop\"\n\t\t>\n\t\t\t<svg xmlns=\"http:\/\/www.w3.org\/2000\/svg\" width=\"12\" height=\"12\" fill=\"none\" viewBox=\"0 0 12 12\">\n\t\t\t\t<path fill=\"#fff\" d=\"M2 0a2 2 0 0 0-2 2v2h1.5V2a.5.5 0 0 1 .5-.5h2V0H2Zm2 10.5H2a.5.5 0 0 1-.5-.5V8H0v2a2 2 0 0 0 2 2h2v-1.5ZM8 12v-1.5h2a.5.5 0 0 0 .5-.5V8H12v2a2 2 0 0 1-2 2H8Zm2-12a2 2 0 0 1 2 2v2h-1.5V2a.5.5 0 0 0-.5-.5H8V0h2Z\" \/>\n\t\t\t<\/svg>\n\t\t<\/button><\/figure>\n<\/div>\n\n\n<div style=\"height:100px\" aria-hidden=\"true\" class=\"wp-block-spacer\"><\/div>\n\n\n<div class=\"wp-block-image\">\n<figure class=\"alignright size-medium\"><img loading=\"lazy\" decoding=\"async\" width=\"300\" height=\"230\" src=\"https:\/\/essmann.com\/wp-content\/uploads\/2025\/02\/badge-web-1-300x230.png\" alt=\"Logo: 165 jaar innovatie voor precisie, 1860-2025\" class=\"wp-image-65815\" srcset=\"https:\/\/essmann.com\/wp-content\/uploads\/2025\/02\/badge-web-1-300x230.png 300w, https:\/\/essmann.com\/wp-content\/uploads\/2025\/02\/badge-web-1-1024x786.png 1024w, https:\/\/essmann.com\/wp-content\/uploads\/2025\/02\/badge-web-1-768x590.png 768w, https:\/\/essmann.com\/wp-content\/uploads\/2025\/02\/badge-web-1-1536x1179.png 1536w, https:\/\/essmann.com\/wp-content\/uploads\/2025\/02\/badge-web-1-2048x1573.png 2048w\" sizes=\"auto, (max-width: 300px) 100vw, 300px\" \/><\/figure>\n<\/div>\n\n\n<div style=\"height:33px\" aria-hidden=\"true\" class=\"wp-block-spacer\"><\/div>\n\n\n\n<figure class=\"wp-block-image size-full\"><a href=\"https:\/\/essmann.com\/niederlassungen-und-servicestuetzpunkte\/\"><img loading=\"lazy\" decoding=\"async\" width=\"592\" height=\"801\" src=\"https:\/\/essmann.com\/wp-content\/uploads\/2025\/04\/essmann_standorte_karte.png\" alt=\"Kaart van Duitsland met gemarkeerde regio's en ESSMANN locaties\" class=\"wp-image-76273\" srcset=\"https:\/\/essmann.com\/wp-content\/uploads\/2025\/04\/essmann_standorte_karte.png 592w, https:\/\/essmann.com\/wp-content\/uploads\/2025\/04\/essmann_standorte_karte-222x300.png 222w\" sizes=\"auto, (max-width: 592px) 100vw, 592px\" \/><\/a><\/figure>\n\n<\/div><\/div><\/div>\n<\/div>\n<\/div><\/div><div class=\"wp-block-image\">\n<figure class=\"aligncenter size-full\"><img loading=\"lazy\" decoding=\"async\" width=\"1920\" height=\"1069\" src=\"https:\/\/essmann.com\/wp-content\/uploads\/2025\/08\/20250821_sommerfest_teamfoto_0048.jpg\" alt=\"Groepsfoto van 37 (van de in totaal 45) lachende teamleden van de ESSMANN Group in blauwe poloshirts voor ons bedrijfsgebouw in Hamburg met het bord 'ESSMANN WAAGEN &amp;amp; AUTOMATION'. Sommigen zittend, anderen staand, achtergrond met planten. \" class=\"wp-image-96503\" srcset=\"https:\/\/essmann.com\/wp-content\/uploads\/2025\/08\/20250821_sommerfest_teamfoto_0048.jpg 1920w, https:\/\/essmann.com\/wp-content\/uploads\/2025\/08\/20250821_sommerfest_teamfoto_0048-300x167.jpg 300w, https:\/\/essmann.com\/wp-content\/uploads\/2025\/08\/20250821_sommerfest_teamfoto_0048-1024x570.jpg 1024w, https:\/\/essmann.com\/wp-content\/uploads\/2025\/08\/20250821_sommerfest_teamfoto_0048-768x428.jpg 768w, https:\/\/essmann.com\/wp-content\/uploads\/2025\/08\/20250821_sommerfest_teamfoto_0048-1536x855.jpg 1536w\" sizes=\"auto, (max-width: 1920px) 100vw, 1920px\" \/><figcaption class=\"wp-element-caption\">37 van de huidige 45 medewerkers in de ESSMANN Group: De teams van ESSMANN | Waagen &amp; Automation en VISSER Waagen voor het hoofdkantoor in Hamburg, 2025<\/figcaption><\/figure>\n<\/div>\n<div style=\"height:23px\" aria-hidden=\"true\" class=\"wp-block-spacer\"><\/div>\n<div class=\"gb-container gb-container-96aaaadd\"><div class=\"gb-inside-container\">\n<div class=\"gb-container gb-container-48ecba5a\" id=\"GF\"><div class=\"gb-inside-container\">\n\n<h5 class=\"gb-headline gb-headline-45618bdc gb-headline-text\">Ons managementteam<\/h5>\n\n\n\n<h2 class=\"gb-headline gb-headline-6b7269d6 gb-headline-text\">Beheer<\/h2>\n\n\n\n<h2 class=\"gb-headline gb-headline-31340eb1\"><span class=\"gb-icon\"><svg xmlns=\"http:\/\/www.w3.org\/2000\/svg\" viewbox=\"0 0 36.7 3\"><path d=\"M0 0h36.7v3H0z\"><\/path><\/svg><\/span><\/h2>\n\n\n<div class=\"gb-grid-wrapper gb-grid-wrapper-17296987\">\n<div class=\"gb-grid-column gb-grid-column-673bd994\"><div class=\"gb-container gb-container-673bd994\">\n<div class=\"gb-container gb-container-154294be\">\n<div class=\"gb-grid-wrapper gb-grid-wrapper-e803cea0\">\n<div class=\"gb-grid-column gb-grid-column-47dc8f43\"><div class=\"gb-container gb-container-47dc8f43\"><div class=\"gb-inside-container\">\n<div class=\"wp-block-image is-style-default\">\n<figure class=\"aligncenter size-full\"><img loading=\"lazy\" decoding=\"async\" width=\"800\" height=\"800\" src=\"https:\/\/essmann.com\/wp-content\/uploads\/2023\/03\/20220622_ehmke_0482.jpg\" alt=\"ESSMANN Algemeen directeur Dr. Fabian Ehmke\" class=\"wp-image-28924\" srcset=\"https:\/\/essmann.com\/wp-content\/uploads\/2023\/03\/20220622_ehmke_0482.jpg 800w, https:\/\/essmann.com\/wp-content\/uploads\/2023\/03\/20220622_ehmke_0482-300x300.jpg 300w, https:\/\/essmann.com\/wp-content\/uploads\/2023\/03\/20220622_ehmke_0482-150x150.jpg 150w, https:\/\/essmann.com\/wp-content\/uploads\/2023\/03\/20220622_ehmke_0482-768x768.jpg 768w\" sizes=\"auto, (max-width: 800px) 100vw, 800px\" \/><\/figure>\n<\/div>\n\n\n<h3 class=\"gb-headline gb-headline-236282ec gb-headline-text\">Dr. Fabian Ehmke<\/h3>\n\n\n\n<p class=\"gb-headline gb-headline-e9c49b0f gb-headline-text\"><em>Algemeen directeur<\/em><\/p>\n\n\n\n<p>Dr.-Ing. Fabian Ehmke is gespecialiseerd in de toekomst van weegtechnologie\u00ebn, innovatie en digitalisering. Hij heeft meer dan tien jaar internationale ervaring in technologie- en innovatiemanagement en heeft uitgebreide expertise als groepsleider en projectmanager in speciale machinebouw en softwareontwikkeling. In zijn vorige functies lag zijn focus op het combineren van klassieke technische vaardigheden met baanbrekende technologie - altijd met het doel om duurzame en schaalbare oplossingen te ontwikkelen. Bij ESSMANN is hij verantwoordelijk voor product- en technologieontwikkeling en verkoop.<\/p>\n\n\n<div class=\"gb-button-wrapper gb-button-wrapper-2324431e\">\n\n<a class=\"gb-button gb-button-b9319e5d\" href=\"https:\/\/www.linkedin.com\/in\/fabian-ehmke\/\" target=\"_blank\" rel=\"noopener noreferrer\"><span class=\"gb-icon\"><svg xmlns=\"http:\/\/www.w3.org\/2000\/svg\" viewbox=\"0 0 448 512\" width=\"1em\" height=\"1em\" aria-hidden=\"true\"><path d=\"M100.28 448H7.4V148.9h92.88zM53.79 108.1C24.09 108.1 0 83.5 0 53.8a53.79 53.79 0 0 1 107.58 0c0 29.7-24.1 54.3-53.79 54.3zM447.9 448h-92.68V302.4c0-34.7-.7-79.2-48.29-79.2-48.29 0-55.69 37.7-55.69 76.7V448h-92.78V148.9h89.08v40.8h1.3c12.4-23.5 42.69-48.3 87.88-48.3 94 0 111.28 61.9 111.28 142.3V448z\" fill=\"currentColor\"><\/path><\/svg><\/span><\/a>\n\n<\/div>\n<\/div><\/div><\/div>\n\n<div class=\"gb-grid-column gb-grid-column-6826778e\"><div class=\"gb-container gb-container-6826778e\"><div class=\"gb-inside-container\">\n<div class=\"wp-block-image is-style-default\">\n<figure class=\"aligncenter size-full\"><img loading=\"lazy\" decoding=\"async\" width=\"612\" height=\"612\" src=\"https:\/\/essmann.com\/wp-content\/uploads\/2023\/03\/20220622_gregor_grassl_0347.jpg\" alt=\"ESSMANN Algemeen directeur Dr. Gregor Gra&#xDF;l\" class=\"wp-image-28927\" srcset=\"https:\/\/essmann.com\/wp-content\/uploads\/2023\/03\/20220622_gregor_grassl_0347.jpg 612w, https:\/\/essmann.com\/wp-content\/uploads\/2023\/03\/20220622_gregor_grassl_0347-300x300.jpg 300w, https:\/\/essmann.com\/wp-content\/uploads\/2023\/03\/20220622_gregor_grassl_0347-150x150.jpg 150w\" sizes=\"auto, (max-width: 612px) 100vw, 612px\" \/><\/figure>\n<\/div>\n\n\n<h3 class=\"gb-headline gb-headline-74de41bf gb-headline-text\">Dr. Gregor Gra\u00dfl<\/h3>\n\n\n\n<p class=\"gb-headline gb-headline-174cd066 gb-headline-text\"><em><em>Algemeen directeur<\/em><\/em><\/p>\n\n\n\n<p>Dr. Gregor Gra\u00dfl begon zijn carri\u00e8re in het materiaalonderzoek bij het Fraunhofer Gesellschaft na het behalen van een dubbele graad in engineering en internationaal technologiemanagement. In de loop van zijn carri\u00e8re werkte hij als team- en siteleider, richtte hij verschillende onderzoeks- en industri\u00eble faciliteiten op en beheerde hij projecten voor de introductie van digitale productiemethoden in de auto- en luchtvaartindustrie. Bij ESSMANN is hij verantwoordelijk voor personeelsontwikkeling, bedrijfsontwikkeling en verkoopprocessen.<\/p>\n\n\n<div class=\"gb-button-wrapper gb-button-wrapper-32273dc8\">\n\n<a class=\"gb-button gb-button-bf643660\" href=\"https:\/\/www.linkedin.com\/in\/dr-gregor-gra%C3%9Fl-8ba536166\/\" target=\"_blank\" rel=\"noopener noreferrer\"><span class=\"gb-icon\"><svg xmlns=\"http:\/\/www.w3.org\/2000\/svg\" aria-hidden=\"true\" role=\"img\" height=\"1em\" width=\"1em\" viewbox=\"0 0 448 512\"><path fill=\"currentColor\" d=\"M100.28 448H7.4V148.9h92.88zM53.79 108.1C24.09 108.1 0 83.5 0 53.8a53.79 53.79 0 0 1 107.58 0c0 29.7-24.1 54.3-53.79 54.3zM447.9 448h-92.68V302.4c0-34.7-.7-79.2-48.29-79.2-48.29 0-55.69 37.7-55.69 76.7V448h-92.78V148.9h89.08v40.8h1.3c12.4-23.5 42.69-48.3 87.88-48.3 94 0 111.28 61.9 111.28 142.3V448z\"><\/path><\/svg><\/span><\/a>\n\n<\/div>\n<\/div><\/div><\/div>\n\n<div class=\"gb-grid-column gb-grid-column-15e68222\"><div class=\"gb-container gb-container-15e68222\"><div class=\"gb-inside-container\">\n<div class=\"wp-block-image is-style-default\">\n<figure class=\"aligncenter size-full\"><img loading=\"lazy\" decoding=\"async\" width=\"800\" height=\"800\" src=\"https:\/\/essmann.com\/wp-content\/uploads\/2023\/03\/20220602_essmann_teichmann_0312.jpg\" alt=\"ESSMANN Algemeen directeur Ren&#xE9; Teichmann\" class=\"wp-image-28926\" srcset=\"https:\/\/essmann.com\/wp-content\/uploads\/2023\/03\/20220602_essmann_teichmann_0312.jpg 800w, https:\/\/essmann.com\/wp-content\/uploads\/2023\/03\/20220602_essmann_teichmann_0312-300x300.jpg 300w, https:\/\/essmann.com\/wp-content\/uploads\/2023\/03\/20220602_essmann_teichmann_0312-150x150.jpg 150w, https:\/\/essmann.com\/wp-content\/uploads\/2023\/03\/20220602_essmann_teichmann_0312-768x768.jpg 768w\" sizes=\"auto, (max-width: 800px) 100vw, 800px\" \/><\/figure>\n<\/div>\n\n\n<h3 class=\"gb-headline gb-headline-43bec474 gb-headline-text\">Ren\u00e9 Teichmann<\/h3>\n\n\n\n<p class=\"gb-headline gb-headline-43803799 gb-headline-text\"><em><em>Algemeen directeur<\/em><\/em><\/p>\n\n\n\n<p>Ren\u00e9 Teichmann heeft een graad in financi\u00ebn van de Universiteit van Wales, Cardiff en de Hogeschool Harz. Hij was hoofd informatietechnologie bij Zeitverlag Gerd Bucerius GmbH &amp; Co KG en CIO bij Rickmers Holding AG. Hij was ook lid van de adviesraad van Deutsche Technologie Manufakturen GmbH. Hij heeft zich altijd gericht op digitale transformatie, de ontwikkeling van effici\u00ebnte IT-structuren en strategisch bedrijfsbeheer. Bij ESSMANN is hij verantwoordelijk voor financi\u00ebn en boekhouding, evenals voor het beheer van IT.   <\/p>\n\n\n<div class=\"gb-button-wrapper gb-button-wrapper-0fb237e7\">\n\n<a class=\"gb-button gb-button-b711e06f\" href=\"https:\/\/www.linkedin.com\/in\/ren%C3%A9-teichmann-4603657\/\" target=\"_blank\" rel=\"noopener noreferrer\"><span class=\"gb-icon\"><svg xmlns=\"http:\/\/www.w3.org\/2000\/svg\" aria-hidden=\"true\" role=\"img\" height=\"1em\" width=\"1em\" viewbox=\"0 0 448 512\"><path fill=\"currentColor\" d=\"M100.28 448H7.4V148.9h92.88zM53.79 108.1C24.09 108.1 0 83.5 0 53.8a53.79 53.79 0 0 1 107.58 0c0 29.7-24.1 54.3-53.79 54.3zM447.9 448h-92.68V302.4c0-34.7-.7-79.2-48.29-79.2-48.29 0-55.69 37.7-55.69 76.7V448h-92.78V148.9h89.08v40.8h1.3c12.4-23.5 42.69-48.3 87.88-48.3 94 0 111.28 61.9 111.28 142.3V448z\"><\/path><\/svg><\/span><\/a>\n\n<\/div>\n<\/div><\/div><\/div>\n<\/div>\n\n\n<p class=\"has-text-align-center\">Ons managementteam heeft in 2021 de leiding overgenomen van <strong>ESSMANN | Weighing &amp; Automation<\/strong> <br\/>. Lees meer over <strong><a href=\"https:\/\/essmann.com\/nl\/waagenbau-geschichte\/\" data-type=\"page\" data-id=\"28809\">onze geschiedenis<\/a><\/strong>. <\/p>\n\n\n<div class=\"gb-container gb-container-494ddfec\"><div class=\"gb-inside-container\">\n<div class=\"gb-grid-wrapper gb-grid-wrapper-8db3d790\">\n<div class=\"gb-grid-column gb-grid-column-8f7608a9\"><div class=\"gb-container gb-container-8f7608a9\"><div class=\"gb-inside-container\">\n<div class=\"gb-button-wrapper gb-button-wrapper-d100f357\">\n\n<a class=\"gb-button gb-button-8ea3a79f gb-button-text button\" href=\"https:\/\/essmann.com\/nl\/waagenbau-geschichte\/\">ESSMANN weegschaal geschiedenis<\/a>\n\n<\/div>\n<\/div><\/div><\/div>\n<\/div>\n<\/div><\/div>\n<\/div>\n<\/div><\/div>\n<\/div>\n<\/div><\/div>\n<\/div><\/div><div class=\"gb-container gb-container-e6eabae9\"><div class=\"gb-inside-container\">\n<div class=\"gb-grid-wrapper gb-grid-wrapper-01fb48af\">\n<div class=\"gb-grid-column gb-grid-column-9608e9b6\"><div class=\"gb-container gb-container-9608e9b6\"><div class=\"gb-inside-container\">\n\n<h3 class=\"gb-headline gb-headline-6eae5684 gb-headline-text\">ESSMANN - Hanze fabrikant van weegschalen  <\/h3>\n\n\n\n<div class=\"gb-headline gb-headline-33719af2\"><span class=\"gb-icon\"><svg xmlns=\"http:\/\/www.w3.org\/2000\/svg\" viewbox=\"0 0 36.7 3\"><path d=\"M0 0h36.7v3H0z\"><\/path><\/svg><\/span><\/div>\n\n\n\n<p>Opgericht in 1860 in Hamburg-Wandsbek en in 1877 verplaatst naar Altona-Ottensen, is ESSMANN een echt Hanzebedrijf met een natuurlijke nabijheid tot de haven. U vindt ESSMANN weegschalen in alle industri\u00eble en professionele <strong><a href=\"https:\/\/essmann.com\/nl\/branchen\/\" data-type=\"page\" data-id=\"28798\">sectoren<\/a><\/strong>. <\/p>\n\n\n\n<p>Onze huidige locaties en servicecentra bevinden zich in Hamburg, Baden-W\u00fcrttemberg, Berlijn, Noordrijn-Westfalen, Rijnland-Palts en Th\u00fcringen.<\/p>\n\n<\/div><\/div><\/div>\n\n<div class=\"gb-grid-column gb-grid-column-9a614b96\"><div class=\"gb-container gb-container-9a614b96\"><div class=\"gb-inside-container\"><\/div><\/div><\/div>\n<\/div>\n<\/div><\/div><div class=\"gb-container gb-container-08e32750\">\n<div class=\"gb-container gb-container-b62e76e3\">\n<div class=\"gb-container gb-container-27e6ffbc\">\n\t\n\t\t<div id=\"gs_logo_area_55\" data-sort=\"name\" data-shortcode-id=\"55\" class=\"gs_logo_area gs_logo_area_55 slider1 gs-logo--img-efect_grayscale gs-logo--img-hover-efect_none\" data-options='{\"logo_per_page\":\"6\"}' style=\"opacity: 0; visibility: hidden;\">\n\t\t\t<div class=\"gs_logo_area--inner\">\n\n\t\t\t\t<!-- Category Filters - New (Global) -->\n\t\t\t\t\t\n\t\t\t\t\n<div class=\"gs_logo_container gs_carousel_swiper gs_logo_fix_height_and_center\" data-carousel-config='{\"direction\":\"horizontal\",\"speed\":500,\"isAutoplay\":true,\"autoplayDelay\":2000,\"loop\":true,\"pauseOnHover\":true,\"ticker\":false,\"navs\":false,\"navs_pos\":\"bottom\",\"dots\":true,\"dynamic_dots\":true,\"slideSpace\":10,\"slidesPerGroup\":1,\"desktopLogos\":8,\"tabletLogos\":3,\"mobileLogos\":2,\"reverseDirection\":false}'>\n\n\t\n\t\t\n\t\t\t<div class=\"gs_logo_single--wrapper\">\n\t\t\t\t<div class=\"gs_logo_single\">\n\n\t\t\t\t\t<!-- Logo Img -->\n\t\t\t\t\t<a href=\"https:\/\/www.bt-umwelt.de\/de\/\" target=\"_blank\" rel=\"noopener noreferrer nofollow\"><img loading=\"lazy\" decoding=\"async\" width=\"300\" height=\"300\" src=\"https:\/\/essmann.com\/wp-content\/uploads\/2025\/03\/referenz_bt_bohn_logo.png\" class=\"gs_logo--tooltip tt-placement-top tt-bgcolor-one-%23ff5f6d tt-bgcolor-two-%23ffc371 tt-textcolor-%23fff gs-logo--img wp-post-image\" alt=\"Logo der B+T Group mit farbigen Punkten\" title=\"Umweltdienste Bohn GmbH\" srcset=\"https:\/\/essmann.com\/wp-content\/uploads\/2025\/03\/referenz_bt_bohn_logo.png 300w, https:\/\/essmann.com\/wp-content\/uploads\/2025\/03\/referenz_bt_bohn_logo-150x150.png 150w\" sizes=\"auto, (max-width: 300px) 100vw, 300px\" \/> <\/a>\n\t\t\t\t\t<!-- Logo Title -->\n\t\t\t\t\t\t\t\t\t\t\n\t\t\t\t\t<!-- Logo Category -->\n\t\t\t\t\t\t\t\t\t\t\n\t\t\t\t<\/div>\n\t\t\t<\/div>\n\n\t\t\n\t\t\t<div class=\"gs_logo_single--wrapper\">\n\t\t\t\t<div class=\"gs_logo_single\">\n\n\t\t\t\t\t<!-- Logo Img -->\n\t\t\t\t\t<a href=\"https:\/\/www.hafen-wismar.de\" target=\"_blank\" rel=\"noopener noreferrer nofollow\"><img loading=\"lazy\" decoding=\"async\" width=\"300\" height=\"300\" src=\"https:\/\/essmann.com\/wp-content\/uploads\/2025\/02\/logo_seehafen_wismar.png\" class=\"gs_logo--tooltip tt-placement-top tt-bgcolor-one-%23ff5f6d tt-bgcolor-two-%23ffc371 tt-textcolor-%23fff gs-logo--img wp-post-image\" alt=\"Seehafen Wismar GmbH\" title=\"Seehafen Wismar GmbH\" srcset=\"https:\/\/essmann.com\/wp-content\/uploads\/2025\/02\/logo_seehafen_wismar.png 300w, https:\/\/essmann.com\/wp-content\/uploads\/2025\/02\/logo_seehafen_wismar-150x150.png 150w\" sizes=\"auto, (max-width: 300px) 100vw, 300px\" \/> <\/a>\n\t\t\t\t\t<!-- Logo Title -->\n\t\t\t\t\t\t\t\t\t\t\n\t\t\t\t\t<!-- Logo Category -->\n\t\t\t\t\t\t\t\t\t\t\n\t\t\t\t<\/div>\n\t\t\t<\/div>\n\n\t\t\n\t\t\t<div class=\"gs_logo_single--wrapper\">\n\t\t\t\t<div class=\"gs_logo_single\">\n\n\t\t\t\t\t<!-- Logo Img -->\n\t\t\t\t\t<a href=\"https:\/\/www.seehafen-stralsund.de\" target=\"_blank\" rel=\"noopener noreferrer nofollow\"><img loading=\"lazy\" decoding=\"async\" width=\"300\" height=\"300\" src=\"https:\/\/essmann.com\/wp-content\/uploads\/2025\/03\/referenz_seehafen_stralsund_logo.png\" class=\"gs_logo--tooltip tt-placement-top tt-bgcolor-one-%23ff5f6d tt-bgcolor-two-%23ffc371 tt-textcolor-%23fff gs-logo--img wp-post-image\" alt=\"Blauer Banner mit wei\u00dfem Vogel-Symbol\" title=\"Seehafen Stralsund GmbH\" srcset=\"https:\/\/essmann.com\/wp-content\/uploads\/2025\/03\/referenz_seehafen_stralsund_logo.png 300w, https:\/\/essmann.com\/wp-content\/uploads\/2025\/03\/referenz_seehafen_stralsund_logo-150x150.png 150w\" sizes=\"auto, (max-width: 300px) 100vw, 300px\" \/> <\/a>\n\t\t\t\t\t<!-- Logo Title -->\n\t\t\t\t\t\t\t\t\t\t\n\t\t\t\t\t<!-- Logo Category -->\n\t\t\t\t\t\t\t\t\t\t\n\t\t\t\t<\/div>\n\t\t\t<\/div>\n\n\t\t\n\t\t\t<div class=\"gs_logo_single--wrapper\">\n\t\t\t\t<div class=\"gs_logo_single\">\n\n\t\t\t\t\t<!-- Logo Img -->\n\t\t\t\t\t<a href=\"https:\/\/www.steinebach-chemikalien.de\" target=\"_blank\" rel=\"noopener noreferrer nofollow\"><img loading=\"lazy\" decoding=\"async\" width=\"300\" height=\"300\" src=\"https:\/\/essmann.com\/wp-content\/uploads\/2025\/03\/referenz_steinebach_logo.png\" class=\"gs_logo--tooltip tt-placement-top tt-bgcolor-one-%23ff5f6d tt-bgcolor-two-%23ffc371 tt-textcolor-%23fff gs-logo--img wp-post-image\" alt=\"Logo Steinebach Chemie mit blauem und gr\u00fcnem Designelement\" title=\"Richard Steinebach GmbH &#038; Co. KG\" srcset=\"https:\/\/essmann.com\/wp-content\/uploads\/2025\/03\/referenz_steinebach_logo.png 300w, https:\/\/essmann.com\/wp-content\/uploads\/2025\/03\/referenz_steinebach_logo-150x150.png 150w\" sizes=\"auto, (max-width: 300px) 100vw, 300px\" \/> <\/a>\n\t\t\t\t\t<!-- Logo Title -->\n\t\t\t\t\t\t\t\t\t\t\n\t\t\t\t\t<!-- Logo Category -->\n\t\t\t\t\t\t\t\t\t\t\n\t\t\t\t<\/div>\n\t\t\t<\/div>\n\n\t\t\n\t\t\t<div class=\"gs_logo_single--wrapper\">\n\t\t\t\t<div class=\"gs_logo_single\">\n\n\t\t\t\t\t<!-- Logo Img -->\n\t\t\t\t\t<a href=\"https:\/\/premiumfoodgroup.de\/\" target=\"_blank\" rel=\"noopener noreferrer nofollow\"><img loading=\"lazy\" decoding=\"async\" width=\"300\" height=\"300\" src=\"https:\/\/essmann.com\/wp-content\/uploads\/2025\/03\/referenz_premium_food_logo.png\" class=\"gs_logo--tooltip tt-placement-top tt-bgcolor-one-%23ff5f6d tt-bgcolor-two-%23ffc371 tt-textcolor-%23fff gs-logo--img wp-post-image\" alt=\"G\u00fcnes Premium Food Group Logo\" title=\"Premium Food Group ApS &#038; Co. KG\" srcset=\"https:\/\/essmann.com\/wp-content\/uploads\/2025\/03\/referenz_premium_food_logo.png 300w, https:\/\/essmann.com\/wp-content\/uploads\/2025\/03\/referenz_premium_food_logo-150x150.png 150w\" sizes=\"auto, (max-width: 300px) 100vw, 300px\" \/> <\/a>\n\t\t\t\t\t<!-- Logo Title -->\n\t\t\t\t\t\t\t\t\t\t\n\t\t\t\t\t<!-- Logo Category -->\n\t\t\t\t\t\t\t\t\t\t\n\t\t\t\t<\/div>\n\t\t\t<\/div>\n\n\t\t\n\t\t\t<div class=\"gs_logo_single--wrapper\">\n\t\t\t\t<div class=\"gs_logo_single\">\n\n\t\t\t\t\t<!-- Logo Img -->\n\t\t\t\t\t<a href=\"https:\/\/www.peiner-traeger.de\" target=\"_blank\" rel=\"noopener noreferrer nofollow\"><img loading=\"lazy\" decoding=\"async\" width=\"300\" height=\"300\" src=\"https:\/\/essmann.com\/wp-content\/uploads\/2025\/03\/referenz_peiner_trager_logo.png\" class=\"gs_logo--tooltip tt-placement-top tt-bgcolor-one-%23ff5f6d tt-bgcolor-two-%23ffc371 tt-textcolor-%23fff gs-logo--img wp-post-image\" alt=\"Graues Logo mit orangenem Element Peiner Tr\u00e4ger GmbH\" title=\"Peiner Tr\u00e4ger GmbH\" srcset=\"https:\/\/essmann.com\/wp-content\/uploads\/2025\/03\/referenz_peiner_trager_logo.png 300w, https:\/\/essmann.com\/wp-content\/uploads\/2025\/03\/referenz_peiner_trager_logo-150x150.png 150w\" sizes=\"auto, (max-width: 300px) 100vw, 300px\" \/> <\/a>\n\t\t\t\t\t<!-- Logo Title -->\n\t\t\t\t\t\t\t\t\t\t\n\t\t\t\t\t<!-- Logo Category -->\n\t\t\t\t\t\t\t\t\t\t\n\t\t\t\t<\/div>\n\t\t\t<\/div>\n\n\t\t\n\t\t\t<div class=\"gs_logo_single--wrapper\">\n\t\t\t\t<div class=\"gs_logo_single\">\n\n\t\t\t\t\t<!-- Logo Img -->\n\t\t\t\t\t<a href=\"https:\/\/www.lufthansa-technik.com\/en\" target=\"_blank\" rel=\"noopener noreferrer nofollow\"><img loading=\"lazy\" decoding=\"async\" width=\"300\" height=\"300\" src=\"https:\/\/essmann.com\/wp-content\/uploads\/2025\/03\/referenz_luftansa_logo.png\" class=\"gs_logo--tooltip tt-placement-top tt-bgcolor-one-%23ff5f6d tt-bgcolor-two-%23ffc371 tt-textcolor-%23fff gs-logo--img wp-post-image\" alt=\"Dunkelblaues Rechteck mit subtiler Struktur\" title=\"Lufthansa Technik AG\" srcset=\"https:\/\/essmann.com\/wp-content\/uploads\/2025\/03\/referenz_luftansa_logo.png 300w, https:\/\/essmann.com\/wp-content\/uploads\/2025\/03\/referenz_luftansa_logo-150x150.png 150w\" sizes=\"auto, (max-width: 300px) 100vw, 300px\" \/> <\/a>\n\t\t\t\t\t<!-- Logo Title -->\n\t\t\t\t\t\t\t\t\t\t\n\t\t\t\t\t<!-- Logo Category -->\n\t\t\t\t\t\t\t\t\t\t\n\t\t\t\t<\/div>\n\t\t\t<\/div>\n\n\t\t\n\t\t\t<div class=\"gs_logo_single--wrapper\">\n\t\t\t\t<div class=\"gs_logo_single\">\n\n\t\t\t\t\t<!-- Logo Img -->\n\t\t\t\t\t<a href=\"https:\/\/www.leonhard-weiss.de\/\" target=\"_blank\" rel=\"noopener noreferrer nofollow\"><img loading=\"lazy\" decoding=\"async\" width=\"300\" height=\"300\" src=\"https:\/\/essmann.com\/wp-content\/uploads\/2025\/03\/referenz_leonhard_weiss_logo.png\" class=\"gs_logo--tooltip tt-placement-top tt-bgcolor-one-%23ff5f6d tt-bgcolor-two-%23ffc371 tt-textcolor-%23fff gs-logo--img wp-post-image\" alt=\"Abstraktes Schwarz-Gelbes Logo von Leonhard Weiss\" title=\"LEONHARD WEISS GmbH &#038; Co. KG\" srcset=\"https:\/\/essmann.com\/wp-content\/uploads\/2025\/03\/referenz_leonhard_weiss_logo.png 300w, https:\/\/essmann.com\/wp-content\/uploads\/2025\/03\/referenz_leonhard_weiss_logo-150x150.png 150w\" sizes=\"auto, (max-width: 300px) 100vw, 300px\" \/> <\/a>\n\t\t\t\t\t<!-- Logo Title -->\n\t\t\t\t\t\t\t\t\t\t\n\t\t\t\t\t<!-- Logo Category -->\n\t\t\t\t\t\t\t\t\t\t\n\t\t\t\t<\/div>\n\t\t\t<\/div>\n\n\t\t\n\t\t\t<div class=\"gs_logo_single--wrapper\">\n\t\t\t\t<div class=\"gs_logo_single\">\n\n\t\t\t\t\t<!-- Logo Img -->\n\t\t\t\t\t<a href=\"https:\/\/www.kavg-ml.de\" target=\"_blank\" rel=\"noopener noreferrer nofollow\"><img loading=\"lazy\" decoding=\"async\" width=\"300\" height=\"300\" src=\"https:\/\/essmann.com\/wp-content\/uploads\/2025\/03\/referenz_kavg_logo.png\" class=\"gs_logo--tooltip tt-placement-top tt-bgcolor-one-%23ff5f6d tt-bgcolor-two-%23ffc371 tt-textcolor-%23fff gs-logo--img wp-post-image\" alt=\"Logo mit gr\u00fcnem Text KAVG\" title=\"KreisAbfallVerwertungsGesellschaft mbH Minden-L\u00fcbbecke\" srcset=\"https:\/\/essmann.com\/wp-content\/uploads\/2025\/03\/referenz_kavg_logo.png 300w, https:\/\/essmann.com\/wp-content\/uploads\/2025\/03\/referenz_kavg_logo-150x150.png 150w\" sizes=\"auto, (max-width: 300px) 100vw, 300px\" \/> <\/a>\n\t\t\t\t\t<!-- Logo Title -->\n\t\t\t\t\t\t\t\t\t\t\n\t\t\t\t\t<!-- Logo Category -->\n\t\t\t\t\t\t\t\t\t\t\n\t\t\t\t<\/div>\n\t\t\t<\/div>\n\n\t\t\n\t\t\t<div class=\"gs_logo_single--wrapper\">\n\t\t\t\t<div class=\"gs_logo_single\">\n\n\t\t\t\t\t<!-- Logo Img -->\n\t\t\t\t\t<a href=\"https:\/\/www.jrs.de\/\" target=\"_blank\" rel=\"noopener noreferrer nofollow\"><img loading=\"lazy\" decoding=\"async\" width=\"300\" height=\"300\" src=\"https:\/\/essmann.com\/wp-content\/uploads\/2025\/02\/referenz_jrs_logo.png\" class=\"gs_logo--tooltip tt-placement-top tt-bgcolor-one-%23ff5f6d tt-bgcolor-two-%23ffc371 tt-textcolor-%23fff gs-logo--img wp-post-image\" alt=\"T\u00fcrkisfarbener abstrakter Hintergrund\" title=\"J. Rettenmaier &#038; S\u00f6hne GmbH + Co KG\" srcset=\"https:\/\/essmann.com\/wp-content\/uploads\/2025\/02\/referenz_jrs_logo.png 300w, https:\/\/essmann.com\/wp-content\/uploads\/2025\/02\/referenz_jrs_logo-150x150.png 150w\" sizes=\"auto, (max-width: 300px) 100vw, 300px\" \/> <\/a>\n\t\t\t\t\t<!-- Logo Title -->\n\t\t\t\t\t\t\t\t\t\t\n\t\t\t\t\t<!-- Logo Category -->\n\t\t\t\t\t\t\t\t\t\t\n\t\t\t\t<\/div>\n\t\t\t<\/div>\n\n\t\t\n\t\t\t<div class=\"gs_logo_single--wrapper\">\n\t\t\t\t<div class=\"gs_logo_single\">\n\n\t\t\t\t\t<!-- Logo Img -->\n\t\t\t\t\t<a href=\"https:\/\/www.infraserv.com\" target=\"_blank\" rel=\"noopener noreferrer nofollow\"><img loading=\"lazy\" decoding=\"async\" width=\"300\" height=\"300\" src=\"https:\/\/essmann.com\/wp-content\/uploads\/2025\/02\/logo_infarserv.png\" class=\"gs_logo--tooltip tt-placement-top tt-bgcolor-one-%23ff5f6d tt-bgcolor-two-%23ffc371 tt-textcolor-%23fff gs-logo--img wp-post-image\" alt=\"Infraserv GmbH &amp; Co. H\u00f6chst KG\" title=\"Infraserv GmbH &#038; Co. H\u00f6chst KG\" srcset=\"https:\/\/essmann.com\/wp-content\/uploads\/2025\/02\/logo_infarserv.png 300w, https:\/\/essmann.com\/wp-content\/uploads\/2025\/02\/logo_infarserv-150x150.png 150w\" sizes=\"auto, (max-width: 300px) 100vw, 300px\" \/> <\/a>\n\t\t\t\t\t<!-- Logo Title -->\n\t\t\t\t\t\t\t\t\t\t\n\t\t\t\t\t<!-- Logo Category -->\n\t\t\t\t\t\t\t\t\t\t\n\t\t\t\t<\/div>\n\t\t\t<\/div>\n\n\t\t\n\t\t\t<div class=\"gs_logo_single--wrapper\">\n\t\t\t\t<div class=\"gs_logo_single\">\n\n\t\t\t\t\t<!-- Logo Img -->\n\t\t\t\t\t<a href=\"https:\/\/www.imrecycling.de\" target=\"_blank\" rel=\"noopener noreferrer nofollow\"><img loading=\"lazy\" decoding=\"async\" width=\"300\" height=\"300\" src=\"https:\/\/essmann.com\/wp-content\/uploads\/2025\/02\/logo_imr.png\" class=\"gs_logo--tooltip tt-placement-top tt-bgcolor-one-%23ff5f6d tt-bgcolor-two-%23ffc371 tt-textcolor-%23fff gs-logo--img wp-post-image\" alt=\"IMR Innovative Metal Recycling GmbH\" title=\"IMR Innovative Metal Recycling GmbH\" srcset=\"https:\/\/essmann.com\/wp-content\/uploads\/2025\/02\/logo_imr.png 300w, https:\/\/essmann.com\/wp-content\/uploads\/2025\/02\/logo_imr-150x150.png 150w\" sizes=\"auto, (max-width: 300px) 100vw, 300px\" \/> <\/a>\n\t\t\t\t\t<!-- Logo Title -->\n\t\t\t\t\t\t\t\t\t\t\n\t\t\t\t\t<!-- Logo Category -->\n\t\t\t\t\t\t\t\t\t\t\n\t\t\t\t<\/div>\n\t\t\t<\/div>\n\n\t\t\n\t\t\t<div class=\"gs_logo_single--wrapper\">\n\t\t\t\t<div class=\"gs_logo_single\">\n\n\t\t\t\t\t<!-- Logo Img -->\n\t\t\t\t\t<a href=\"https:\/\/www.holcim.de\" target=\"_blank\" rel=\"noopener noreferrer nofollow\"><img loading=\"lazy\" decoding=\"async\" width=\"300\" height=\"300\" src=\"https:\/\/essmann.com\/wp-content\/uploads\/2025\/02\/logo_holcim.png\" class=\"gs_logo--tooltip tt-placement-top tt-bgcolor-one-%23ff5f6d tt-bgcolor-two-%23ffc371 tt-textcolor-%23fff gs-logo--img wp-post-image\" alt=\"Holcim (Deutschland) GmbH\" title=\"Holcim GmbH\" srcset=\"https:\/\/essmann.com\/wp-content\/uploads\/2025\/02\/logo_holcim.png 300w, https:\/\/essmann.com\/wp-content\/uploads\/2025\/02\/logo_holcim-150x150.png 150w\" sizes=\"auto, (max-width: 300px) 100vw, 300px\" \/> <\/a>\n\t\t\t\t\t<!-- Logo Title -->\n\t\t\t\t\t\t\t\t\t\t\n\t\t\t\t\t<!-- Logo Category -->\n\t\t\t\t\t\t\t\t\t\t\n\t\t\t\t<\/div>\n\t\t\t<\/div>\n\n\t\t\n\t\t\t<div class=\"gs_logo_single--wrapper\">\n\t\t\t\t<div class=\"gs_logo_single\">\n\n\t\t\t\t\t<!-- Logo Img -->\n\t\t\t\t\t<a href=\"https:\/\/www.hamburg-port-authority.de\/\" target=\"_blank\" rel=\"noopener noreferrer nofollow\"><img loading=\"lazy\" decoding=\"async\" width=\"300\" height=\"300\" src=\"https:\/\/essmann.com\/wp-content\/uploads\/2025\/03\/referenz_hpa_logo.png\" class=\"gs_logo--tooltip tt-placement-top tt-bgcolor-one-%23ff5f6d tt-bgcolor-two-%23ffc371 tt-textcolor-%23fff gs-logo--img wp-post-image\" alt=\"Blau-rotes abstraktes Design auf wei\u00dfem Hintergrund\" title=\"Hamburg Port Authority A\u00f6R\" srcset=\"https:\/\/essmann.com\/wp-content\/uploads\/2025\/03\/referenz_hpa_logo.png 300w, https:\/\/essmann.com\/wp-content\/uploads\/2025\/03\/referenz_hpa_logo-150x150.png 150w\" sizes=\"auto, (max-width: 300px) 100vw, 300px\" \/> <\/a>\n\t\t\t\t\t<!-- Logo Title -->\n\t\t\t\t\t\t\t\t\t\t\n\t\t\t\t\t<!-- Logo Category -->\n\t\t\t\t\t\t\t\t\t\t\n\t\t\t\t<\/div>\n\t\t\t<\/div>\n\n\t\t\n\t\t\t<div class=\"gs_logo_single--wrapper\">\n\t\t\t\t<div class=\"gs_logo_single\">\n\n\t\t\t\t\t<!-- Logo Img -->\n\t\t\t\t\t<a href=\"https:\/\/www.evos.eu\" target=\"_blank\" rel=\"noopener noreferrer nofollow\"><img loading=\"lazy\" decoding=\"async\" width=\"300\" height=\"300\" src=\"https:\/\/essmann.com\/wp-content\/uploads\/2025\/02\/logo_evos.png\" class=\"gs_logo--tooltip tt-placement-top tt-bgcolor-one-%23ff5f6d tt-bgcolor-two-%23ffc371 tt-textcolor-%23fff gs-logo--img wp-post-image\" alt=\"Evos group\" title=\"Evos Group\" srcset=\"https:\/\/essmann.com\/wp-content\/uploads\/2025\/02\/logo_evos.png 300w, https:\/\/essmann.com\/wp-content\/uploads\/2025\/02\/logo_evos-150x150.png 150w\" sizes=\"auto, (max-width: 300px) 100vw, 300px\" \/> <\/a>\n\t\t\t\t\t<!-- Logo Title -->\n\t\t\t\t\t\t\t\t\t\t\n\t\t\t\t\t<!-- Logo Category -->\n\t\t\t\t\t\t\t\t\t\t\n\t\t\t\t<\/div>\n\t\t\t<\/div>\n\n\t\t\n\t\t\t<div class=\"gs_logo_single--wrapper\">\n\t\t\t\t<div class=\"gs_logo_single\">\n\n\t\t\t\t\t<!-- Logo Img -->\n\t\t\t\t\t<a href=\"https:\/\/www.evonik.com\" target=\"_blank\" rel=\"noopener noreferrer nofollow\"><img loading=\"lazy\" decoding=\"async\" width=\"300\" height=\"300\" src=\"https:\/\/essmann.com\/wp-content\/uploads\/2025\/02\/logo_evonik.png\" class=\"gs_logo--tooltip tt-placement-top tt-bgcolor-one-%23ff5f6d tt-bgcolor-two-%23ffc371 tt-textcolor-%23fff gs-logo--img wp-post-image\" alt=\"Evonik Industries AG\" title=\"Evonik Industries AG\" srcset=\"https:\/\/essmann.com\/wp-content\/uploads\/2025\/02\/logo_evonik.png 300w, https:\/\/essmann.com\/wp-content\/uploads\/2025\/02\/logo_evonik-150x150.png 150w\" sizes=\"auto, (max-width: 300px) 100vw, 300px\" \/> <\/a>\n\t\t\t\t\t<!-- Logo Title -->\n\t\t\t\t\t\t\t\t\t\t\n\t\t\t\t\t<!-- Logo Category -->\n\t\t\t\t\t\t\t\t\t\t\n\t\t\t\t<\/div>\n\t\t\t<\/div>\n\n\t\t\n\t\t\t<div class=\"gs_logo_single--wrapper\">\n\t\t\t\t<div class=\"gs_logo_single\">\n\n\t\t\t\t\t<!-- Logo Img -->\n\t\t\t\t\t<a href=\"https:\/\/www.envitec-biogas.de\" target=\"_blank\" rel=\"noopener noreferrer nofollow\"><img loading=\"lazy\" decoding=\"async\" width=\"300\" height=\"300\" src=\"https:\/\/essmann.com\/wp-content\/uploads\/2025\/03\/referenz_envitec_logo.png\" class=\"gs_logo--tooltip tt-placement-top tt-bgcolor-one-%23ff5f6d tt-bgcolor-two-%23ffc371 tt-textcolor-%23fff gs-logo--img wp-post-image\" alt=\"Gr\u00fcnes Symbol mit Baum, H\u00fcgel und Wolke\" title=\"EnviTec Biogas AG\" srcset=\"https:\/\/essmann.com\/wp-content\/uploads\/2025\/03\/referenz_envitec_logo.png 300w, https:\/\/essmann.com\/wp-content\/uploads\/2025\/03\/referenz_envitec_logo-150x150.png 150w\" sizes=\"auto, (max-width: 300px) 100vw, 300px\" \/> <\/a>\n\t\t\t\t\t<!-- Logo Title -->\n\t\t\t\t\t\t\t\t\t\t\n\t\t\t\t\t<!-- Logo Category -->\n\t\t\t\t\t\t\t\t\t\t\n\t\t\t\t<\/div>\n\t\t\t<\/div>\n\n\t\t\n\t\t\t<div class=\"gs_logo_single--wrapper\">\n\t\t\t\t<div class=\"gs_logo_single\">\n\n\t\t\t\t\t<!-- Logo Img -->\n\t\t\t\t\t<a href=\"https:\/\/www.enercon.de\" target=\"_blank\" rel=\"noopener noreferrer nofollow\"><img loading=\"lazy\" decoding=\"async\" width=\"300\" height=\"300\" src=\"https:\/\/essmann.com\/wp-content\/uploads\/2025\/03\/referenz_enercon_logo.png\" class=\"gs_logo--tooltip tt-placement-top tt-bgcolor-one-%23ff5f6d tt-bgcolor-two-%23ffc371 tt-textcolor-%23fff gs-logo--img wp-post-image\" alt=\"Logo von ENERCON, Energie f\u00fcr die Welt\" title=\"ENERCON Global GmbH\" srcset=\"https:\/\/essmann.com\/wp-content\/uploads\/2025\/03\/referenz_enercon_logo.png 300w, https:\/\/essmann.com\/wp-content\/uploads\/2025\/03\/referenz_enercon_logo-150x150.png 150w\" sizes=\"auto, (max-width: 300px) 100vw, 300px\" \/> <\/a>\n\t\t\t\t\t<!-- Logo Title -->\n\t\t\t\t\t\t\t\t\t\t\n\t\t\t\t\t<!-- Logo Category -->\n\t\t\t\t\t\t\t\t\t\t\n\t\t\t\t<\/div>\n\t\t\t<\/div>\n\n\t\t\n\t\t\t<div class=\"gs_logo_single--wrapper\">\n\t\t\t\t<div class=\"gs_logo_single\">\n\n\t\t\t\t\t<!-- Logo Img -->\n\t\t\t\t\t<a href=\"https:\/\/www.zueblin.de\" target=\"_blank\" rel=\"noopener noreferrer nofollow\"><img loading=\"lazy\" decoding=\"async\" width=\"300\" height=\"300\" src=\"https:\/\/essmann.com\/wp-content\/uploads\/2025\/03\/referenz_zueblin_logo.png\" class=\"gs_logo--tooltip tt-placement-top tt-bgcolor-one-%23ff5f6d tt-bgcolor-two-%23ffc371 tt-textcolor-%23fff gs-logo--img wp-post-image\" alt=\"Logo von Z\u00fcblin in Rot und Schwarz\" title=\"Ed. Z\u00fcblin AG\" srcset=\"https:\/\/essmann.com\/wp-content\/uploads\/2025\/03\/referenz_zueblin_logo.png 300w, https:\/\/essmann.com\/wp-content\/uploads\/2025\/03\/referenz_zueblin_logo-150x150.png 150w\" sizes=\"auto, (max-width: 300px) 100vw, 300px\" \/> <\/a>\n\t\t\t\t\t<!-- Logo Title -->\n\t\t\t\t\t\t\t\t\t\t\n\t\t\t\t\t<!-- Logo Category -->\n\t\t\t\t\t\t\t\t\t\t\n\t\t\t\t<\/div>\n\t\t\t<\/div>\n\n\t\t\n\t\t\t<div class=\"gs_logo_single--wrapper\">\n\t\t\t\t<div class=\"gs_logo_single\">\n\n\t\t\t\t\t<!-- Logo Img -->\n\t\t\t\t\t<a href=\"https:\/\/www.eon.de\" target=\"_blank\" rel=\"noopener noreferrer nofollow\"><img loading=\"lazy\" decoding=\"async\" width=\"300\" height=\"300\" src=\"https:\/\/essmann.com\/wp-content\/uploads\/2025\/03\/referenz_eon_logo.png\" class=\"gs_logo--tooltip tt-placement-top tt-bgcolor-one-%23ff5f6d tt-bgcolor-two-%23ffc371 tt-textcolor-%23fff gs-logo--img wp-post-image\" alt=\"Rotes Coca-Cola Logo auf wei\u00dfem Hintergrund\" title=\"E.ON Energie Deutschland GmbH\" srcset=\"https:\/\/essmann.com\/wp-content\/uploads\/2025\/03\/referenz_eon_logo.png 300w, https:\/\/essmann.com\/wp-content\/uploads\/2025\/03\/referenz_eon_logo-150x150.png 150w\" sizes=\"auto, (max-width: 300px) 100vw, 300px\" \/> <\/a>\n\t\t\t\t\t<!-- Logo Title -->\n\t\t\t\t\t\t\t\t\t\t\n\t\t\t\t\t<!-- Logo Category -->\n\t\t\t\t\t\t\t\t\t\t\n\t\t\t\t<\/div>\n\t\t\t<\/div>\n\n\t\t\n\t\t\t<div class=\"gs_logo_single--wrapper\">\n\t\t\t\t<div class=\"gs_logo_single\">\n\n\t\t\t\t\t<!-- Logo Img -->\n\t\t\t\t\t<a href=\"https:\/\/www.stadtreiniger.de\" target=\"_blank\" rel=\"noopener noreferrer nofollow\"><img loading=\"lazy\" decoding=\"async\" width=\"300\" height=\"300\" src=\"https:\/\/essmann.com\/wp-content\/uploads\/2025\/03\/referenz_stadtreiniger_logo.png\" class=\"gs_logo--tooltip tt-placement-top tt-bgcolor-one-%23ff5f6d tt-bgcolor-two-%23ffc371 tt-textcolor-%23fff gs-logo--img wp-post-image\" alt=\"Oranges Stadtreiniger-Logo mit Kleeblatt\" title=\"Die Stadtreiniger Kassel\" srcset=\"https:\/\/essmann.com\/wp-content\/uploads\/2025\/03\/referenz_stadtreiniger_logo.png 300w, https:\/\/essmann.com\/wp-content\/uploads\/2025\/03\/referenz_stadtreiniger_logo-150x150.png 150w\" sizes=\"auto, (max-width: 300px) 100vw, 300px\" \/> <\/a>\n\t\t\t\t\t<!-- Logo Title -->\n\t\t\t\t\t\t\t\t\t\t\n\t\t\t\t\t<!-- Logo Category -->\n\t\t\t\t\t\t\t\t\t\t\n\t\t\t\t<\/div>\n\t\t\t<\/div>\n\n\t\t\n\t\t\t<div class=\"gs_logo_single--wrapper\">\n\t\t\t\t<div class=\"gs_logo_single\">\n\n\t\t\t\t\t<!-- Logo Img -->\n\t\t\t\t\t<a href=\"https:\/\/www.bahn.de\" target=\"_blank\" rel=\"noopener noreferrer nofollow\"><img loading=\"lazy\" decoding=\"async\" width=\"300\" height=\"300\" src=\"https:\/\/essmann.com\/wp-content\/uploads\/2025\/03\/referenz_db_logo.png\" class=\"gs_logo--tooltip tt-placement-top tt-bgcolor-one-%23ff5f6d tt-bgcolor-two-%23ffc371 tt-textcolor-%23fff gs-logo--img wp-post-image\" alt=\"Logo der Deutschen Bahn\" title=\"DB Fernverkehr AG\" srcset=\"https:\/\/essmann.com\/wp-content\/uploads\/2025\/03\/referenz_db_logo.png 300w, https:\/\/essmann.com\/wp-content\/uploads\/2025\/03\/referenz_db_logo-150x150.png 150w\" sizes=\"auto, (max-width: 300px) 100vw, 300px\" \/> <\/a>\n\t\t\t\t\t<!-- Logo Title -->\n\t\t\t\t\t\t\t\t\t\t\n\t\t\t\t\t<!-- Logo Category -->\n\t\t\t\t\t\t\t\t\t\t\n\t\t\t\t<\/div>\n\t\t\t<\/div>\n\n\t\t\n\t\t\t<div class=\"gs_logo_single--wrapper\">\n\t\t\t\t<div class=\"gs_logo_single\">\n\n\t\t\t\t\t<!-- Logo Img -->\n\t\t\t\t\t<a href=\"https:\/\/www.carlsbergdeutschland.de\/\" target=\"_blank\" rel=\"noopener noreferrer nofollow\"><img loading=\"lazy\" decoding=\"async\" width=\"300\" height=\"300\" src=\"https:\/\/essmann.com\/wp-content\/uploads\/2025\/03\/referenz_carlsberg_logo.png\" class=\"gs_logo--tooltip tt-placement-top tt-bgcolor-one-%23ff5f6d tt-bgcolor-two-%23ffc371 tt-textcolor-%23fff gs-logo--img wp-post-image\" alt=\"Gr\u00fcnes Carlsberg-Logo\" title=\"Carlsberg Deutschland GmbH\" srcset=\"https:\/\/essmann.com\/wp-content\/uploads\/2025\/03\/referenz_carlsberg_logo.png 300w, https:\/\/essmann.com\/wp-content\/uploads\/2025\/03\/referenz_carlsberg_logo-150x150.png 150w\" sizes=\"auto, (max-width: 300px) 100vw, 300px\" \/> <\/a>\n\t\t\t\t\t<!-- Logo Title -->\n\t\t\t\t\t\t\t\t\t\t\n\t\t\t\t\t<!-- Logo Category -->\n\t\t\t\t\t\t\t\t\t\t\n\t\t\t\t<\/div>\n\t\t\t<\/div>\n\n\t\t\n\t\t\t<div class=\"gs_logo_single--wrapper\">\n\t\t\t\t<div class=\"gs_logo_single\">\n\n\t\t\t\t\t<!-- Logo Img -->\n\t\t\t\t\t<a href=\"https:\/\/www.brenntag.com\/de-de\/\" target=\"_blank\" rel=\"noopener noreferrer nofollow\"><img loading=\"lazy\" decoding=\"async\" width=\"300\" height=\"300\" src=\"https:\/\/essmann.com\/wp-content\/uploads\/2025\/03\/referenz_brenntag_logo.png\" class=\"gs_logo--tooltip tt-placement-top tt-bgcolor-one-%23ff5f6d tt-bgcolor-two-%23ffc371 tt-textcolor-%23fff gs-logo--img wp-post-image\" alt=\"Brenntag-Logo mit dickem blauem B am Anfang\" title=\"Brenntag GmbH\" srcset=\"https:\/\/essmann.com\/wp-content\/uploads\/2025\/03\/referenz_brenntag_logo.png 300w, https:\/\/essmann.com\/wp-content\/uploads\/2025\/03\/referenz_brenntag_logo-150x150.png 150w\" sizes=\"auto, (max-width: 300px) 100vw, 300px\" \/> <\/a>\n\t\t\t\t\t<!-- Logo Title -->\n\t\t\t\t\t\t\t\t\t\t\n\t\t\t\t\t<!-- Logo Category -->\n\t\t\t\t\t\t\t\t\t\t\n\t\t\t\t<\/div>\n\t\t\t<\/div>\n\n\t\t\n\t\t\t<div class=\"gs_logo_single--wrapper\">\n\t\t\t\t<div class=\"gs_logo_single\">\n\n\t\t\t\t\t<!-- Logo Img -->\n\t\t\t\t\t<a href=\"https:\/\/bestsort-hamburg.de\" target=\"_blank\" rel=\"noopener noreferrer nofollow\"><img loading=\"lazy\" decoding=\"async\" width=\"300\" height=\"300\" src=\"https:\/\/essmann.com\/wp-content\/uploads\/2025\/03\/referenz_bestsort_logo.png\" class=\"gs_logo--tooltip tt-placement-top tt-bgcolor-one-%23ff5f6d tt-bgcolor-two-%23ffc371 tt-textcolor-%23fff gs-logo--img wp-post-image\" alt=\"Abstraktes Design in Gr\u00fcn und Orange\" title=\"Bestsort Hamburg GmbH &#038; Co. KG\" srcset=\"https:\/\/essmann.com\/wp-content\/uploads\/2025\/03\/referenz_bestsort_logo.png 300w, https:\/\/essmann.com\/wp-content\/uploads\/2025\/03\/referenz_bestsort_logo-150x150.png 150w\" sizes=\"auto, (max-width: 300px) 100vw, 300px\" \/> <\/a>\n\t\t\t\t\t<!-- Logo Title -->\n\t\t\t\t\t\t\t\t\t\t\n\t\t\t\t\t<!-- Logo Category -->\n\t\t\t\t\t\t\t\t\t\t\n\t\t\t\t<\/div>\n\t\t\t<\/div>\n\n\t\t\n\t\t\t<div class=\"gs_logo_single--wrapper\">\n\t\t\t\t<div class=\"gs_logo_single\">\n\n\t\t\t\t\t<!-- Logo Img -->\n\t\t\t\t\t<a href=\"https:\/\/aviretta.com\" target=\"_blank\" rel=\"noopener noreferrer nofollow\"><img loading=\"lazy\" decoding=\"async\" width=\"300\" height=\"300\" src=\"https:\/\/essmann.com\/wp-content\/uploads\/2025\/03\/referenz_aviretta_logo.png\" class=\"gs_logo--tooltip tt-placement-top tt-bgcolor-one-%23ff5f6d tt-bgcolor-two-%23ffc371 tt-textcolor-%23fff gs-logo--img wp-post-image\" alt=\"Logo von Aviretta in Blaut\u00f6nen\" title=\"Aviretta GmbH\" srcset=\"https:\/\/essmann.com\/wp-content\/uploads\/2025\/03\/referenz_aviretta_logo.png 300w, https:\/\/essmann.com\/wp-content\/uploads\/2025\/03\/referenz_aviretta_logo-150x150.png 150w\" sizes=\"auto, (max-width: 300px) 100vw, 300px\" \/> <\/a>\n\t\t\t\t\t<!-- Logo Title -->\n\t\t\t\t\t\t\t\t\t\t\n\t\t\t\t\t<!-- Logo Category -->\n\t\t\t\t\t\t\t\t\t\t\n\t\t\t\t<\/div>\n\t\t\t<\/div>\n\n\t\t\n\t\t\t<div class=\"gs_logo_single--wrapper\">\n\t\t\t\t<div class=\"gs_logo_single\">\n\n\t\t\t\t\t<!-- Logo Img -->\n\t\t\t\t\t<a href=\"https:\/\/de.airliquide.com\/\" target=\"_blank\" rel=\"noopener noreferrer nofollow\"><img loading=\"lazy\" decoding=\"async\" width=\"300\" height=\"300\" src=\"https:\/\/essmann.com\/wp-content\/uploads\/2025\/03\/referenz_air_liquide_logo.png\" class=\"gs_logo--tooltip tt-placement-top tt-bgcolor-one-%23ff5f6d tt-bgcolor-two-%23ffc371 tt-textcolor-%23fff gs-logo--img wp-post-image\" alt=\"Blau und rot, Logo Air Liquide\" title=\"Air Liquide Deutschland GmbH\" srcset=\"https:\/\/essmann.com\/wp-content\/uploads\/2025\/03\/referenz_air_liquide_logo.png 300w, https:\/\/essmann.com\/wp-content\/uploads\/2025\/03\/referenz_air_liquide_logo-150x150.png 150w\" sizes=\"auto, (max-width: 300px) 100vw, 300px\" \/> <\/a>\n\t\t\t\t\t<!-- Logo Title -->\n\t\t\t\t\t\t\t\t\t\t\n\t\t\t\t\t<!-- Logo Category -->\n\t\t\t\t\t\t\t\t\t\t\n\t\t\t\t<\/div>\n\t\t\t<\/div>\n\n\t\t\t\t\n\t\n<\/div>\n\t\t\t\t<!-- Pagination -->\n\t\t\t\t\n\t\t\t<\/div>\n\t\t<\/div>\n\t\n\t\t<style>#gs_logo_area_55:not(.verticaltickerdown):not(.verticalticker) .gs_logo_container{margin-left:-5px}#gs_logo_area_55:not(.verticaltickerdown):not(.verticalticker) .gs_logo_container{margin-right:-5px}#gs_logo_area_55:not(.verticaltickerdown):not(.verticalticker) .gs_logo_single--wrapper{padding:5px}#gs_logo_area_55 ul.gs-logo-filter-cats{text-align:center!important}#gs_logo_area_55 .gs_logo_single--wrapper{width:12.5%}@media (max-width:1023px){#gs_logo_area_55 .gs_logo_single--wrapper{width:33.333333333333%}}@media (max-width:767px){#gs_logo_area_55 .gs_logo_single--wrapper{width:50%}}<\/style>\n<\/div>\n<\/div>\n<\/div><p><!-- \/wp:post-content --><\/p>\n","protected":false},"excerpt":{"rendered":"<p>Ons managementteam Beheer<\/p>\n","protected":false},"author":7,"featured_media":0,"parent":0,"menu_order":0,"comment_status":"closed","ping_status":"closed","template":"","meta":{"_seopress_robots_primary_cat":"","_seopress_titles_title":"ESSMANN | Bouwschalen sinds 1860 - Onderneming","_seopress_titles_desc":"Wij zijn een pan-Europese weegschaalfabrikant gevestigd in Duitsland. Sinds 1860 ontwikkelen, bouwen en verkopen we weegschalen voor industrie, handel en laboratoria. ","_seopress_robots_index":"","_jet_sm_ready_style":"","_jet_sm_style":"","_jet_sm_controls_values":"","_jet_sm_fonts_collection":"","_jet_sm_fonts_links":"","footnotes":""},"class_list":{"0":"post-71736","1":"page","2":"type-page","3":"status-publish","5":"infinite-scroll-item"},"_links":{"self":[{"href":"https:\/\/essmann.com\/nl\/wp-json\/wp\/v2\/pages\/71736","targetHints":{"allow":["GET"]}}],"collection":[{"href":"https:\/\/essmann.com\/nl\/wp-json\/wp\/v2\/pages"}],"about":[{"href":"https:\/\/essmann.com\/nl\/wp-json\/wp\/v2\/types\/page"}],"author":[{"embeddable":true,"href":"https:\/\/essmann.com\/nl\/wp-json\/wp\/v2\/users\/7"}],"replies":[{"embeddable":true,"href":"https:\/\/essmann.com\/nl\/wp-json\/wp\/v2\/comments?post=71736"}],"version-history":[{"count":13,"href":"https:\/\/essmann.com\/nl\/wp-json\/wp\/v2\/pages\/71736\/revisions"}],"predecessor-version":[{"id":98076,"href":"https:\/\/essmann.com\/nl\/wp-json\/wp\/v2\/pages\/71736\/revisions\/98076"}],"wp:attachment":[{"href":"https:\/\/essmann.com\/nl\/wp-json\/wp\/v2\/media?parent=71736"}],"curies":[{"name":"wp","href":"https:\/\/api.w.org\/{rel}","templated":true}]}}